{"id":14973,"date":"2021-09-14T15:31:15","date_gmt":"2021-09-14T15:31:15","guid":{"rendered":"https:\/\/cyclingcambrils.com\/cambrils-cycling-paradise\/"},"modified":"2025-12-09T20:47:10","modified_gmt":"2025-12-09T20:47:10","slug":"cambrils-cycling-paradise","status":"publish","type":"page","link":"https:\/\/cyclingcambrils.com\/ca\/","title":{"rendered":"Cambrils Cycling Paradise"},"content":{"rendered":"<p><section class=\"fusion-fullwidth fullwidth-box fusion-builder-row-1 fusion-flex-container fusion-parallax-fixed hundred-percent-fullwidth hundred-percent-height hundred-percent-height-center-content non-hundred-percent-height-scrolling\" style=\"--awb-border-radius-top-left:0px;--awb-border-radius-top-right:0px;--awb-border-radius-bottom-right:0px;--awb-border-radius-bottom-left:0px;--awb-padding-top-small:0px;--awb-margin-top-small:0px;--awb-background-color:#01749e;--awb-background-image:url(&quot;https:\/\/cyclingcambrils.com\/wp-content\/uploads\/2022\/03\/Recurso-4-1.jpg&quot;);--awb-background-size:cover;--awb-flex-wrap:wrap;background-attachment:fixed;\" data-preload-img=\"https:\/\/cyclingcambrils.com\/wp-content\/uploads\/2022\/03\/Recurso-4-1.jpg\" ><div class=\"fusion-builder-row fusion-row fusion-flex-align-items-flex-start fusion-flex-align-content-center fusion-flex-justify-content-center fusion-flex-content-wrap\" style=\"width:104% !important;max-width:104% !important;margin-left: calc(-4% \/ 2 );margin-right: calc(-4% \/ 2 );\"><div class=\"fusion-layout-column fusion_builder_column fusion-builder-column-0 fusion_builder_column_2_3 2_3 fusion-flex-column\" style=\"--awb-padding-right:120px;--awb-padding-bottom:60px;--awb-padding-left:111px;--awb-padding-right-medium:0px;--awb-padding-left-medium:0px;--awb-padding-top-small:26px;--awb-padding-bottom-small:82px;--awb-bg-size:cover;--awb-width-large:66.666666666667%;--awb-margin-top-large:0px;--awb-spacing-right-large:2.88%;--awb-margin-bottom-large:31px;--awb-spacing-left-large:2.88%;--awb-width-medium:80%;--awb-order-medium:0;--awb-spacing-right-medium:2.4%;--awb-spacing-left-medium:2.4%;--awb-width-small:100%;--awb-order-small:0;--awb-spacing-right-small:1.92%;--awb-margin-bottom-small:0px;--awb-spacing-left-small:1.92%;\"><div class=\"fusion-column-wrapper fusion-column-has-shadow fusion-flex-justify-content-flex-start fusion-content-layout-column\"><div class=\"fusion-title title fusion-title-1 fusion-sep-none fusion-title-center fusion-title-text fusion-title-size-one\" style=\"--awb-text-color:#ffffff;--awb-margin-bottom:85px;--awb-margin-bottom-small:24px;--awb-font-size:50px;\"><h1 class=\"fusion-title-heading title-heading-center\" style=\"font-family:&quot;Montserrat&quot;;font-style:normal;font-weight:800;margin:0;text-transform:uppercase;font-size:1em;\">Hola, ciclista!<\/h1><\/div><div class=\"fusion-text fusion-text-1 fusion-text-no-margin\" style=\"--awb-font-size:20px;--awb-text-transform:none;--awb-text-color:#ffffff;--awb-margin-right:40px;--awb-margin-bottom:70px;--awb-margin-left:40px;\"><p style=\"text-align: center;\">Ocasional, amateur o professional. De carretera o de muntanya. No importa, <strong>Cambrils<\/strong> \u00e9s el teu parad\u00eds.<\/p>\n<\/div><div class=\"fusion-builder-row fusion-builder-row-inner fusion-row fusion-flex-align-items-flex-start fusion-flex-align-content-center fusion-flex-justify-content-center fusion-flex-content-wrap\" style=\"width:104% !important;max-width:104% !important;margin-left: calc(-4% \/ 2 );margin-right: calc(-4% \/ 2 );\"><div class=\"fusion-layout-column fusion_builder_column_inner fusion-builder-nested-column-0 fusion_builder_column_inner_1_2 1_2 fusion-flex-column\" style=\"--awb-bg-size:cover;--awb-width-large:50%;--awb-margin-top-large:0px;--awb-spacing-right-large:3.84%;--awb-margin-bottom-large:20px;--awb-spacing-left-large:3.84%;--awb-width-medium:50%;--awb-order-medium:0;--awb-spacing-right-medium:3.84%;--awb-spacing-left-medium:3.84%;--awb-width-small:100%;--awb-order-small:0;--awb-spacing-right-small:1.92%;--awb-spacing-left-small:1.92%;\"><div class=\"fusion-column-wrapper fusion-column-has-shadow fusion-flex-justify-content-flex-start fusion-content-layout-column\"><\/div><\/div><div class=\"fusion-layout-column fusion_builder_column_inner fusion-builder-nested-column-1 fusion_builder_column_inner_1_2 1_2 fusion-flex-column\" style=\"--awb-bg-size:cover;--awb-width-large:50%;--awb-margin-top-large:0px;--awb-spacing-right-large:3.84%;--awb-margin-bottom-large:20px;--awb-spacing-left-large:3.84%;--awb-width-medium:50%;--awb-order-medium:0;--awb-spacing-right-medium:3.84%;--awb-spacing-left-medium:3.84%;--awb-width-small:100%;--awb-order-small:0;--awb-spacing-right-small:1.92%;--awb-spacing-left-small:1.92%;\"><div class=\"fusion-column-wrapper fusion-column-has-shadow fusion-flex-justify-content-flex-start fusion-content-layout-column\"><\/div><\/div><\/div><div class=\"fusion-builder-row fusion-builder-row-inner fusion-row fusion-flex-align-items-flex-start fusion-flex-align-content-center fusion-flex-justify-content-center fusion-flex-content-wrap\" style=\"width:104% !important;max-width:104% !important;margin-left: calc(-4% \/ 2 );margin-right: calc(-4% \/ 2 );\"><div class=\"fusion-layout-column fusion_builder_column_inner fusion-builder-nested-column-2 fusion_builder_column_inner_1_1 1_1 fusion-flex-column fusion-flex-align-self-center botones-principal\" style=\"--awb-padding-right-medium:92px;--awb-padding-left-medium:148px;--awb-padding-right-small:0px;--awb-padding-left-small:1px;--awb-bg-size:cover;--awb-width-large:100%;--awb-margin-top-large:0px;--awb-spacing-right-large:0%;--awb-margin-bottom-large:0px;--awb-spacing-left-large:0%;--awb-width-medium:100%;--awb-order-medium:0;--awb-spacing-right-medium:0%;--awb-spacing-left-medium:0%;--awb-width-small:100%;--awb-order-small:0;--awb-spacing-right-small:1.92%;--awb-spacing-left-small:1.92%;\"><div class=\"fusion-column-wrapper fusion-column-has-shadow fusion-flex-justify-content-center fusion-content-layout-column\"><div style=\"text-align:center;\"><a class=\"fusion-button button-flat button-xlarge button-custom fusion-button-default button-1 fusion-button-span-no fusion-button-default-type\" style=\"--button_accent_color:#ffffff;--button_accent_hover_color:#ffffff;--button_border_hover_color:#ffffff;--button_gradient_top_color:#ff9800;--button_gradient_bottom_color:#ff9800;--button_gradient_top_color_hover:#eeeeee;--button_gradient_bottom_color_hover:#eeeeee;--button_margin-right:0px;--button_margin-bottom:10px;--button_margin-left:0px;\" target=\"_self\" title=\"Hotels especialitzats\" aria-label=\"Hotels especialitzats\" href=\"https:\/\/cyclingcambrils.com\/ca\/cambrils-destinacio-cicloturista-ideal-per-a-grups\/\"><span class=\"fusion-button-text awb-button__text awb-button__text--default\">Descobreix per qu\u00e8<\/span><\/a><\/div><div style=\"text-align:center;\"><a class=\"fusion-button button-flat button-xlarge button-custom fusion-button-default button-2 fusion-button-span-no \" style=\"--button_accent_color:#222222;--button_border_color:rgba(255,255,255,0);--button_accent_hover_color:#ffffff;--button_border_hover_color:#ffffff;--button_border_width-top:0px;--button_border_width-right:0px;--button_border_width-bottom:0px;--button_border_width-left:0px;--button_gradient_top_color:#ffffff;--button_gradient_bottom_color:#ffffff;--button_gradient_top_color_hover:#ff9800;--button_gradient_bottom_color_hover:#ff9800;--button_margin-right:0px;--button_margin-left:0px;\" target=\"_self\" title=\"Directori\" aria-label=\"Directori\" href=\"#rutas\"><span class=\"fusion-button-text awb-button__text awb-button__text--default\">Al\u00b7lucina amb les nostres rutes<\/span><\/a><\/div><\/div><\/div><\/div><\/div><\/div><\/div><\/section><div class=\"fusion-fullwidth fullwidth-box fusion-builder-row-2 fusion-flex-container has-pattern-background has-mask-background nonhundred-percent-fullwidth non-hundred-percent-height-scrolling\" style=\"--awb-border-radius-top-left:0px;--awb-border-radius-top-right:0px;--awb-border-radius-bottom-right:0px;--awb-border-radius-bottom-left:0px;--awb-padding-top:36px;--awb-padding-bottom:36px;--awb-padding-top-small:42px;--awb-margin-top:0px;--awb-margin-bottom:0px;--awb-background-image:linear-gradient(180deg, #ff9600 100%,#ffffff 80%);--awb-flex-wrap:wrap;\" ><div class=\"fusion-builder-row fusion-row fusion-flex-align-items-stretch fusion-flex-content-wrap\" style=\"max-width:1393.6px;margin-left: calc(-4% \/ 2 );margin-right: calc(-4% \/ 2 );\"><div class=\"fusion-layout-column fusion_builder_column fusion-builder-column-1 fusion_builder_column_1_4 1_4 fusion-flex-column fusion-column-inner-bg-wrapper fusion-column-liftup-border\" style=\"--awb-padding-top:50.76400000000001px;--awb-padding-right:20px;--awb-padding-bottom:1vw;--awb-padding-left:20px;--awb-padding-right-medium:30px;--awb-padding-bottom-medium:6px;--awb-padding-left-medium:30px;--awb-padding-top-small:134.764px;--awb-padding-right-small:6vw;--awb-padding-bottom-small:6.98611px;--awb-padding-left-small:6vw;--awb-overflow:hidden;--awb-inner-bg-image:linear-gradient(0deg, #000000 0%,rgba(0,0,0,0) 100%);;--awb-inner-bg-position:center center;--awb-inner-bg-size:cover;--awb-border-radius:10px 10px 10px 10px;--awb-liftup-border-radius:10px 10px 10px 10px;--awb-width-large:25%;--awb-margin-top-large:0px;--awb-spacing-right-large:7.68%;--awb-margin-bottom-large:20px;--awb-spacing-left-large:7.68%;--awb-width-medium:50%;--awb-order-medium:0;--awb-spacing-right-medium:3.84%;--awb-spacing-left-medium:3.84%;--awb-width-small:100%;--awb-order-small:0;--awb-spacing-right-small:1.92%;--awb-spacing-left-small:1.92%;\"><span class=\"fusion-column-inner-bg hover-type-liftup\"><a class=\"fusion-column-anchor\" href=\"https:\/\/cyclingcambrils.com\/ca\/experiencies-cycling\/\" aria-label=\"Instructors\"><span class=\"fusion-column-inner-bg-image lazyload\" data-bg=\"https:\/\/cyclingcambrils.com\/wp-content\/uploads\/2023\/02\/IMG8979-scaled-700x480-1.jpeg\" data-bg-gradient=\"linear-gradient(0deg, #000000 0%,rgba(0,0,0,0) 100%)\"><\/span><\/a><\/span><div class=\"fusion-column-wrapper fusion-flex-justify-content-flex-end fusion-content-layout-column fusion-column-has-bg-image\" data-bg-url=\"https:\/\/cyclingcambrils.com\/wp-content\/uploads\/2023\/02\/IMG8979-scaled-700x480-1.jpeg\"><div class=\"fusion-title title fusion-title-2 fusion-sep-none fusion-title-text fusion-title-size-three\" style=\"--awb-text-color:#ffffff;--awb-margin-top:0px;--awb-margin-bottom:10px;--awb-font-size:1.7em;\"><h3 class=\"fusion-title-heading title-heading-left\" style=\"font-family:&quot;Montserrat&quot;;font-style:normal;font-weight:800;margin:0;font-size:1em;line-height:1.2em;\">EXPERI\u00c8NCIES<\/h3><\/div><div class=\"fusion-separator fusion-full-width-sep\" style=\"align-self: center;margin-left: auto;margin-right: auto;margin-top:25px;margin-bottom:20px;width:100%;\"><div class=\"fusion-separator-border sep-single sep-solid\" style=\"--awb-height:20px;--awb-amount:20px;--awb-sep-color:#555555;border-color:#555555;border-top-width:1px;\"><\/div><\/div><div class=\"fusion-builder-row fusion-builder-row-inner fusion-row fusion-flex-align-items-stretch fusion-flex-content-wrap\" style=\"width:104% !important;max-width:104% !important;margin-left: calc(-4% \/ 2 );margin-right: calc(-4% \/ 2 );\"><div class=\"fusion-layout-column fusion_builder_column_inner fusion-builder-nested-column-3 fusion_builder_column_inner_1_1 1_1 fusion-flex-column\" style=\"--awb-bg-size:cover;--awb-width-large:100%;--awb-margin-top-large:0px;--awb-spacing-right-large:1.92%;--awb-margin-bottom-large:0px;--awb-spacing-left-large:1.92%;--awb-width-medium:100%;--awb-order-medium:0;--awb-spacing-right-medium:1.92%;--awb-spacing-left-medium:1.92%;--awb-width-small:100%;--awb-order-small:0;--awb-spacing-right-small:1.92%;--awb-spacing-left-small:1.92%;\"><div class=\"fusion-column-wrapper fusion-column-has-shadow fusion-flex-justify-content-flex-start fusion-content-layout-row\"><div class=\"fusion-text fusion-text-2\" style=\"--awb-text-color:#a0a0a0;--awb-margin-right:15px;\"><p>Tours per a tots els gustos<\/p>\n<\/div><\/div><\/div><\/div><\/div><\/div><div class=\"fusion-layout-column fusion_builder_column fusion-builder-column-2 fusion_builder_column_1_4 1_4 fusion-flex-column fusion-column-inner-bg-wrapper fusion-column-liftup-border\" style=\"--awb-padding-top:50.7639px;--awb-padding-right:20px;--awb-padding-bottom:1vw;--awb-padding-left:20px;--awb-padding-right-medium:30px;--awb-padding-bottom-medium:6px;--awb-padding-left-medium:30px;--awb-padding-right-small:6vw;--awb-padding-left-small:6vw;--awb-overflow:hidden;--awb-inner-bg-image:linear-gradient(0deg, #000000 0%,rgba(0,0,0,0) 100%);;--awb-inner-bg-position:right center;--awb-inner-bg-size:cover;--awb-border-radius:10px 10px 10px 10px;--awb-liftup-border-radius:10px 10px 10px 10px;--awb-width-large:25%;--awb-margin-top-large:0px;--awb-spacing-right-large:7.68%;--awb-margin-bottom-large:20px;--awb-spacing-left-large:7.68%;--awb-width-medium:50%;--awb-order-medium:0;--awb-spacing-right-medium:3.84%;--awb-spacing-left-medium:3.84%;--awb-width-small:100%;--awb-order-small:0;--awb-margin-top-small:31px;--awb-spacing-right-small:1.92%;--awb-spacing-left-small:1.92%;\"><span class=\"fusion-column-inner-bg hover-type-liftup\"><a class=\"fusion-column-anchor\" href=\"https:\/\/cyclingcambrils.com\/ca\/allotjament-cycling\/\" aria-label=\"Sport Videos\"><span class=\"fusion-column-inner-bg-image lazyload\" data-bg=\"https:\/\/cyclingcambrils.com\/wp-content\/uploads\/2022\/03\/cambrils-park-PANORAMICA-14-scaled-1.jpg\" data-bg-gradient=\"linear-gradient(0deg, #000000 0%,rgba(0,0,0,0) 100%)\"><\/span><\/a><\/span><div class=\"fusion-column-wrapper fusion-flex-justify-content-flex-end fusion-content-layout-column fusion-column-has-bg-image\" data-bg-url=\"https:\/\/cyclingcambrils.com\/wp-content\/uploads\/2022\/03\/cambrils-park-PANORAMICA-14-scaled-1.jpg\"><div class=\"fusion-title title fusion-title-3 fusion-sep-none fusion-title-text fusion-title-size-three\" style=\"--awb-text-color:#ffffff;--awb-margin-top:0px;--awb-margin-bottom:10px;--awb-font-size:1.7em;\"><h3 class=\"fusion-title-heading title-heading-left\" style=\"font-family:&quot;Montserrat&quot;;font-style:normal;font-weight:800;margin:0;font-size:1em;line-height:1.2em;\">ALLOTJAMENT CICLISTA<\/h3><\/div><div class=\"fusion-separator fusion-full-width-sep\" style=\"align-self: center;margin-left: auto;margin-right: auto;margin-top:25px;margin-bottom:20px;width:100%;\"><div class=\"fusion-separator-border sep-single sep-solid\" style=\"--awb-height:20px;--awb-amount:20px;--awb-sep-color:#555555;border-color:#555555;border-top-width:1px;\"><\/div><\/div><div class=\"fusion-builder-row fusion-builder-row-inner fusion-row fusion-flex-align-items-stretch fusion-flex-content-wrap\" style=\"width:104% !important;max-width:104% !important;margin-left: calc(-4% \/ 2 );margin-right: calc(-4% \/ 2 );\"><div class=\"fusion-layout-column fusion_builder_column_inner fusion-builder-nested-column-4 fusion_builder_column_inner_1_1 1_1 fusion-flex-column\" style=\"--awb-bg-size:cover;--awb-width-large:100%;--awb-margin-top-large:0px;--awb-spacing-right-large:1.92%;--awb-margin-bottom-large:0px;--awb-spacing-left-large:1.92%;--awb-width-medium:100%;--awb-order-medium:0;--awb-spacing-right-medium:1.92%;--awb-spacing-left-medium:1.92%;--awb-width-small:100%;--awb-order-small:0;--awb-spacing-right-small:1.92%;--awb-spacing-left-small:1.92%;\"><div class=\"fusion-column-wrapper fusion-column-has-shadow fusion-flex-justify-content-flex-start fusion-content-layout-row\"><div class=\"fusion-text fusion-text-3\" style=\"--awb-text-color:#a0a0a0;--awb-margin-right:15px;\"><p>Veure oferta d&#8217;allotjament<\/p>\n<\/div><\/div><\/div><\/div><\/div><\/div><div class=\"fusion-layout-column fusion_builder_column fusion-builder-column-3 fusion_builder_column_1_4 1_4 fusion-flex-column fusion-column-inner-bg-wrapper fusion-column-liftup-border\" style=\"--awb-padding-top:50.7639px;--awb-padding-right:20px;--awb-padding-bottom:1vw;--awb-padding-left:20px;--awb-padding-right-medium:30px;--awb-padding-bottom-medium:6px;--awb-padding-left-medium:30px;--awb-padding-right-small:6vw;--awb-padding-left-small:6vw;--awb-overflow:hidden;--awb-inner-bg-image:linear-gradient(0deg, #000000 0%,rgba(0,0,0,0) 100%);;--awb-inner-bg-size:cover;--awb-border-radius:10px 10px 10px 10px;--awb-liftup-border-radius:10px 10px 10px 10px;--awb-width-large:25%;--awb-margin-top-large:0px;--awb-spacing-right-large:7.68%;--awb-margin-bottom-large:20px;--awb-spacing-left-large:7.68%;--awb-width-medium:50%;--awb-order-medium:0;--awb-spacing-right-medium:3.84%;--awb-spacing-left-medium:3.84%;--awb-width-small:100%;--awb-order-small:0;--awb-spacing-right-small:1.92%;--awb-spacing-left-small:1.92%;\"><span class=\"fusion-column-inner-bg hover-type-liftup\"><a class=\"fusion-column-anchor\" href=\"https:\/\/cyclingcambrils.com\/ca\/lloguer-de-bicicletes-a-cambrils\/\" aria-label=\"Activities\"><span class=\"fusion-column-inner-bg-image lazyload\" data-bg=\"https:\/\/cyclingcambrils.com\/wp-content\/uploads\/2021\/09\/biking.jpg\" data-bg-gradient=\"linear-gradient(0deg, #000000 0%,rgba(0,0,0,0) 100%)\"><\/span><\/a><\/span><div class=\"fusion-column-wrapper fusion-flex-justify-content-flex-end fusion-content-layout-column fusion-column-has-bg-image\" data-bg-url=\"https:\/\/cyclingcambrils.com\/wp-content\/uploads\/2021\/09\/biking.jpg\"><div class=\"fusion-title title fusion-title-4 fusion-sep-none fusion-title-text fusion-title-size-three\" style=\"--awb-text-color:#ffffff;--awb-margin-top:0px;--awb-margin-bottom:10px;--awb-font-size:1.7em;\"><h3 class=\"fusion-title-heading title-heading-left\" style=\"font-family:&quot;Montserrat&quot;;font-style:normal;font-weight:800;margin:0;font-size:1em;line-height:1.2em;\">LLOGUER DE BICICLETES<\/h3><\/div><div class=\"fusion-separator fusion-full-width-sep\" style=\"align-self: center;margin-left: auto;margin-right: auto;margin-top:25px;margin-bottom:20px;width:100%;\"><div class=\"fusion-separator-border sep-single sep-solid\" style=\"--awb-height:20px;--awb-amount:20px;--awb-sep-color:#555555;border-color:#555555;border-top-width:1px;\"><\/div><\/div><div class=\"fusion-builder-row fusion-builder-row-inner fusion-row fusion-flex-align-items-stretch fusion-flex-content-wrap\" style=\"width:104% !important;max-width:104% !important;margin-left: calc(-4% \/ 2 );margin-right: calc(-4% \/ 2 );\"><div class=\"fusion-layout-column fusion_builder_column_inner fusion-builder-nested-column-5 fusion_builder_column_inner_1_1 1_1 fusion-flex-column\" style=\"--awb-bg-size:cover;--awb-width-large:100%;--awb-margin-top-large:0px;--awb-spacing-right-large:1.92%;--awb-margin-bottom-large:0px;--awb-spacing-left-large:1.92%;--awb-width-medium:100%;--awb-order-medium:0;--awb-spacing-right-medium:1.92%;--awb-spacing-left-medium:1.92%;--awb-width-small:100%;--awb-order-small:0;--awb-spacing-right-small:1.92%;--awb-spacing-left-small:1.92%;\"><div class=\"fusion-column-wrapper fusion-column-has-shadow fusion-flex-justify-content-flex-start fusion-content-layout-row\"><div class=\"fusion-text fusion-text-4\" style=\"--awb-text-color:#a0a0a0;--awb-margin-right:15px;\"><p>Veure empreses de lloguer<\/p>\n<\/div><\/div><\/div><\/div><\/div><\/div><div class=\"fusion-layout-column fusion_builder_column fusion-builder-column-4 fusion_builder_column_1_4 1_4 fusion-flex-column fusion-column-inner-bg-wrapper fusion-column-liftup-border\" style=\"--awb-padding-top:50.7639px;--awb-padding-right:20px;--awb-padding-bottom:1vw;--awb-padding-left:20px;--awb-padding-right-medium:30px;--awb-padding-bottom-medium:6px;--awb-padding-left-medium:30px;--awb-padding-right-small:6vw;--awb-padding-left-small:6vw;--awb-overflow:hidden;--awb-inner-bg-image:linear-gradient(0deg, #000000 0%,rgba(0,0,0,0) 100%);;--awb-inner-bg-position:center center;--awb-inner-bg-size:cover;--awb-border-radius:10px 10px 10px 10px;--awb-liftup-border-radius:10px 10px 10px 10px;--awb-width-large:25%;--awb-margin-top-large:0px;--awb-spacing-right-large:7.68%;--awb-margin-bottom-large:20px;--awb-spacing-left-large:7.68%;--awb-width-medium:50%;--awb-order-medium:0;--awb-spacing-right-medium:3.84%;--awb-spacing-left-medium:3.84%;--awb-width-small:100%;--awb-order-small:0;--awb-spacing-right-small:1.92%;--awb-spacing-left-small:1.92%;\"><span class=\"fusion-column-inner-bg hover-type-liftup\"><a class=\"fusion-column-anchor\" href=\"https:\/\/cyclingcambrils.com\/ca\/proveidors-cycling\/\" aria-label=\"Instructors\"><span class=\"fusion-column-inner-bg-image lazyload\" data-bg=\"https:\/\/cyclingcambrils.com\/wp-content\/uploads\/2022\/03\/Recurso-4-1.jpg\" data-bg-gradient=\"linear-gradient(0deg, #000000 0%,rgba(0,0,0,0) 100%)\"><\/span><\/a><\/span><div class=\"fusion-column-wrapper fusion-flex-justify-content-flex-end fusion-content-layout-column fusion-column-has-bg-image\" data-bg-url=\"https:\/\/cyclingcambrils.com\/wp-content\/uploads\/2022\/03\/Recurso-4-1.jpg\"><div class=\"fusion-title title fusion-title-5 fusion-sep-none fusion-title-text fusion-title-size-three\" style=\"--awb-text-color:#ffffff;--awb-margin-top:0px;--awb-margin-bottom:10px;--awb-font-size:1.7em;\"><h3 class=\"fusion-title-heading title-heading-left\" style=\"font-family:&quot;Montserrat&quot;;font-style:normal;font-weight:800;margin:0;font-size:1em;line-height:1.2em;\">AG\u00c8NCIES DE CICLOTURISME<\/h3><\/div><div class=\"fusion-separator fusion-full-width-sep\" style=\"align-self: center;margin-left: auto;margin-right: auto;margin-top:25px;margin-bottom:20px;width:100%;\"><div class=\"fusion-separator-border sep-single sep-solid\" style=\"--awb-height:20px;--awb-amount:20px;--awb-sep-color:#555555;border-color:#555555;border-top-width:1px;\"><\/div><\/div><div class=\"fusion-builder-row fusion-builder-row-inner fusion-row fusion-flex-align-items-stretch fusion-flex-content-wrap\" style=\"width:104% !important;max-width:104% !important;margin-left: calc(-4% \/ 2 );margin-right: calc(-4% \/ 2 );\"><div class=\"fusion-layout-column fusion_builder_column_inner fusion-builder-nested-column-6 fusion_builder_column_inner_1_1 1_1 fusion-flex-column\" style=\"--awb-bg-size:cover;--awb-width-large:100%;--awb-margin-top-large:0px;--awb-spacing-right-large:1.92%;--awb-margin-bottom-large:0px;--awb-spacing-left-large:1.92%;--awb-width-medium:100%;--awb-order-medium:0;--awb-spacing-right-medium:1.92%;--awb-spacing-left-medium:1.92%;--awb-width-small:100%;--awb-order-small:0;--awb-spacing-right-small:1.92%;--awb-spacing-left-small:1.92%;\"><div class=\"fusion-column-wrapper fusion-column-has-shadow fusion-flex-justify-content-flex-start fusion-content-layout-row\"><div class=\"fusion-text fusion-text-5\" style=\"--awb-text-color:#a0a0a0;--awb-margin-right:15px;\"><p>Veure ag\u00e8ncies especialitzades<\/p>\n<\/div><\/div><\/div><\/div><\/div><\/div><\/div><\/div><div class=\"fusion-fullwidth fullwidth-box fusion-builder-row-3 fusion-flex-container nonhundred-percent-fullwidth non-hundred-percent-height-scrolling\" style=\"--awb-border-radius-top-left:0px;--awb-border-radius-top-right:0px;--awb-border-radius-bottom-right:0px;--awb-border-radius-bottom-left:0px;--awb-padding-top:100px;--awb-padding-bottom:50px;--awb-background-color:#0c3543;--awb-flex-wrap:wrap;\" id=\"rutas\" ><div class=\"fusion-builder-row fusion-row fusion-flex-align-items-flex-start fusion-flex-content-wrap\" style=\"max-width:1393.6px;margin-left: calc(-4% \/ 2 );margin-right: calc(-4% \/ 2 );\"><div class=\"fusion-layout-column fusion_builder_column fusion-builder-column-5 fusion-flex-column\" style=\"--awb-bg-size:cover;--awb-width-large:40%;--awb-margin-top-large:0px;--awb-spacing-right-large:4.8%;--awb-margin-bottom-large:20px;--awb-spacing-left-large:4.8%;--awb-width-medium:45%;--awb-order-medium:0;--awb-spacing-right-medium:4.2666666666667%;--awb-spacing-left-medium:4.2666666666667%;--awb-width-small:100%;--awb-order-small:0;--awb-spacing-right-small:1.92%;--awb-spacing-left-small:1.92%;\"><div class=\"fusion-column-wrapper fusion-column-has-shadow fusion-flex-justify-content-flex-start fusion-content-layout-column\"><div class=\"fusion-title title fusion-title-6 fusion-sep-none fusion-title-text fusion-title-size-four\" style=\"--awb-text-color:#ff9600;--awb-margin-bottom:5px;\"><h4 class=\"fusion-title-heading title-heading-left\" style=\"font-family:&quot;Yellowtail&quot;;margin:0;\">Rutes amb bici per a tots<\/h4><\/div><div class=\"fusion-title title fusion-title-7 fusion-sep-none fusion-title-text fusion-title-size-two\" style=\"--awb-text-color:#ffffff;\"><h2 class=\"fusion-title-heading title-heading-left\" style=\"margin:0;\">ESCULL UNA CATEGORIA<\/h2><\/div><div class=\"fusion-separator\" style=\"align-self: flex-start;margin-right:auto;margin-top:15px;margin-bottom:0px;width:100%;max-width:80px;\"><div class=\"fusion-separator-border sep-single sep-solid\" style=\"--awb-height:20px;--awb-amount:20px;border-color:#e0dede;border-top-width:2px;\"><\/div><\/div><\/div><\/div><div class=\"fusion-layout-column fusion_builder_column fusion-builder-column-6 fusion-flex-column fusion-flex-align-self-center\" style=\"--awb-bg-size:cover;--awb-width-large:50%;--awb-margin-top-large:0px;--awb-spacing-right-large:3.84%;--awb-margin-bottom-large:20px;--awb-spacing-left-large:3.84%;--awb-width-medium:50%;--awb-order-medium:0;--awb-spacing-right-medium:3.84%;--awb-spacing-left-medium:3.84%;--awb-width-small:100%;--awb-order-small:0;--awb-spacing-right-small:1.92%;--awb-spacing-left-small:1.92%;\"><div class=\"fusion-column-wrapper fusion-column-has-shadow fusion-flex-justify-content-flex-start fusion-content-layout-column\"><div class=\"fusion-text fusion-text-6 fusion-text-no-margin\" style=\"--awb-font-size:1.2em;--awb-text-color:#fff;--awb-margin-bottom:0px;\"><p>No importa siguis professional, aficionat o ciclista ocasional. Tenim propostes per a tothom.<\/p>\n<\/div><div class=\"fusion-text fusion-text-7 fusion-no-medium-visibility fusion-no-large-visibility\" style=\"--awb-text-transform:none;--awb-margin-top:40px;\"><div class=\"bloque-categorias\"><div class=\"categoria-ruta rutas-btt\"><a href=\"\/rutas-btt\"><div class=\"imagen-bici bici-btt\"><img class=\"lazyload\" decoding=\"async\" src=\"data:image\/svg+xml,%3Csvg%20xmlns%3D%27http%3A%2F%2Fwww.w3.org%2F2000%2Fsvg%27%20width%3D%27500%27%20height%3D%27500%27%20viewBox%3D%270%200%20500%20500%27%3E%3Crect%20width%3D%27500%27%20height%3D%27500%27%20fill-opacity%3D%220%22%2F%3E%3C%2Fsvg%3E\" data-orig-src=\"https:\/\/cyclingcambrils.com\/wp-content\/uploads\/2022\/02\/mtb-hq.png\" \/><\/div><div class=\"titulo-categoria\">MTB<\/div><\/div><\/a><div class=\"categoria-ruta rutas-btt\"><a href=\"\/rutas-road\"><div class=\"imagen-bici bici-btt\"><img class=\"lazyload\" decoding=\"async\" src=\"data:image\/svg+xml,%3Csvg%20xmlns%3D%27http%3A%2F%2Fwww.w3.org%2F2000%2Fsvg%27%20width%3D%27500%27%20height%3D%27500%27%20viewBox%3D%270%200%20500%20500%27%3E%3Crect%20width%3D%27500%27%20height%3D%27500%27%20fill-opacity%3D%220%22%2F%3E%3C%2Fsvg%3E\" data-orig-src=\"https:\/\/cyclingcambrils.com\/wp-content\/uploads\/2022\/02\/road-hq.png\" \/><\/div><div class=\"titulo-categoria\">ROAD<\/div><\/div><\/a><div class=\"categoria-ruta rutas-btt\"><a href=\"\/rutas-gravel\"><div class=\"imagen-bici bici-btt\"><img class=\"lazyload\" decoding=\"async\" src=\"data:image\/svg+xml,%3Csvg%20xmlns%3D%27http%3A%2F%2Fwww.w3.org%2F2000%2Fsvg%27%20width%3D%27500%27%20height%3D%27500%27%20viewBox%3D%270%200%20500%20500%27%3E%3Crect%20width%3D%27500%27%20height%3D%27500%27%20fill-opacity%3D%220%22%2F%3E%3C%2Fsvg%3E\" data-orig-src=\"https:\/\/cyclingcambrils.com\/wp-content\/uploads\/2022\/02\/gravel-hq.png\" \/><\/div><div class=\"titulo-categoria\">GRAVEL<\/div><\/div><\/a><div class=\"categoria-ruta rutas-btt\"><a href=\"\/rutas-casual\"><div class=\"imagen-bici bici-btt\"><img class=\"lazyload\" decoding=\"async\" src=\"data:image\/svg+xml,%3Csvg%20xmlns%3D%27http%3A%2F%2Fwww.w3.org%2F2000%2Fsvg%27%20width%3D%27500%27%20height%3D%27500%27%20viewBox%3D%270%200%20500%20500%27%3E%3Crect%20width%3D%27500%27%20height%3D%27500%27%20fill-opacity%3D%220%22%2F%3E%3C%2Fsvg%3E\" data-orig-src=\"https:\/\/cyclingcambrils.com\/wp-content\/uploads\/2022\/02\/ocasional-hq.png\" \/><\/div><div class=\"titulo-categoria\">CASUAL<\/div><\/div><\/a><div class=\"categoria-ruta rutas-btt\"><a href=\"\/rutas-road\"><div class=\"imagen-bici bici-btt\"><img class=\"lazyload\" decoding=\"async\" src=\"data:image\/svg+xml,%3Csvg%20xmlns%3D%27http%3A%2F%2Fwww.w3.org%2F2000%2Fsvg%27%20width%3D%27500%27%20height%3D%27500%27%20viewBox%3D%270%200%20500%20500%27%3E%3Crect%20width%3D%27500%27%20height%3D%27500%27%20fill-opacity%3D%220%22%2F%3E%3C%2Fsvg%3E\" data-orig-src=\"https:\/\/cyclingcambrils.com\/wp-content\/uploads\/2022\/02\/family-hq.png\" \/><\/div><div class=\"titulo-categoria\">FAMILY<\/div><\/div><\/a><\/div>\n<\/div><\/div><\/div><div class=\"fusion-layout-column fusion_builder_column fusion-builder-column-7 fusion_builder_column_1_1 1_1 fusion-flex-column fusion-no-small-visibility\" style=\"--awb-bg-size:cover;--awb-width-large:100%;--awb-margin-top-large:50px;--awb-spacing-right-large:1.92%;--awb-margin-bottom-large:20px;--awb-spacing-left-large:1.92%;--awb-width-medium:100%;--awb-order-medium:0;--awb-spacing-right-medium:1.92%;--awb-spacing-left-medium:1.92%;--awb-width-small:100%;--awb-order-small:0;--awb-spacing-right-small:1.92%;--awb-spacing-left-small:1.92%;\"><div class=\"fusion-column-wrapper fusion-column-has-shadow fusion-flex-justify-content-flex-start fusion-content-layout-column\"><div class=\"fusion-image-carousel fusion-image-carousel-auto fusion-image-carousel-1 menu-categorias\"><div class=\"awb-carousel awb-swiper awb-swiper-carousel awb-carousel--carousel awb-swiper-dots-position-bottom\" data-layout=\"carousel\" data-autoplay=\"no\" data-autoplayspeed=\"2500\" data-autoplaypause=\"no\" data-columns=\"5\" data-columnsmedium=\"1\" data-columnssmall=\"1\" data-itemmargin=\"0\" data-itemwidth=\"180\" data-touchscroll=\"no\" data-freemode=\"no\" data-imagesize=\"auto\" data-scrollitems=\"0\" data-centeredslides=\"no\" data-rotationangle=\"50\" data-depth=\"100\" data-speed=\"500\" data-shadow=\"no\" data-pagination=\"bullets\" style=\"--awb-column-spacing:0px;--awb-caption-title-color:#ffffff;--awb-caption-title-transform:uppercase;--awb-caption-text-color:#ffffff;--awb-caption-overlay-color:rgba(255,150,0,0);\"><div class=\"swiper-wrapper awb-image-carousel-wrapper fusion-flex-align-items-center\"><div class=\"swiper-slide\"><div class=\"fusion-carousel-item-wrapper\"><div class=\"fusion-image-wrapper awb-imageframe-style awb-imageframe-style-dany\"><a href=\"https:\/\/cyclingcambrils.com\/ca\/rutes-gravel\/\" target=\"_self\"><img decoding=\"async\" width=\"500\" height=\"500\" src=\"https:\/\/cyclingcambrils.com\/wp-content\/uploads\/2022\/02\/gravel-hq.png\" class=\"attachment-full size-full lazyload\" alt=\"\" srcset=\"data:image\/svg+xml,%3Csvg%20xmlns%3D%27http%3A%2F%2Fwww.w3.org%2F2000%2Fsvg%27%20width%3D%27500%27%20height%3D%27500%27%20viewBox%3D%270%200%20500%20500%27%3E%3Crect%20width%3D%27500%27%20height%3D%27500%27%20fill-opacity%3D%220%22%2F%3E%3C%2Fsvg%3E\" data-orig-src=\"https:\/\/cyclingcambrils.com\/wp-content\/uploads\/2022\/02\/gravel-hq.png\" data-srcset=\"https:\/\/cyclingcambrils.com\/wp-content\/uploads\/2022\/02\/gravel-hq-200x200.png 200w, https:\/\/cyclingcambrils.com\/wp-content\/uploads\/2022\/02\/gravel-hq-400x400.png 400w, https:\/\/cyclingcambrils.com\/wp-content\/uploads\/2022\/02\/gravel-hq.png 500w\" data-sizes=\"auto\" \/><div class=\"awb-imageframe-caption-container\"><div class=\"awb-imageframe-caption\"><h4 class=\"awb-imageframe-caption-title\">GRAVEL<\/h4><\/div><\/div><\/a><\/div><\/div><\/div><div class=\"swiper-slide\"><div class=\"fusion-carousel-item-wrapper\"><div class=\"fusion-image-wrapper awb-imageframe-style awb-imageframe-style-dany\"><a href=\"https:\/\/cyclingcambrils.com\/ca\/rutes-casual\/\" target=\"_self\"><img decoding=\"async\" width=\"500\" height=\"500\" src=\"https:\/\/cyclingcambrils.com\/wp-content\/uploads\/2022\/02\/ocasional-hq.png\" class=\"attachment-full size-full lazyload\" alt=\"\" srcset=\"data:image\/svg+xml,%3Csvg%20xmlns%3D%27http%3A%2F%2Fwww.w3.org%2F2000%2Fsvg%27%20width%3D%27500%27%20height%3D%27500%27%20viewBox%3D%270%200%20500%20500%27%3E%3Crect%20width%3D%27500%27%20height%3D%27500%27%20fill-opacity%3D%220%22%2F%3E%3C%2Fsvg%3E\" data-orig-src=\"https:\/\/cyclingcambrils.com\/wp-content\/uploads\/2022\/02\/ocasional-hq.png\" data-srcset=\"https:\/\/cyclingcambrils.com\/wp-content\/uploads\/2022\/02\/ocasional-hq-200x200.png 200w, https:\/\/cyclingcambrils.com\/wp-content\/uploads\/2022\/02\/ocasional-hq-400x400.png 400w, https:\/\/cyclingcambrils.com\/wp-content\/uploads\/2022\/02\/ocasional-hq.png 500w\" data-sizes=\"auto\" \/><div class=\"awb-imageframe-caption-container\"><div class=\"awb-imageframe-caption\"><h4 class=\"awb-imageframe-caption-title\">CASUAL<\/h4><\/div><\/div><\/a><\/div><\/div><\/div><div class=\"swiper-slide\"><div class=\"fusion-carousel-item-wrapper\"><div class=\"fusion-image-wrapper awb-imageframe-style awb-imageframe-style-dany\"><a href=\"https:\/\/cyclingcambrils.com\/ca\/rutes-familiars\/\" target=\"_self\"><img decoding=\"async\" width=\"500\" height=\"500\" src=\"https:\/\/cyclingcambrils.com\/wp-content\/uploads\/2022\/02\/family-hq.png\" class=\"attachment-full size-full lazyload\" alt=\"\" srcset=\"data:image\/svg+xml,%3Csvg%20xmlns%3D%27http%3A%2F%2Fwww.w3.org%2F2000%2Fsvg%27%20width%3D%27500%27%20height%3D%27500%27%20viewBox%3D%270%200%20500%20500%27%3E%3Crect%20width%3D%27500%27%20height%3D%27500%27%20fill-opacity%3D%220%22%2F%3E%3C%2Fsvg%3E\" data-orig-src=\"https:\/\/cyclingcambrils.com\/wp-content\/uploads\/2022\/02\/family-hq.png\" data-srcset=\"https:\/\/cyclingcambrils.com\/wp-content\/uploads\/2022\/02\/family-hq-200x200.png 200w, https:\/\/cyclingcambrils.com\/wp-content\/uploads\/2022\/02\/family-hq-400x400.png 400w, https:\/\/cyclingcambrils.com\/wp-content\/uploads\/2022\/02\/family-hq.png 500w\" data-sizes=\"auto\" \/><div class=\"awb-imageframe-caption-container\"><div class=\"awb-imageframe-caption\"><h4 class=\"awb-imageframe-caption-title\">FAMILY<\/h4><\/div><\/div><\/a><\/div><\/div><\/div><div class=\"swiper-slide\"><div class=\"fusion-carousel-item-wrapper\"><div class=\"fusion-image-wrapper awb-imageframe-style awb-imageframe-style-dany\"><a href=\"https:\/\/cyclingcambrils.com\/ca\/rutes-btt\/\" target=\"_self\"><img decoding=\"async\" width=\"500\" height=\"500\" src=\"https:\/\/cyclingcambrils.com\/wp-content\/uploads\/2022\/02\/mtb-hq.png\" class=\"attachment-full size-full lazyload\" alt=\"\" srcset=\"data:image\/svg+xml,%3Csvg%20xmlns%3D%27http%3A%2F%2Fwww.w3.org%2F2000%2Fsvg%27%20width%3D%27500%27%20height%3D%27500%27%20viewBox%3D%270%200%20500%20500%27%3E%3Crect%20width%3D%27500%27%20height%3D%27500%27%20fill-opacity%3D%220%22%2F%3E%3C%2Fsvg%3E\" data-orig-src=\"https:\/\/cyclingcambrils.com\/wp-content\/uploads\/2022\/02\/mtb-hq.png\" data-srcset=\"https:\/\/cyclingcambrils.com\/wp-content\/uploads\/2022\/02\/mtb-hq-200x200.png 200w, https:\/\/cyclingcambrils.com\/wp-content\/uploads\/2022\/02\/mtb-hq-400x400.png 400w, https:\/\/cyclingcambrils.com\/wp-content\/uploads\/2022\/02\/mtb-hq.png 500w\" data-sizes=\"auto\" \/><div class=\"awb-imageframe-caption-container\"><div class=\"awb-imageframe-caption\"><h4 class=\"awb-imageframe-caption-title\">MTB<\/h4><\/div><\/div><\/a><\/div><\/div><\/div><div class=\"swiper-slide\"><div class=\"fusion-carousel-item-wrapper\"><div class=\"fusion-image-wrapper awb-imageframe-style awb-imageframe-style-dany\"><a href=\"https:\/\/cyclingcambrils.com\/ca\/rutes-road\/\" target=\"_self\"><img decoding=\"async\" width=\"500\" height=\"500\" src=\"https:\/\/cyclingcambrils.com\/wp-content\/uploads\/2022\/02\/road-hq.png\" class=\"attachment-full size-full lazyload\" alt=\"\" srcset=\"data:image\/svg+xml,%3Csvg%20xmlns%3D%27http%3A%2F%2Fwww.w3.org%2F2000%2Fsvg%27%20width%3D%27500%27%20height%3D%27500%27%20viewBox%3D%270%200%20500%20500%27%3E%3Crect%20width%3D%27500%27%20height%3D%27500%27%20fill-opacity%3D%220%22%2F%3E%3C%2Fsvg%3E\" data-orig-src=\"https:\/\/cyclingcambrils.com\/wp-content\/uploads\/2022\/02\/road-hq.png\" data-srcset=\"https:\/\/cyclingcambrils.com\/wp-content\/uploads\/2022\/02\/road-hq-200x200.png 200w, https:\/\/cyclingcambrils.com\/wp-content\/uploads\/2022\/02\/road-hq-400x400.png 400w, https:\/\/cyclingcambrils.com\/wp-content\/uploads\/2022\/02\/road-hq.png 500w\" data-sizes=\"auto\" \/><div class=\"awb-imageframe-caption-container\"><div class=\"awb-imageframe-caption\"><h4 class=\"awb-imageframe-caption-title\">ROAD<\/h4><\/div><\/div><\/a><\/div><\/div><\/div><\/div><\/div><\/div><\/div><\/div><\/div><\/div><div class=\"fusion-fullwidth fullwidth-box fusion-builder-row-4 fusion-flex-container nonhundred-percent-fullwidth non-hundred-percent-height-scrolling\" style=\"--awb-border-radius-top-left:0px;--awb-border-radius-top-right:0px;--awb-border-radius-bottom-right:0px;--awb-border-radius-bottom-left:0px;--awb-padding-top:100px;--awb-padding-bottom:100px;--awb-background-color:#f7f7f7;--awb-flex-wrap:wrap;\" ><div class=\"fusion-builder-row fusion-row fusion-flex-align-items-flex-start fusion-flex-content-wrap\" style=\"max-width:1393.6px;margin-left: calc(-4% \/ 2 );margin-right: calc(-4% \/ 2 );\"><div class=\"fusion-layout-column fusion_builder_column fusion-builder-column-8 fusion-flex-column\" style=\"--awb-bg-size:cover;--awb-width-large:40%;--awb-margin-top-large:0px;--awb-spacing-right-large:4.8%;--awb-margin-bottom-large:20px;--awb-spacing-left-large:4.8%;--awb-width-medium:45%;--awb-order-medium:0;--awb-spacing-right-medium:4.2666666666667%;--awb-spacing-left-medium:4.2666666666667%;--awb-width-small:100%;--awb-order-small:0;--awb-spacing-right-small:1.92%;--awb-spacing-left-small:1.92%;\"><div class=\"fusion-column-wrapper fusion-column-has-shadow fusion-flex-justify-content-flex-start fusion-content-layout-column\"><div class=\"fusion-title title fusion-title-8 fusion-sep-none fusion-title-text fusion-title-size-div\" style=\"--awb-text-color:#ff9600;--awb-margin-bottom:5px;--awb-font-size:30px;\"><div class=\"fusion-title-heading title-heading-left title-heading-tag\" style=\"font-family:&quot;Yellowtail&quot;;margin:0;font-size:1em;line-height:0.8em;\">Cicloturisme a<\/div><\/div><div class=\"fusion-title title fusion-title-9 fusion-sep-none fusion-title-text fusion-title-size-two\"><h2 class=\"fusion-title-heading title-heading-left\" style=\"margin:0;\">El nostre Blog<\/h2><\/div><div class=\"fusion-separator\" style=\"align-self: flex-start;margin-right:auto;margin-top:15px;margin-bottom:0px;width:100%;max-width:80px;\"><div class=\"fusion-separator-border sep-single sep-solid\" style=\"--awb-height:20px;--awb-amount:20px;border-color:#e0dede;border-top-width:2px;\"><\/div><\/div><\/div><\/div><div class=\"fusion-layout-column fusion_builder_column fusion-builder-column-9 fusion-flex-column fusion-flex-align-self-center\" style=\"--awb-bg-size:cover;--awb-width-large:50%;--awb-margin-top-large:0px;--awb-spacing-right-large:3.84%;--awb-margin-bottom-large:20px;--awb-spacing-left-large:3.84%;--awb-width-medium:50%;--awb-order-medium:0;--awb-spacing-right-medium:3.84%;--awb-spacing-left-medium:3.84%;--awb-width-small:100%;--awb-order-small:0;--awb-spacing-right-small:1.92%;--awb-spacing-left-small:1.92%;\"><div class=\"fusion-column-wrapper fusion-column-has-shadow fusion-flex-justify-content-flex-start fusion-content-layout-column\"><div class=\"fusion-text fusion-text-8 fusion-text-no-margin\" style=\"--awb-margin-bottom:0px;\"><p>\u00daltimes novetats i informaci\u00f3 sobre el cicloturisme a Cambrils.<\/p>\n<\/div><\/div><\/div><div class=\"fusion-layout-column fusion_builder_column fusion-builder-column-10 fusion_builder_column_1_1 1_1 fusion-flex-column\" style=\"--awb-bg-size:cover;--awb-width-large:100%;--awb-margin-top-large:50px;--awb-spacing-right-large:1.92%;--awb-margin-bottom-large:0px;--awb-spacing-left-large:1.92%;--awb-width-medium:100%;--awb-order-medium:0;--awb-spacing-right-medium:1.92%;--awb-spacing-left-medium:1.92%;--awb-width-small:100%;--awb-order-small:0;--awb-spacing-right-small:1.92%;--awb-spacing-left-small:1.92%;\"><div class=\"fusion-column-wrapper fusion-column-has-shadow fusion-flex-justify-content-flex-start fusion-content-layout-column\"><div class=\"fusion-post-cards fusion-post-cards-1 fusion-no-small-visibility fusion-no-medium-visibility fusion-grid-archive fusion-grid-columns-3\" style=\"--awb-columns:3;--awb-row-spacing:50px;--awb-columns-medium:50%;--awb-columns-small:100%;\"><ul class=\"fusion-grid fusion-grid-3 fusion-flex-align-items-flex-start fusion-grid-posts-cards\"><li class=\"fusion-layout-column fusion_builder_column fusion-builder-column-11 fusion-flex-column post-card fusion-grid-column fusion-post-cards-grid-column\" style=\"--awb-overflow:hidden;--awb-bg-color:#ffffff;--awb-bg-color-hover:#ffffff;--awb-bg-size:cover;--awb-border-color:#efefef;--awb-border-right:1px;--awb-border-bottom:1px;--awb-border-left:1px;--awb-border-style:solid;--awb-border-radius:10px 10px 10px 10px;--awb-flex-grow:0;--awb-flex-shrink:0;--awb-flex-grow-medium:0;--awb-flex-shrink-medium:0;--awb-flex-grow-small:0;--awb-flex-shrink-small:0;\"><div class=\"fusion-column-wrapper fusion-flex-justify-content-flex-start fusion-content-layout-column\"><div class=\"fusion-classic-product-image-wrapper fusion-woo-product-image fusion-post-card-image fusion-post-card-image-1\" data-layout=\"static\"><div  class=\"fusion-image-wrapper\" aria-haspopup=\"true\">\n\t\t\t\t\t\t\t<a href=\"https:\/\/cyclingcambrils.com\/ca\/la-cambrils-btt-origens-i-la-bioracer-cambrils-road-resumeixen-el-millor-del-territori\/\" aria-label=\"La Cambrils BTT Or\u00edgens i la Bioracer Cambrils Road resumeixen el millor del territori\">\n\t\t\t\t\t\t\t<img decoding=\"async\" width=\"900\" height=\"600\" src=\"https:\/\/cyclingcambrils.com\/wp-content\/uploads\/2026\/03\/En-este-entorno-inmejorable-vuelve-la-Bioracer-Cambrils-Road-una-cita-marcada-en-el-calendario-para-el-domingo-24-de-mayo-2.jpg\" class=\"attachment-full size-full lazyload wp-post-image\" alt=\"\" srcset=\"data:image\/svg+xml,%3Csvg%20xmlns%3D%27http%3A%2F%2Fwww.w3.org%2F2000%2Fsvg%27%20width%3D%27900%27%20height%3D%27600%27%20viewBox%3D%270%200%20900%20600%27%3E%3Crect%20width%3D%27900%27%20height%3D%27600%27%20fill-opacity%3D%220%22%2F%3E%3C%2Fsvg%3E\" data-orig-src=\"https:\/\/cyclingcambrils.com\/wp-content\/uploads\/2026\/03\/En-este-entorno-inmejorable-vuelve-la-Bioracer-Cambrils-Road-una-cita-marcada-en-el-calendario-para-el-domingo-24-de-mayo-2.jpg\" data-srcset=\"https:\/\/cyclingcambrils.com\/wp-content\/uploads\/2026\/03\/En-este-entorno-inmejorable-vuelve-la-Bioracer-Cambrils-Road-una-cita-marcada-en-el-calendario-para-el-domingo-24-de-mayo-2-200x133.jpg 200w, https:\/\/cyclingcambrils.com\/wp-content\/uploads\/2026\/03\/En-este-entorno-inmejorable-vuelve-la-Bioracer-Cambrils-Road-una-cita-marcada-en-el-calendario-para-el-domingo-24-de-mayo-2-400x267.jpg 400w, https:\/\/cyclingcambrils.com\/wp-content\/uploads\/2026\/03\/En-este-entorno-inmejorable-vuelve-la-Bioracer-Cambrils-Road-una-cita-marcada-en-el-calendario-para-el-domingo-24-de-mayo-2-600x400.jpg 600w, https:\/\/cyclingcambrils.com\/wp-content\/uploads\/2026\/03\/En-este-entorno-inmejorable-vuelve-la-Bioracer-Cambrils-Road-una-cita-marcada-en-el-calendario-para-el-domingo-24-de-mayo-2-800x533.jpg 800w, https:\/\/cyclingcambrils.com\/wp-content\/uploads\/2026\/03\/En-este-entorno-inmejorable-vuelve-la-Bioracer-Cambrils-Road-una-cita-marcada-en-el-calendario-para-el-domingo-24-de-mayo-2.jpg 900w\" data-sizes=\"auto\" \/>\t\t\t<\/a>\n\t\t\t\t\t\t\t<\/div>\n<\/div><div class=\"fusion-title title fusion-title-10 fusion-sep-none fusion-title-center fusion-title-text fusion-title-size-three\" style=\"--awb-margin-top:30px;--awb-margin-right:20px;--awb-margin-left:20px;--awb-margin-top-small:30px;--awb-margin-right-small:20px;--awb-margin-left-small:20px;--awb-font-size:30px;\"><h3 class=\"fusion-title-heading title-heading-center\" style=\"margin:0;font-size:1em;line-height:1.3;\"><a href=\"https:\/\/cyclingcambrils.com\/ca\/la-cambrils-btt-origens-i-la-bioracer-cambrils-road-resumeixen-el-millor-del-territori\/\" class=\"awb-custom-text-color awb-custom-text-hover-color\" target=\"_self\">La Cambrils BTT Or\u00edgens i la Bioracer Cambrils Road resumeixen el millor del territori<\/a><\/h3><\/div><div class=\"fusion-content-tb fusion-content-tb-1 extracto\" style=\"--awb-text-color:#222222;--awb-margin-left:30px;--awb-margin-right:30px;--awb-content-alignment:justify;--awb-text-transform:none;\"><p>El temps ha situat Cambrils com a destinaci\u00f3 de refer\u00e8ncia per als amants del ciclisme gr\u00e0cies a una combinaci\u00f3 privilegiada de factors geogr\u00e0fics i clim\u00e0tics que permeten gaudir de l&#8217;esport durant tot l&#8217;any.<\/p>\n<p>Empla\u00e7ada al cor de la Costa Daurada, la localitat ofereix un escenari excepcional on <strong>el mar i la muntanya es barregen a pocs quil\u00f2metres de dist\u00e0ncia<\/strong> , permetent rutes que transcorren per paisatges plans i ascensos desafiadors cap a les serres interiors.<\/p>\n<p><img decoding=\"async\" class=\"lazyload size-full wp-image-15373 aligncenter\" src=\"https:\/\/cyclingcambrils.com\/wp-content\/uploads\/2026\/02\/cambribike-BTT-.jpg\" data-orig-src=\"https:\/\/cyclingcambrils.com\/wp-content\/uploads\/2026\/02\/cambribike-BTT-.jpg\" alt=\"\" width=\"900\" height=\"600\" srcset=\"data:image\/svg+xml,%3Csvg%20xmlns%3D%27http%3A%2F%2Fwww.w3.org%2F2000%2Fsvg%27%20width%3D%27900%27%20height%3D%27600%27%20viewBox%3D%270%200%20900%20600%27%3E%3Crect%20width%3D%27900%27%20height%3D%27600%27%20fill-opacity%3D%220%22%2F%3E%3C%2Fsvg%3E\" data-srcset=\"https:\/\/cyclingcambrils.com\/wp-content\/uploads\/2026\/02\/cambribike-BTT--200x133.jpg 200w, https:\/\/cyclingcambrils.com\/wp-content\/uploads\/2026\/02\/cambribike-BTT--300x200.jpg 300w, https:\/\/cyclingcambrils.com\/wp-content\/uploads\/2026\/02\/cambribike-BTT--400x267.jpg 400w, https:\/\/cyclingcambrils.com\/wp-content\/uploads\/2026\/02\/cambribike-BTT--600x400.jpg 600w, https:\/\/cyclingcambrils.com\/wp-content\/uploads\/2026\/02\/cambribike-BTT--768x512.jpg 768w, https:\/\/cyclingcambrils.com\/wp-content\/uploads\/2026\/02\/cambribike-BTT--800x533.jpg 800w, https:\/\/cyclingcambrils.com\/wp-content\/uploads\/2026\/02\/cambribike-BTT-.jpg 900w\" data-sizes=\"auto\" data-orig-sizes=\"(max-width: 900px) 100vw, 900px\" \/><\/p>\n<h3>Aix\u00ed es crea la Cambrils BTT Or\u00edgens<\/h3>\n<p>Aquesta dualitat es reflecteix perfectament en la proposta de Cambrils BTT Or\u00edgens, un nom que busca <strong>reivindicar les arrels rurals del municipi i el seu entorn d&#8217;agricultura i camins amb hist\u00f2ria<\/strong> .<\/p>\n<p>&#8220;Un nom que posa en valor el que \u00e9s Cambrils, aquest entorn de pagesos, vinyes i oliveres, un record de la nostra autenticitat&#8221; diu Joan Carbonell, responsable de Naturetime Events, organitzadora de la sortida.<\/p>\n<p>L&#8217;orografia de la zona permet oferir <strong>recorreguts per a tots els perfils<\/strong> , des de fam\u00edlies fins a ciclistes m\u00e9s experts que busquen el m\u00e0xim rendiment.<\/p>\n<p>S\u00f3n quatre versions: Els circuits de 22 i 35 quil\u00f2metres estan pensats per a aquells que volen una experi\u00e8ncia m\u00e9s accessible; el primer amb un car\u00e0cter marcadament familiar i el segon estenent-se fins a Vilanova d&#8217;Escornalbou per oferir un recorregut m\u00e9s llarg sense una exig\u00e8ncia t\u00e8cnica exagerada.<\/p>\n<p>Per als m\u00e9s aventurers, les dist\u00e0ncies de 47 i 55 quil\u00f2metres s&#8217;endinsen en el desnivell de la serra de Llaberia i els contraforts del Baix Camp, introduint com a element diferenciador les cronoescalades.<\/p>\n<p><strong>Aquests trams cronometrats individualment permeten als corredors competir contra el rellotge<\/strong> en sectors de pujada concrets, amb entrega de premis per a BTT muscular, el\u00e8ctriques i de gravel.<\/p>\n<p>\u201cPots fer-ho al teu ritme o competir\u201d distingeix Joan.<\/p>\n<p><img decoding=\"async\" class=\"lazyload size-full wp-image-15379 aligncenter\" src=\"https:\/\/cyclingcambrils.com\/wp-content\/uploads\/2026\/02\/Cambribike-Bioracer-road.jpg\" data-orig-src=\"https:\/\/cyclingcambrils.com\/wp-content\/uploads\/2026\/02\/Cambribike-Bioracer-road.jpg\" alt=\"\" width=\"900\" height=\"600\" srcset=\"data:image\/svg+xml,%3Csvg%20xmlns%3D%27http%3A%2F%2Fwww.w3.org%2F2000%2Fsvg%27%20width%3D%27900%27%20height%3D%27600%27%20viewBox%3D%270%200%20900%20600%27%3E%3Crect%20width%3D%27900%27%20height%3D%27600%27%20fill-opacity%3D%220%22%2F%3E%3C%2Fsvg%3E\" data-srcset=\"https:\/\/cyclingcambrils.com\/wp-content\/uploads\/2026\/02\/Cambribike-Bioracer-road-200x133.jpg 200w, https:\/\/cyclingcambrils.com\/wp-content\/uploads\/2026\/02\/Cambribike-Bioracer-road-300x200.jpg 300w, https:\/\/cyclingcambrils.com\/wp-content\/uploads\/2026\/02\/Cambribike-Bioracer-road-400x267.jpg 400w, https:\/\/cyclingcambrils.com\/wp-content\/uploads\/2026\/02\/Cambribike-Bioracer-road-600x400.jpg 600w, https:\/\/cyclingcambrils.com\/wp-content\/uploads\/2026\/02\/Cambribike-Bioracer-road-768x512.jpg 768w, https:\/\/cyclingcambrils.com\/wp-content\/uploads\/2026\/02\/Cambribike-Bioracer-road-800x533.jpg 800w, https:\/\/cyclingcambrils.com\/wp-content\/uploads\/2026\/02\/Cambribike-Bioracer-road.jpg 900w\" data-sizes=\"auto\" data-orig-sizes=\"(max-width: 900px) 100vw, 900px\" \/><\/p>\n<h3>La versi\u00f3 de carretera: Bioracer Cambrils Road<\/h3>\n<p>Pel que fa al ciclisme de carretera, la Bioracer Cambrils Road proposa <strong>una immersi\u00f3 al paisatge del Priorat<\/strong> a trav\u00e9s de rutes de 85 i 125 quil\u00f2metres.<\/p>\n<p>&#8220;Les dues dist\u00e0ncies pel Baix Camp i el Priorat sud combinen carreteres de poc tr\u00e0nsit amb grans paisatges amb el puntet d&#8217;exigir-se en alguna pujada&#8221; ens diu Joan.<\/p>\n<p>Aquestes rutes destaquen per transc\u00f3rrer per carreteres molt tranquil\u00b7les i <strong>un entorn de gran bellesa visual que inclou el pas per Escaladei i la Morera de Montsant<\/strong> .<\/p>\n<p>El repte estrella per als ciclistes de fons \u00e9s l&#8217;ascens al No Plores Nen, un sector emblem\u00e0tic que defineix la duresa i l&#8217;atractiu d&#8217;aquesta zona des de Torroja de Priorat a la Morera.<\/p>\n<p>Tot el recorregut es realitza sota <strong>una filosofia de marxa tranquil\u00b7la i segura, amb una c\u00e0psula de seguretat del Servei Catal\u00e0 de Tr\u00e0nsit<\/strong> , evitant les grans massificacions per garantir una experi\u00e8ncia propera i de qualitat per a cada participant.<\/p>\n<p><img decoding=\"async\" class=\"lazyload size-full wp-image-15448 aligncenter\" src=\"https:\/\/cyclingcambrils.com\/wp-content\/uploads\/2026\/03\/En-este-entorno-inmejorable-vuelve-la-Bioracer-Cambrils-Road-una-cita-marcada-en-el-calendario-para-el-domingo-24-de-mayo.jpg\" data-orig-src=\"https:\/\/cyclingcambrils.com\/wp-content\/uploads\/2026\/03\/En-este-entorno-inmejorable-vuelve-la-Bioracer-Cambrils-Road-una-cita-marcada-en-el-calendario-para-el-domingo-24-de-mayo.jpg\" alt=\"\" width=\"900\" height=\"600\" srcset=\"data:image\/svg+xml,%3Csvg%20xmlns%3D%27http%3A%2F%2Fwww.w3.org%2F2000%2Fsvg%27%20width%3D%27900%27%20height%3D%27600%27%20viewBox%3D%270%200%20900%20600%27%3E%3Crect%20width%3D%27900%27%20height%3D%27600%27%20fill-opacity%3D%220%22%2F%3E%3C%2Fsvg%3E\" data-srcset=\"https:\/\/cyclingcambrils.com\/wp-content\/uploads\/2026\/03\/En-este-entorno-inmejorable-vuelve-la-Bioracer-Cambrils-Road-una-cita-marcada-en-el-calendario-para-el-domingo-24-de-mayo-200x133.jpg 200w, https:\/\/cyclingcambrils.com\/wp-content\/uploads\/2026\/03\/En-este-entorno-inmejorable-vuelve-la-Bioracer-Cambrils-Road-una-cita-marcada-en-el-calendario-para-el-domingo-24-de-mayo-300x200.jpg 300w, https:\/\/cyclingcambrils.com\/wp-content\/uploads\/2026\/03\/En-este-entorno-inmejorable-vuelve-la-Bioracer-Cambrils-Road-una-cita-marcada-en-el-calendario-para-el-domingo-24-de-mayo-400x267.jpg 400w, https:\/\/cyclingcambrils.com\/wp-content\/uploads\/2026\/03\/En-este-entorno-inmejorable-vuelve-la-Bioracer-Cambrils-Road-una-cita-marcada-en-el-calendario-para-el-domingo-24-de-mayo-600x400.jpg 600w, https:\/\/cyclingcambrils.com\/wp-content\/uploads\/2026\/03\/En-este-entorno-inmejorable-vuelve-la-Bioracer-Cambrils-Road-una-cita-marcada-en-el-calendario-para-el-domingo-24-de-mayo-768x512.jpg 768w, https:\/\/cyclingcambrils.com\/wp-content\/uploads\/2026\/03\/En-este-entorno-inmejorable-vuelve-la-Bioracer-Cambrils-Road-una-cita-marcada-en-el-calendario-para-el-domingo-24-de-mayo-800x533.jpg 800w, https:\/\/cyclingcambrils.com\/wp-content\/uploads\/2026\/03\/En-este-entorno-inmejorable-vuelve-la-Bioracer-Cambrils-Road-una-cita-marcada-en-el-calendario-para-el-domingo-24-de-mayo.jpg 900w\" data-sizes=\"auto\" data-orig-sizes=\"(max-width: 900px) 100vw, 900px\" \/><\/p>\n<h3>Marxa ciclista amb &#8220;gust de mar&#8221;<\/h3>\n<p>L&#8217;experi\u00e8ncia a Cambrils no seria completa sense fer refer\u00e8ncia a la seva excel\u00b7l\u00e8ncia gastron\u00f2mica, que esdev\u00e9 el millor premi despr\u00e9s de l&#8217;esfor\u00e7 f\u00edsic.<\/p>\n<p>L&#8217;esdeveniment es defineix com una marxa amb gust de mar, ja que en arribar a la meta els ciclistes poden gaudir d&#8217; <strong>un plat t\u00edpic de la cuina local, com ara fideus rossejats o fideu\u00e0, permetent degustar l&#8217;ess\u00e8ncia culin\u00e0ria del lloc<\/strong> .<\/p>\n<p>Aquesta combinaci\u00f3 de rutes exigents, paisatges agr\u00edcoles aut\u00e8ntics i una oferta cultural i gastron\u00f2mica de primer nivell es d\u00f3na cita, recordeu a l&#8217;entorn de la Cambribike.<\/p>\n<h3>Inscripcions obertes<\/h3>\n<p><a href=\"https:\/\/www.naturetime.es\/cambribike\/\" target=\"_blank\" rel=\"noopener\">Cambrils BTT Or\u00edgens<\/a> &#8211; 23 de maig<\/p>\n<p><a href=\"https:\/\/www.naturetime.es\/marcha-cicloturismo-cambrils\/\">Bioracer Cambrils Road<\/a> &#8211; 24 de maig<\/p>\n<p>&nbsp;<\/p>\n<\/div><div class=\"fusion-separator fusion-full-width-sep\" style=\"align-self: center;margin-left: auto;margin-right: auto;margin-top:15px;width:100%;\"><div class=\"fusion-separator-border sep-single sep-solid\" style=\"--awb-height:20px;--awb-amount:20px;--awb-sep-color:#efefef;border-color:#efefef;border-top-width:1px;\"><\/div><\/div><div style=\"text-align:center;\"><a class=\"fusion-button button-flat fusion-button-default-size button-custom fusion-button-default button-3 fusion-button-default-span fusion-button-default-type\" style=\"--button_accent_color:#ff9600;--button_border_color:#ff9600;--button_accent_hover_color:#ffffff;--button_border_hover_color:#ffffff;--button_border_width-top:0px;--button_border_width-right:0px;--button_border_width-bottom:0px;--button_border_width-left:0px;--button-border-radius-top-left:0px;--button-border-radius-top-right:0px;--button-border-radius-bottom-right:0px;--button-border-radius-bottom-left:0px;--button_gradient_top_color:rgba(255,150,0,0);--button_gradient_bottom_color:rgba(255,150,0,0);--button_gradient_top_color_hover:rgba(255,150,0,0);--button_gradient_bottom_color_hover:rgba(255,150,0,0);--button_margin-top:10px;--button_margin-bottom:15px;width:calc(100%);\" target=\"_self\" href=\"https:\/\/cyclingcambrils.com\/ca\/la-cambrils-btt-origens-i-la-bioracer-cambrils-road-resumeixen-el-millor-del-territori\/\"><span class=\"fusion-button-text awb-button__text awb-button__text--default\">Llegir article<\/span><\/a><\/div><\/div><\/li>\n<li class=\"fusion-layout-column fusion_builder_column fusion-builder-column-12 fusion-flex-column post-card fusion-grid-column fusion-post-cards-grid-column\" style=\"--awb-overflow:hidden;--awb-bg-color:#ffffff;--awb-bg-color-hover:#ffffff;--awb-bg-size:cover;--awb-border-color:#efefef;--awb-border-right:1px;--awb-border-bottom:1px;--awb-border-left:1px;--awb-border-style:solid;--awb-border-radius:10px 10px 10px 10px;--awb-flex-grow:0;--awb-flex-shrink:0;--awb-flex-grow-medium:0;--awb-flex-shrink-medium:0;--awb-flex-grow-small:0;--awb-flex-shrink-small:0;\"><div class=\"fusion-column-wrapper fusion-flex-justify-content-flex-start fusion-content-layout-column\"><div class=\"fusion-classic-product-image-wrapper fusion-woo-product-image fusion-post-card-image fusion-post-card-image-1\" data-layout=\"static\"><div  class=\"fusion-image-wrapper\" aria-haspopup=\"true\">\n\t\t\t\t\t\t\t<a href=\"https:\/\/cyclingcambrils.com\/ca\/compte-enrere-per-a-la-cambribike\/\" aria-label=\"Compte enrere per a la Cambribike\">\n\t\t\t\t\t\t\t<img decoding=\"async\" width=\"900\" height=\"598\" src=\"https:\/\/cyclingcambrils.com\/wp-content\/uploads\/2026\/04\/cambribike-btt.jpg\" class=\"attachment-full size-full lazyload wp-post-image\" alt=\"\" srcset=\"data:image\/svg+xml,%3Csvg%20xmlns%3D%27http%3A%2F%2Fwww.w3.org%2F2000%2Fsvg%27%20width%3D%27900%27%20height%3D%27598%27%20viewBox%3D%270%200%20900%20598%27%3E%3Crect%20width%3D%27900%27%20height%3D%27598%27%20fill-opacity%3D%220%22%2F%3E%3C%2Fsvg%3E\" data-orig-src=\"https:\/\/cyclingcambrils.com\/wp-content\/uploads\/2026\/04\/cambribike-btt.jpg\" data-srcset=\"https:\/\/cyclingcambrils.com\/wp-content\/uploads\/2026\/04\/cambribike-btt-200x133.jpg 200w, https:\/\/cyclingcambrils.com\/wp-content\/uploads\/2026\/04\/cambribike-btt-400x266.jpg 400w, https:\/\/cyclingcambrils.com\/wp-content\/uploads\/2026\/04\/cambribike-btt-600x399.jpg 600w, https:\/\/cyclingcambrils.com\/wp-content\/uploads\/2026\/04\/cambribike-btt-800x532.jpg 800w, https:\/\/cyclingcambrils.com\/wp-content\/uploads\/2026\/04\/cambribike-btt.jpg 900w\" data-sizes=\"auto\" \/>\t\t\t<\/a>\n\t\t\t\t\t\t\t<\/div>\n<\/div><div class=\"fusion-title title fusion-title-11 fusion-sep-none fusion-title-center fusion-title-text fusion-title-size-three\" style=\"--awb-margin-top:30px;--awb-margin-right:20px;--awb-margin-left:20px;--awb-margin-top-small:30px;--awb-margin-right-small:20px;--awb-margin-left-small:20px;--awb-font-size:30px;\"><h3 class=\"fusion-title-heading title-heading-center\" style=\"margin:0;font-size:1em;line-height:1.3;\"><a href=\"https:\/\/cyclingcambrils.com\/ca\/compte-enrere-per-a-la-cambribike\/\" class=\"awb-custom-text-color awb-custom-text-hover-color\" target=\"_self\">Compte enrere per a la Cambribike<\/a><\/h3><\/div><div class=\"fusion-content-tb fusion-content-tb-2 extracto\" style=\"--awb-text-color:#222222;--awb-margin-left:30px;--awb-margin-right:30px;--awb-content-alignment:justify;--awb-text-transform:none;\"><p>Benvinguts al parad\u00eds de les dues rodes! En un mes arriba la CambriBike no \u00e9s nom\u00e9s un esdeveniment esportiu, \u00e9s la gran festa del ciclisme a Cambrils que transforma aquest municipi de la Costa Daurada a l&#8217;epicentre de la passi\u00f3 pels pedals. <\/p>\n<p>Amb un enfocament inclusiu i vibrant, l&#8217;esdeveniment desplega un ventall d&#8217;activitats que abracen des del professionalisme m\u00e9s exigent fins a la il\u00b7lusi\u00f3 dels m\u00e9s petits.<\/p>\n<p>L&#8217;aventura sol arrencar amb l&#8217;adrenalina de la <a href=\"https:\/\/www.naturetime.es\/cambribike\/\" target=\"_blank\" rel=\"noopener\">Cambrils BTT Or\u00edgens<\/a> .<\/p>\n<p>Els participants poden triar entre diversos recorreguts (des de 22 fins a 55 km) que serpentegen pels paisatges de l&#8217;interior, oferint des de passejades relaxades fins a reptes t\u00e8cnics amb cronoescalades per als m\u00e9s competitius.<\/p>\n<p>Per\u00f2 la diversitat no s&#8217;hi queda: la modalitat Gravel ha guanyat un pes d&#8217;or, permetent als ciclistes explorar camins mixtos amb aquesta barreja \u00fanica de velocitat i aventura.<\/p>\n<p><img decoding=\"async\" class=\"lazyload size-full wp-image-15499 aligncenter\" src=\"https:\/\/cyclingcambrils.com\/wp-content\/uploads\/2026\/03\/Cambrils-BTT-Origens-salida.jpg\" data-orig-src=\"https:\/\/cyclingcambrils.com\/wp-content\/uploads\/2026\/03\/Cambrils-BTT-Origens-salida.jpg\" alt=\"\" width=\"900\" height=\"600\" srcset=\"data:image\/svg+xml,%3Csvg%20xmlns%3D%27http%3A%2F%2Fwww.w3.org%2F2000%2Fsvg%27%20width%3D%27900%27%20height%3D%27600%27%20viewBox%3D%270%200%20900%20600%27%3E%3Crect%20width%3D%27900%27%20height%3D%27600%27%20fill-opacity%3D%220%22%2F%3E%3C%2Fsvg%3E\" data-srcset=\"https:\/\/cyclingcambrils.com\/wp-content\/uploads\/2026\/03\/Cambrils-BTT-Origens-salida-200x133.jpg 200w, https:\/\/cyclingcambrils.com\/wp-content\/uploads\/2026\/03\/Cambrils-BTT-Origens-salida-300x200.jpg 300w, https:\/\/cyclingcambrils.com\/wp-content\/uploads\/2026\/03\/Cambrils-BTT-Origens-salida-400x267.jpg 400w, https:\/\/cyclingcambrils.com\/wp-content\/uploads\/2026\/03\/Cambrils-BTT-Origens-salida-600x400.jpg 600w, https:\/\/cyclingcambrils.com\/wp-content\/uploads\/2026\/03\/Cambrils-BTT-Origens-salida-768x512.jpg 768w, https:\/\/cyclingcambrils.com\/wp-content\/uploads\/2026\/03\/Cambrils-BTT-Origens-salida-800x533.jpg 800w, https:\/\/cyclingcambrils.com\/wp-content\/uploads\/2026\/03\/Cambrils-BTT-Origens-salida.jpg 900w\" data-sizes=\"auto\" data-orig-sizes=\"(max-width: 900px) 100vw, 900px\" \/><\/p>\n<p>Per als amants de l&#8217;asfalt, <strong><a href=\"https:\/\/www.naturetime.es\/marcha-cicloturismo-cambrils\/\" target=\"_blank\" rel=\"noopener\">Bioracer Cambrils Road<\/a> \u00e9s el plat fort<\/strong> . Es tracta d\u00b4una marxa cicloturista de gran fons que desafia els valents amb ports de muntanya emblem\u00e0tics i vistes espectaculars del Mediterrani. \u00c9s el moment on la superaci\u00f3 personal i la companyonia es troben sota l&#8217;arc de meta, coronat sempre amb una reconfortant fideu\u00e0 popular per recuperar forces.  <\/p>\n<p>Tot i aix\u00f2, el cor de CambriBike batega amb especial for\u00e7a al Parc del Pinaret, convertit en una &#8220;Expo Bike&#8221; plena de vida. Aqu\u00ed, les fam\u00edlies en s\u00f3n les protagonistes. Els nens gaudeixen de la Kids Cup, circuits d&#8217;habilitats amb obstacles i rampes i tallers d&#8217;educaci\u00f3 vi\u00e0ria per formar els ciclistes del futur. No falten els espectacles de Bike Trial, on experts desafien les lleis de la gravetat, ni les sessions de Ciclo Indoor liderades per figures com Melcior Mauri, que encomanen energia a cop de m\u00fasica i pedalades est\u00e0tiques.   <\/p>\n<p>El tancament perfecte el posa la Festa de la Bicicleta, una pedalada popular i urbana on les disfresses i les bicicletes cl\u00e0ssiques inunden els carrers de joia. En definitiva, CambriBike \u00e9s un esdeveniment fluid i din\u00e0mic que demostra que la bicicleta \u00e9s molt m\u00e9s que un esport: \u00e9s un estil de vida que uneix generacions, fomenta el turisme sostenible i, sobretot, convida a gaudir de l&#8217;aire lliure amb un somriure. A pedalar!  <\/p>\n<p>Imatge: Blanca de la Sotilla<\/p>\n<\/div><div class=\"fusion-separator fusion-full-width-sep\" style=\"align-self: center;margin-left: auto;margin-right: auto;margin-top:15px;width:100%;\"><div class=\"fusion-separator-border sep-single sep-solid\" style=\"--awb-height:20px;--awb-amount:20px;--awb-sep-color:#efefef;border-color:#efefef;border-top-width:1px;\"><\/div><\/div><div style=\"text-align:center;\"><a class=\"fusion-button button-flat fusion-button-default-size button-custom fusion-button-default button-4 fusion-button-default-span fusion-button-default-type\" style=\"--button_accent_color:#ff9600;--button_border_color:#ff9600;--button_accent_hover_color:#ffffff;--button_border_hover_color:#ffffff;--button_border_width-top:0px;--button_border_width-right:0px;--button_border_width-bottom:0px;--button_border_width-left:0px;--button-border-radius-top-left:0px;--button-border-radius-top-right:0px;--button-border-radius-bottom-right:0px;--button-border-radius-bottom-left:0px;--button_gradient_top_color:rgba(255,150,0,0);--button_gradient_bottom_color:rgba(255,150,0,0);--button_gradient_top_color_hover:rgba(255,150,0,0);--button_gradient_bottom_color_hover:rgba(255,150,0,0);--button_margin-top:10px;--button_margin-bottom:15px;width:calc(100%);\" target=\"_self\" href=\"https:\/\/cyclingcambrils.com\/ca\/compte-enrere-per-a-la-cambribike\/\"><span class=\"fusion-button-text awb-button__text awb-button__text--default\">Llegir article<\/span><\/a><\/div><\/div><\/li>\n<li class=\"fusion-layout-column fusion_builder_column fusion-builder-column-13 fusion-flex-column post-card fusion-grid-column fusion-post-cards-grid-column\" style=\"--awb-overflow:hidden;--awb-bg-color:#ffffff;--awb-bg-color-hover:#ffffff;--awb-bg-size:cover;--awb-border-color:#efefef;--awb-border-right:1px;--awb-border-bottom:1px;--awb-border-left:1px;--awb-border-style:solid;--awb-border-radius:10px 10px 10px 10px;--awb-flex-grow:0;--awb-flex-shrink:0;--awb-flex-grow-medium:0;--awb-flex-shrink-medium:0;--awb-flex-grow-small:0;--awb-flex-shrink-small:0;\"><div class=\"fusion-column-wrapper fusion-flex-justify-content-flex-start fusion-content-layout-column\"><div class=\"fusion-classic-product-image-wrapper fusion-woo-product-image fusion-post-card-image fusion-post-card-image-1\" data-layout=\"static\"><div  class=\"fusion-image-wrapper\" aria-haspopup=\"true\">\n\t\t\t\t\t\t\t<a href=\"https:\/\/cyclingcambrils.com\/ca\/la-cambrils-btt-origens-espera-tots-els-bikers\/\" aria-label=\"La Cambrils BTT Or\u00edgens espera tots els bikers\">\n\t\t\t\t\t\t\t<img decoding=\"async\" width=\"900\" height=\"600\" src=\"https:\/\/cyclingcambrils.com\/wp-content\/uploads\/2026\/03\/Cambrils-BTT-Origens-se-celebrara-el-proximo-sabado-23-mayo.jpg\" class=\"attachment-full size-full lazyload wp-post-image\" alt=\"\" srcset=\"data:image\/svg+xml,%3Csvg%20xmlns%3D%27http%3A%2F%2Fwww.w3.org%2F2000%2Fsvg%27%20width%3D%27900%27%20height%3D%27600%27%20viewBox%3D%270%200%20900%20600%27%3E%3Crect%20width%3D%27900%27%20height%3D%27600%27%20fill-opacity%3D%220%22%2F%3E%3C%2Fsvg%3E\" data-orig-src=\"https:\/\/cyclingcambrils.com\/wp-content\/uploads\/2026\/03\/Cambrils-BTT-Origens-se-celebrara-el-proximo-sabado-23-mayo.jpg\" data-srcset=\"https:\/\/cyclingcambrils.com\/wp-content\/uploads\/2026\/03\/Cambrils-BTT-Origens-se-celebrara-el-proximo-sabado-23-mayo-200x133.jpg 200w, https:\/\/cyclingcambrils.com\/wp-content\/uploads\/2026\/03\/Cambrils-BTT-Origens-se-celebrara-el-proximo-sabado-23-mayo-400x267.jpg 400w, https:\/\/cyclingcambrils.com\/wp-content\/uploads\/2026\/03\/Cambrils-BTT-Origens-se-celebrara-el-proximo-sabado-23-mayo-600x400.jpg 600w, https:\/\/cyclingcambrils.com\/wp-content\/uploads\/2026\/03\/Cambrils-BTT-Origens-se-celebrara-el-proximo-sabado-23-mayo-800x533.jpg 800w, https:\/\/cyclingcambrils.com\/wp-content\/uploads\/2026\/03\/Cambrils-BTT-Origens-se-celebrara-el-proximo-sabado-23-mayo.jpg 900w\" data-sizes=\"auto\" \/>\t\t\t<\/a>\n\t\t\t\t\t\t\t<\/div>\n<\/div><div class=\"fusion-title title fusion-title-12 fusion-sep-none fusion-title-center fusion-title-text fusion-title-size-three\" style=\"--awb-margin-top:30px;--awb-margin-right:20px;--awb-margin-left:20px;--awb-margin-top-small:30px;--awb-margin-right-small:20px;--awb-margin-left-small:20px;--awb-font-size:30px;\"><h3 class=\"fusion-title-heading title-heading-center\" style=\"margin:0;font-size:1em;line-height:1.3;\"><a href=\"https:\/\/cyclingcambrils.com\/ca\/la-cambrils-btt-origens-espera-tots-els-bikers\/\" class=\"awb-custom-text-color awb-custom-text-hover-color\" target=\"_self\">La Cambrils BTT Or\u00edgens espera tots els bikers<\/a><\/h3><\/div><div class=\"fusion-content-tb fusion-content-tb-3 extracto\" style=\"--awb-text-color:#222222;--awb-margin-left:30px;--awb-margin-right:30px;--awb-content-alignment:justify;--awb-text-transform:none;\"><p><strong>Cambrils BTT Or\u00edgens se celebrar\u00e0 el proper dissabte 23 de maig.<\/strong><\/p>\n<p>Parlem d&#8217;un esdeveniment que destaca pel car\u00e0cter integrador, oferint quatre recorreguts dissenyats perqu\u00e8 qualsevol perfil de ciclista trobi el seu lloc, des de fam\u00edlies i aficionats fins a esportistes experimentats que busquen espr\u00e9mer el seu potencial.<\/p>\n<p><strong>La jornada comen\u00e7ar\u00e0 a les 9.00 hores i s&#8217;estendr\u00e0 fins al tancament de meta a les 14.00 hores<\/strong> , permetent que tots els participants gaudeixin d&#8217;un mat\u00ed d&#8217;esport en un entorn natural privilegiat marcat pel clima suau de la Costa Daurada.<\/p>\n<p><img decoding=\"async\" class=\"lazyload alignnone size-full wp-image-15499\" src=\"https:\/\/cyclingcambrils.com\/wp-content\/uploads\/2026\/03\/Cambrils-BTT-Origens-salida.jpg\" data-orig-src=\"https:\/\/cyclingcambrils.com\/wp-content\/uploads\/2026\/03\/Cambrils-BTT-Origens-salida.jpg\" alt=\"\" width=\"900\" height=\"600\" srcset=\"data:image\/svg+xml,%3Csvg%20xmlns%3D%27http%3A%2F%2Fwww.w3.org%2F2000%2Fsvg%27%20width%3D%27900%27%20height%3D%27600%27%20viewBox%3D%270%200%20900%20600%27%3E%3Crect%20width%3D%27900%27%20height%3D%27600%27%20fill-opacity%3D%220%22%2F%3E%3C%2Fsvg%3E\" data-srcset=\"https:\/\/cyclingcambrils.com\/wp-content\/uploads\/2026\/03\/Cambrils-BTT-Origens-salida-200x133.jpg 200w, https:\/\/cyclingcambrils.com\/wp-content\/uploads\/2026\/03\/Cambrils-BTT-Origens-salida-300x200.jpg 300w, https:\/\/cyclingcambrils.com\/wp-content\/uploads\/2026\/03\/Cambrils-BTT-Origens-salida-400x267.jpg 400w, https:\/\/cyclingcambrils.com\/wp-content\/uploads\/2026\/03\/Cambrils-BTT-Origens-salida-600x400.jpg 600w, https:\/\/cyclingcambrils.com\/wp-content\/uploads\/2026\/03\/Cambrils-BTT-Origens-salida-768x512.jpg 768w, https:\/\/cyclingcambrils.com\/wp-content\/uploads\/2026\/03\/Cambrils-BTT-Origens-salida-800x533.jpg 800w, https:\/\/cyclingcambrils.com\/wp-content\/uploads\/2026\/03\/Cambrils-BTT-Origens-salida.jpg 900w\" data-sizes=\"auto\" data-orig-sizes=\"(max-width: 900px) 100vw, 900px\" \/><\/p>\n<p><strong>Les dist\u00e0ncies curtes de 22 i 35 quil\u00f2metres estan pensades per als que volen gaudir del paisatge de forma relaxada<\/strong> .<\/p>\n<p>S\u00f3n tra\u00e7ats poc t\u00e8cnics i molt ciclables que exploren els camins rurals i l&#8217;entorn agr\u00edcola proper a la vila. Amb desnivells suaus d&#8217;entre 100 i 250 metres, aquestes rutes permeten als inscrits decidir sobre la marxa quin completar segons les sensacions. <\/p>\n<p>\u00c9s l&#8217;opci\u00f3 ideal per als que vulguin rodar entre vinyes i cultius comptant amb un avituallament complet amb fruita, barretes i begudes isot\u00f2niques per recuperar forces.<\/p>\n<p><img decoding=\"async\" class=\"lazyload alignnone size-full wp-image-15493\" src=\"https:\/\/cyclingcambrils.com\/wp-content\/uploads\/2026\/03\/Cambrils-BTT-Origens-se-celebrara-el-proximo-sabado-23-de-mayo-.jpg\" data-orig-src=\"https:\/\/cyclingcambrils.com\/wp-content\/uploads\/2026\/03\/Cambrils-BTT-Origens-se-celebrara-el-proximo-sabado-23-de-mayo-.jpg\" alt=\"\" width=\"900\" height=\"600\" srcset=\"data:image\/svg+xml,%3Csvg%20xmlns%3D%27http%3A%2F%2Fwww.w3.org%2F2000%2Fsvg%27%20width%3D%27900%27%20height%3D%27600%27%20viewBox%3D%270%200%20900%20600%27%3E%3Crect%20width%3D%27900%27%20height%3D%27600%27%20fill-opacity%3D%220%22%2F%3E%3C%2Fsvg%3E\" data-srcset=\"https:\/\/cyclingcambrils.com\/wp-content\/uploads\/2026\/03\/Cambrils-BTT-Origens-se-celebrara-el-proximo-sabado-23-de-mayo--200x133.jpg 200w, https:\/\/cyclingcambrils.com\/wp-content\/uploads\/2026\/03\/Cambrils-BTT-Origens-se-celebrara-el-proximo-sabado-23-de-mayo--300x200.jpg 300w, https:\/\/cyclingcambrils.com\/wp-content\/uploads\/2026\/03\/Cambrils-BTT-Origens-se-celebrara-el-proximo-sabado-23-de-mayo--400x267.jpg 400w, https:\/\/cyclingcambrils.com\/wp-content\/uploads\/2026\/03\/Cambrils-BTT-Origens-se-celebrara-el-proximo-sabado-23-de-mayo--600x400.jpg 600w, https:\/\/cyclingcambrils.com\/wp-content\/uploads\/2026\/03\/Cambrils-BTT-Origens-se-celebrara-el-proximo-sabado-23-de-mayo--768x512.jpg 768w, https:\/\/cyclingcambrils.com\/wp-content\/uploads\/2026\/03\/Cambrils-BTT-Origens-se-celebrara-el-proximo-sabado-23-de-mayo--800x533.jpg 800w, https:\/\/cyclingcambrils.com\/wp-content\/uploads\/2026\/03\/Cambrils-BTT-Origens-se-celebrara-el-proximo-sabado-23-de-mayo-.jpg 900w\" data-sizes=\"auto\" data-orig-sizes=\"(max-width: 900px) 100vw, 900px\" \/><\/p>\n<p><strong>Pels ciclistes m\u00e9s entrenats que acostumen a sortir habitualment, la proposta puja de nivell amb els recorreguts de 47 i 55 quil\u00f2metres<\/strong> .<\/p>\n<p>Aquestes rutes, m\u00e9s t\u00e8cniques i exigents, s&#8217;endinsen a la Baronia d&#8217;Escornalbou i la Serra del Pradell. Tot i que l&#8217;esperit general no \u00e9s competitiu, els amants de la velocitat trobaran dues cronoescalades espec\u00edfiques per mesurar els seus temps. <\/p>\n<p>Els que optin per la dist\u00e0ncia de 47 quil\u00f2metres s&#8217;enfrontaran a una pujada cronometrada de 2,5 quil\u00f2metres, mentre que els que tri\u00efn els 55 quil\u00f2metres sumaran una segona crono de 2 quil\u00f2metres addicionals.<\/p>\n<p><img decoding=\"async\" class=\"lazyload alignnone size-full wp-image-15481\" src=\"https:\/\/cyclingcambrils.com\/wp-content\/uploads\/2026\/03\/Cambrils-BTT-Origens-se-celebrara-el-proximo-sabado-23-de-mayo.jpg\" data-orig-src=\"https:\/\/cyclingcambrils.com\/wp-content\/uploads\/2026\/03\/Cambrils-BTT-Origens-se-celebrara-el-proximo-sabado-23-de-mayo.jpg\" alt=\"\" width=\"900\" height=\"598\" srcset=\"data:image\/svg+xml,%3Csvg%20xmlns%3D%27http%3A%2F%2Fwww.w3.org%2F2000%2Fsvg%27%20width%3D%27900%27%20height%3D%27598%27%20viewBox%3D%270%200%20900%20598%27%3E%3Crect%20width%3D%27900%27%20height%3D%27598%27%20fill-opacity%3D%220%22%2F%3E%3C%2Fsvg%3E\" data-srcset=\"https:\/\/cyclingcambrils.com\/wp-content\/uploads\/2026\/03\/Cambrils-BTT-Origens-se-celebrara-el-proximo-sabado-23-de-mayo-200x133.jpg 200w, https:\/\/cyclingcambrils.com\/wp-content\/uploads\/2026\/03\/Cambrils-BTT-Origens-se-celebrara-el-proximo-sabado-23-de-mayo-300x199.jpg 300w, https:\/\/cyclingcambrils.com\/wp-content\/uploads\/2026\/03\/Cambrils-BTT-Origens-se-celebrara-el-proximo-sabado-23-de-mayo-400x266.jpg 400w, https:\/\/cyclingcambrils.com\/wp-content\/uploads\/2026\/03\/Cambrils-BTT-Origens-se-celebrara-el-proximo-sabado-23-de-mayo-600x399.jpg 600w, https:\/\/cyclingcambrils.com\/wp-content\/uploads\/2026\/03\/Cambrils-BTT-Origens-se-celebrara-el-proximo-sabado-23-de-mayo-768x510.jpg 768w, https:\/\/cyclingcambrils.com\/wp-content\/uploads\/2026\/03\/Cambrils-BTT-Origens-se-celebrara-el-proximo-sabado-23-de-mayo-800x532.jpg 800w, https:\/\/cyclingcambrils.com\/wp-content\/uploads\/2026\/03\/Cambrils-BTT-Origens-se-celebrara-el-proximo-sabado-23-de-mayo.jpg 900w\" data-sizes=\"auto\" data-orig-sizes=\"(max-width: 900px) 100vw, 900px\" \/><\/p>\n<p><strong>La Cambrils BTT Or\u00edgens \u00e9s una prova oberta a bicicletes de muntanya convencionals, el\u00e8ctriques i de gravel<\/strong> , comptant amb tres avituallaments als seus recorreguts llargs i premis per als tres millors temps de cada categoria.<\/p>\n<p>L\u00b4esfor\u00e7 f\u00edsic es veu recompensat amb les vistes espectaculars del pant\u00e0 de Riudecanyes i el litoral des dels punts m\u00e9s alts de la serra.<\/p>\n<p>L&#8217;esdeveniment no \u00e9s nom\u00e9s un repte esportiu, sin\u00f3 una experi\u00e8ncia completa que fusiona l&#8217;orografia variable de la zona amb la millor tradici\u00f3 local.<\/p>\n<p>El colof\u00f3 \u200b\u200bd&#8217;or a la jornada el posa l&#8217;arribada a meta, on <strong>l&#8217;hospitalitat de Cambrils es manifesta en un avituallament gurmet amb fideu\u00e0 per a tots els participants<\/strong> .<\/p>\n<p>Tot i que la inscripci\u00f3 no inclou el mallot de regal, hi ha l&#8217;opci\u00f3 d&#8217;adquirir-lo per guardar-ne un record.<\/p>\n<p>\u00c9s, en definitiva, l&#8217;oportunitat perfecta per descobrir per qu\u00e8 aquest dest\u00ed \u00e9s el parad\u00eds del cicloturista, unint una organitzaci\u00f3 impecable, una gastronomia de primer nivell i una riquesa cultural que convida a quedar-se despr\u00e9s de travessar la l\u00ednia de meta.<\/p>\n<p><a href=\"https:\/\/www.naturetime.es\/cambribike\/#btt\" target=\"_blank\" rel=\"noopener\">+ INFO<\/a><\/p>\n<p>Imatges: Blanca de la Sotilla Ventura<\/p>\n<p>&nbsp;<\/p>\n<\/div><div class=\"fusion-separator fusion-full-width-sep\" style=\"align-self: center;margin-left: auto;margin-right: auto;margin-top:15px;width:100%;\"><div class=\"fusion-separator-border sep-single sep-solid\" style=\"--awb-height:20px;--awb-amount:20px;--awb-sep-color:#efefef;border-color:#efefef;border-top-width:1px;\"><\/div><\/div><div style=\"text-align:center;\"><a class=\"fusion-button button-flat fusion-button-default-size button-custom fusion-button-default button-5 fusion-button-default-span fusion-button-default-type\" style=\"--button_accent_color:#ff9600;--button_border_color:#ff9600;--button_accent_hover_color:#ffffff;--button_border_hover_color:#ffffff;--button_border_width-top:0px;--button_border_width-right:0px;--button_border_width-bottom:0px;--button_border_width-left:0px;--button-border-radius-top-left:0px;--button-border-radius-top-right:0px;--button-border-radius-bottom-right:0px;--button-border-radius-bottom-left:0px;--button_gradient_top_color:rgba(255,150,0,0);--button_gradient_bottom_color:rgba(255,150,0,0);--button_gradient_top_color_hover:rgba(255,150,0,0);--button_gradient_bottom_color_hover:rgba(255,150,0,0);--button_margin-top:10px;--button_margin-bottom:15px;width:calc(100%);\" target=\"_self\" href=\"https:\/\/cyclingcambrils.com\/ca\/la-cambrils-btt-origens-espera-tots-els-bikers\/\"><span class=\"fusion-button-text awb-button__text awb-button__text--default\">Llegir article<\/span><\/a><\/div><\/div><\/li>\n<\/ul><\/div><div class=\"fusion-post-cards fusion-post-cards-2 fusion-no-large-visibility fusion-grid-archive fusion-grid-columns-3\" style=\"--awb-columns:3;--awb-row-spacing:50px;--awb-columns-medium:50%;--awb-columns-small:100%;\"><ul class=\"fusion-grid fusion-grid-3 fusion-flex-align-items-flex-start fusion-grid-posts-cards\"><li class=\"fusion-layout-column fusion_builder_column fusion-builder-column-14 fusion-flex-column post-card fusion-grid-column fusion-post-cards-grid-column\" style=\"--awb-overflow:hidden;--awb-bg-color:#ffffff;--awb-bg-color-hover:#ffffff;--awb-bg-size:cover;--awb-border-color:#efefef;--awb-border-right:1px;--awb-border-bottom:1px;--awb-border-left:1px;--awb-border-style:solid;--awb-border-radius:10px 10px 10px 10px;--awb-flex-grow:0;--awb-flex-shrink:0;--awb-flex-grow-medium:0;--awb-flex-shrink-medium:0;--awb-flex-grow-small:0;--awb-flex-shrink-small:0;\"><div class=\"fusion-column-wrapper fusion-flex-justify-content-flex-start fusion-content-layout-column\"><div class=\"fusion-classic-product-image-wrapper fusion-woo-product-image fusion-post-card-image fusion-post-card-image-1\" data-layout=\"static\"><div  class=\"fusion-image-wrapper\" aria-haspopup=\"true\">\n\t\t\t\t\t\t\t<a href=\"https:\/\/cyclingcambrils.com\/ca\/la-cambrils-btt-origens-i-la-bioracer-cambrils-road-resumeixen-el-millor-del-territori\/\" aria-label=\"La Cambrils BTT Or\u00edgens i la Bioracer Cambrils Road resumeixen el millor del territori\">\n\t\t\t\t\t\t\t<img decoding=\"async\" width=\"900\" height=\"600\" src=\"https:\/\/cyclingcambrils.com\/wp-content\/uploads\/2026\/03\/En-este-entorno-inmejorable-vuelve-la-Bioracer-Cambrils-Road-una-cita-marcada-en-el-calendario-para-el-domingo-24-de-mayo-2.jpg\" class=\"attachment-full size-full lazyload wp-post-image\" alt=\"\" srcset=\"data:image\/svg+xml,%3Csvg%20xmlns%3D%27http%3A%2F%2Fwww.w3.org%2F2000%2Fsvg%27%20width%3D%27900%27%20height%3D%27600%27%20viewBox%3D%270%200%20900%20600%27%3E%3Crect%20width%3D%27900%27%20height%3D%27600%27%20fill-opacity%3D%220%22%2F%3E%3C%2Fsvg%3E\" data-orig-src=\"https:\/\/cyclingcambrils.com\/wp-content\/uploads\/2026\/03\/En-este-entorno-inmejorable-vuelve-la-Bioracer-Cambrils-Road-una-cita-marcada-en-el-calendario-para-el-domingo-24-de-mayo-2.jpg\" data-srcset=\"https:\/\/cyclingcambrils.com\/wp-content\/uploads\/2026\/03\/En-este-entorno-inmejorable-vuelve-la-Bioracer-Cambrils-Road-una-cita-marcada-en-el-calendario-para-el-domingo-24-de-mayo-2-200x133.jpg 200w, https:\/\/cyclingcambrils.com\/wp-content\/uploads\/2026\/03\/En-este-entorno-inmejorable-vuelve-la-Bioracer-Cambrils-Road-una-cita-marcada-en-el-calendario-para-el-domingo-24-de-mayo-2-400x267.jpg 400w, https:\/\/cyclingcambrils.com\/wp-content\/uploads\/2026\/03\/En-este-entorno-inmejorable-vuelve-la-Bioracer-Cambrils-Road-una-cita-marcada-en-el-calendario-para-el-domingo-24-de-mayo-2-600x400.jpg 600w, https:\/\/cyclingcambrils.com\/wp-content\/uploads\/2026\/03\/En-este-entorno-inmejorable-vuelve-la-Bioracer-Cambrils-Road-una-cita-marcada-en-el-calendario-para-el-domingo-24-de-mayo-2-800x533.jpg 800w, https:\/\/cyclingcambrils.com\/wp-content\/uploads\/2026\/03\/En-este-entorno-inmejorable-vuelve-la-Bioracer-Cambrils-Road-una-cita-marcada-en-el-calendario-para-el-domingo-24-de-mayo-2.jpg 900w\" data-sizes=\"auto\" \/>\t\t\t<\/a>\n\t\t\t\t\t\t\t<\/div>\n<\/div><div class=\"fusion-title title fusion-title-13 fusion-sep-none fusion-title-center fusion-title-text fusion-title-size-three\" style=\"--awb-margin-top:30px;--awb-margin-right:20px;--awb-margin-left:20px;--awb-margin-top-small:30px;--awb-margin-right-small:20px;--awb-margin-left-small:20px;--awb-font-size:30px;\"><h3 class=\"fusion-title-heading title-heading-center\" style=\"margin:0;font-size:1em;line-height:1.3;\"><a href=\"https:\/\/cyclingcambrils.com\/ca\/la-cambrils-btt-origens-i-la-bioracer-cambrils-road-resumeixen-el-millor-del-territori\/\" class=\"awb-custom-text-color awb-custom-text-hover-color\" target=\"_self\">La Cambrils BTT Or\u00edgens i la Bioracer Cambrils Road resumeixen el millor del territori<\/a><\/h3><\/div><div class=\"fusion-content-tb fusion-content-tb-4 extracto\" style=\"--awb-text-color:#222222;--awb-margin-left:30px;--awb-margin-right:30px;--awb-content-alignment:justify;--awb-text-transform:none;\"><p>El temps ha situat Cambrils com a destinaci\u00f3 de refer\u00e8ncia per als amants del ciclisme gr\u00e0cies a una combinaci\u00f3 privilegiada de factors geogr\u00e0fics i clim\u00e0tics que permeten gaudir de l&#8217;esport durant tot l&#8217;any.<\/p>\n<p>Empla\u00e7ada al cor de la Costa Daurada, la localitat ofereix un escenari excepcional on <strong>el mar i la muntanya es barregen a pocs quil\u00f2metres de dist\u00e0ncia<\/strong> , permetent rutes que transcorren per paisatges plans i ascensos desafiadors cap a les serres interiors.<\/p>\n<p><img decoding=\"async\" class=\"lazyload size-full wp-image-15373 aligncenter\" src=\"https:\/\/cyclingcambrils.com\/wp-content\/uploads\/2026\/02\/cambribike-BTT-.jpg\" data-orig-src=\"https:\/\/cyclingcambrils.com\/wp-content\/uploads\/2026\/02\/cambribike-BTT-.jpg\" alt=\"\" width=\"900\" height=\"600\" srcset=\"data:image\/svg+xml,%3Csvg%20xmlns%3D%27http%3A%2F%2Fwww.w3.org%2F2000%2Fsvg%27%20width%3D%27900%27%20height%3D%27600%27%20viewBox%3D%270%200%20900%20600%27%3E%3Crect%20width%3D%27900%27%20height%3D%27600%27%20fill-opacity%3D%220%22%2F%3E%3C%2Fsvg%3E\" data-srcset=\"https:\/\/cyclingcambrils.com\/wp-content\/uploads\/2026\/02\/cambribike-BTT--200x133.jpg 200w, https:\/\/cyclingcambrils.com\/wp-content\/uploads\/2026\/02\/cambribike-BTT--300x200.jpg 300w, https:\/\/cyclingcambrils.com\/wp-content\/uploads\/2026\/02\/cambribike-BTT--400x267.jpg 400w, https:\/\/cyclingcambrils.com\/wp-content\/uploads\/2026\/02\/cambribike-BTT--600x400.jpg 600w, https:\/\/cyclingcambrils.com\/wp-content\/uploads\/2026\/02\/cambribike-BTT--768x512.jpg 768w, https:\/\/cyclingcambrils.com\/wp-content\/uploads\/2026\/02\/cambribike-BTT--800x533.jpg 800w, https:\/\/cyclingcambrils.com\/wp-content\/uploads\/2026\/02\/cambribike-BTT-.jpg 900w\" data-sizes=\"auto\" data-orig-sizes=\"(max-width: 900px) 100vw, 900px\" \/><\/p>\n<h3>Aix\u00ed es crea la Cambrils BTT Or\u00edgens<\/h3>\n<p>Aquesta dualitat es reflecteix perfectament en la proposta de Cambrils BTT Or\u00edgens, un nom que busca <strong>reivindicar les arrels rurals del municipi i el seu entorn d&#8217;agricultura i camins amb hist\u00f2ria<\/strong> .<\/p>\n<p>&#8220;Un nom que posa en valor el que \u00e9s Cambrils, aquest entorn de pagesos, vinyes i oliveres, un record de la nostra autenticitat&#8221; diu Joan Carbonell, responsable de Naturetime Events, organitzadora de la sortida.<\/p>\n<p>L&#8217;orografia de la zona permet oferir <strong>recorreguts per a tots els perfils<\/strong> , des de fam\u00edlies fins a ciclistes m\u00e9s experts que busquen el m\u00e0xim rendiment.<\/p>\n<p>S\u00f3n quatre versions: Els circuits de 22 i 35 quil\u00f2metres estan pensats per a aquells que volen una experi\u00e8ncia m\u00e9s accessible; el primer amb un car\u00e0cter marcadament familiar i el segon estenent-se fins a Vilanova d&#8217;Escornalbou per oferir un recorregut m\u00e9s llarg sense una exig\u00e8ncia t\u00e8cnica exagerada.<\/p>\n<p>Per als m\u00e9s aventurers, les dist\u00e0ncies de 47 i 55 quil\u00f2metres s&#8217;endinsen en el desnivell de la serra de Llaberia i els contraforts del Baix Camp, introduint com a element diferenciador les cronoescalades.<\/p>\n<p><strong>Aquests trams cronometrats individualment permeten als corredors competir contra el rellotge<\/strong> en sectors de pujada concrets, amb entrega de premis per a BTT muscular, el\u00e8ctriques i de gravel.<\/p>\n<p>\u201cPots fer-ho al teu ritme o competir\u201d distingeix Joan.<\/p>\n<p><img decoding=\"async\" class=\"lazyload size-full wp-image-15379 aligncenter\" src=\"https:\/\/cyclingcambrils.com\/wp-content\/uploads\/2026\/02\/Cambribike-Bioracer-road.jpg\" data-orig-src=\"https:\/\/cyclingcambrils.com\/wp-content\/uploads\/2026\/02\/Cambribike-Bioracer-road.jpg\" alt=\"\" width=\"900\" height=\"600\" srcset=\"data:image\/svg+xml,%3Csvg%20xmlns%3D%27http%3A%2F%2Fwww.w3.org%2F2000%2Fsvg%27%20width%3D%27900%27%20height%3D%27600%27%20viewBox%3D%270%200%20900%20600%27%3E%3Crect%20width%3D%27900%27%20height%3D%27600%27%20fill-opacity%3D%220%22%2F%3E%3C%2Fsvg%3E\" data-srcset=\"https:\/\/cyclingcambrils.com\/wp-content\/uploads\/2026\/02\/Cambribike-Bioracer-road-200x133.jpg 200w, https:\/\/cyclingcambrils.com\/wp-content\/uploads\/2026\/02\/Cambribike-Bioracer-road-300x200.jpg 300w, https:\/\/cyclingcambrils.com\/wp-content\/uploads\/2026\/02\/Cambribike-Bioracer-road-400x267.jpg 400w, https:\/\/cyclingcambrils.com\/wp-content\/uploads\/2026\/02\/Cambribike-Bioracer-road-600x400.jpg 600w, https:\/\/cyclingcambrils.com\/wp-content\/uploads\/2026\/02\/Cambribike-Bioracer-road-768x512.jpg 768w, https:\/\/cyclingcambrils.com\/wp-content\/uploads\/2026\/02\/Cambribike-Bioracer-road-800x533.jpg 800w, https:\/\/cyclingcambrils.com\/wp-content\/uploads\/2026\/02\/Cambribike-Bioracer-road.jpg 900w\" data-sizes=\"auto\" data-orig-sizes=\"(max-width: 900px) 100vw, 900px\" \/><\/p>\n<h3>La versi\u00f3 de carretera: Bioracer Cambrils Road<\/h3>\n<p>Pel que fa al ciclisme de carretera, la Bioracer Cambrils Road proposa <strong>una immersi\u00f3 al paisatge del Priorat<\/strong> a trav\u00e9s de rutes de 85 i 125 quil\u00f2metres.<\/p>\n<p>&#8220;Les dues dist\u00e0ncies pel Baix Camp i el Priorat sud combinen carreteres de poc tr\u00e0nsit amb grans paisatges amb el puntet d&#8217;exigir-se en alguna pujada&#8221; ens diu Joan.<\/p>\n<p>Aquestes rutes destaquen per transc\u00f3rrer per carreteres molt tranquil\u00b7les i <strong>un entorn de gran bellesa visual que inclou el pas per Escaladei i la Morera de Montsant<\/strong> .<\/p>\n<p>El repte estrella per als ciclistes de fons \u00e9s l&#8217;ascens al No Plores Nen, un sector emblem\u00e0tic que defineix la duresa i l&#8217;atractiu d&#8217;aquesta zona des de Torroja de Priorat a la Morera.<\/p>\n<p>Tot el recorregut es realitza sota <strong>una filosofia de marxa tranquil\u00b7la i segura, amb una c\u00e0psula de seguretat del Servei Catal\u00e0 de Tr\u00e0nsit<\/strong> , evitant les grans massificacions per garantir una experi\u00e8ncia propera i de qualitat per a cada participant.<\/p>\n<p><img decoding=\"async\" class=\"lazyload size-full wp-image-15448 aligncenter\" src=\"https:\/\/cyclingcambrils.com\/wp-content\/uploads\/2026\/03\/En-este-entorno-inmejorable-vuelve-la-Bioracer-Cambrils-Road-una-cita-marcada-en-el-calendario-para-el-domingo-24-de-mayo.jpg\" data-orig-src=\"https:\/\/cyclingcambrils.com\/wp-content\/uploads\/2026\/03\/En-este-entorno-inmejorable-vuelve-la-Bioracer-Cambrils-Road-una-cita-marcada-en-el-calendario-para-el-domingo-24-de-mayo.jpg\" alt=\"\" width=\"900\" height=\"600\" srcset=\"data:image\/svg+xml,%3Csvg%20xmlns%3D%27http%3A%2F%2Fwww.w3.org%2F2000%2Fsvg%27%20width%3D%27900%27%20height%3D%27600%27%20viewBox%3D%270%200%20900%20600%27%3E%3Crect%20width%3D%27900%27%20height%3D%27600%27%20fill-opacity%3D%220%22%2F%3E%3C%2Fsvg%3E\" data-srcset=\"https:\/\/cyclingcambrils.com\/wp-content\/uploads\/2026\/03\/En-este-entorno-inmejorable-vuelve-la-Bioracer-Cambrils-Road-una-cita-marcada-en-el-calendario-para-el-domingo-24-de-mayo-200x133.jpg 200w, https:\/\/cyclingcambrils.com\/wp-content\/uploads\/2026\/03\/En-este-entorno-inmejorable-vuelve-la-Bioracer-Cambrils-Road-una-cita-marcada-en-el-calendario-para-el-domingo-24-de-mayo-300x200.jpg 300w, https:\/\/cyclingcambrils.com\/wp-content\/uploads\/2026\/03\/En-este-entorno-inmejorable-vuelve-la-Bioracer-Cambrils-Road-una-cita-marcada-en-el-calendario-para-el-domingo-24-de-mayo-400x267.jpg 400w, https:\/\/cyclingcambrils.com\/wp-content\/uploads\/2026\/03\/En-este-entorno-inmejorable-vuelve-la-Bioracer-Cambrils-Road-una-cita-marcada-en-el-calendario-para-el-domingo-24-de-mayo-600x400.jpg 600w, https:\/\/cyclingcambrils.com\/wp-content\/uploads\/2026\/03\/En-este-entorno-inmejorable-vuelve-la-Bioracer-Cambrils-Road-una-cita-marcada-en-el-calendario-para-el-domingo-24-de-mayo-768x512.jpg 768w, https:\/\/cyclingcambrils.com\/wp-content\/uploads\/2026\/03\/En-este-entorno-inmejorable-vuelve-la-Bioracer-Cambrils-Road-una-cita-marcada-en-el-calendario-para-el-domingo-24-de-mayo-800x533.jpg 800w, https:\/\/cyclingcambrils.com\/wp-content\/uploads\/2026\/03\/En-este-entorno-inmejorable-vuelve-la-Bioracer-Cambrils-Road-una-cita-marcada-en-el-calendario-para-el-domingo-24-de-mayo.jpg 900w\" data-sizes=\"auto\" data-orig-sizes=\"(max-width: 900px) 100vw, 900px\" \/><\/p>\n<h3>Marxa ciclista amb &#8220;gust de mar&#8221;<\/h3>\n<p>L&#8217;experi\u00e8ncia a Cambrils no seria completa sense fer refer\u00e8ncia a la seva excel\u00b7l\u00e8ncia gastron\u00f2mica, que esdev\u00e9 el millor premi despr\u00e9s de l&#8217;esfor\u00e7 f\u00edsic.<\/p>\n<p>L&#8217;esdeveniment es defineix com una marxa amb gust de mar, ja que en arribar a la meta els ciclistes poden gaudir d&#8217; <strong>un plat t\u00edpic de la cuina local, com ara fideus rossejats o fideu\u00e0, permetent degustar l&#8217;ess\u00e8ncia culin\u00e0ria del lloc<\/strong> .<\/p>\n<p>Aquesta combinaci\u00f3 de rutes exigents, paisatges agr\u00edcoles aut\u00e8ntics i una oferta cultural i gastron\u00f2mica de primer nivell es d\u00f3na cita, recordeu a l&#8217;entorn de la Cambribike.<\/p>\n<h3>Inscripcions obertes<\/h3>\n<p><a href=\"https:\/\/www.naturetime.es\/cambribike\/\" target=\"_blank\" rel=\"noopener\">Cambrils BTT Or\u00edgens<\/a> &#8211; 23 de maig<\/p>\n<p><a href=\"https:\/\/www.naturetime.es\/marcha-cicloturismo-cambrils\/\">Bioracer Cambrils Road<\/a> &#8211; 24 de maig<\/p>\n<p>&nbsp;<\/p>\n<\/div><div class=\"fusion-separator fusion-full-width-sep\" style=\"align-self: center;margin-left: auto;margin-right: auto;margin-top:15px;width:100%;\"><div class=\"fusion-separator-border sep-single sep-solid\" style=\"--awb-height:20px;--awb-amount:20px;--awb-sep-color:#efefef;border-color:#efefef;border-top-width:1px;\"><\/div><\/div><div style=\"text-align:center;\"><a class=\"fusion-button button-flat fusion-button-default-size button-custom fusion-button-default button-6 fusion-button-default-span fusion-button-default-type\" style=\"--button_accent_color:#ff9600;--button_border_color:#ff9600;--button_accent_hover_color:#ffffff;--button_border_hover_color:#ffffff;--button_border_width-top:0px;--button_border_width-right:0px;--button_border_width-bottom:0px;--button_border_width-left:0px;--button-border-radius-top-left:0px;--button-border-radius-top-right:0px;--button-border-radius-bottom-right:0px;--button-border-radius-bottom-left:0px;--button_gradient_top_color:rgba(255,150,0,0);--button_gradient_bottom_color:rgba(255,150,0,0);--button_gradient_top_color_hover:rgba(255,150,0,0);--button_gradient_bottom_color_hover:rgba(255,150,0,0);--button_margin-top:10px;--button_margin-bottom:15px;width:calc(100%);\" target=\"_self\" href=\"https:\/\/cyclingcambrils.com\/ca\/la-cambrils-btt-origens-i-la-bioracer-cambrils-road-resumeixen-el-millor-del-territori\/\"><span class=\"fusion-button-text awb-button__text awb-button__text--default\">Llegir article<\/span><\/a><\/div><\/div><\/li>\n<li class=\"fusion-layout-column fusion_builder_column fusion-builder-column-15 fusion-flex-column post-card fusion-grid-column fusion-post-cards-grid-column\" style=\"--awb-overflow:hidden;--awb-bg-color:#ffffff;--awb-bg-color-hover:#ffffff;--awb-bg-size:cover;--awb-border-color:#efefef;--awb-border-right:1px;--awb-border-bottom:1px;--awb-border-left:1px;--awb-border-style:solid;--awb-border-radius:10px 10px 10px 10px;--awb-flex-grow:0;--awb-flex-shrink:0;--awb-flex-grow-medium:0;--awb-flex-shrink-medium:0;--awb-flex-grow-small:0;--awb-flex-shrink-small:0;\"><div class=\"fusion-column-wrapper fusion-flex-justify-content-flex-start fusion-content-layout-column\"><div class=\"fusion-classic-product-image-wrapper fusion-woo-product-image fusion-post-card-image fusion-post-card-image-1\" data-layout=\"static\"><div  class=\"fusion-image-wrapper\" aria-haspopup=\"true\">\n\t\t\t\t\t\t\t<a href=\"https:\/\/cyclingcambrils.com\/ca\/compte-enrere-per-a-la-cambribike\/\" aria-label=\"Compte enrere per a la Cambribike\">\n\t\t\t\t\t\t\t<img decoding=\"async\" width=\"900\" height=\"598\" src=\"https:\/\/cyclingcambrils.com\/wp-content\/uploads\/2026\/04\/cambribike-btt.jpg\" class=\"attachment-full size-full lazyload wp-post-image\" alt=\"\" srcset=\"data:image\/svg+xml,%3Csvg%20xmlns%3D%27http%3A%2F%2Fwww.w3.org%2F2000%2Fsvg%27%20width%3D%27900%27%20height%3D%27598%27%20viewBox%3D%270%200%20900%20598%27%3E%3Crect%20width%3D%27900%27%20height%3D%27598%27%20fill-opacity%3D%220%22%2F%3E%3C%2Fsvg%3E\" data-orig-src=\"https:\/\/cyclingcambrils.com\/wp-content\/uploads\/2026\/04\/cambribike-btt.jpg\" data-srcset=\"https:\/\/cyclingcambrils.com\/wp-content\/uploads\/2026\/04\/cambribike-btt-200x133.jpg 200w, https:\/\/cyclingcambrils.com\/wp-content\/uploads\/2026\/04\/cambribike-btt-400x266.jpg 400w, https:\/\/cyclingcambrils.com\/wp-content\/uploads\/2026\/04\/cambribike-btt-600x399.jpg 600w, https:\/\/cyclingcambrils.com\/wp-content\/uploads\/2026\/04\/cambribike-btt-800x532.jpg 800w, https:\/\/cyclingcambrils.com\/wp-content\/uploads\/2026\/04\/cambribike-btt.jpg 900w\" data-sizes=\"auto\" \/>\t\t\t<\/a>\n\t\t\t\t\t\t\t<\/div>\n<\/div><div class=\"fusion-title title fusion-title-14 fusion-sep-none fusion-title-center fusion-title-text fusion-title-size-three\" style=\"--awb-margin-top:30px;--awb-margin-right:20px;--awb-margin-left:20px;--awb-margin-top-small:30px;--awb-margin-right-small:20px;--awb-margin-left-small:20px;--awb-font-size:30px;\"><h3 class=\"fusion-title-heading title-heading-center\" style=\"margin:0;font-size:1em;line-height:1.3;\"><a href=\"https:\/\/cyclingcambrils.com\/ca\/compte-enrere-per-a-la-cambribike\/\" class=\"awb-custom-text-color awb-custom-text-hover-color\" target=\"_self\">Compte enrere per a la Cambribike<\/a><\/h3><\/div><div class=\"fusion-content-tb fusion-content-tb-5 extracto\" style=\"--awb-text-color:#222222;--awb-margin-left:30px;--awb-margin-right:30px;--awb-content-alignment:justify;--awb-text-transform:none;\"><p>Benvinguts al parad\u00eds de les dues rodes! En un mes arriba la CambriBike no \u00e9s nom\u00e9s un esdeveniment esportiu, \u00e9s la gran festa del ciclisme a Cambrils que transforma aquest municipi de la Costa Daurada a l&#8217;epicentre de la passi\u00f3 pels pedals. <\/p>\n<p>Amb un enfocament inclusiu i vibrant, l&#8217;esdeveniment desplega un ventall d&#8217;activitats que abracen des del professionalisme m\u00e9s exigent fins a la il\u00b7lusi\u00f3 dels m\u00e9s petits.<\/p>\n<p>L&#8217;aventura sol arrencar amb l&#8217;adrenalina de la <a href=\"https:\/\/www.naturetime.es\/cambribike\/\" target=\"_blank\" rel=\"noopener\">Cambrils BTT Or\u00edgens<\/a> .<\/p>\n<p>Els participants poden triar entre diversos recorreguts (des de 22 fins a 55 km) que serpentegen pels paisatges de l&#8217;interior, oferint des de passejades relaxades fins a reptes t\u00e8cnics amb cronoescalades per als m\u00e9s competitius.<\/p>\n<p>Per\u00f2 la diversitat no s&#8217;hi queda: la modalitat Gravel ha guanyat un pes d&#8217;or, permetent als ciclistes explorar camins mixtos amb aquesta barreja \u00fanica de velocitat i aventura.<\/p>\n<p><img decoding=\"async\" class=\"lazyload size-full wp-image-15499 aligncenter\" src=\"https:\/\/cyclingcambrils.com\/wp-content\/uploads\/2026\/03\/Cambrils-BTT-Origens-salida.jpg\" data-orig-src=\"https:\/\/cyclingcambrils.com\/wp-content\/uploads\/2026\/03\/Cambrils-BTT-Origens-salida.jpg\" alt=\"\" width=\"900\" height=\"600\" srcset=\"data:image\/svg+xml,%3Csvg%20xmlns%3D%27http%3A%2F%2Fwww.w3.org%2F2000%2Fsvg%27%20width%3D%27900%27%20height%3D%27600%27%20viewBox%3D%270%200%20900%20600%27%3E%3Crect%20width%3D%27900%27%20height%3D%27600%27%20fill-opacity%3D%220%22%2F%3E%3C%2Fsvg%3E\" data-srcset=\"https:\/\/cyclingcambrils.com\/wp-content\/uploads\/2026\/03\/Cambrils-BTT-Origens-salida-200x133.jpg 200w, https:\/\/cyclingcambrils.com\/wp-content\/uploads\/2026\/03\/Cambrils-BTT-Origens-salida-300x200.jpg 300w, https:\/\/cyclingcambrils.com\/wp-content\/uploads\/2026\/03\/Cambrils-BTT-Origens-salida-400x267.jpg 400w, https:\/\/cyclingcambrils.com\/wp-content\/uploads\/2026\/03\/Cambrils-BTT-Origens-salida-600x400.jpg 600w, https:\/\/cyclingcambrils.com\/wp-content\/uploads\/2026\/03\/Cambrils-BTT-Origens-salida-768x512.jpg 768w, https:\/\/cyclingcambrils.com\/wp-content\/uploads\/2026\/03\/Cambrils-BTT-Origens-salida-800x533.jpg 800w, https:\/\/cyclingcambrils.com\/wp-content\/uploads\/2026\/03\/Cambrils-BTT-Origens-salida.jpg 900w\" data-sizes=\"auto\" data-orig-sizes=\"(max-width: 900px) 100vw, 900px\" \/><\/p>\n<p>Per als amants de l&#8217;asfalt, <strong><a href=\"https:\/\/www.naturetime.es\/marcha-cicloturismo-cambrils\/\" target=\"_blank\" rel=\"noopener\">Bioracer Cambrils Road<\/a> \u00e9s el plat fort<\/strong> . Es tracta d\u00b4una marxa cicloturista de gran fons que desafia els valents amb ports de muntanya emblem\u00e0tics i vistes espectaculars del Mediterrani. \u00c9s el moment on la superaci\u00f3 personal i la companyonia es troben sota l&#8217;arc de meta, coronat sempre amb una reconfortant fideu\u00e0 popular per recuperar forces.  <\/p>\n<p>Tot i aix\u00f2, el cor de CambriBike batega amb especial for\u00e7a al Parc del Pinaret, convertit en una &#8220;Expo Bike&#8221; plena de vida. Aqu\u00ed, les fam\u00edlies en s\u00f3n les protagonistes. Els nens gaudeixen de la Kids Cup, circuits d&#8217;habilitats amb obstacles i rampes i tallers d&#8217;educaci\u00f3 vi\u00e0ria per formar els ciclistes del futur. No falten els espectacles de Bike Trial, on experts desafien les lleis de la gravetat, ni les sessions de Ciclo Indoor liderades per figures com Melcior Mauri, que encomanen energia a cop de m\u00fasica i pedalades est\u00e0tiques.   <\/p>\n<p>El tancament perfecte el posa la Festa de la Bicicleta, una pedalada popular i urbana on les disfresses i les bicicletes cl\u00e0ssiques inunden els carrers de joia. En definitiva, CambriBike \u00e9s un esdeveniment fluid i din\u00e0mic que demostra que la bicicleta \u00e9s molt m\u00e9s que un esport: \u00e9s un estil de vida que uneix generacions, fomenta el turisme sostenible i, sobretot, convida a gaudir de l&#8217;aire lliure amb un somriure. A pedalar!  <\/p>\n<p>Imatge: Blanca de la Sotilla<\/p>\n<\/div><div class=\"fusion-separator fusion-full-width-sep\" style=\"align-self: center;margin-left: auto;margin-right: auto;margin-top:15px;width:100%;\"><div class=\"fusion-separator-border sep-single sep-solid\" style=\"--awb-height:20px;--awb-amount:20px;--awb-sep-color:#efefef;border-color:#efefef;border-top-width:1px;\"><\/div><\/div><div style=\"text-align:center;\"><a class=\"fusion-button button-flat fusion-button-default-size button-custom fusion-button-default button-7 fusion-button-default-span fusion-button-default-type\" style=\"--button_accent_color:#ff9600;--button_border_color:#ff9600;--button_accent_hover_color:#ffffff;--button_border_hover_color:#ffffff;--button_border_width-top:0px;--button_border_width-right:0px;--button_border_width-bottom:0px;--button_border_width-left:0px;--button-border-radius-top-left:0px;--button-border-radius-top-right:0px;--button-border-radius-bottom-right:0px;--button-border-radius-bottom-left:0px;--button_gradient_top_color:rgba(255,150,0,0);--button_gradient_bottom_color:rgba(255,150,0,0);--button_gradient_top_color_hover:rgba(255,150,0,0);--button_gradient_bottom_color_hover:rgba(255,150,0,0);--button_margin-top:10px;--button_margin-bottom:15px;width:calc(100%);\" target=\"_self\" href=\"https:\/\/cyclingcambrils.com\/ca\/compte-enrere-per-a-la-cambribike\/\"><span class=\"fusion-button-text awb-button__text awb-button__text--default\">Llegir article<\/span><\/a><\/div><\/div><\/li>\n<li class=\"fusion-layout-column fusion_builder_column fusion-builder-column-16 fusion-flex-column post-card fusion-grid-column fusion-post-cards-grid-column\" style=\"--awb-overflow:hidden;--awb-bg-color:#ffffff;--awb-bg-color-hover:#ffffff;--awb-bg-size:cover;--awb-border-color:#efefef;--awb-border-right:1px;--awb-border-bottom:1px;--awb-border-left:1px;--awb-border-style:solid;--awb-border-radius:10px 10px 10px 10px;--awb-flex-grow:0;--awb-flex-shrink:0;--awb-flex-grow-medium:0;--awb-flex-shrink-medium:0;--awb-flex-grow-small:0;--awb-flex-shrink-small:0;\"><div class=\"fusion-column-wrapper fusion-flex-justify-content-flex-start fusion-content-layout-column\"><div class=\"fusion-classic-product-image-wrapper fusion-woo-product-image fusion-post-card-image fusion-post-card-image-1\" data-layout=\"static\"><div  class=\"fusion-image-wrapper\" aria-haspopup=\"true\">\n\t\t\t\t\t\t\t<a href=\"https:\/\/cyclingcambrils.com\/ca\/la-cambrils-btt-origens-espera-tots-els-bikers\/\" aria-label=\"La Cambrils BTT Or\u00edgens espera tots els bikers\">\n\t\t\t\t\t\t\t<img decoding=\"async\" width=\"900\" height=\"600\" src=\"https:\/\/cyclingcambrils.com\/wp-content\/uploads\/2026\/03\/Cambrils-BTT-Origens-se-celebrara-el-proximo-sabado-23-mayo.jpg\" class=\"attachment-full size-full lazyload wp-post-image\" alt=\"\" srcset=\"data:image\/svg+xml,%3Csvg%20xmlns%3D%27http%3A%2F%2Fwww.w3.org%2F2000%2Fsvg%27%20width%3D%27900%27%20height%3D%27600%27%20viewBox%3D%270%200%20900%20600%27%3E%3Crect%20width%3D%27900%27%20height%3D%27600%27%20fill-opacity%3D%220%22%2F%3E%3C%2Fsvg%3E\" data-orig-src=\"https:\/\/cyclingcambrils.com\/wp-content\/uploads\/2026\/03\/Cambrils-BTT-Origens-se-celebrara-el-proximo-sabado-23-mayo.jpg\" data-srcset=\"https:\/\/cyclingcambrils.com\/wp-content\/uploads\/2026\/03\/Cambrils-BTT-Origens-se-celebrara-el-proximo-sabado-23-mayo-200x133.jpg 200w, https:\/\/cyclingcambrils.com\/wp-content\/uploads\/2026\/03\/Cambrils-BTT-Origens-se-celebrara-el-proximo-sabado-23-mayo-400x267.jpg 400w, https:\/\/cyclingcambrils.com\/wp-content\/uploads\/2026\/03\/Cambrils-BTT-Origens-se-celebrara-el-proximo-sabado-23-mayo-600x400.jpg 600w, https:\/\/cyclingcambrils.com\/wp-content\/uploads\/2026\/03\/Cambrils-BTT-Origens-se-celebrara-el-proximo-sabado-23-mayo-800x533.jpg 800w, https:\/\/cyclingcambrils.com\/wp-content\/uploads\/2026\/03\/Cambrils-BTT-Origens-se-celebrara-el-proximo-sabado-23-mayo.jpg 900w\" data-sizes=\"auto\" \/>\t\t\t<\/a>\n\t\t\t\t\t\t\t<\/div>\n<\/div><div class=\"fusion-title title fusion-title-15 fusion-sep-none fusion-title-center fusion-title-text fusion-title-size-three\" style=\"--awb-margin-top:30px;--awb-margin-right:20px;--awb-margin-left:20px;--awb-margin-top-small:30px;--awb-margin-right-small:20px;--awb-margin-left-small:20px;--awb-font-size:30px;\"><h3 class=\"fusion-title-heading title-heading-center\" style=\"margin:0;font-size:1em;line-height:1.3;\"><a href=\"https:\/\/cyclingcambrils.com\/ca\/la-cambrils-btt-origens-espera-tots-els-bikers\/\" class=\"awb-custom-text-color awb-custom-text-hover-color\" target=\"_self\">La Cambrils BTT Or\u00edgens espera tots els bikers<\/a><\/h3><\/div><div class=\"fusion-content-tb fusion-content-tb-6 extracto\" style=\"--awb-text-color:#222222;--awb-margin-left:30px;--awb-margin-right:30px;--awb-content-alignment:justify;--awb-text-transform:none;\"><p><strong>Cambrils BTT Or\u00edgens se celebrar\u00e0 el proper dissabte 23 de maig.<\/strong><\/p>\n<p>Parlem d&#8217;un esdeveniment que destaca pel car\u00e0cter integrador, oferint quatre recorreguts dissenyats perqu\u00e8 qualsevol perfil de ciclista trobi el seu lloc, des de fam\u00edlies i aficionats fins a esportistes experimentats que busquen espr\u00e9mer el seu potencial.<\/p>\n<p><strong>La jornada comen\u00e7ar\u00e0 a les 9.00 hores i s&#8217;estendr\u00e0 fins al tancament de meta a les 14.00 hores<\/strong> , permetent que tots els participants gaudeixin d&#8217;un mat\u00ed d&#8217;esport en un entorn natural privilegiat marcat pel clima suau de la Costa Daurada.<\/p>\n<p><img decoding=\"async\" class=\"lazyload alignnone size-full wp-image-15499\" src=\"https:\/\/cyclingcambrils.com\/wp-content\/uploads\/2026\/03\/Cambrils-BTT-Origens-salida.jpg\" data-orig-src=\"https:\/\/cyclingcambrils.com\/wp-content\/uploads\/2026\/03\/Cambrils-BTT-Origens-salida.jpg\" alt=\"\" width=\"900\" height=\"600\" srcset=\"data:image\/svg+xml,%3Csvg%20xmlns%3D%27http%3A%2F%2Fwww.w3.org%2F2000%2Fsvg%27%20width%3D%27900%27%20height%3D%27600%27%20viewBox%3D%270%200%20900%20600%27%3E%3Crect%20width%3D%27900%27%20height%3D%27600%27%20fill-opacity%3D%220%22%2F%3E%3C%2Fsvg%3E\" data-srcset=\"https:\/\/cyclingcambrils.com\/wp-content\/uploads\/2026\/03\/Cambrils-BTT-Origens-salida-200x133.jpg 200w, https:\/\/cyclingcambrils.com\/wp-content\/uploads\/2026\/03\/Cambrils-BTT-Origens-salida-300x200.jpg 300w, https:\/\/cyclingcambrils.com\/wp-content\/uploads\/2026\/03\/Cambrils-BTT-Origens-salida-400x267.jpg 400w, https:\/\/cyclingcambrils.com\/wp-content\/uploads\/2026\/03\/Cambrils-BTT-Origens-salida-600x400.jpg 600w, https:\/\/cyclingcambrils.com\/wp-content\/uploads\/2026\/03\/Cambrils-BTT-Origens-salida-768x512.jpg 768w, https:\/\/cyclingcambrils.com\/wp-content\/uploads\/2026\/03\/Cambrils-BTT-Origens-salida-800x533.jpg 800w, https:\/\/cyclingcambrils.com\/wp-content\/uploads\/2026\/03\/Cambrils-BTT-Origens-salida.jpg 900w\" data-sizes=\"auto\" data-orig-sizes=\"(max-width: 900px) 100vw, 900px\" \/><\/p>\n<p><strong>Les dist\u00e0ncies curtes de 22 i 35 quil\u00f2metres estan pensades per als que volen gaudir del paisatge de forma relaxada<\/strong> .<\/p>\n<p>S\u00f3n tra\u00e7ats poc t\u00e8cnics i molt ciclables que exploren els camins rurals i l&#8217;entorn agr\u00edcola proper a la vila. Amb desnivells suaus d&#8217;entre 100 i 250 metres, aquestes rutes permeten als inscrits decidir sobre la marxa quin completar segons les sensacions. <\/p>\n<p>\u00c9s l&#8217;opci\u00f3 ideal per als que vulguin rodar entre vinyes i cultius comptant amb un avituallament complet amb fruita, barretes i begudes isot\u00f2niques per recuperar forces.<\/p>\n<p><img decoding=\"async\" class=\"lazyload alignnone size-full wp-image-15493\" src=\"https:\/\/cyclingcambrils.com\/wp-content\/uploads\/2026\/03\/Cambrils-BTT-Origens-se-celebrara-el-proximo-sabado-23-de-mayo-.jpg\" data-orig-src=\"https:\/\/cyclingcambrils.com\/wp-content\/uploads\/2026\/03\/Cambrils-BTT-Origens-se-celebrara-el-proximo-sabado-23-de-mayo-.jpg\" alt=\"\" width=\"900\" height=\"600\" srcset=\"data:image\/svg+xml,%3Csvg%20xmlns%3D%27http%3A%2F%2Fwww.w3.org%2F2000%2Fsvg%27%20width%3D%27900%27%20height%3D%27600%27%20viewBox%3D%270%200%20900%20600%27%3E%3Crect%20width%3D%27900%27%20height%3D%27600%27%20fill-opacity%3D%220%22%2F%3E%3C%2Fsvg%3E\" data-srcset=\"https:\/\/cyclingcambrils.com\/wp-content\/uploads\/2026\/03\/Cambrils-BTT-Origens-se-celebrara-el-proximo-sabado-23-de-mayo--200x133.jpg 200w, https:\/\/cyclingcambrils.com\/wp-content\/uploads\/2026\/03\/Cambrils-BTT-Origens-se-celebrara-el-proximo-sabado-23-de-mayo--300x200.jpg 300w, https:\/\/cyclingcambrils.com\/wp-content\/uploads\/2026\/03\/Cambrils-BTT-Origens-se-celebrara-el-proximo-sabado-23-de-mayo--400x267.jpg 400w, https:\/\/cyclingcambrils.com\/wp-content\/uploads\/2026\/03\/Cambrils-BTT-Origens-se-celebrara-el-proximo-sabado-23-de-mayo--600x400.jpg 600w, https:\/\/cyclingcambrils.com\/wp-content\/uploads\/2026\/03\/Cambrils-BTT-Origens-se-celebrara-el-proximo-sabado-23-de-mayo--768x512.jpg 768w, https:\/\/cyclingcambrils.com\/wp-content\/uploads\/2026\/03\/Cambrils-BTT-Origens-se-celebrara-el-proximo-sabado-23-de-mayo--800x533.jpg 800w, https:\/\/cyclingcambrils.com\/wp-content\/uploads\/2026\/03\/Cambrils-BTT-Origens-se-celebrara-el-proximo-sabado-23-de-mayo-.jpg 900w\" data-sizes=\"auto\" data-orig-sizes=\"(max-width: 900px) 100vw, 900px\" \/><\/p>\n<p><strong>Pels ciclistes m\u00e9s entrenats que acostumen a sortir habitualment, la proposta puja de nivell amb els recorreguts de 47 i 55 quil\u00f2metres<\/strong> .<\/p>\n<p>Aquestes rutes, m\u00e9s t\u00e8cniques i exigents, s&#8217;endinsen a la Baronia d&#8217;Escornalbou i la Serra del Pradell. Tot i que l&#8217;esperit general no \u00e9s competitiu, els amants de la velocitat trobaran dues cronoescalades espec\u00edfiques per mesurar els seus temps. <\/p>\n<p>Els que optin per la dist\u00e0ncia de 47 quil\u00f2metres s&#8217;enfrontaran a una pujada cronometrada de 2,5 quil\u00f2metres, mentre que els que tri\u00efn els 55 quil\u00f2metres sumaran una segona crono de 2 quil\u00f2metres addicionals.<\/p>\n<p><img decoding=\"async\" class=\"lazyload alignnone size-full wp-image-15481\" src=\"https:\/\/cyclingcambrils.com\/wp-content\/uploads\/2026\/03\/Cambrils-BTT-Origens-se-celebrara-el-proximo-sabado-23-de-mayo.jpg\" data-orig-src=\"https:\/\/cyclingcambrils.com\/wp-content\/uploads\/2026\/03\/Cambrils-BTT-Origens-se-celebrara-el-proximo-sabado-23-de-mayo.jpg\" alt=\"\" width=\"900\" height=\"598\" srcset=\"data:image\/svg+xml,%3Csvg%20xmlns%3D%27http%3A%2F%2Fwww.w3.org%2F2000%2Fsvg%27%20width%3D%27900%27%20height%3D%27598%27%20viewBox%3D%270%200%20900%20598%27%3E%3Crect%20width%3D%27900%27%20height%3D%27598%27%20fill-opacity%3D%220%22%2F%3E%3C%2Fsvg%3E\" data-srcset=\"https:\/\/cyclingcambrils.com\/wp-content\/uploads\/2026\/03\/Cambrils-BTT-Origens-se-celebrara-el-proximo-sabado-23-de-mayo-200x133.jpg 200w, https:\/\/cyclingcambrils.com\/wp-content\/uploads\/2026\/03\/Cambrils-BTT-Origens-se-celebrara-el-proximo-sabado-23-de-mayo-300x199.jpg 300w, https:\/\/cyclingcambrils.com\/wp-content\/uploads\/2026\/03\/Cambrils-BTT-Origens-se-celebrara-el-proximo-sabado-23-de-mayo-400x266.jpg 400w, https:\/\/cyclingcambrils.com\/wp-content\/uploads\/2026\/03\/Cambrils-BTT-Origens-se-celebrara-el-proximo-sabado-23-de-mayo-600x399.jpg 600w, https:\/\/cyclingcambrils.com\/wp-content\/uploads\/2026\/03\/Cambrils-BTT-Origens-se-celebrara-el-proximo-sabado-23-de-mayo-768x510.jpg 768w, https:\/\/cyclingcambrils.com\/wp-content\/uploads\/2026\/03\/Cambrils-BTT-Origens-se-celebrara-el-proximo-sabado-23-de-mayo-800x532.jpg 800w, https:\/\/cyclingcambrils.com\/wp-content\/uploads\/2026\/03\/Cambrils-BTT-Origens-se-celebrara-el-proximo-sabado-23-de-mayo.jpg 900w\" data-sizes=\"auto\" data-orig-sizes=\"(max-width: 900px) 100vw, 900px\" \/><\/p>\n<p><strong>La Cambrils BTT Or\u00edgens \u00e9s una prova oberta a bicicletes de muntanya convencionals, el\u00e8ctriques i de gravel<\/strong> , comptant amb tres avituallaments als seus recorreguts llargs i premis per als tres millors temps de cada categoria.<\/p>\n<p>L\u00b4esfor\u00e7 f\u00edsic es veu recompensat amb les vistes espectaculars del pant\u00e0 de Riudecanyes i el litoral des dels punts m\u00e9s alts de la serra.<\/p>\n<p>L&#8217;esdeveniment no \u00e9s nom\u00e9s un repte esportiu, sin\u00f3 una experi\u00e8ncia completa que fusiona l&#8217;orografia variable de la zona amb la millor tradici\u00f3 local.<\/p>\n<p>El colof\u00f3 \u200b\u200bd&#8217;or a la jornada el posa l&#8217;arribada a meta, on <strong>l&#8217;hospitalitat de Cambrils es manifesta en un avituallament gurmet amb fideu\u00e0 per a tots els participants<\/strong> .<\/p>\n<p>Tot i que la inscripci\u00f3 no inclou el mallot de regal, hi ha l&#8217;opci\u00f3 d&#8217;adquirir-lo per guardar-ne un record.<\/p>\n<p>\u00c9s, en definitiva, l&#8217;oportunitat perfecta per descobrir per qu\u00e8 aquest dest\u00ed \u00e9s el parad\u00eds del cicloturista, unint una organitzaci\u00f3 impecable, una gastronomia de primer nivell i una riquesa cultural que convida a quedar-se despr\u00e9s de travessar la l\u00ednia de meta.<\/p>\n<p><a href=\"https:\/\/www.naturetime.es\/cambribike\/#btt\" target=\"_blank\" rel=\"noopener\">+ INFO<\/a><\/p>\n<p>Imatges: Blanca de la Sotilla Ventura<\/p>\n<p>&nbsp;<\/p>\n<\/div><div class=\"fusion-separator fusion-full-width-sep\" style=\"align-self: center;margin-left: auto;margin-right: auto;margin-top:15px;width:100%;\"><div class=\"fusion-separator-border sep-single sep-solid\" style=\"--awb-height:20px;--awb-amount:20px;--awb-sep-color:#efefef;border-color:#efefef;border-top-width:1px;\"><\/div><\/div><div style=\"text-align:center;\"><a class=\"fusion-button button-flat fusion-button-default-size button-custom fusion-button-default button-8 fusion-button-default-span fusion-button-default-type\" style=\"--button_accent_color:#ff9600;--button_border_color:#ff9600;--button_accent_hover_color:#ffffff;--button_border_hover_color:#ffffff;--button_border_width-top:0px;--button_border_width-right:0px;--button_border_width-bottom:0px;--button_border_width-left:0px;--button-border-radius-top-left:0px;--button-border-radius-top-right:0px;--button-border-radius-bottom-right:0px;--button-border-radius-bottom-left:0px;--button_gradient_top_color:rgba(255,150,0,0);--button_gradient_bottom_color:rgba(255,150,0,0);--button_gradient_top_color_hover:rgba(255,150,0,0);--button_gradient_bottom_color_hover:rgba(255,150,0,0);--button_margin-top:10px;--button_margin-bottom:15px;width:calc(100%);\" target=\"_self\" href=\"https:\/\/cyclingcambrils.com\/ca\/la-cambrils-btt-origens-espera-tots-els-bikers\/\"><span class=\"fusion-button-text awb-button__text awb-button__text--default\">Llegir article<\/span><\/a><\/div><\/div><\/li>\n<li class=\"fusion-layout-column fusion_builder_column fusion-builder-column-17 fusion-flex-column post-card fusion-grid-column fusion-post-cards-grid-column\" style=\"--awb-overflow:hidden;--awb-bg-color:#ffffff;--awb-bg-color-hover:#ffffff;--awb-bg-size:cover;--awb-border-color:#efefef;--awb-border-right:1px;--awb-border-bottom:1px;--awb-border-left:1px;--awb-border-style:solid;--awb-border-radius:10px 10px 10px 10px;--awb-flex-grow:0;--awb-flex-shrink:0;--awb-flex-grow-medium:0;--awb-flex-shrink-medium:0;--awb-flex-grow-small:0;--awb-flex-shrink-small:0;\"><div class=\"fusion-column-wrapper fusion-flex-justify-content-flex-start fusion-content-layout-column\"><div class=\"fusion-classic-product-image-wrapper fusion-woo-product-image fusion-post-card-image fusion-post-card-image-1\" data-layout=\"static\"><div  class=\"fusion-image-wrapper\" aria-haspopup=\"true\">\n\t\t\t\t\t\t\t<a href=\"https:\/\/cyclingcambrils.com\/ca\/la-bioracer-cambrils-road-passa-pel-millor-del-lloc\/\" aria-label=\"La Bioracer Cambrils Road passa pel millor del lloc\">\n\t\t\t\t\t\t\t<img decoding=\"async\" width=\"900\" height=\"600\" src=\"https:\/\/cyclingcambrils.com\/wp-content\/uploads\/2026\/03\/En-este-entorno-inmejorable-vuelve-la-Bioracer-Cambrils-Road-una-cita-marcada-en-el-calendario-para-el-domingo-24-de-mayo.jpg\" class=\"attachment-full size-full lazyload wp-post-image\" alt=\"\" srcset=\"data:image\/svg+xml,%3Csvg%20xmlns%3D%27http%3A%2F%2Fwww.w3.org%2F2000%2Fsvg%27%20width%3D%27900%27%20height%3D%27600%27%20viewBox%3D%270%200%20900%20600%27%3E%3Crect%20width%3D%27900%27%20height%3D%27600%27%20fill-opacity%3D%220%22%2F%3E%3C%2Fsvg%3E\" data-orig-src=\"https:\/\/cyclingcambrils.com\/wp-content\/uploads\/2026\/03\/En-este-entorno-inmejorable-vuelve-la-Bioracer-Cambrils-Road-una-cita-marcada-en-el-calendario-para-el-domingo-24-de-mayo.jpg\" data-srcset=\"https:\/\/cyclingcambrils.com\/wp-content\/uploads\/2026\/03\/En-este-entorno-inmejorable-vuelve-la-Bioracer-Cambrils-Road-una-cita-marcada-en-el-calendario-para-el-domingo-24-de-mayo-200x133.jpg 200w, https:\/\/cyclingcambrils.com\/wp-content\/uploads\/2026\/03\/En-este-entorno-inmejorable-vuelve-la-Bioracer-Cambrils-Road-una-cita-marcada-en-el-calendario-para-el-domingo-24-de-mayo-400x267.jpg 400w, https:\/\/cyclingcambrils.com\/wp-content\/uploads\/2026\/03\/En-este-entorno-inmejorable-vuelve-la-Bioracer-Cambrils-Road-una-cita-marcada-en-el-calendario-para-el-domingo-24-de-mayo-600x400.jpg 600w, https:\/\/cyclingcambrils.com\/wp-content\/uploads\/2026\/03\/En-este-entorno-inmejorable-vuelve-la-Bioracer-Cambrils-Road-una-cita-marcada-en-el-calendario-para-el-domingo-24-de-mayo-800x533.jpg 800w, https:\/\/cyclingcambrils.com\/wp-content\/uploads\/2026\/03\/En-este-entorno-inmejorable-vuelve-la-Bioracer-Cambrils-Road-una-cita-marcada-en-el-calendario-para-el-domingo-24-de-mayo.jpg 900w\" data-sizes=\"auto\" \/>\t\t\t<\/a>\n\t\t\t\t\t\t\t<\/div>\n<\/div><div class=\"fusion-title title fusion-title-16 fusion-sep-none fusion-title-center fusion-title-text fusion-title-size-three\" style=\"--awb-margin-top:30px;--awb-margin-right:20px;--awb-margin-left:20px;--awb-margin-top-small:30px;--awb-margin-right-small:20px;--awb-margin-left-small:20px;--awb-font-size:30px;\"><h3 class=\"fusion-title-heading title-heading-center\" style=\"margin:0;font-size:1em;line-height:1.3;\"><a href=\"https:\/\/cyclingcambrils.com\/ca\/la-bioracer-cambrils-road-passa-pel-millor-del-lloc\/\" class=\"awb-custom-text-color awb-custom-text-hover-color\" target=\"_self\">La Bioracer Cambrils Road passa pel millor del lloc<\/a><\/h3><\/div><div class=\"fusion-content-tb fusion-content-tb-7 extracto\" style=\"--awb-text-color:#222222;--awb-margin-left:30px;--awb-margin-right:30px;--awb-content-alignment:justify;--awb-text-transform:none;\"><p><strong>L&#8217;ess\u00e8ncia ciclista de Cambrils es resumeix a la Bioracer Cambrils Road<\/strong><\/p>\n<p>Si busques l?escenari ideal per devorar quil\u00f2metres sobre l?asfalt, Cambrils es presenta com l?epicentre del ciclisme a la Costa Daurada.<\/p>\n<p><strong>La seva ubicaci\u00f3 estrat\u00e8gica, abra\u00e7ada pel Mediterrani i custodiada per les muntanyes de l\u00b4interior<\/strong> , ofereix un ecosistema privilegiat que permet gaudir de la bicicleta durant tot l\u00b4any.<\/p>\n<p>Aqu\u00ed, l&#8217;orografia \u00e9s un regal per a les cames, permetent passar de la brisa marina a ports de muntanya exigents en nom\u00e9s uns minuts, tot sota una llum que nom\u00e9s el litoral tarragon\u00ed sap regalar.<\/p>\n<p><strong>En aquest entorn immillorable torna la Bioracer Cambrils Road<\/strong> , una cita marcada al calendari per al diumenge 24 de maig.<\/p>\n<h3>Lluny de les marxes massificades, aquest esdeveniment aposta per un format familiar i proper, limitant la participaci\u00f3 a uns 700 ciclistes per garantir la seguretat i el gaudiment<\/h3>\n<p>\u00c9s una jornada dissenyada per sentir la carretera, amb el suport d&#8217;una c\u00e0psula de seguretat dels Mossos d&#8217;Esquadra i voluntaris que tenen cura de cada cru\u00eflla, permetent que tu nom\u00e9s et preocupis de pedalar.<\/p>\n<p><img decoding=\"async\" class=\"lazyload size-full wp-image-15460 aligncenter\" src=\"https:\/\/cyclingcambrils.com\/wp-content\/uploads\/2026\/03\/En-este-entorno-inmejorable-vuelve-la-Bioracer-Cambrils-Road-una-cita-marcada-en-el-calendario-para-el-domingo-24-de-mayo-2.jpg\" data-orig-src=\"https:\/\/cyclingcambrils.com\/wp-content\/uploads\/2026\/03\/En-este-entorno-inmejorable-vuelve-la-Bioracer-Cambrils-Road-una-cita-marcada-en-el-calendario-para-el-domingo-24-de-mayo-2.jpg\" alt=\"\" width=\"900\" height=\"600\" srcset=\"data:image\/svg+xml,%3Csvg%20xmlns%3D%27http%3A%2F%2Fwww.w3.org%2F2000%2Fsvg%27%20width%3D%27900%27%20height%3D%27600%27%20viewBox%3D%270%200%20900%20600%27%3E%3Crect%20width%3D%27900%27%20height%3D%27600%27%20fill-opacity%3D%220%22%2F%3E%3C%2Fsvg%3E\" data-srcset=\"https:\/\/cyclingcambrils.com\/wp-content\/uploads\/2026\/03\/En-este-entorno-inmejorable-vuelve-la-Bioracer-Cambrils-Road-una-cita-marcada-en-el-calendario-para-el-domingo-24-de-mayo-2-200x133.jpg 200w, https:\/\/cyclingcambrils.com\/wp-content\/uploads\/2026\/03\/En-este-entorno-inmejorable-vuelve-la-Bioracer-Cambrils-Road-una-cita-marcada-en-el-calendario-para-el-domingo-24-de-mayo-2-300x200.jpg 300w, https:\/\/cyclingcambrils.com\/wp-content\/uploads\/2026\/03\/En-este-entorno-inmejorable-vuelve-la-Bioracer-Cambrils-Road-una-cita-marcada-en-el-calendario-para-el-domingo-24-de-mayo-2-400x267.jpg 400w, https:\/\/cyclingcambrils.com\/wp-content\/uploads\/2026\/03\/En-este-entorno-inmejorable-vuelve-la-Bioracer-Cambrils-Road-una-cita-marcada-en-el-calendario-para-el-domingo-24-de-mayo-2-600x400.jpg 600w, https:\/\/cyclingcambrils.com\/wp-content\/uploads\/2026\/03\/En-este-entorno-inmejorable-vuelve-la-Bioracer-Cambrils-Road-una-cita-marcada-en-el-calendario-para-el-domingo-24-de-mayo-2-768x512.jpg 768w, https:\/\/cyclingcambrils.com\/wp-content\/uploads\/2026\/03\/En-este-entorno-inmejorable-vuelve-la-Bioracer-Cambrils-Road-una-cita-marcada-en-el-calendario-para-el-domingo-24-de-mayo-2-800x533.jpg 800w, https:\/\/cyclingcambrils.com\/wp-content\/uploads\/2026\/03\/En-este-entorno-inmejorable-vuelve-la-Bioracer-Cambrils-Road-una-cita-marcada-en-el-calendario-para-el-domingo-24-de-mayo-2.jpg 900w\" data-sizes=\"auto\" data-orig-sizes=\"(max-width: 900px) 100vw, 900px\" \/><\/p>\n<h3>Dos reptes entre el mar i el Priorat<\/h3>\n<p>La prova ofereix dos recorreguts que s\u00b4adapten al teu estat de forma i ambici\u00f3.<\/p>\n<p><strong>L&#8217;itinerari curt de 85 quil\u00f2metres proposa un viatge equilibrat amb tres ports senzills<\/strong> , ideal per als que busquen un mat\u00ed actiu sense excessos.<\/p>\n<p>D&#8217;altra banda, <strong>l&#8217;opci\u00f3 de 125 quil\u00f2metres s&#8217;endinsa al cor del Priorat<\/strong> , afegint-hi un bucle extra que eleva el desafiament.<\/p>\n<p>Aquest tra\u00e7at inclou sis ports, entre els quals destaca el temut tram conegut com a No ploris nen, una ascensi\u00f3 d&#8217;11 quil\u00f2metres amb rampes finals que arriben al 18 per cent de desnivell.<\/p>\n<p>Tots dos recorreguts transcorren per carreteres poc transitades i paisatges de muntanya entre boscos, oferint vistes espectaculars de la costa amb el mar sempre al fons.<\/p>\n<p>Participar en aquesta marxa, <strong>integrada al Circuit Catal\u00e0 de Llarga Dist\u00e0ncia<\/strong> , significa tamb\u00e9 gaudir de serveis premium.<\/p>\n<p>Des d\u00b4un mallot d\u00b4alta qualitat de la marca Bioracer fins a una medalla de finisher que acredita el teu esfor\u00e7, tot est\u00e0 pensat perqu\u00e8 el corredor se senti protagonista.<\/p>\n<p><img decoding=\"async\" class=\"lazyload alignnone size-full wp-image-15466 aligncenter\" src=\"https:\/\/cyclingcambrils.com\/wp-content\/uploads\/2026\/03\/En-este-entorno-inmejorable-vuelve-la-Bioracer-Cambrils-Road-una-cita-marcada-en-el-calendario-para-el-domingo-24-de-mayo-3.jpg\" data-orig-src=\"https:\/\/cyclingcambrils.com\/wp-content\/uploads\/2026\/03\/En-este-entorno-inmejorable-vuelve-la-Bioracer-Cambrils-Road-una-cita-marcada-en-el-calendario-para-el-domingo-24-de-mayo-3.jpg\" alt=\"\" width=\"900\" height=\"598\" srcset=\"data:image\/svg+xml,%3Csvg%20xmlns%3D%27http%3A%2F%2Fwww.w3.org%2F2000%2Fsvg%27%20width%3D%27900%27%20height%3D%27598%27%20viewBox%3D%270%200%20900%20598%27%3E%3Crect%20width%3D%27900%27%20height%3D%27598%27%20fill-opacity%3D%220%22%2F%3E%3C%2Fsvg%3E\" data-srcset=\"https:\/\/cyclingcambrils.com\/wp-content\/uploads\/2026\/03\/En-este-entorno-inmejorable-vuelve-la-Bioracer-Cambrils-Road-una-cita-marcada-en-el-calendario-para-el-domingo-24-de-mayo-3-200x133.jpg 200w, https:\/\/cyclingcambrils.com\/wp-content\/uploads\/2026\/03\/En-este-entorno-inmejorable-vuelve-la-Bioracer-Cambrils-Road-una-cita-marcada-en-el-calendario-para-el-domingo-24-de-mayo-3-300x199.jpg 300w, https:\/\/cyclingcambrils.com\/wp-content\/uploads\/2026\/03\/En-este-entorno-inmejorable-vuelve-la-Bioracer-Cambrils-Road-una-cita-marcada-en-el-calendario-para-el-domingo-24-de-mayo-3-400x266.jpg 400w, https:\/\/cyclingcambrils.com\/wp-content\/uploads\/2026\/03\/En-este-entorno-inmejorable-vuelve-la-Bioracer-Cambrils-Road-una-cita-marcada-en-el-calendario-para-el-domingo-24-de-mayo-3-600x399.jpg 600w, https:\/\/cyclingcambrils.com\/wp-content\/uploads\/2026\/03\/En-este-entorno-inmejorable-vuelve-la-Bioracer-Cambrils-Road-una-cita-marcada-en-el-calendario-para-el-domingo-24-de-mayo-3-768x510.jpg 768w, https:\/\/cyclingcambrils.com\/wp-content\/uploads\/2026\/03\/En-este-entorno-inmejorable-vuelve-la-Bioracer-Cambrils-Road-una-cita-marcada-en-el-calendario-para-el-domingo-24-de-mayo-3-800x532.jpg 800w, https:\/\/cyclingcambrils.com\/wp-content\/uploads\/2026\/03\/En-este-entorno-inmejorable-vuelve-la-Bioracer-Cambrils-Road-una-cita-marcada-en-el-calendario-para-el-domingo-24-de-mayo-3.jpg 900w\" data-sizes=\"auto\" data-orig-sizes=\"(max-width: 900px) 100vw, 900px\" \/><\/p>\n<p><img decoding=\"async\" class=\"lazyload size-full wp-image-15454 aligncenter\" src=\"https:\/\/cyclingcambrils.com\/wp-content\/uploads\/2026\/03\/En-este-entorno-inmejorable-vuelve-la-Bioracer-Cambrils-Road-una-cita-marcada-en-el-calendario-para-el-domingo-24-de-mayo-1.jpg\" data-orig-src=\"https:\/\/cyclingcambrils.com\/wp-content\/uploads\/2026\/03\/En-este-entorno-inmejorable-vuelve-la-Bioracer-Cambrils-Road-una-cita-marcada-en-el-calendario-para-el-domingo-24-de-mayo-1.jpg\" alt=\"\" width=\"900\" height=\"600\" srcset=\"data:image\/svg+xml,%3Csvg%20xmlns%3D%27http%3A%2F%2Fwww.w3.org%2F2000%2Fsvg%27%20width%3D%27900%27%20height%3D%27600%27%20viewBox%3D%270%200%20900%20600%27%3E%3Crect%20width%3D%27900%27%20height%3D%27600%27%20fill-opacity%3D%220%22%2F%3E%3C%2Fsvg%3E\" data-srcset=\"https:\/\/cyclingcambrils.com\/wp-content\/uploads\/2026\/03\/En-este-entorno-inmejorable-vuelve-la-Bioracer-Cambrils-Road-una-cita-marcada-en-el-calendario-para-el-domingo-24-de-mayo-1-200x133.jpg 200w, https:\/\/cyclingcambrils.com\/wp-content\/uploads\/2026\/03\/En-este-entorno-inmejorable-vuelve-la-Bioracer-Cambrils-Road-una-cita-marcada-en-el-calendario-para-el-domingo-24-de-mayo-1-300x200.jpg 300w, https:\/\/cyclingcambrils.com\/wp-content\/uploads\/2026\/03\/En-este-entorno-inmejorable-vuelve-la-Bioracer-Cambrils-Road-una-cita-marcada-en-el-calendario-para-el-domingo-24-de-mayo-1-400x267.jpg 400w, https:\/\/cyclingcambrils.com\/wp-content\/uploads\/2026\/03\/En-este-entorno-inmejorable-vuelve-la-Bioracer-Cambrils-Road-una-cita-marcada-en-el-calendario-para-el-domingo-24-de-mayo-1-600x400.jpg 600w, https:\/\/cyclingcambrils.com\/wp-content\/uploads\/2026\/03\/En-este-entorno-inmejorable-vuelve-la-Bioracer-Cambrils-Road-una-cita-marcada-en-el-calendario-para-el-domingo-24-de-mayo-1-768x512.jpg 768w, https:\/\/cyclingcambrils.com\/wp-content\/uploads\/2026\/03\/En-este-entorno-inmejorable-vuelve-la-Bioracer-Cambrils-Road-una-cita-marcada-en-el-calendario-para-el-domingo-24-de-mayo-1-800x533.jpg 800w, https:\/\/cyclingcambrils.com\/wp-content\/uploads\/2026\/03\/En-este-entorno-inmejorable-vuelve-la-Bioracer-Cambrils-Road-una-cita-marcada-en-el-calendario-para-el-domingo-24-de-mayo-1.jpg 900w\" data-sizes=\"auto\" data-orig-sizes=\"(max-width: 900px) 100vw, 900px\" \/><\/p>\n<h3>Gastronomia i serveis a la meta<\/h3>\n<p>En creuar la meta, l&#8217;experi\u00e8ncia no s&#8217;acaba, sin\u00f3 que es transforma en una festa de conviv\u00e8ncia i recuperaci\u00f3.<\/p>\n<p><strong>L&#8217;organitzaci\u00f3 ofereix un avituallament gurmet amb una fideu\u00e0<\/strong> , reflex de l&#8217;excel\u00b7l\u00e8ncia gastron\u00f2mica de Cambrils, ciutat famosa per les llotges i la cuina marinera.<\/p>\n<p>A m\u00e9s, comptar\u00e0s amb serveis de fisioter\u00e0pia, mec\u00e0nica i fotografia perqu\u00e8 el record de la jornada sigui perfecte. \u00c9s la combinaci\u00f3 definitiva de l&#8217;esport, la natura i la cultura mediterr\u00e0nia. <\/p>\n<p>Les inscripcions romanen obertes fins a esgotar dorsals o fins a una setmana abans de l&#8217;esdeveniment.<\/p>\n<p>\u00c9s l&#8217;oportunitat perfecta per viure un cap de setmana de cicloturisme aut\u00e8ntic, respirant l&#8217;espiritualitat dels boscos del Priorat i tornant sempre a recer d&#8217;un dest\u00ed que respira mar.<\/p>\n<p>Cambrils us espera amb els bra\u00e7os oberts i la bicicleta a punt.<\/p>\n<p><a href=\"https:\/\/www.naturetime.es\/ca\/marxa-cicloturisme-cambrils\/\" target=\"_blank\" rel=\"noopener\">+ INFO<\/a><\/p>\n<p>&nbsp;<\/p>\n<\/div><div class=\"fusion-separator fusion-full-width-sep\" style=\"align-self: center;margin-left: auto;margin-right: auto;margin-top:15px;width:100%;\"><div class=\"fusion-separator-border sep-single sep-solid\" style=\"--awb-height:20px;--awb-amount:20px;--awb-sep-color:#efefef;border-color:#efefef;border-top-width:1px;\"><\/div><\/div><div style=\"text-align:center;\"><a class=\"fusion-button button-flat fusion-button-default-size button-custom fusion-button-default button-9 fusion-button-default-span fusion-button-default-type\" style=\"--button_accent_color:#ff9600;--button_border_color:#ff9600;--button_accent_hover_color:#ffffff;--button_border_hover_color:#ffffff;--button_border_width-top:0px;--button_border_width-right:0px;--button_border_width-bottom:0px;--button_border_width-left:0px;--button-border-radius-top-left:0px;--button-border-radius-top-right:0px;--button-border-radius-bottom-right:0px;--button-border-radius-bottom-left:0px;--button_gradient_top_color:rgba(255,150,0,0);--button_gradient_bottom_color:rgba(255,150,0,0);--button_gradient_top_color_hover:rgba(255,150,0,0);--button_gradient_bottom_color_hover:rgba(255,150,0,0);--button_margin-top:10px;--button_margin-bottom:15px;width:calc(100%);\" target=\"_self\" href=\"https:\/\/cyclingcambrils.com\/ca\/la-bioracer-cambrils-road-passa-pel-millor-del-lloc\/\"><span class=\"fusion-button-text awb-button__text awb-button__text--default\">Llegir article<\/span><\/a><\/div><\/div><\/li>\n<\/ul><\/div><\/div><\/div><\/div><\/div><\/p>\n","protected":false},"excerpt":{"rendered":"","protected":false},"author":20,"featured_media":0,"parent":0,"menu_order":0,"comment_status":"closed","ping_status":"closed","template":"100-width.php","meta":{"_acf_changed":false,"footnotes":""},"class_list":["post-14973","page","type-page","status-publish","hentry"],"acf":[],"yoast_head":"<!-- This site is optimized with the Yoast SEO plugin v27.4 - https:\/\/yoast.com\/product\/yoast-seo-wordpress\/ -->\n<title>Cambrils Cycling Paradise - Descubre el para\u00edso del ciclista<\/title>\n<meta name=\"description\" content=\"Rutas, experiencias y servicios. Ocasional, amateur o professional. De carretera o de muntanya. No importa, Cambrils \u00e9s el teu parad\u00eds.\" \/>\n<meta name=\"robots\" content=\"index, follow, max-snippet:-1, max-image-preview:large, max-video-preview:-1\" \/>\n<link rel=\"canonical\" href=\"https:\/\/cyclingcambrils.com\/ca\/\" \/>\n<meta property=\"og:locale\" content=\"ca_ES\" \/>\n<meta property=\"og:type\" content=\"article\" \/>\n<meta property=\"og:title\" content=\"Cambrils Cycling Paradise\" \/>\n<meta property=\"og:description\" content=\"Rutas, experiencias y servicios. Ocasional, amateur o professional. De carretera o de muntanya. No importa, Cambrils \u00e9s el teu parad\u00eds.\" \/>\n<meta property=\"og:url\" content=\"https:\/\/cyclingcambrils.com\/ca\/\" \/>\n<meta property=\"og:site_name\" content=\"Cambrils Cycling Paradise\" \/>\n<meta property=\"article:publisher\" content=\"https:\/\/www.facebook.com\/CambrilsTurisme\/\" \/>\n<meta property=\"article:modified_time\" content=\"2025-12-09T20:47:10+00:00\" \/>\n<meta property=\"og:image\" content=\"https:\/\/cyclingcambrils.com\/wp-content\/uploads\/2022\/01\/cambrils_34-1024x683.jpg\" \/>\n<meta name=\"twitter:card\" content=\"summary_large_image\" \/>\n<meta name=\"twitter:label1\" content=\"Temps estimat de lectura\" \/>\n\t<meta name=\"twitter:data1\" content=\"16 minuts\" \/>\n<script type=\"application\/ld+json\" class=\"yoast-schema-graph\">{\"@context\":\"https:\\\/\\\/schema.org\",\"@graph\":[{\"@type\":\"WebPage\",\"@id\":\"https:\\\/\\\/cyclingcambrils.com\\\/ca\\\/\",\"url\":\"https:\\\/\\\/cyclingcambrils.com\\\/ca\\\/\",\"name\":\"Cambrils Cycling Paradise - Descubre el para\u00edso del ciclista\",\"isPartOf\":{\"@id\":\"https:\\\/\\\/cyclingcambrils.com\\\/ca\\\/#website\"},\"datePublished\":\"2021-09-14T15:31:15+00:00\",\"dateModified\":\"2025-12-09T20:47:10+00:00\",\"description\":\"Rutas, experiencias y servicios. Ocasional, amateur o professional. De carretera o de muntanya. No importa, Cambrils \u00e9s el teu parad\u00eds.\",\"breadcrumb\":{\"@id\":\"https:\\\/\\\/cyclingcambrils.com\\\/ca\\\/#breadcrumb\"},\"inLanguage\":\"ca\",\"potentialAction\":[{\"@type\":\"ReadAction\",\"target\":[\"https:\\\/\\\/cyclingcambrils.com\\\/ca\\\/\"]}]},{\"@type\":\"BreadcrumbList\",\"@id\":\"https:\\\/\\\/cyclingcambrils.com\\\/ca\\\/#breadcrumb\",\"itemListElement\":[{\"@type\":\"ListItem\",\"position\":1,\"name\":\"Portada\",\"item\":\"https:\\\/\\\/cyclingcambrils.com\\\/ca\\\/\"},{\"@type\":\"ListItem\",\"position\":2,\"name\":\"Cambrils Cycling Paradise\"}]},{\"@type\":\"WebSite\",\"@id\":\"https:\\\/\\\/cyclingcambrils.com\\\/ca\\\/#website\",\"url\":\"https:\\\/\\\/cyclingcambrils.com\\\/ca\\\/\",\"name\":\"Cambrils Cycling Paradise\",\"description\":\"Descubre el para\u00edso del ciclista\",\"publisher\":{\"@id\":\"https:\\\/\\\/cyclingcambrils.com\\\/ca\\\/#organization\"},\"potentialAction\":[{\"@type\":\"SearchAction\",\"target\":{\"@type\":\"EntryPoint\",\"urlTemplate\":\"https:\\\/\\\/cyclingcambrils.com\\\/ca\\\/?s={search_term_string}\"},\"query-input\":{\"@type\":\"PropertyValueSpecification\",\"valueRequired\":true,\"valueName\":\"search_term_string\"}}],\"inLanguage\":\"ca\"},{\"@type\":\"Organization\",\"@id\":\"https:\\\/\\\/cyclingcambrils.com\\\/ca\\\/#organization\",\"name\":\"Cambrils Cycling Paradise\",\"url\":\"https:\\\/\\\/cyclingcambrils.com\\\/ca\\\/\",\"logo\":{\"@type\":\"ImageObject\",\"inLanguage\":\"ca\",\"@id\":\"https:\\\/\\\/cyclingcambrils.com\\\/ca\\\/#\\\/schema\\\/logo\\\/image\\\/\",\"url\":\"https:\\\/\\\/cyclingcambrils.com\\\/wp-content\\\/uploads\\\/2023\\\/04\\\/logo-cambrils-cycling-paradise.png\",\"contentUrl\":\"https:\\\/\\\/cyclingcambrils.com\\\/wp-content\\\/uploads\\\/2023\\\/04\\\/logo-cambrils-cycling-paradise.png\",\"width\":600,\"height\":196,\"caption\":\"Cambrils Cycling Paradise\"},\"image\":{\"@id\":\"https:\\\/\\\/cyclingcambrils.com\\\/ca\\\/#\\\/schema\\\/logo\\\/image\\\/\"},\"sameAs\":[\"https:\\\/\\\/www.facebook.com\\\/CambrilsTurisme\\\/\",\"https:\\\/\\\/www.instagram.com\\\/cambrilsturisme\"]}]}<\/script>\n<!-- \/ Yoast SEO plugin. -->","yoast_head_json":{"title":"Cambrils Cycling Paradise - Descubre el para\u00edso del ciclista","description":"Rutas, experiencias y servicios. Ocasional, amateur o professional. De carretera o de muntanya. No importa, Cambrils \u00e9s el teu parad\u00eds.","robots":{"index":"index","follow":"follow","max-snippet":"max-snippet:-1","max-image-preview":"max-image-preview:large","max-video-preview":"max-video-preview:-1"},"canonical":"https:\/\/cyclingcambrils.com\/ca\/","og_locale":"ca_ES","og_type":"article","og_title":"Cambrils Cycling Paradise","og_description":"Rutas, experiencias y servicios. Ocasional, amateur o professional. De carretera o de muntanya. No importa, Cambrils \u00e9s el teu parad\u00eds.","og_url":"https:\/\/cyclingcambrils.com\/ca\/","og_site_name":"Cambrils Cycling Paradise","article_publisher":"https:\/\/www.facebook.com\/CambrilsTurisme\/","article_modified_time":"2025-12-09T20:47:10+00:00","og_image":[{"url":"https:\/\/cyclingcambrils.com\/wp-content\/uploads\/2022\/01\/cambrils_34-1024x683.jpg","type":"","width":"","height":""}],"twitter_card":"summary_large_image","twitter_misc":{"Temps estimat de lectura":"16 minuts"},"schema":{"@context":"https:\/\/schema.org","@graph":[{"@type":"WebPage","@id":"https:\/\/cyclingcambrils.com\/ca\/","url":"https:\/\/cyclingcambrils.com\/ca\/","name":"Cambrils Cycling Paradise - Descubre el para\u00edso del ciclista","isPartOf":{"@id":"https:\/\/cyclingcambrils.com\/ca\/#website"},"datePublished":"2021-09-14T15:31:15+00:00","dateModified":"2025-12-09T20:47:10+00:00","description":"Rutas, experiencias y servicios. Ocasional, amateur o professional. De carretera o de muntanya. No importa, Cambrils \u00e9s el teu parad\u00eds.","breadcrumb":{"@id":"https:\/\/cyclingcambrils.com\/ca\/#breadcrumb"},"inLanguage":"ca","potentialAction":[{"@type":"ReadAction","target":["https:\/\/cyclingcambrils.com\/ca\/"]}]},{"@type":"BreadcrumbList","@id":"https:\/\/cyclingcambrils.com\/ca\/#breadcrumb","itemListElement":[{"@type":"ListItem","position":1,"name":"Portada","item":"https:\/\/cyclingcambrils.com\/ca\/"},{"@type":"ListItem","position":2,"name":"Cambrils Cycling Paradise"}]},{"@type":"WebSite","@id":"https:\/\/cyclingcambrils.com\/ca\/#website","url":"https:\/\/cyclingcambrils.com\/ca\/","name":"Cambrils Cycling Paradise","description":"Descubre el para\u00edso del ciclista","publisher":{"@id":"https:\/\/cyclingcambrils.com\/ca\/#organization"},"potentialAction":[{"@type":"SearchAction","target":{"@type":"EntryPoint","urlTemplate":"https:\/\/cyclingcambrils.com\/ca\/?s={search_term_string}"},"query-input":{"@type":"PropertyValueSpecification","valueRequired":true,"valueName":"search_term_string"}}],"inLanguage":"ca"},{"@type":"Organization","@id":"https:\/\/cyclingcambrils.com\/ca\/#organization","name":"Cambrils Cycling Paradise","url":"https:\/\/cyclingcambrils.com\/ca\/","logo":{"@type":"ImageObject","inLanguage":"ca","@id":"https:\/\/cyclingcambrils.com\/ca\/#\/schema\/logo\/image\/","url":"https:\/\/cyclingcambrils.com\/wp-content\/uploads\/2023\/04\/logo-cambrils-cycling-paradise.png","contentUrl":"https:\/\/cyclingcambrils.com\/wp-content\/uploads\/2023\/04\/logo-cambrils-cycling-paradise.png","width":600,"height":196,"caption":"Cambrils Cycling Paradise"},"image":{"@id":"https:\/\/cyclingcambrils.com\/ca\/#\/schema\/logo\/image\/"},"sameAs":["https:\/\/www.facebook.com\/CambrilsTurisme\/","https:\/\/www.instagram.com\/cambrilsturisme"]}]}},"_links":{"self":[{"href":"https:\/\/cyclingcambrils.com\/ca\/wp-json\/wp\/v2\/pages\/14973","targetHints":{"allow":["GET"]}}],"collection":[{"href":"https:\/\/cyclingcambrils.com\/ca\/wp-json\/wp\/v2\/pages"}],"about":[{"href":"https:\/\/cyclingcambrils.com\/ca\/wp-json\/wp\/v2\/types\/page"}],"author":[{"embeddable":true,"href":"https:\/\/cyclingcambrils.com\/ca\/wp-json\/wp\/v2\/users\/20"}],"replies":[{"embeddable":true,"href":"https:\/\/cyclingcambrils.com\/ca\/wp-json\/wp\/v2\/comments?post=14973"}],"version-history":[{"count":5,"href":"https:\/\/cyclingcambrils.com\/ca\/wp-json\/wp\/v2\/pages\/14973\/revisions"}],"predecessor-version":[{"id":14979,"href":"https:\/\/cyclingcambrils.com\/ca\/wp-json\/wp\/v2\/pages\/14973\/revisions\/14979"}],"wp:attachment":[{"href":"https:\/\/cyclingcambrils.com\/ca\/wp-json\/wp\/v2\/media?parent=14973"}],"curies":[{"name":"wp","href":"https:\/\/api.w.org\/{rel}","templated":true}]}}