{"id":5725,"date":"2021-10-01T17:02:05","date_gmt":"2021-10-01T17:02:05","guid":{"rendered":"https:\/\/cyclingcambrils.com\/blog\/"},"modified":"2023-03-17T12:55:17","modified_gmt":"2023-03-17T12:55:17","slug":"blog","status":"publish","type":"page","link":"https:\/\/cyclingcambrils.com\/ca\/blog\/","title":{"rendered":"Blog"},"content":{"rendered":"<p><div class=\"fusion-fullwidth fullwidth-box fusion-builder-row-1 fusion-flex-container nonhundred-percent-fullwidth non-hundred-percent-height-scrolling\" style=\"--awb-border-radius-top-left:0px;--awb-border-radius-top-right:0px;--awb-border-radius-bottom-right:0px;--awb-border-radius-bottom-left:0px;--awb-margin-bottom:100px;--awb-flex-wrap:wrap;\" ><div class=\"fusion-builder-row fusion-row fusion-flex-align-items-flex-start fusion-flex-content-wrap\" style=\"max-width:1393.6px;margin-left: calc(-4% \/ 2 );margin-right: calc(-4% \/ 2 );\"><div class=\"fusion-layout-column fusion_builder_column fusion-builder-column-0 fusion_builder_column_1_1 1_1 fusion-flex-column\" style=\"--awb-bg-size:cover;--awb-width-large:100%;--awb-margin-top-large:0px;--awb-spacing-right-large:1.92%;--awb-margin-bottom-large:0px;--awb-spacing-left-large:1.92%;--awb-width-medium:100%;--awb-order-medium:0;--awb-spacing-right-medium:1.92%;--awb-spacing-left-medium:1.92%;--awb-width-small:100%;--awb-order-small:0;--awb-spacing-right-small:1.92%;--awb-spacing-left-small:1.92%;\"><div class=\"fusion-column-wrapper fusion-column-has-shadow fusion-flex-justify-content-flex-start fusion-content-layout-column\"><div class=\"fusion-post-cards fusion-post-cards-1 fusion-no-small-visibility fusion-no-medium-visibility fusion-grid-archive fusion-grid-columns-3\" style=\"--awb-columns:3;--awb-row-spacing:50px;--awb-columns-medium:50%;--awb-columns-small:100%;\"><ul class=\"fusion-grid fusion-grid-3 fusion-flex-align-items-flex-start fusion-grid-posts-cards\"><li class=\"fusion-layout-column fusion_builder_column fusion-builder-column-1 fusion-flex-column post-card fusion-grid-column fusion-post-cards-grid-column\" style=\"--awb-overflow:hidden;--awb-bg-color:#ffffff;--awb-bg-color-hover:#ffffff;--awb-bg-size:cover;--awb-border-color:#efefef;--awb-border-right:1px;--awb-border-bottom:1px;--awb-border-left:1px;--awb-border-style:solid;--awb-border-radius:10px 10px 10px 10px;--awb-flex-grow:0;--awb-flex-shrink:0;--awb-flex-grow-medium:0;--awb-flex-shrink-medium:0;--awb-flex-grow-small:0;--awb-flex-shrink-small:0;\"><div class=\"fusion-column-wrapper fusion-flex-justify-content-flex-start fusion-content-layout-column\"><div class=\"fusion-classic-product-image-wrapper fusion-woo-product-image fusion-post-card-image fusion-post-card-image-1\" data-layout=\"static\"><div  class=\"fusion-image-wrapper\" aria-haspopup=\"true\">\n\t\t\t\t\t\t\t<a href=\"https:\/\/cyclingcambrils.com\/ca\/compte-enrere-per-a-la-cambribike\/\" aria-label=\"Compte enrere per a la Cambribike\">\n\t\t\t\t\t\t\t<img decoding=\"async\" width=\"900\" height=\"598\" src=\"https:\/\/cyclingcambrils.com\/wp-content\/uploads\/2026\/04\/cambribike-btt.jpg\" class=\"attachment-full size-full lazyload wp-post-image\" alt=\"\" srcset=\"data:image\/svg+xml,%3Csvg%20xmlns%3D%27http%3A%2F%2Fwww.w3.org%2F2000%2Fsvg%27%20width%3D%27900%27%20height%3D%27598%27%20viewBox%3D%270%200%20900%20598%27%3E%3Crect%20width%3D%27900%27%20height%3D%27598%27%20fill-opacity%3D%220%22%2F%3E%3C%2Fsvg%3E\" data-orig-src=\"https:\/\/cyclingcambrils.com\/wp-content\/uploads\/2026\/04\/cambribike-btt.jpg\" data-srcset=\"https:\/\/cyclingcambrils.com\/wp-content\/uploads\/2026\/04\/cambribike-btt-200x133.jpg 200w, https:\/\/cyclingcambrils.com\/wp-content\/uploads\/2026\/04\/cambribike-btt-400x266.jpg 400w, https:\/\/cyclingcambrils.com\/wp-content\/uploads\/2026\/04\/cambribike-btt-600x399.jpg 600w, https:\/\/cyclingcambrils.com\/wp-content\/uploads\/2026\/04\/cambribike-btt-800x532.jpg 800w, https:\/\/cyclingcambrils.com\/wp-content\/uploads\/2026\/04\/cambribike-btt.jpg 900w\" data-sizes=\"auto\" \/>\t\t\t<\/a>\n\t\t\t\t\t\t\t<\/div>\n<\/div><div class=\"fusion-title title fusion-title-1 fusion-sep-none fusion-title-center fusion-title-text fusion-title-size-three\" style=\"--awb-margin-top:30px;--awb-margin-right:20px;--awb-margin-left:20px;--awb-margin-top-small:30px;--awb-margin-right-small:20px;--awb-margin-left-small:20px;--awb-font-size:30px;\"><h3 class=\"fusion-title-heading title-heading-center\" style=\"margin:0;font-size:1em;line-height:1.3;\"><a href=\"https:\/\/cyclingcambrils.com\/ca\/compte-enrere-per-a-la-cambribike\/\" class=\"awb-custom-text-color awb-custom-text-hover-color\" target=\"_self\">Compte enrere per a la Cambribike<\/a><\/h3><\/div><div class=\"fusion-content-tb fusion-content-tb-1 extracto\" style=\"--awb-text-color:#222222;--awb-margin-left:30px;--awb-margin-right:30px;--awb-content-alignment:justify;--awb-text-transform:none;\"><p>Benvinguts al parad\u00eds de les dues rodes! En un mes arriba la CambriBike no \u00e9s nom\u00e9s un esdeveniment esportiu, \u00e9s la gran festa del ciclisme a Cambrils que transforma aquest municipi de la Costa Daurada a l&#8217;epicentre de la passi\u00f3 pels pedals. <\/p>\n<p>Amb un enfocament inclusiu i vibrant, l&#8217;esdeveniment desplega un ventall d&#8217;activitats que abracen des del professionalisme m\u00e9s exigent fins a la il\u00b7lusi\u00f3 dels m\u00e9s petits.<\/p>\n<p>L&#8217;aventura sol arrencar amb l&#8217;adrenalina de la <a href=\"https:\/\/www.naturetime.es\/cambribike\/\" target=\"_blank\" rel=\"noopener\">Cambrils BTT Or\u00edgens<\/a> .<\/p>\n<p>Els participants poden triar entre diversos recorreguts (des de 22 fins a 55 km) que serpentegen pels paisatges de l&#8217;interior, oferint des de passejades relaxades fins a reptes t\u00e8cnics amb cronoescalades per als m\u00e9s competitius.<\/p>\n<p>Per\u00f2 la diversitat no s&#8217;hi queda: la modalitat Gravel ha guanyat un pes d&#8217;or, permetent als ciclistes explorar camins mixtos amb aquesta barreja \u00fanica de velocitat i aventura.<\/p>\n<p><img decoding=\"async\" class=\"lazyload size-full wp-image-15499 aligncenter\" src=\"https:\/\/cyclingcambrils.com\/wp-content\/uploads\/2026\/03\/Cambrils-BTT-Origens-salida.jpg\" data-orig-src=\"https:\/\/cyclingcambrils.com\/wp-content\/uploads\/2026\/03\/Cambrils-BTT-Origens-salida.jpg\" alt=\"\" width=\"900\" height=\"600\" srcset=\"data:image\/svg+xml,%3Csvg%20xmlns%3D%27http%3A%2F%2Fwww.w3.org%2F2000%2Fsvg%27%20width%3D%27900%27%20height%3D%27600%27%20viewBox%3D%270%200%20900%20600%27%3E%3Crect%20width%3D%27900%27%20height%3D%27600%27%20fill-opacity%3D%220%22%2F%3E%3C%2Fsvg%3E\" data-srcset=\"https:\/\/cyclingcambrils.com\/wp-content\/uploads\/2026\/03\/Cambrils-BTT-Origens-salida-200x133.jpg 200w, https:\/\/cyclingcambrils.com\/wp-content\/uploads\/2026\/03\/Cambrils-BTT-Origens-salida-300x200.jpg 300w, https:\/\/cyclingcambrils.com\/wp-content\/uploads\/2026\/03\/Cambrils-BTT-Origens-salida-400x267.jpg 400w, https:\/\/cyclingcambrils.com\/wp-content\/uploads\/2026\/03\/Cambrils-BTT-Origens-salida-600x400.jpg 600w, https:\/\/cyclingcambrils.com\/wp-content\/uploads\/2026\/03\/Cambrils-BTT-Origens-salida-768x512.jpg 768w, https:\/\/cyclingcambrils.com\/wp-content\/uploads\/2026\/03\/Cambrils-BTT-Origens-salida-800x533.jpg 800w, https:\/\/cyclingcambrils.com\/wp-content\/uploads\/2026\/03\/Cambrils-BTT-Origens-salida.jpg 900w\" data-sizes=\"auto\" data-orig-sizes=\"(max-width: 900px) 100vw, 900px\" \/><\/p>\n<p>Per als amants de l&#8217;asfalt, <strong><a href=\"https:\/\/www.naturetime.es\/marcha-cicloturismo-cambrils\/\" target=\"_blank\" rel=\"noopener\">Bioracer Cambrils Road<\/a> \u00e9s el plat fort<\/strong> . Es tracta d\u00b4una marxa cicloturista de gran fons que desafia els valents amb ports de muntanya emblem\u00e0tics i vistes espectaculars del Mediterrani. \u00c9s el moment on la superaci\u00f3 personal i la companyonia es troben sota l&#8217;arc de meta, coronat sempre amb una reconfortant fideu\u00e0 popular per recuperar forces.  <\/p>\n<p>Tot i aix\u00f2, el cor de CambriBike batega amb especial for\u00e7a al Parc del Pinaret, convertit en una &#8220;Expo Bike&#8221; plena de vida. Aqu\u00ed, les fam\u00edlies en s\u00f3n les protagonistes. Els nens gaudeixen de la Kids Cup, circuits d&#8217;habilitats amb obstacles i rampes i tallers d&#8217;educaci\u00f3 vi\u00e0ria per formar els ciclistes del futur. No falten els espectacles de Bike Trial, on experts desafien les lleis de la gravetat, ni les sessions de Ciclo Indoor liderades per figures com Melcior Mauri, que encomanen energia a cop de m\u00fasica i pedalades est\u00e0tiques.   <\/p>\n<p>El tancament perfecte el posa la Festa de la Bicicleta, una pedalada popular i urbana on les disfresses i les bicicletes cl\u00e0ssiques inunden els carrers de joia. En definitiva, CambriBike \u00e9s un esdeveniment fluid i din\u00e0mic que demostra que la bicicleta \u00e9s molt m\u00e9s que un esport: \u00e9s un estil de vida que uneix generacions, fomenta el turisme sostenible i, sobretot, convida a gaudir de l&#8217;aire lliure amb un somriure. A pedalar!  <\/p>\n<p>Imatge: Blanca de la Sotilla<\/p>\n<\/div><div class=\"fusion-separator fusion-full-width-sep\" style=\"align-self: center;margin-left: auto;margin-right: auto;margin-top:15px;width:100%;\"><div class=\"fusion-separator-border sep-single sep-solid\" style=\"--awb-height:20px;--awb-amount:20px;--awb-sep-color:#efefef;border-color:#efefef;border-top-width:1px;\"><\/div><\/div><div style=\"text-align:center;\"><a class=\"fusion-button button-flat fusion-button-default-size button-custom fusion-button-default button-1 fusion-button-default-span fusion-button-default-type\" style=\"--button_accent_color:#ff9600;--button_border_color:#ff9600;--button_accent_hover_color:#ffffff;--button_border_hover_color:#ffffff;--button_border_width-top:0px;--button_border_width-right:0px;--button_border_width-bottom:0px;--button_border_width-left:0px;--button-border-radius-top-left:0px;--button-border-radius-top-right:0px;--button-border-radius-bottom-right:0px;--button-border-radius-bottom-left:0px;--button_gradient_top_color:rgba(255,150,0,0);--button_gradient_bottom_color:rgba(255,150,0,0);--button_gradient_top_color_hover:rgba(255,150,0,0);--button_gradient_bottom_color_hover:rgba(255,150,0,0);--button_margin-top:10px;--button_margin-bottom:15px;width:calc(100%);\" target=\"_self\" href=\"https:\/\/cyclingcambrils.com\/ca\/compte-enrere-per-a-la-cambribike\/\"><span class=\"fusion-button-text awb-button__text awb-button__text--default\">Llegir article<\/span><\/a><\/div><\/div><\/li>\n<li class=\"fusion-layout-column fusion_builder_column fusion-builder-column-2 fusion-flex-column post-card fusion-grid-column fusion-post-cards-grid-column\" style=\"--awb-overflow:hidden;--awb-bg-color:#ffffff;--awb-bg-color-hover:#ffffff;--awb-bg-size:cover;--awb-border-color:#efefef;--awb-border-right:1px;--awb-border-bottom:1px;--awb-border-left:1px;--awb-border-style:solid;--awb-border-radius:10px 10px 10px 10px;--awb-flex-grow:0;--awb-flex-shrink:0;--awb-flex-grow-medium:0;--awb-flex-shrink-medium:0;--awb-flex-grow-small:0;--awb-flex-shrink-small:0;\"><div class=\"fusion-column-wrapper fusion-flex-justify-content-flex-start fusion-content-layout-column\"><div class=\"fusion-classic-product-image-wrapper fusion-woo-product-image fusion-post-card-image fusion-post-card-image-1\" data-layout=\"static\"><div  class=\"fusion-image-wrapper\" aria-haspopup=\"true\">\n\t\t\t\t\t\t\t<a href=\"https:\/\/cyclingcambrils.com\/ca\/la-cambrils-btt-origens-espera-tots-els-bikers\/\" aria-label=\"La Cambrils BTT Or\u00edgens espera tots els bikers\">\n\t\t\t\t\t\t\t<img decoding=\"async\" width=\"900\" height=\"600\" src=\"https:\/\/cyclingcambrils.com\/wp-content\/uploads\/2026\/03\/Cambrils-BTT-Origens-se-celebrara-el-proximo-sabado-23-mayo.jpg\" class=\"attachment-full size-full lazyload wp-post-image\" alt=\"\" srcset=\"data:image\/svg+xml,%3Csvg%20xmlns%3D%27http%3A%2F%2Fwww.w3.org%2F2000%2Fsvg%27%20width%3D%27900%27%20height%3D%27600%27%20viewBox%3D%270%200%20900%20600%27%3E%3Crect%20width%3D%27900%27%20height%3D%27600%27%20fill-opacity%3D%220%22%2F%3E%3C%2Fsvg%3E\" data-orig-src=\"https:\/\/cyclingcambrils.com\/wp-content\/uploads\/2026\/03\/Cambrils-BTT-Origens-se-celebrara-el-proximo-sabado-23-mayo.jpg\" data-srcset=\"https:\/\/cyclingcambrils.com\/wp-content\/uploads\/2026\/03\/Cambrils-BTT-Origens-se-celebrara-el-proximo-sabado-23-mayo-200x133.jpg 200w, https:\/\/cyclingcambrils.com\/wp-content\/uploads\/2026\/03\/Cambrils-BTT-Origens-se-celebrara-el-proximo-sabado-23-mayo-400x267.jpg 400w, https:\/\/cyclingcambrils.com\/wp-content\/uploads\/2026\/03\/Cambrils-BTT-Origens-se-celebrara-el-proximo-sabado-23-mayo-600x400.jpg 600w, https:\/\/cyclingcambrils.com\/wp-content\/uploads\/2026\/03\/Cambrils-BTT-Origens-se-celebrara-el-proximo-sabado-23-mayo-800x533.jpg 800w, https:\/\/cyclingcambrils.com\/wp-content\/uploads\/2026\/03\/Cambrils-BTT-Origens-se-celebrara-el-proximo-sabado-23-mayo.jpg 900w\" data-sizes=\"auto\" \/>\t\t\t<\/a>\n\t\t\t\t\t\t\t<\/div>\n<\/div><div class=\"fusion-title title fusion-title-2 fusion-sep-none fusion-title-center fusion-title-text fusion-title-size-three\" style=\"--awb-margin-top:30px;--awb-margin-right:20px;--awb-margin-left:20px;--awb-margin-top-small:30px;--awb-margin-right-small:20px;--awb-margin-left-small:20px;--awb-font-size:30px;\"><h3 class=\"fusion-title-heading title-heading-center\" style=\"margin:0;font-size:1em;line-height:1.3;\"><a href=\"https:\/\/cyclingcambrils.com\/ca\/la-cambrils-btt-origens-espera-tots-els-bikers\/\" class=\"awb-custom-text-color awb-custom-text-hover-color\" target=\"_self\">La Cambrils BTT Or\u00edgens espera tots els bikers<\/a><\/h3><\/div><div class=\"fusion-content-tb fusion-content-tb-2 extracto\" style=\"--awb-text-color:#222222;--awb-margin-left:30px;--awb-margin-right:30px;--awb-content-alignment:justify;--awb-text-transform:none;\"><p><strong>Cambrils BTT Or\u00edgens se celebrar\u00e0 el proper dissabte 23 de maig.<\/strong><\/p>\n<p>Parlem d&#8217;un esdeveniment que destaca pel car\u00e0cter integrador, oferint quatre recorreguts dissenyats perqu\u00e8 qualsevol perfil de ciclista trobi el seu lloc, des de fam\u00edlies i aficionats fins a esportistes experimentats que busquen espr\u00e9mer el seu potencial.<\/p>\n<p><strong>La jornada comen\u00e7ar\u00e0 a les 9.00 hores i s&#8217;estendr\u00e0 fins al tancament de meta a les 14.00 hores<\/strong> , permetent que tots els participants gaudeixin d&#8217;un mat\u00ed d&#8217;esport en un entorn natural privilegiat marcat pel clima suau de la Costa Daurada.<\/p>\n<p><img decoding=\"async\" class=\"lazyload alignnone size-full wp-image-15499\" src=\"https:\/\/cyclingcambrils.com\/wp-content\/uploads\/2026\/03\/Cambrils-BTT-Origens-salida.jpg\" data-orig-src=\"https:\/\/cyclingcambrils.com\/wp-content\/uploads\/2026\/03\/Cambrils-BTT-Origens-salida.jpg\" alt=\"\" width=\"900\" height=\"600\" srcset=\"data:image\/svg+xml,%3Csvg%20xmlns%3D%27http%3A%2F%2Fwww.w3.org%2F2000%2Fsvg%27%20width%3D%27900%27%20height%3D%27600%27%20viewBox%3D%270%200%20900%20600%27%3E%3Crect%20width%3D%27900%27%20height%3D%27600%27%20fill-opacity%3D%220%22%2F%3E%3C%2Fsvg%3E\" data-srcset=\"https:\/\/cyclingcambrils.com\/wp-content\/uploads\/2026\/03\/Cambrils-BTT-Origens-salida-200x133.jpg 200w, https:\/\/cyclingcambrils.com\/wp-content\/uploads\/2026\/03\/Cambrils-BTT-Origens-salida-300x200.jpg 300w, https:\/\/cyclingcambrils.com\/wp-content\/uploads\/2026\/03\/Cambrils-BTT-Origens-salida-400x267.jpg 400w, https:\/\/cyclingcambrils.com\/wp-content\/uploads\/2026\/03\/Cambrils-BTT-Origens-salida-600x400.jpg 600w, https:\/\/cyclingcambrils.com\/wp-content\/uploads\/2026\/03\/Cambrils-BTT-Origens-salida-768x512.jpg 768w, https:\/\/cyclingcambrils.com\/wp-content\/uploads\/2026\/03\/Cambrils-BTT-Origens-salida-800x533.jpg 800w, https:\/\/cyclingcambrils.com\/wp-content\/uploads\/2026\/03\/Cambrils-BTT-Origens-salida.jpg 900w\" data-sizes=\"auto\" data-orig-sizes=\"(max-width: 900px) 100vw, 900px\" \/><\/p>\n<p><strong>Les dist\u00e0ncies curtes de 22 i 35 quil\u00f2metres estan pensades per als que volen gaudir del paisatge de forma relaxada<\/strong> .<\/p>\n<p>S\u00f3n tra\u00e7ats poc t\u00e8cnics i molt ciclables que exploren els camins rurals i l&#8217;entorn agr\u00edcola proper a la vila. Amb desnivells suaus d&#8217;entre 100 i 250 metres, aquestes rutes permeten als inscrits decidir sobre la marxa quin completar segons les sensacions. <\/p>\n<p>\u00c9s l&#8217;opci\u00f3 ideal per als que vulguin rodar entre vinyes i cultius comptant amb un avituallament complet amb fruita, barretes i begudes isot\u00f2niques per recuperar forces.<\/p>\n<p><img decoding=\"async\" class=\"lazyload alignnone size-full wp-image-15493\" src=\"https:\/\/cyclingcambrils.com\/wp-content\/uploads\/2026\/03\/Cambrils-BTT-Origens-se-celebrara-el-proximo-sabado-23-de-mayo-.jpg\" data-orig-src=\"https:\/\/cyclingcambrils.com\/wp-content\/uploads\/2026\/03\/Cambrils-BTT-Origens-se-celebrara-el-proximo-sabado-23-de-mayo-.jpg\" alt=\"\" width=\"900\" height=\"600\" srcset=\"data:image\/svg+xml,%3Csvg%20xmlns%3D%27http%3A%2F%2Fwww.w3.org%2F2000%2Fsvg%27%20width%3D%27900%27%20height%3D%27600%27%20viewBox%3D%270%200%20900%20600%27%3E%3Crect%20width%3D%27900%27%20height%3D%27600%27%20fill-opacity%3D%220%22%2F%3E%3C%2Fsvg%3E\" data-srcset=\"https:\/\/cyclingcambrils.com\/wp-content\/uploads\/2026\/03\/Cambrils-BTT-Origens-se-celebrara-el-proximo-sabado-23-de-mayo--200x133.jpg 200w, https:\/\/cyclingcambrils.com\/wp-content\/uploads\/2026\/03\/Cambrils-BTT-Origens-se-celebrara-el-proximo-sabado-23-de-mayo--300x200.jpg 300w, https:\/\/cyclingcambrils.com\/wp-content\/uploads\/2026\/03\/Cambrils-BTT-Origens-se-celebrara-el-proximo-sabado-23-de-mayo--400x267.jpg 400w, https:\/\/cyclingcambrils.com\/wp-content\/uploads\/2026\/03\/Cambrils-BTT-Origens-se-celebrara-el-proximo-sabado-23-de-mayo--600x400.jpg 600w, https:\/\/cyclingcambrils.com\/wp-content\/uploads\/2026\/03\/Cambrils-BTT-Origens-se-celebrara-el-proximo-sabado-23-de-mayo--768x512.jpg 768w, https:\/\/cyclingcambrils.com\/wp-content\/uploads\/2026\/03\/Cambrils-BTT-Origens-se-celebrara-el-proximo-sabado-23-de-mayo--800x533.jpg 800w, https:\/\/cyclingcambrils.com\/wp-content\/uploads\/2026\/03\/Cambrils-BTT-Origens-se-celebrara-el-proximo-sabado-23-de-mayo-.jpg 900w\" data-sizes=\"auto\" data-orig-sizes=\"(max-width: 900px) 100vw, 900px\" \/><\/p>\n<p><strong>Pels ciclistes m\u00e9s entrenats que acostumen a sortir habitualment, la proposta puja de nivell amb els recorreguts de 47 i 55 quil\u00f2metres<\/strong> .<\/p>\n<p>Aquestes rutes, m\u00e9s t\u00e8cniques i exigents, s&#8217;endinsen a la Baronia d&#8217;Escornalbou i la Serra del Pradell. Tot i que l&#8217;esperit general no \u00e9s competitiu, els amants de la velocitat trobaran dues cronoescalades espec\u00edfiques per mesurar els seus temps. <\/p>\n<p>Els que optin per la dist\u00e0ncia de 47 quil\u00f2metres s&#8217;enfrontaran a una pujada cronometrada de 2,5 quil\u00f2metres, mentre que els que tri\u00efn els 55 quil\u00f2metres sumaran una segona crono de 2 quil\u00f2metres addicionals.<\/p>\n<p><img decoding=\"async\" class=\"lazyload alignnone size-full wp-image-15481\" src=\"https:\/\/cyclingcambrils.com\/wp-content\/uploads\/2026\/03\/Cambrils-BTT-Origens-se-celebrara-el-proximo-sabado-23-de-mayo.jpg\" data-orig-src=\"https:\/\/cyclingcambrils.com\/wp-content\/uploads\/2026\/03\/Cambrils-BTT-Origens-se-celebrara-el-proximo-sabado-23-de-mayo.jpg\" alt=\"\" width=\"900\" height=\"598\" srcset=\"data:image\/svg+xml,%3Csvg%20xmlns%3D%27http%3A%2F%2Fwww.w3.org%2F2000%2Fsvg%27%20width%3D%27900%27%20height%3D%27598%27%20viewBox%3D%270%200%20900%20598%27%3E%3Crect%20width%3D%27900%27%20height%3D%27598%27%20fill-opacity%3D%220%22%2F%3E%3C%2Fsvg%3E\" data-srcset=\"https:\/\/cyclingcambrils.com\/wp-content\/uploads\/2026\/03\/Cambrils-BTT-Origens-se-celebrara-el-proximo-sabado-23-de-mayo-200x133.jpg 200w, https:\/\/cyclingcambrils.com\/wp-content\/uploads\/2026\/03\/Cambrils-BTT-Origens-se-celebrara-el-proximo-sabado-23-de-mayo-300x199.jpg 300w, https:\/\/cyclingcambrils.com\/wp-content\/uploads\/2026\/03\/Cambrils-BTT-Origens-se-celebrara-el-proximo-sabado-23-de-mayo-400x266.jpg 400w, https:\/\/cyclingcambrils.com\/wp-content\/uploads\/2026\/03\/Cambrils-BTT-Origens-se-celebrara-el-proximo-sabado-23-de-mayo-600x399.jpg 600w, https:\/\/cyclingcambrils.com\/wp-content\/uploads\/2026\/03\/Cambrils-BTT-Origens-se-celebrara-el-proximo-sabado-23-de-mayo-768x510.jpg 768w, https:\/\/cyclingcambrils.com\/wp-content\/uploads\/2026\/03\/Cambrils-BTT-Origens-se-celebrara-el-proximo-sabado-23-de-mayo-800x532.jpg 800w, https:\/\/cyclingcambrils.com\/wp-content\/uploads\/2026\/03\/Cambrils-BTT-Origens-se-celebrara-el-proximo-sabado-23-de-mayo.jpg 900w\" data-sizes=\"auto\" data-orig-sizes=\"(max-width: 900px) 100vw, 900px\" \/><\/p>\n<p><strong>La Cambrils BTT Or\u00edgens \u00e9s una prova oberta a bicicletes de muntanya convencionals, el\u00e8ctriques i de gravel<\/strong> , comptant amb tres avituallaments als seus recorreguts llargs i premis per als tres millors temps de cada categoria.<\/p>\n<p>L\u00b4esfor\u00e7 f\u00edsic es veu recompensat amb les vistes espectaculars del pant\u00e0 de Riudecanyes i el litoral des dels punts m\u00e9s alts de la serra.<\/p>\n<p>L&#8217;esdeveniment no \u00e9s nom\u00e9s un repte esportiu, sin\u00f3 una experi\u00e8ncia completa que fusiona l&#8217;orografia variable de la zona amb la millor tradici\u00f3 local.<\/p>\n<p>El colof\u00f3 \u200b\u200bd&#8217;or a la jornada el posa l&#8217;arribada a meta, on <strong>l&#8217;hospitalitat de Cambrils es manifesta en un avituallament gurmet amb fideu\u00e0 per a tots els participants<\/strong> .<\/p>\n<p>Tot i que la inscripci\u00f3 no inclou el mallot de regal, hi ha l&#8217;opci\u00f3 d&#8217;adquirir-lo per guardar-ne un record.<\/p>\n<p>\u00c9s, en definitiva, l&#8217;oportunitat perfecta per descobrir per qu\u00e8 aquest dest\u00ed \u00e9s el parad\u00eds del cicloturista, unint una organitzaci\u00f3 impecable, una gastronomia de primer nivell i una riquesa cultural que convida a quedar-se despr\u00e9s de travessar la l\u00ednia de meta.<\/p>\n<p><a href=\"https:\/\/www.naturetime.es\/cambribike\/#btt\" target=\"_blank\" rel=\"noopener\">+ INFO<\/a><\/p>\n<p>Imatges: Blanca de la Sotilla Ventura<\/p>\n<p>&nbsp;<\/p>\n<\/div><div class=\"fusion-separator fusion-full-width-sep\" style=\"align-self: center;margin-left: auto;margin-right: auto;margin-top:15px;width:100%;\"><div class=\"fusion-separator-border sep-single sep-solid\" style=\"--awb-height:20px;--awb-amount:20px;--awb-sep-color:#efefef;border-color:#efefef;border-top-width:1px;\"><\/div><\/div><div style=\"text-align:center;\"><a class=\"fusion-button button-flat fusion-button-default-size button-custom fusion-button-default button-2 fusion-button-default-span fusion-button-default-type\" style=\"--button_accent_color:#ff9600;--button_border_color:#ff9600;--button_accent_hover_color:#ffffff;--button_border_hover_color:#ffffff;--button_border_width-top:0px;--button_border_width-right:0px;--button_border_width-bottom:0px;--button_border_width-left:0px;--button-border-radius-top-left:0px;--button-border-radius-top-right:0px;--button-border-radius-bottom-right:0px;--button-border-radius-bottom-left:0px;--button_gradient_top_color:rgba(255,150,0,0);--button_gradient_bottom_color:rgba(255,150,0,0);--button_gradient_top_color_hover:rgba(255,150,0,0);--button_gradient_bottom_color_hover:rgba(255,150,0,0);--button_margin-top:10px;--button_margin-bottom:15px;width:calc(100%);\" target=\"_self\" href=\"https:\/\/cyclingcambrils.com\/ca\/la-cambrils-btt-origens-espera-tots-els-bikers\/\"><span class=\"fusion-button-text awb-button__text awb-button__text--default\">Llegir article<\/span><\/a><\/div><\/div><\/li>\n<li class=\"fusion-layout-column fusion_builder_column fusion-builder-column-3 fusion-flex-column post-card fusion-grid-column fusion-post-cards-grid-column\" style=\"--awb-overflow:hidden;--awb-bg-color:#ffffff;--awb-bg-color-hover:#ffffff;--awb-bg-size:cover;--awb-border-color:#efefef;--awb-border-right:1px;--awb-border-bottom:1px;--awb-border-left:1px;--awb-border-style:solid;--awb-border-radius:10px 10px 10px 10px;--awb-flex-grow:0;--awb-flex-shrink:0;--awb-flex-grow-medium:0;--awb-flex-shrink-medium:0;--awb-flex-grow-small:0;--awb-flex-shrink-small:0;\"><div class=\"fusion-column-wrapper fusion-flex-justify-content-flex-start fusion-content-layout-column\"><div class=\"fusion-classic-product-image-wrapper fusion-woo-product-image fusion-post-card-image fusion-post-card-image-1\" data-layout=\"static\"><div  class=\"fusion-image-wrapper\" aria-haspopup=\"true\">\n\t\t\t\t\t\t\t<a href=\"https:\/\/cyclingcambrils.com\/ca\/la-bioracer-cambrils-road-passa-pel-millor-del-lloc\/\" aria-label=\"La Bioracer Cambrils Road passa pel millor del lloc\">\n\t\t\t\t\t\t\t<img decoding=\"async\" width=\"900\" height=\"600\" src=\"https:\/\/cyclingcambrils.com\/wp-content\/uploads\/2026\/03\/En-este-entorno-inmejorable-vuelve-la-Bioracer-Cambrils-Road-una-cita-marcada-en-el-calendario-para-el-domingo-24-de-mayo.jpg\" class=\"attachment-full size-full lazyload wp-post-image\" alt=\"\" srcset=\"data:image\/svg+xml,%3Csvg%20xmlns%3D%27http%3A%2F%2Fwww.w3.org%2F2000%2Fsvg%27%20width%3D%27900%27%20height%3D%27600%27%20viewBox%3D%270%200%20900%20600%27%3E%3Crect%20width%3D%27900%27%20height%3D%27600%27%20fill-opacity%3D%220%22%2F%3E%3C%2Fsvg%3E\" data-orig-src=\"https:\/\/cyclingcambrils.com\/wp-content\/uploads\/2026\/03\/En-este-entorno-inmejorable-vuelve-la-Bioracer-Cambrils-Road-una-cita-marcada-en-el-calendario-para-el-domingo-24-de-mayo.jpg\" data-srcset=\"https:\/\/cyclingcambrils.com\/wp-content\/uploads\/2026\/03\/En-este-entorno-inmejorable-vuelve-la-Bioracer-Cambrils-Road-una-cita-marcada-en-el-calendario-para-el-domingo-24-de-mayo-200x133.jpg 200w, https:\/\/cyclingcambrils.com\/wp-content\/uploads\/2026\/03\/En-este-entorno-inmejorable-vuelve-la-Bioracer-Cambrils-Road-una-cita-marcada-en-el-calendario-para-el-domingo-24-de-mayo-400x267.jpg 400w, https:\/\/cyclingcambrils.com\/wp-content\/uploads\/2026\/03\/En-este-entorno-inmejorable-vuelve-la-Bioracer-Cambrils-Road-una-cita-marcada-en-el-calendario-para-el-domingo-24-de-mayo-600x400.jpg 600w, https:\/\/cyclingcambrils.com\/wp-content\/uploads\/2026\/03\/En-este-entorno-inmejorable-vuelve-la-Bioracer-Cambrils-Road-una-cita-marcada-en-el-calendario-para-el-domingo-24-de-mayo-800x533.jpg 800w, https:\/\/cyclingcambrils.com\/wp-content\/uploads\/2026\/03\/En-este-entorno-inmejorable-vuelve-la-Bioracer-Cambrils-Road-una-cita-marcada-en-el-calendario-para-el-domingo-24-de-mayo.jpg 900w\" data-sizes=\"auto\" \/>\t\t\t<\/a>\n\t\t\t\t\t\t\t<\/div>\n<\/div><div class=\"fusion-title title fusion-title-3 fusion-sep-none fusion-title-center fusion-title-text fusion-title-size-three\" style=\"--awb-margin-top:30px;--awb-margin-right:20px;--awb-margin-left:20px;--awb-margin-top-small:30px;--awb-margin-right-small:20px;--awb-margin-left-small:20px;--awb-font-size:30px;\"><h3 class=\"fusion-title-heading title-heading-center\" style=\"margin:0;font-size:1em;line-height:1.3;\"><a href=\"https:\/\/cyclingcambrils.com\/ca\/la-bioracer-cambrils-road-passa-pel-millor-del-lloc\/\" class=\"awb-custom-text-color awb-custom-text-hover-color\" target=\"_self\">La Bioracer Cambrils Road passa pel millor del lloc<\/a><\/h3><\/div><div class=\"fusion-content-tb fusion-content-tb-3 extracto\" style=\"--awb-text-color:#222222;--awb-margin-left:30px;--awb-margin-right:30px;--awb-content-alignment:justify;--awb-text-transform:none;\"><p><strong>L&#8217;ess\u00e8ncia ciclista de Cambrils es resumeix a la Bioracer Cambrils Road<\/strong><\/p>\n<p>Si busques l?escenari ideal per devorar quil\u00f2metres sobre l?asfalt, Cambrils es presenta com l?epicentre del ciclisme a la Costa Daurada.<\/p>\n<p><strong>La seva ubicaci\u00f3 estrat\u00e8gica, abra\u00e7ada pel Mediterrani i custodiada per les muntanyes de l\u00b4interior<\/strong> , ofereix un ecosistema privilegiat que permet gaudir de la bicicleta durant tot l\u00b4any.<\/p>\n<p>Aqu\u00ed, l&#8217;orografia \u00e9s un regal per a les cames, permetent passar de la brisa marina a ports de muntanya exigents en nom\u00e9s uns minuts, tot sota una llum que nom\u00e9s el litoral tarragon\u00ed sap regalar.<\/p>\n<p><strong>En aquest entorn immillorable torna la Bioracer Cambrils Road<\/strong> , una cita marcada al calendari per al diumenge 24 de maig.<\/p>\n<h3>Lluny de les marxes massificades, aquest esdeveniment aposta per un format familiar i proper, limitant la participaci\u00f3 a uns 700 ciclistes per garantir la seguretat i el gaudiment<\/h3>\n<p>\u00c9s una jornada dissenyada per sentir la carretera, amb el suport d&#8217;una c\u00e0psula de seguretat dels Mossos d&#8217;Esquadra i voluntaris que tenen cura de cada cru\u00eflla, permetent que tu nom\u00e9s et preocupis de pedalar.<\/p>\n<p><img decoding=\"async\" class=\"lazyload size-full wp-image-15460 aligncenter\" src=\"https:\/\/cyclingcambrils.com\/wp-content\/uploads\/2026\/03\/En-este-entorno-inmejorable-vuelve-la-Bioracer-Cambrils-Road-una-cita-marcada-en-el-calendario-para-el-domingo-24-de-mayo-2.jpg\" data-orig-src=\"https:\/\/cyclingcambrils.com\/wp-content\/uploads\/2026\/03\/En-este-entorno-inmejorable-vuelve-la-Bioracer-Cambrils-Road-una-cita-marcada-en-el-calendario-para-el-domingo-24-de-mayo-2.jpg\" alt=\"\" width=\"900\" height=\"600\" srcset=\"data:image\/svg+xml,%3Csvg%20xmlns%3D%27http%3A%2F%2Fwww.w3.org%2F2000%2Fsvg%27%20width%3D%27900%27%20height%3D%27600%27%20viewBox%3D%270%200%20900%20600%27%3E%3Crect%20width%3D%27900%27%20height%3D%27600%27%20fill-opacity%3D%220%22%2F%3E%3C%2Fsvg%3E\" data-srcset=\"https:\/\/cyclingcambrils.com\/wp-content\/uploads\/2026\/03\/En-este-entorno-inmejorable-vuelve-la-Bioracer-Cambrils-Road-una-cita-marcada-en-el-calendario-para-el-domingo-24-de-mayo-2-200x133.jpg 200w, https:\/\/cyclingcambrils.com\/wp-content\/uploads\/2026\/03\/En-este-entorno-inmejorable-vuelve-la-Bioracer-Cambrils-Road-una-cita-marcada-en-el-calendario-para-el-domingo-24-de-mayo-2-300x200.jpg 300w, https:\/\/cyclingcambrils.com\/wp-content\/uploads\/2026\/03\/En-este-entorno-inmejorable-vuelve-la-Bioracer-Cambrils-Road-una-cita-marcada-en-el-calendario-para-el-domingo-24-de-mayo-2-400x267.jpg 400w, https:\/\/cyclingcambrils.com\/wp-content\/uploads\/2026\/03\/En-este-entorno-inmejorable-vuelve-la-Bioracer-Cambrils-Road-una-cita-marcada-en-el-calendario-para-el-domingo-24-de-mayo-2-600x400.jpg 600w, https:\/\/cyclingcambrils.com\/wp-content\/uploads\/2026\/03\/En-este-entorno-inmejorable-vuelve-la-Bioracer-Cambrils-Road-una-cita-marcada-en-el-calendario-para-el-domingo-24-de-mayo-2-768x512.jpg 768w, https:\/\/cyclingcambrils.com\/wp-content\/uploads\/2026\/03\/En-este-entorno-inmejorable-vuelve-la-Bioracer-Cambrils-Road-una-cita-marcada-en-el-calendario-para-el-domingo-24-de-mayo-2-800x533.jpg 800w, https:\/\/cyclingcambrils.com\/wp-content\/uploads\/2026\/03\/En-este-entorno-inmejorable-vuelve-la-Bioracer-Cambrils-Road-una-cita-marcada-en-el-calendario-para-el-domingo-24-de-mayo-2.jpg 900w\" data-sizes=\"auto\" data-orig-sizes=\"(max-width: 900px) 100vw, 900px\" \/><\/p>\n<h3>Dos reptes entre el mar i el Priorat<\/h3>\n<p>La prova ofereix dos recorreguts que s\u00b4adapten al teu estat de forma i ambici\u00f3.<\/p>\n<p><strong>L&#8217;itinerari curt de 85 quil\u00f2metres proposa un viatge equilibrat amb tres ports senzills<\/strong> , ideal per als que busquen un mat\u00ed actiu sense excessos.<\/p>\n<p>D&#8217;altra banda, <strong>l&#8217;opci\u00f3 de 125 quil\u00f2metres s&#8217;endinsa al cor del Priorat<\/strong> , afegint-hi un bucle extra que eleva el desafiament.<\/p>\n<p>Aquest tra\u00e7at inclou sis ports, entre els quals destaca el temut tram conegut com a No ploris nen, una ascensi\u00f3 d&#8217;11 quil\u00f2metres amb rampes finals que arriben al 18 per cent de desnivell.<\/p>\n<p>Tots dos recorreguts transcorren per carreteres poc transitades i paisatges de muntanya entre boscos, oferint vistes espectaculars de la costa amb el mar sempre al fons.<\/p>\n<p>Participar en aquesta marxa, <strong>integrada al Circuit Catal\u00e0 de Llarga Dist\u00e0ncia<\/strong> , significa tamb\u00e9 gaudir de serveis premium.<\/p>\n<p>Des d\u00b4un mallot d\u00b4alta qualitat de la marca Bioracer fins a una medalla de finisher que acredita el teu esfor\u00e7, tot est\u00e0 pensat perqu\u00e8 el corredor se senti protagonista.<\/p>\n<p><img decoding=\"async\" class=\"lazyload alignnone size-full wp-image-15466 aligncenter\" src=\"https:\/\/cyclingcambrils.com\/wp-content\/uploads\/2026\/03\/En-este-entorno-inmejorable-vuelve-la-Bioracer-Cambrils-Road-una-cita-marcada-en-el-calendario-para-el-domingo-24-de-mayo-3.jpg\" data-orig-src=\"https:\/\/cyclingcambrils.com\/wp-content\/uploads\/2026\/03\/En-este-entorno-inmejorable-vuelve-la-Bioracer-Cambrils-Road-una-cita-marcada-en-el-calendario-para-el-domingo-24-de-mayo-3.jpg\" alt=\"\" width=\"900\" height=\"598\" srcset=\"data:image\/svg+xml,%3Csvg%20xmlns%3D%27http%3A%2F%2Fwww.w3.org%2F2000%2Fsvg%27%20width%3D%27900%27%20height%3D%27598%27%20viewBox%3D%270%200%20900%20598%27%3E%3Crect%20width%3D%27900%27%20height%3D%27598%27%20fill-opacity%3D%220%22%2F%3E%3C%2Fsvg%3E\" data-srcset=\"https:\/\/cyclingcambrils.com\/wp-content\/uploads\/2026\/03\/En-este-entorno-inmejorable-vuelve-la-Bioracer-Cambrils-Road-una-cita-marcada-en-el-calendario-para-el-domingo-24-de-mayo-3-200x133.jpg 200w, https:\/\/cyclingcambrils.com\/wp-content\/uploads\/2026\/03\/En-este-entorno-inmejorable-vuelve-la-Bioracer-Cambrils-Road-una-cita-marcada-en-el-calendario-para-el-domingo-24-de-mayo-3-300x199.jpg 300w, https:\/\/cyclingcambrils.com\/wp-content\/uploads\/2026\/03\/En-este-entorno-inmejorable-vuelve-la-Bioracer-Cambrils-Road-una-cita-marcada-en-el-calendario-para-el-domingo-24-de-mayo-3-400x266.jpg 400w, https:\/\/cyclingcambrils.com\/wp-content\/uploads\/2026\/03\/En-este-entorno-inmejorable-vuelve-la-Bioracer-Cambrils-Road-una-cita-marcada-en-el-calendario-para-el-domingo-24-de-mayo-3-600x399.jpg 600w, https:\/\/cyclingcambrils.com\/wp-content\/uploads\/2026\/03\/En-este-entorno-inmejorable-vuelve-la-Bioracer-Cambrils-Road-una-cita-marcada-en-el-calendario-para-el-domingo-24-de-mayo-3-768x510.jpg 768w, https:\/\/cyclingcambrils.com\/wp-content\/uploads\/2026\/03\/En-este-entorno-inmejorable-vuelve-la-Bioracer-Cambrils-Road-una-cita-marcada-en-el-calendario-para-el-domingo-24-de-mayo-3-800x532.jpg 800w, https:\/\/cyclingcambrils.com\/wp-content\/uploads\/2026\/03\/En-este-entorno-inmejorable-vuelve-la-Bioracer-Cambrils-Road-una-cita-marcada-en-el-calendario-para-el-domingo-24-de-mayo-3.jpg 900w\" data-sizes=\"auto\" data-orig-sizes=\"(max-width: 900px) 100vw, 900px\" \/><\/p>\n<p><img decoding=\"async\" class=\"lazyload size-full wp-image-15454 aligncenter\" src=\"https:\/\/cyclingcambrils.com\/wp-content\/uploads\/2026\/03\/En-este-entorno-inmejorable-vuelve-la-Bioracer-Cambrils-Road-una-cita-marcada-en-el-calendario-para-el-domingo-24-de-mayo-1.jpg\" data-orig-src=\"https:\/\/cyclingcambrils.com\/wp-content\/uploads\/2026\/03\/En-este-entorno-inmejorable-vuelve-la-Bioracer-Cambrils-Road-una-cita-marcada-en-el-calendario-para-el-domingo-24-de-mayo-1.jpg\" alt=\"\" width=\"900\" height=\"600\" srcset=\"data:image\/svg+xml,%3Csvg%20xmlns%3D%27http%3A%2F%2Fwww.w3.org%2F2000%2Fsvg%27%20width%3D%27900%27%20height%3D%27600%27%20viewBox%3D%270%200%20900%20600%27%3E%3Crect%20width%3D%27900%27%20height%3D%27600%27%20fill-opacity%3D%220%22%2F%3E%3C%2Fsvg%3E\" data-srcset=\"https:\/\/cyclingcambrils.com\/wp-content\/uploads\/2026\/03\/En-este-entorno-inmejorable-vuelve-la-Bioracer-Cambrils-Road-una-cita-marcada-en-el-calendario-para-el-domingo-24-de-mayo-1-200x133.jpg 200w, https:\/\/cyclingcambrils.com\/wp-content\/uploads\/2026\/03\/En-este-entorno-inmejorable-vuelve-la-Bioracer-Cambrils-Road-una-cita-marcada-en-el-calendario-para-el-domingo-24-de-mayo-1-300x200.jpg 300w, https:\/\/cyclingcambrils.com\/wp-content\/uploads\/2026\/03\/En-este-entorno-inmejorable-vuelve-la-Bioracer-Cambrils-Road-una-cita-marcada-en-el-calendario-para-el-domingo-24-de-mayo-1-400x267.jpg 400w, https:\/\/cyclingcambrils.com\/wp-content\/uploads\/2026\/03\/En-este-entorno-inmejorable-vuelve-la-Bioracer-Cambrils-Road-una-cita-marcada-en-el-calendario-para-el-domingo-24-de-mayo-1-600x400.jpg 600w, https:\/\/cyclingcambrils.com\/wp-content\/uploads\/2026\/03\/En-este-entorno-inmejorable-vuelve-la-Bioracer-Cambrils-Road-una-cita-marcada-en-el-calendario-para-el-domingo-24-de-mayo-1-768x512.jpg 768w, https:\/\/cyclingcambrils.com\/wp-content\/uploads\/2026\/03\/En-este-entorno-inmejorable-vuelve-la-Bioracer-Cambrils-Road-una-cita-marcada-en-el-calendario-para-el-domingo-24-de-mayo-1-800x533.jpg 800w, https:\/\/cyclingcambrils.com\/wp-content\/uploads\/2026\/03\/En-este-entorno-inmejorable-vuelve-la-Bioracer-Cambrils-Road-una-cita-marcada-en-el-calendario-para-el-domingo-24-de-mayo-1.jpg 900w\" data-sizes=\"auto\" data-orig-sizes=\"(max-width: 900px) 100vw, 900px\" \/><\/p>\n<h3>Gastronomia i serveis a la meta<\/h3>\n<p>En creuar la meta, l&#8217;experi\u00e8ncia no s&#8217;acaba, sin\u00f3 que es transforma en una festa de conviv\u00e8ncia i recuperaci\u00f3.<\/p>\n<p><strong>L&#8217;organitzaci\u00f3 ofereix un avituallament gurmet amb una fideu\u00e0<\/strong> , reflex de l&#8217;excel\u00b7l\u00e8ncia gastron\u00f2mica de Cambrils, ciutat famosa per les llotges i la cuina marinera.<\/p>\n<p>A m\u00e9s, comptar\u00e0s amb serveis de fisioter\u00e0pia, mec\u00e0nica i fotografia perqu\u00e8 el record de la jornada sigui perfecte. \u00c9s la combinaci\u00f3 definitiva de l&#8217;esport, la natura i la cultura mediterr\u00e0nia. <\/p>\n<p>Les inscripcions romanen obertes fins a esgotar dorsals o fins a una setmana abans de l&#8217;esdeveniment.<\/p>\n<p>\u00c9s l&#8217;oportunitat perfecta per viure un cap de setmana de cicloturisme aut\u00e8ntic, respirant l&#8217;espiritualitat dels boscos del Priorat i tornant sempre a recer d&#8217;un dest\u00ed que respira mar.<\/p>\n<p>Cambrils us espera amb els bra\u00e7os oberts i la bicicleta a punt.<\/p>\n<p><a href=\"https:\/\/www.naturetime.es\/ca\/marxa-cicloturisme-cambrils\/\" target=\"_blank\" rel=\"noopener\">+ INFO<\/a><\/p>\n<p>&nbsp;<\/p>\n<\/div><div class=\"fusion-separator fusion-full-width-sep\" style=\"align-self: center;margin-left: auto;margin-right: auto;margin-top:15px;width:100%;\"><div class=\"fusion-separator-border sep-single sep-solid\" style=\"--awb-height:20px;--awb-amount:20px;--awb-sep-color:#efefef;border-color:#efefef;border-top-width:1px;\"><\/div><\/div><div style=\"text-align:center;\"><a class=\"fusion-button button-flat fusion-button-default-size button-custom fusion-button-default button-3 fusion-button-default-span fusion-button-default-type\" style=\"--button_accent_color:#ff9600;--button_border_color:#ff9600;--button_accent_hover_color:#ffffff;--button_border_hover_color:#ffffff;--button_border_width-top:0px;--button_border_width-right:0px;--button_border_width-bottom:0px;--button_border_width-left:0px;--button-border-radius-top-left:0px;--button-border-radius-top-right:0px;--button-border-radius-bottom-right:0px;--button-border-radius-bottom-left:0px;--button_gradient_top_color:rgba(255,150,0,0);--button_gradient_bottom_color:rgba(255,150,0,0);--button_gradient_top_color_hover:rgba(255,150,0,0);--button_gradient_bottom_color_hover:rgba(255,150,0,0);--button_margin-top:10px;--button_margin-bottom:15px;width:calc(100%);\" target=\"_self\" href=\"https:\/\/cyclingcambrils.com\/ca\/la-bioracer-cambrils-road-passa-pel-millor-del-lloc\/\"><span class=\"fusion-button-text awb-button__text awb-button__text--default\">Llegir article<\/span><\/a><\/div><\/div><\/li>\n<\/ul><\/div><div class=\"fusion-post-cards fusion-post-cards-2 fusion-no-large-visibility fusion-grid-archive fusion-grid-columns-3\" style=\"--awb-columns:3;--awb-row-spacing:50px;--awb-columns-medium:50%;--awb-columns-small:100%;\"><ul class=\"fusion-grid fusion-grid-3 fusion-flex-align-items-flex-start fusion-grid-posts-cards\"><li class=\"fusion-layout-column fusion_builder_column fusion-builder-column-4 fusion-flex-column post-card fusion-grid-column fusion-post-cards-grid-column\" style=\"--awb-overflow:hidden;--awb-bg-color:#ffffff;--awb-bg-color-hover:#ffffff;--awb-bg-size:cover;--awb-border-color:#efefef;--awb-border-right:1px;--awb-border-bottom:1px;--awb-border-left:1px;--awb-border-style:solid;--awb-border-radius:10px 10px 10px 10px;--awb-flex-grow:0;--awb-flex-shrink:0;--awb-flex-grow-medium:0;--awb-flex-shrink-medium:0;--awb-flex-grow-small:0;--awb-flex-shrink-small:0;\"><div class=\"fusion-column-wrapper fusion-flex-justify-content-flex-start fusion-content-layout-column\"><div class=\"fusion-classic-product-image-wrapper fusion-woo-product-image fusion-post-card-image fusion-post-card-image-1\" data-layout=\"static\"><div  class=\"fusion-image-wrapper\" aria-haspopup=\"true\">\n\t\t\t\t\t\t\t<a href=\"https:\/\/cyclingcambrils.com\/ca\/compte-enrere-per-a-la-cambribike\/\" aria-label=\"Compte enrere per a la Cambribike\">\n\t\t\t\t\t\t\t<img decoding=\"async\" width=\"900\" height=\"598\" src=\"https:\/\/cyclingcambrils.com\/wp-content\/uploads\/2026\/04\/cambribike-btt.jpg\" class=\"attachment-full size-full lazyload wp-post-image\" alt=\"\" srcset=\"data:image\/svg+xml,%3Csvg%20xmlns%3D%27http%3A%2F%2Fwww.w3.org%2F2000%2Fsvg%27%20width%3D%27900%27%20height%3D%27598%27%20viewBox%3D%270%200%20900%20598%27%3E%3Crect%20width%3D%27900%27%20height%3D%27598%27%20fill-opacity%3D%220%22%2F%3E%3C%2Fsvg%3E\" data-orig-src=\"https:\/\/cyclingcambrils.com\/wp-content\/uploads\/2026\/04\/cambribike-btt.jpg\" data-srcset=\"https:\/\/cyclingcambrils.com\/wp-content\/uploads\/2026\/04\/cambribike-btt-200x133.jpg 200w, https:\/\/cyclingcambrils.com\/wp-content\/uploads\/2026\/04\/cambribike-btt-400x266.jpg 400w, https:\/\/cyclingcambrils.com\/wp-content\/uploads\/2026\/04\/cambribike-btt-600x399.jpg 600w, https:\/\/cyclingcambrils.com\/wp-content\/uploads\/2026\/04\/cambribike-btt-800x532.jpg 800w, https:\/\/cyclingcambrils.com\/wp-content\/uploads\/2026\/04\/cambribike-btt.jpg 900w\" data-sizes=\"auto\" \/>\t\t\t<\/a>\n\t\t\t\t\t\t\t<\/div>\n<\/div><div class=\"fusion-title title fusion-title-4 fusion-sep-none fusion-title-center fusion-title-text fusion-title-size-three\" style=\"--awb-margin-top:30px;--awb-margin-right:20px;--awb-margin-left:20px;--awb-margin-top-small:30px;--awb-margin-right-small:20px;--awb-margin-left-small:20px;--awb-font-size:30px;\"><h3 class=\"fusion-title-heading title-heading-center\" style=\"margin:0;font-size:1em;line-height:1.3;\"><a href=\"https:\/\/cyclingcambrils.com\/ca\/compte-enrere-per-a-la-cambribike\/\" class=\"awb-custom-text-color awb-custom-text-hover-color\" target=\"_self\">Compte enrere per a la Cambribike<\/a><\/h3><\/div><div class=\"fusion-content-tb fusion-content-tb-4 extracto\" style=\"--awb-text-color:#222222;--awb-margin-left:30px;--awb-margin-right:30px;--awb-content-alignment:justify;--awb-text-transform:none;\"><p>Benvinguts al parad\u00eds de les dues rodes! En un mes arriba la CambriBike no \u00e9s nom\u00e9s un esdeveniment esportiu, \u00e9s la gran festa del ciclisme a Cambrils que transforma aquest municipi de la Costa Daurada a l&#8217;epicentre de la passi\u00f3 pels pedals. <\/p>\n<p>Amb un enfocament inclusiu i vibrant, l&#8217;esdeveniment desplega un ventall d&#8217;activitats que abracen des del professionalisme m\u00e9s exigent fins a la il\u00b7lusi\u00f3 dels m\u00e9s petits.<\/p>\n<p>L&#8217;aventura sol arrencar amb l&#8217;adrenalina de la <a href=\"https:\/\/www.naturetime.es\/cambribike\/\" target=\"_blank\" rel=\"noopener\">Cambrils BTT Or\u00edgens<\/a> .<\/p>\n<p>Els participants poden triar entre diversos recorreguts (des de 22 fins a 55 km) que serpentegen pels paisatges de l&#8217;interior, oferint des de passejades relaxades fins a reptes t\u00e8cnics amb cronoescalades per als m\u00e9s competitius.<\/p>\n<p>Per\u00f2 la diversitat no s&#8217;hi queda: la modalitat Gravel ha guanyat un pes d&#8217;or, permetent als ciclistes explorar camins mixtos amb aquesta barreja \u00fanica de velocitat i aventura.<\/p>\n<p><img decoding=\"async\" class=\"lazyload size-full wp-image-15499 aligncenter\" src=\"https:\/\/cyclingcambrils.com\/wp-content\/uploads\/2026\/03\/Cambrils-BTT-Origens-salida.jpg\" data-orig-src=\"https:\/\/cyclingcambrils.com\/wp-content\/uploads\/2026\/03\/Cambrils-BTT-Origens-salida.jpg\" alt=\"\" width=\"900\" height=\"600\" srcset=\"data:image\/svg+xml,%3Csvg%20xmlns%3D%27http%3A%2F%2Fwww.w3.org%2F2000%2Fsvg%27%20width%3D%27900%27%20height%3D%27600%27%20viewBox%3D%270%200%20900%20600%27%3E%3Crect%20width%3D%27900%27%20height%3D%27600%27%20fill-opacity%3D%220%22%2F%3E%3C%2Fsvg%3E\" data-srcset=\"https:\/\/cyclingcambrils.com\/wp-content\/uploads\/2026\/03\/Cambrils-BTT-Origens-salida-200x133.jpg 200w, https:\/\/cyclingcambrils.com\/wp-content\/uploads\/2026\/03\/Cambrils-BTT-Origens-salida-300x200.jpg 300w, https:\/\/cyclingcambrils.com\/wp-content\/uploads\/2026\/03\/Cambrils-BTT-Origens-salida-400x267.jpg 400w, https:\/\/cyclingcambrils.com\/wp-content\/uploads\/2026\/03\/Cambrils-BTT-Origens-salida-600x400.jpg 600w, https:\/\/cyclingcambrils.com\/wp-content\/uploads\/2026\/03\/Cambrils-BTT-Origens-salida-768x512.jpg 768w, https:\/\/cyclingcambrils.com\/wp-content\/uploads\/2026\/03\/Cambrils-BTT-Origens-salida-800x533.jpg 800w, https:\/\/cyclingcambrils.com\/wp-content\/uploads\/2026\/03\/Cambrils-BTT-Origens-salida.jpg 900w\" data-sizes=\"auto\" data-orig-sizes=\"(max-width: 900px) 100vw, 900px\" \/><\/p>\n<p>Per als amants de l&#8217;asfalt, <strong><a href=\"https:\/\/www.naturetime.es\/marcha-cicloturismo-cambrils\/\" target=\"_blank\" rel=\"noopener\">Bioracer Cambrils Road<\/a> \u00e9s el plat fort<\/strong> . Es tracta d\u00b4una marxa cicloturista de gran fons que desafia els valents amb ports de muntanya emblem\u00e0tics i vistes espectaculars del Mediterrani. \u00c9s el moment on la superaci\u00f3 personal i la companyonia es troben sota l&#8217;arc de meta, coronat sempre amb una reconfortant fideu\u00e0 popular per recuperar forces.  <\/p>\n<p>Tot i aix\u00f2, el cor de CambriBike batega amb especial for\u00e7a al Parc del Pinaret, convertit en una &#8220;Expo Bike&#8221; plena de vida. Aqu\u00ed, les fam\u00edlies en s\u00f3n les protagonistes. Els nens gaudeixen de la Kids Cup, circuits d&#8217;habilitats amb obstacles i rampes i tallers d&#8217;educaci\u00f3 vi\u00e0ria per formar els ciclistes del futur. No falten els espectacles de Bike Trial, on experts desafien les lleis de la gravetat, ni les sessions de Ciclo Indoor liderades per figures com Melcior Mauri, que encomanen energia a cop de m\u00fasica i pedalades est\u00e0tiques.   <\/p>\n<p>El tancament perfecte el posa la Festa de la Bicicleta, una pedalada popular i urbana on les disfresses i les bicicletes cl\u00e0ssiques inunden els carrers de joia. En definitiva, CambriBike \u00e9s un esdeveniment fluid i din\u00e0mic que demostra que la bicicleta \u00e9s molt m\u00e9s que un esport: \u00e9s un estil de vida que uneix generacions, fomenta el turisme sostenible i, sobretot, convida a gaudir de l&#8217;aire lliure amb un somriure. A pedalar!  <\/p>\n<p>Imatge: Blanca de la Sotilla<\/p>\n<\/div><div class=\"fusion-separator fusion-full-width-sep\" style=\"align-self: center;margin-left: auto;margin-right: auto;margin-top:15px;width:100%;\"><div class=\"fusion-separator-border sep-single sep-solid\" style=\"--awb-height:20px;--awb-amount:20px;--awb-sep-color:#efefef;border-color:#efefef;border-top-width:1px;\"><\/div><\/div><div style=\"text-align:center;\"><a class=\"fusion-button button-flat fusion-button-default-size button-custom fusion-button-default button-4 fusion-button-default-span fusion-button-default-type\" style=\"--button_accent_color:#ff9600;--button_border_color:#ff9600;--button_accent_hover_color:#ffffff;--button_border_hover_color:#ffffff;--button_border_width-top:0px;--button_border_width-right:0px;--button_border_width-bottom:0px;--button_border_width-left:0px;--button-border-radius-top-left:0px;--button-border-radius-top-right:0px;--button-border-radius-bottom-right:0px;--button-border-radius-bottom-left:0px;--button_gradient_top_color:rgba(255,150,0,0);--button_gradient_bottom_color:rgba(255,150,0,0);--button_gradient_top_color_hover:rgba(255,150,0,0);--button_gradient_bottom_color_hover:rgba(255,150,0,0);--button_margin-top:10px;--button_margin-bottom:15px;width:calc(100%);\" target=\"_self\" href=\"https:\/\/cyclingcambrils.com\/ca\/compte-enrere-per-a-la-cambribike\/\"><span class=\"fusion-button-text awb-button__text awb-button__text--default\">Llegir article<\/span><\/a><\/div><\/div><\/li>\n<li class=\"fusion-layout-column fusion_builder_column fusion-builder-column-5 fusion-flex-column post-card fusion-grid-column fusion-post-cards-grid-column\" style=\"--awb-overflow:hidden;--awb-bg-color:#ffffff;--awb-bg-color-hover:#ffffff;--awb-bg-size:cover;--awb-border-color:#efefef;--awb-border-right:1px;--awb-border-bottom:1px;--awb-border-left:1px;--awb-border-style:solid;--awb-border-radius:10px 10px 10px 10px;--awb-flex-grow:0;--awb-flex-shrink:0;--awb-flex-grow-medium:0;--awb-flex-shrink-medium:0;--awb-flex-grow-small:0;--awb-flex-shrink-small:0;\"><div class=\"fusion-column-wrapper fusion-flex-justify-content-flex-start fusion-content-layout-column\"><div class=\"fusion-classic-product-image-wrapper fusion-woo-product-image fusion-post-card-image fusion-post-card-image-1\" data-layout=\"static\"><div  class=\"fusion-image-wrapper\" aria-haspopup=\"true\">\n\t\t\t\t\t\t\t<a href=\"https:\/\/cyclingcambrils.com\/ca\/la-cambrils-btt-origens-espera-tots-els-bikers\/\" aria-label=\"La Cambrils BTT Or\u00edgens espera tots els bikers\">\n\t\t\t\t\t\t\t<img decoding=\"async\" width=\"900\" height=\"600\" src=\"https:\/\/cyclingcambrils.com\/wp-content\/uploads\/2026\/03\/Cambrils-BTT-Origens-se-celebrara-el-proximo-sabado-23-mayo.jpg\" class=\"attachment-full size-full lazyload wp-post-image\" alt=\"\" srcset=\"data:image\/svg+xml,%3Csvg%20xmlns%3D%27http%3A%2F%2Fwww.w3.org%2F2000%2Fsvg%27%20width%3D%27900%27%20height%3D%27600%27%20viewBox%3D%270%200%20900%20600%27%3E%3Crect%20width%3D%27900%27%20height%3D%27600%27%20fill-opacity%3D%220%22%2F%3E%3C%2Fsvg%3E\" data-orig-src=\"https:\/\/cyclingcambrils.com\/wp-content\/uploads\/2026\/03\/Cambrils-BTT-Origens-se-celebrara-el-proximo-sabado-23-mayo.jpg\" data-srcset=\"https:\/\/cyclingcambrils.com\/wp-content\/uploads\/2026\/03\/Cambrils-BTT-Origens-se-celebrara-el-proximo-sabado-23-mayo-200x133.jpg 200w, https:\/\/cyclingcambrils.com\/wp-content\/uploads\/2026\/03\/Cambrils-BTT-Origens-se-celebrara-el-proximo-sabado-23-mayo-400x267.jpg 400w, https:\/\/cyclingcambrils.com\/wp-content\/uploads\/2026\/03\/Cambrils-BTT-Origens-se-celebrara-el-proximo-sabado-23-mayo-600x400.jpg 600w, https:\/\/cyclingcambrils.com\/wp-content\/uploads\/2026\/03\/Cambrils-BTT-Origens-se-celebrara-el-proximo-sabado-23-mayo-800x533.jpg 800w, https:\/\/cyclingcambrils.com\/wp-content\/uploads\/2026\/03\/Cambrils-BTT-Origens-se-celebrara-el-proximo-sabado-23-mayo.jpg 900w\" data-sizes=\"auto\" \/>\t\t\t<\/a>\n\t\t\t\t\t\t\t<\/div>\n<\/div><div class=\"fusion-title title fusion-title-5 fusion-sep-none fusion-title-center fusion-title-text fusion-title-size-three\" style=\"--awb-margin-top:30px;--awb-margin-right:20px;--awb-margin-left:20px;--awb-margin-top-small:30px;--awb-margin-right-small:20px;--awb-margin-left-small:20px;--awb-font-size:30px;\"><h3 class=\"fusion-title-heading title-heading-center\" style=\"margin:0;font-size:1em;line-height:1.3;\"><a href=\"https:\/\/cyclingcambrils.com\/ca\/la-cambrils-btt-origens-espera-tots-els-bikers\/\" class=\"awb-custom-text-color awb-custom-text-hover-color\" target=\"_self\">La Cambrils BTT Or\u00edgens espera tots els bikers<\/a><\/h3><\/div><div class=\"fusion-content-tb fusion-content-tb-5 extracto\" style=\"--awb-text-color:#222222;--awb-margin-left:30px;--awb-margin-right:30px;--awb-content-alignment:justify;--awb-text-transform:none;\"><p><strong>Cambrils BTT Or\u00edgens se celebrar\u00e0 el proper dissabte 23 de maig.<\/strong><\/p>\n<p>Parlem d&#8217;un esdeveniment que destaca pel car\u00e0cter integrador, oferint quatre recorreguts dissenyats perqu\u00e8 qualsevol perfil de ciclista trobi el seu lloc, des de fam\u00edlies i aficionats fins a esportistes experimentats que busquen espr\u00e9mer el seu potencial.<\/p>\n<p><strong>La jornada comen\u00e7ar\u00e0 a les 9.00 hores i s&#8217;estendr\u00e0 fins al tancament de meta a les 14.00 hores<\/strong> , permetent que tots els participants gaudeixin d&#8217;un mat\u00ed d&#8217;esport en un entorn natural privilegiat marcat pel clima suau de la Costa Daurada.<\/p>\n<p><img decoding=\"async\" class=\"lazyload alignnone size-full wp-image-15499\" src=\"https:\/\/cyclingcambrils.com\/wp-content\/uploads\/2026\/03\/Cambrils-BTT-Origens-salida.jpg\" data-orig-src=\"https:\/\/cyclingcambrils.com\/wp-content\/uploads\/2026\/03\/Cambrils-BTT-Origens-salida.jpg\" alt=\"\" width=\"900\" height=\"600\" srcset=\"data:image\/svg+xml,%3Csvg%20xmlns%3D%27http%3A%2F%2Fwww.w3.org%2F2000%2Fsvg%27%20width%3D%27900%27%20height%3D%27600%27%20viewBox%3D%270%200%20900%20600%27%3E%3Crect%20width%3D%27900%27%20height%3D%27600%27%20fill-opacity%3D%220%22%2F%3E%3C%2Fsvg%3E\" data-srcset=\"https:\/\/cyclingcambrils.com\/wp-content\/uploads\/2026\/03\/Cambrils-BTT-Origens-salida-200x133.jpg 200w, https:\/\/cyclingcambrils.com\/wp-content\/uploads\/2026\/03\/Cambrils-BTT-Origens-salida-300x200.jpg 300w, https:\/\/cyclingcambrils.com\/wp-content\/uploads\/2026\/03\/Cambrils-BTT-Origens-salida-400x267.jpg 400w, https:\/\/cyclingcambrils.com\/wp-content\/uploads\/2026\/03\/Cambrils-BTT-Origens-salida-600x400.jpg 600w, https:\/\/cyclingcambrils.com\/wp-content\/uploads\/2026\/03\/Cambrils-BTT-Origens-salida-768x512.jpg 768w, https:\/\/cyclingcambrils.com\/wp-content\/uploads\/2026\/03\/Cambrils-BTT-Origens-salida-800x533.jpg 800w, https:\/\/cyclingcambrils.com\/wp-content\/uploads\/2026\/03\/Cambrils-BTT-Origens-salida.jpg 900w\" data-sizes=\"auto\" data-orig-sizes=\"(max-width: 900px) 100vw, 900px\" \/><\/p>\n<p><strong>Les dist\u00e0ncies curtes de 22 i 35 quil\u00f2metres estan pensades per als que volen gaudir del paisatge de forma relaxada<\/strong> .<\/p>\n<p>S\u00f3n tra\u00e7ats poc t\u00e8cnics i molt ciclables que exploren els camins rurals i l&#8217;entorn agr\u00edcola proper a la vila. Amb desnivells suaus d&#8217;entre 100 i 250 metres, aquestes rutes permeten als inscrits decidir sobre la marxa quin completar segons les sensacions. <\/p>\n<p>\u00c9s l&#8217;opci\u00f3 ideal per als que vulguin rodar entre vinyes i cultius comptant amb un avituallament complet amb fruita, barretes i begudes isot\u00f2niques per recuperar forces.<\/p>\n<p><img decoding=\"async\" class=\"lazyload alignnone size-full wp-image-15493\" src=\"https:\/\/cyclingcambrils.com\/wp-content\/uploads\/2026\/03\/Cambrils-BTT-Origens-se-celebrara-el-proximo-sabado-23-de-mayo-.jpg\" data-orig-src=\"https:\/\/cyclingcambrils.com\/wp-content\/uploads\/2026\/03\/Cambrils-BTT-Origens-se-celebrara-el-proximo-sabado-23-de-mayo-.jpg\" alt=\"\" width=\"900\" height=\"600\" srcset=\"data:image\/svg+xml,%3Csvg%20xmlns%3D%27http%3A%2F%2Fwww.w3.org%2F2000%2Fsvg%27%20width%3D%27900%27%20height%3D%27600%27%20viewBox%3D%270%200%20900%20600%27%3E%3Crect%20width%3D%27900%27%20height%3D%27600%27%20fill-opacity%3D%220%22%2F%3E%3C%2Fsvg%3E\" data-srcset=\"https:\/\/cyclingcambrils.com\/wp-content\/uploads\/2026\/03\/Cambrils-BTT-Origens-se-celebrara-el-proximo-sabado-23-de-mayo--200x133.jpg 200w, https:\/\/cyclingcambrils.com\/wp-content\/uploads\/2026\/03\/Cambrils-BTT-Origens-se-celebrara-el-proximo-sabado-23-de-mayo--300x200.jpg 300w, https:\/\/cyclingcambrils.com\/wp-content\/uploads\/2026\/03\/Cambrils-BTT-Origens-se-celebrara-el-proximo-sabado-23-de-mayo--400x267.jpg 400w, https:\/\/cyclingcambrils.com\/wp-content\/uploads\/2026\/03\/Cambrils-BTT-Origens-se-celebrara-el-proximo-sabado-23-de-mayo--600x400.jpg 600w, https:\/\/cyclingcambrils.com\/wp-content\/uploads\/2026\/03\/Cambrils-BTT-Origens-se-celebrara-el-proximo-sabado-23-de-mayo--768x512.jpg 768w, https:\/\/cyclingcambrils.com\/wp-content\/uploads\/2026\/03\/Cambrils-BTT-Origens-se-celebrara-el-proximo-sabado-23-de-mayo--800x533.jpg 800w, https:\/\/cyclingcambrils.com\/wp-content\/uploads\/2026\/03\/Cambrils-BTT-Origens-se-celebrara-el-proximo-sabado-23-de-mayo-.jpg 900w\" data-sizes=\"auto\" data-orig-sizes=\"(max-width: 900px) 100vw, 900px\" \/><\/p>\n<p><strong>Pels ciclistes m\u00e9s entrenats que acostumen a sortir habitualment, la proposta puja de nivell amb els recorreguts de 47 i 55 quil\u00f2metres<\/strong> .<\/p>\n<p>Aquestes rutes, m\u00e9s t\u00e8cniques i exigents, s&#8217;endinsen a la Baronia d&#8217;Escornalbou i la Serra del Pradell. Tot i que l&#8217;esperit general no \u00e9s competitiu, els amants de la velocitat trobaran dues cronoescalades espec\u00edfiques per mesurar els seus temps. <\/p>\n<p>Els que optin per la dist\u00e0ncia de 47 quil\u00f2metres s&#8217;enfrontaran a una pujada cronometrada de 2,5 quil\u00f2metres, mentre que els que tri\u00efn els 55 quil\u00f2metres sumaran una segona crono de 2 quil\u00f2metres addicionals.<\/p>\n<p><img decoding=\"async\" class=\"lazyload alignnone size-full wp-image-15481\" src=\"https:\/\/cyclingcambrils.com\/wp-content\/uploads\/2026\/03\/Cambrils-BTT-Origens-se-celebrara-el-proximo-sabado-23-de-mayo.jpg\" data-orig-src=\"https:\/\/cyclingcambrils.com\/wp-content\/uploads\/2026\/03\/Cambrils-BTT-Origens-se-celebrara-el-proximo-sabado-23-de-mayo.jpg\" alt=\"\" width=\"900\" height=\"598\" srcset=\"data:image\/svg+xml,%3Csvg%20xmlns%3D%27http%3A%2F%2Fwww.w3.org%2F2000%2Fsvg%27%20width%3D%27900%27%20height%3D%27598%27%20viewBox%3D%270%200%20900%20598%27%3E%3Crect%20width%3D%27900%27%20height%3D%27598%27%20fill-opacity%3D%220%22%2F%3E%3C%2Fsvg%3E\" data-srcset=\"https:\/\/cyclingcambrils.com\/wp-content\/uploads\/2026\/03\/Cambrils-BTT-Origens-se-celebrara-el-proximo-sabado-23-de-mayo-200x133.jpg 200w, https:\/\/cyclingcambrils.com\/wp-content\/uploads\/2026\/03\/Cambrils-BTT-Origens-se-celebrara-el-proximo-sabado-23-de-mayo-300x199.jpg 300w, https:\/\/cyclingcambrils.com\/wp-content\/uploads\/2026\/03\/Cambrils-BTT-Origens-se-celebrara-el-proximo-sabado-23-de-mayo-400x266.jpg 400w, https:\/\/cyclingcambrils.com\/wp-content\/uploads\/2026\/03\/Cambrils-BTT-Origens-se-celebrara-el-proximo-sabado-23-de-mayo-600x399.jpg 600w, https:\/\/cyclingcambrils.com\/wp-content\/uploads\/2026\/03\/Cambrils-BTT-Origens-se-celebrara-el-proximo-sabado-23-de-mayo-768x510.jpg 768w, https:\/\/cyclingcambrils.com\/wp-content\/uploads\/2026\/03\/Cambrils-BTT-Origens-se-celebrara-el-proximo-sabado-23-de-mayo-800x532.jpg 800w, https:\/\/cyclingcambrils.com\/wp-content\/uploads\/2026\/03\/Cambrils-BTT-Origens-se-celebrara-el-proximo-sabado-23-de-mayo.jpg 900w\" data-sizes=\"auto\" data-orig-sizes=\"(max-width: 900px) 100vw, 900px\" \/><\/p>\n<p><strong>La Cambrils BTT Or\u00edgens \u00e9s una prova oberta a bicicletes de muntanya convencionals, el\u00e8ctriques i de gravel<\/strong> , comptant amb tres avituallaments als seus recorreguts llargs i premis per als tres millors temps de cada categoria.<\/p>\n<p>L\u00b4esfor\u00e7 f\u00edsic es veu recompensat amb les vistes espectaculars del pant\u00e0 de Riudecanyes i el litoral des dels punts m\u00e9s alts de la serra.<\/p>\n<p>L&#8217;esdeveniment no \u00e9s nom\u00e9s un repte esportiu, sin\u00f3 una experi\u00e8ncia completa que fusiona l&#8217;orografia variable de la zona amb la millor tradici\u00f3 local.<\/p>\n<p>El colof\u00f3 \u200b\u200bd&#8217;or a la jornada el posa l&#8217;arribada a meta, on <strong>l&#8217;hospitalitat de Cambrils es manifesta en un avituallament gurmet amb fideu\u00e0 per a tots els participants<\/strong> .<\/p>\n<p>Tot i que la inscripci\u00f3 no inclou el mallot de regal, hi ha l&#8217;opci\u00f3 d&#8217;adquirir-lo per guardar-ne un record.<\/p>\n<p>\u00c9s, en definitiva, l&#8217;oportunitat perfecta per descobrir per qu\u00e8 aquest dest\u00ed \u00e9s el parad\u00eds del cicloturista, unint una organitzaci\u00f3 impecable, una gastronomia de primer nivell i una riquesa cultural que convida a quedar-se despr\u00e9s de travessar la l\u00ednia de meta.<\/p>\n<p><a href=\"https:\/\/www.naturetime.es\/cambribike\/#btt\" target=\"_blank\" rel=\"noopener\">+ INFO<\/a><\/p>\n<p>Imatges: Blanca de la Sotilla Ventura<\/p>\n<p>&nbsp;<\/p>\n<\/div><div class=\"fusion-separator fusion-full-width-sep\" style=\"align-self: center;margin-left: auto;margin-right: auto;margin-top:15px;width:100%;\"><div class=\"fusion-separator-border sep-single sep-solid\" style=\"--awb-height:20px;--awb-amount:20px;--awb-sep-color:#efefef;border-color:#efefef;border-top-width:1px;\"><\/div><\/div><div style=\"text-align:center;\"><a class=\"fusion-button button-flat fusion-button-default-size button-custom fusion-button-default button-5 fusion-button-default-span fusion-button-default-type\" style=\"--button_accent_color:#ff9600;--button_border_color:#ff9600;--button_accent_hover_color:#ffffff;--button_border_hover_color:#ffffff;--button_border_width-top:0px;--button_border_width-right:0px;--button_border_width-bottom:0px;--button_border_width-left:0px;--button-border-radius-top-left:0px;--button-border-radius-top-right:0px;--button-border-radius-bottom-right:0px;--button-border-radius-bottom-left:0px;--button_gradient_top_color:rgba(255,150,0,0);--button_gradient_bottom_color:rgba(255,150,0,0);--button_gradient_top_color_hover:rgba(255,150,0,0);--button_gradient_bottom_color_hover:rgba(255,150,0,0);--button_margin-top:10px;--button_margin-bottom:15px;width:calc(100%);\" target=\"_self\" href=\"https:\/\/cyclingcambrils.com\/ca\/la-cambrils-btt-origens-espera-tots-els-bikers\/\"><span class=\"fusion-button-text awb-button__text awb-button__text--default\">Llegir article<\/span><\/a><\/div><\/div><\/li>\n<\/ul><\/div><\/div><\/div><\/div><\/div><div class=\"fusion-fullwidth fullwidth-box fusion-builder-row-2 fusion-flex-container hundred-percent-fullwidth non-hundred-percent-height-scrolling\" style=\"--awb-border-radius-top-left:0px;--awb-border-radius-top-right:0px;--awb-border-radius-bottom-right:0px;--awb-border-radius-bottom-left:0px;--awb-padding-top:100px;--awb-padding-right:3vw;--awb-padding-bottom:100px;--awb-padding-left:3vw;--awb-background-color:#f7f7f7;--awb-flex-wrap:wrap;\" ><div class=\"fusion-builder-row fusion-row fusion-flex-align-items-flex-start fusion-flex-content-wrap\" style=\"width:104% !important;max-width:104% !important;margin-left: calc(-4% \/ 2 );margin-right: calc(-4% \/ 2 );\"><div class=\"fusion-layout-column fusion_builder_column fusion-builder-column-6 fusion_builder_column_1_2 1_2 fusion-flex-column\" style=\"--awb-bg-size:cover;--awb-width-large:50%;--awb-flex-grow:0;--awb-flex-shrink:0;--awb-margin-top-large:0px;--awb-spacing-right-large:3.84%;--awb-margin-bottom-large:0px;--awb-spacing-left-large:3.84%;--awb-width-medium:100%;--awb-order-medium:0;--awb-flex-grow-medium:0;--awb-flex-shrink-medium:0;--awb-spacing-right-medium:1.92%;--awb-margin-bottom-medium:20px;--awb-spacing-left-medium:1.92%;--awb-width-small:100%;--awb-order-small:0;--awb-flex-grow-small:0;--awb-flex-shrink-small:0;--awb-spacing-right-small:1.92%;--awb-spacing-left-small:1.92%;\"><div class=\"fusion-column-wrapper fusion-column-has-shadow fusion-flex-justify-content-flex-start fusion-content-layout-column\"><div class=\"fusion-post-cards fusion-post-cards-3 fusion-grid-archive fusion-grid-columns-1 fusion-grid-flex-grow\" style=\"--awb-column-spacing:0px;--awb-columns:1;--awb-row-spacing:1px;\"><ul class=\"fusion-grid fusion-grid-1 fusion-flex-align-items-flex-start fusion-grid-posts-cards\"><li class=\"fusion-layout-column fusion_builder_column fusion-builder-column-7 fusion-flex-column post-card fusion-grid-column fusion-post-cards-grid-column\" style=\"--awb-bg-size:cover;--awb-flex-grow:0;--awb-flex-shrink:0;--awb-flex-grow-medium:0;--awb-flex-shrink-medium:0;--awb-flex-grow-small:0;--awb-flex-shrink-small:0;\"><div class=\"fusion-column-wrapper fusion-flex-justify-content-flex-start fusion-content-layout-column\"><div class=\"fusion-builder-row fusion-builder-row-inner fusion-row fusion-flex-align-items-flex-start fusion-flex-content-wrap\" style=\"width:104% !important;max-width:104% !important;margin-left: calc(-4% \/ 2 );margin-right: calc(-4% \/ 2 );\"><div class=\"fusion-layout-column fusion_builder_column_inner fusion-builder-nested-column-0 fusion-flex-column fusion-flex-align-self-center\" style=\"--awb-padding-right:20px;--awb-bg-size:cover;--awb-width-large:50%;--awb-margin-top-large:0px;--awb-spacing-right-large:3.84%;--awb-margin-bottom-large:0px;--awb-spacing-left-large:3.84%;--awb-width-medium:50%;--awb-order-medium:0;--awb-spacing-right-medium:3.84%;--awb-spacing-left-medium:3.84%;--awb-width-small:100%;--awb-order-small:0;--awb-spacing-right-small:1.92%;--awb-spacing-left-small:1.92%;\"><div class=\"fusion-column-wrapper fusion-column-has-shadow fusion-flex-justify-content-flex-start fusion-content-layout-column\"><div class=\"fusion-classic-product-image-wrapper fusion-woo-product-image fusion-post-card-image fusion-post-card-image-1\" data-layout=\"static\" style=\"--awb-border-radius-top-left:10px;--awb-border-radius-top-right:10px;--awb-border-radius-bottom-right:10px;--awb-border-radius-bottom-left:10px;\"><div  class=\"fusion-image-wrapper\" aria-haspopup=\"true\">\n\t\t\t\t\t\t\t<a href=\"https:\/\/cyclingcambrils.com\/ca\/carretera-y-btt-en-la-cambribike\/\" aria-label=\"La millor carretera i BTT a la Cambribike\">\n\t\t\t\t\t\t\t<img decoding=\"async\" width=\"900\" height=\"600\" src=\"https:\/\/cyclingcambrils.com\/wp-content\/uploads\/2026\/02\/cambribike-BTT-.jpg\" class=\"attachment-full size-full lazyload wp-post-image\" alt=\"\" srcset=\"data:image\/svg+xml,%3Csvg%20xmlns%3D%27http%3A%2F%2Fwww.w3.org%2F2000%2Fsvg%27%20width%3D%27900%27%20height%3D%27600%27%20viewBox%3D%270%200%20900%20600%27%3E%3Crect%20width%3D%27900%27%20height%3D%27600%27%20fill-opacity%3D%220%22%2F%3E%3C%2Fsvg%3E\" data-orig-src=\"https:\/\/cyclingcambrils.com\/wp-content\/uploads\/2026\/02\/cambribike-BTT-.jpg\" data-srcset=\"https:\/\/cyclingcambrils.com\/wp-content\/uploads\/2026\/02\/cambribike-BTT--200x133.jpg 200w, https:\/\/cyclingcambrils.com\/wp-content\/uploads\/2026\/02\/cambribike-BTT--400x267.jpg 400w, https:\/\/cyclingcambrils.com\/wp-content\/uploads\/2026\/02\/cambribike-BTT--600x400.jpg 600w, https:\/\/cyclingcambrils.com\/wp-content\/uploads\/2026\/02\/cambribike-BTT--800x533.jpg 800w, https:\/\/cyclingcambrils.com\/wp-content\/uploads\/2026\/02\/cambribike-BTT-.jpg 900w\" data-sizes=\"auto\" \/>\t\t\t<\/a>\n\t\t\t\t\t\t\t<\/div>\n<\/div><\/div><\/div><div class=\"fusion-layout-column fusion_builder_column_inner fusion-builder-nested-column-1 fusion_builder_column_inner_1_2 1_2 fusion-flex-column fusion-flex-align-self-center\" style=\"--awb-bg-size:cover;--awb-width-large:50%;--awb-margin-top-large:0px;--awb-spacing-right-large:3.84%;--awb-margin-bottom-large:0px;--awb-spacing-left-large:3.84%;--awb-width-medium:50%;--awb-order-medium:0;--awb-spacing-right-medium:3.84%;--awb-spacing-left-medium:3.84%;--awb-width-small:100%;--awb-order-small:0;--awb-spacing-right-small:1.92%;--awb-spacing-left-small:1.92%;\"><div class=\"fusion-column-wrapper fusion-column-has-shadow fusion-flex-justify-content-flex-start fusion-content-layout-column\"><div class=\"fusion-text fusion-text-1 fusion-text-no-margin\" style=\"--awb-font-size:16px;--awb-text-color:#ff9600;--awb-margin-top:20px;--awb-margin-bottom:0px;\"><p>febrer 24, 2026<\/p>\n<\/div><div class=\"fusion-title title fusion-title-6 fusion-sep-none fusion-title-text fusion-title-size-three\"><h3 class=\"fusion-title-heading title-heading-left\" style=\"margin:0;line-height:1.3em;\"><a href=\"https:\/\/cyclingcambrils.com\/ca\/carretera-y-btt-en-la-cambribike\/\" class=\"awb-custom-text-color awb-custom-text-hover-color\" target=\"_self\">La millor carretera i BTT a la Cambribike<\/a><\/h3><\/div><div class=\"fusion-text fusion-text-2\"><p>Prepara&#8217;t, 23 i 24 de maig Cambrils es converteix en  ...<\/p>\n<\/div><\/div><\/div><\/div><\/div><\/li>\n<\/ul><\/div><\/div><\/div><div class=\"fusion-layout-column fusion_builder_column fusion-builder-column-8 fusion_builder_column_1_2 1_2 fusion-flex-column\" style=\"--awb-bg-size:cover;--awb-width-large:50%;--awb-flex-grow:0;--awb-flex-shrink:0;--awb-margin-top-large:0px;--awb-spacing-right-large:3.84%;--awb-margin-bottom-large:0px;--awb-spacing-left-large:3.84%;--awb-width-medium:100%;--awb-order-medium:0;--awb-flex-grow-medium:0;--awb-flex-shrink-medium:0;--awb-margin-top-medium:30px;--awb-spacing-right-medium:1.92%;--awb-spacing-left-medium:1.92%;--awb-width-small:100%;--awb-order-small:0;--awb-flex-grow-small:0;--awb-flex-shrink-small:0;--awb-spacing-right-small:1.92%;--awb-spacing-left-small:1.92%;\"><div class=\"fusion-column-wrapper fusion-column-has-shadow fusion-flex-justify-content-flex-start fusion-content-layout-column\"><div class=\"fusion-post-cards fusion-post-cards-4 fusion-grid-archive fusion-grid-columns-1 fusion-grid-flex-grow\" style=\"--awb-column-spacing:0px;--awb-columns:1;--awb-row-spacing:1px;\"><ul class=\"fusion-grid fusion-grid-1 fusion-flex-align-items-flex-start fusion-grid-posts-cards\"><li class=\"fusion-layout-column fusion_builder_column fusion-builder-column-9 fusion-flex-column post-card fusion-grid-column fusion-post-cards-grid-column\" style=\"--awb-bg-size:cover;--awb-flex-grow:0;--awb-flex-shrink:0;--awb-flex-grow-medium:0;--awb-flex-shrink-medium:0;--awb-flex-grow-small:0;--awb-flex-shrink-small:0;\"><div class=\"fusion-column-wrapper fusion-flex-justify-content-flex-start fusion-content-layout-column\"><div class=\"fusion-builder-row fusion-builder-row-inner fusion-row fusion-flex-align-items-flex-start fusion-flex-content-wrap\" style=\"width:104% !important;max-width:104% !important;margin-left: calc(-4% \/ 2 );margin-right: calc(-4% \/ 2 );\"><div class=\"fusion-layout-column fusion_builder_column_inner fusion-builder-nested-column-2 fusion-flex-column fusion-flex-align-self-center\" style=\"--awb-padding-right:20px;--awb-bg-size:cover;--awb-width-large:50%;--awb-margin-top-large:0px;--awb-spacing-right-large:3.84%;--awb-margin-bottom-large:0px;--awb-spacing-left-large:3.84%;--awb-width-medium:50%;--awb-order-medium:0;--awb-spacing-right-medium:3.84%;--awb-spacing-left-medium:3.84%;--awb-width-small:100%;--awb-order-small:0;--awb-spacing-right-small:1.92%;--awb-spacing-left-small:1.92%;\"><div class=\"fusion-column-wrapper fusion-column-has-shadow fusion-flex-justify-content-flex-start fusion-content-layout-column\"><div class=\"fusion-classic-product-image-wrapper fusion-woo-product-image fusion-post-card-image fusion-post-card-image-1\" data-layout=\"static\" style=\"--awb-border-radius-top-left:10px;--awb-border-radius-top-right:10px;--awb-border-radius-bottom-right:10px;--awb-border-radius-bottom-left:10px;\"><div  class=\"fusion-image-wrapper\" aria-haspopup=\"true\">\n\t\t\t\t\t\t\t<a href=\"https:\/\/cyclingcambrils.com\/ca\/cambrils-per-al-ciclista-bon-vivant\/\" aria-label=\"Cambrils per al ciclista &#8220;bon vivant&#8221;\">\n\t\t\t\t\t\t\t<img decoding=\"async\" width=\"900\" height=\"600\" src=\"https:\/\/cyclingcambrils.com\/wp-content\/uploads\/2026\/01\/cambrils-ciclista.jpg\" class=\"attachment-full size-full lazyload wp-post-image\" alt=\"\" srcset=\"data:image\/svg+xml,%3Csvg%20xmlns%3D%27http%3A%2F%2Fwww.w3.org%2F2000%2Fsvg%27%20width%3D%27900%27%20height%3D%27600%27%20viewBox%3D%270%200%20900%20600%27%3E%3Crect%20width%3D%27900%27%20height%3D%27600%27%20fill-opacity%3D%220%22%2F%3E%3C%2Fsvg%3E\" data-orig-src=\"https:\/\/cyclingcambrils.com\/wp-content\/uploads\/2026\/01\/cambrils-ciclista.jpg\" data-srcset=\"https:\/\/cyclingcambrils.com\/wp-content\/uploads\/2026\/01\/cambrils-ciclista-200x133.jpg 200w, https:\/\/cyclingcambrils.com\/wp-content\/uploads\/2026\/01\/cambrils-ciclista-400x267.jpg 400w, https:\/\/cyclingcambrils.com\/wp-content\/uploads\/2026\/01\/cambrils-ciclista-600x400.jpg 600w, https:\/\/cyclingcambrils.com\/wp-content\/uploads\/2026\/01\/cambrils-ciclista-800x533.jpg 800w, https:\/\/cyclingcambrils.com\/wp-content\/uploads\/2026\/01\/cambrils-ciclista.jpg 900w\" data-sizes=\"auto\" \/>\t\t\t<\/a>\n\t\t\t\t\t\t\t<\/div>\n<\/div><\/div><\/div><div class=\"fusion-layout-column fusion_builder_column_inner fusion-builder-nested-column-3 fusion_builder_column_inner_1_2 1_2 fusion-flex-column fusion-flex-align-self-center\" style=\"--awb-bg-size:cover;--awb-width-large:50%;--awb-margin-top-large:0px;--awb-spacing-right-large:3.84%;--awb-margin-bottom-large:0px;--awb-spacing-left-large:3.84%;--awb-width-medium:50%;--awb-order-medium:0;--awb-spacing-right-medium:3.84%;--awb-spacing-left-medium:3.84%;--awb-width-small:100%;--awb-order-small:0;--awb-spacing-right-small:1.92%;--awb-spacing-left-small:1.92%;\"><div class=\"fusion-column-wrapper fusion-column-has-shadow fusion-flex-justify-content-flex-start fusion-content-layout-column\"><div class=\"fusion-text fusion-text-3 fusion-text-no-margin\" style=\"--awb-font-size:16px;--awb-text-color:#ff9600;--awb-margin-top:20px;--awb-margin-bottom:0px;\"><p>gener 20, 2026<\/p>\n<\/div><div class=\"fusion-title title fusion-title-7 fusion-sep-none fusion-title-text fusion-title-size-three\"><h3 class=\"fusion-title-heading title-heading-left\" style=\"margin:0;line-height:1.3em;\"><a href=\"https:\/\/cyclingcambrils.com\/ca\/cambrils-per-al-ciclista-bon-vivant\/\" class=\"awb-custom-text-color awb-custom-text-hover-color\" target=\"_self\">Cambrils per al ciclista &#8220;bon vivant&#8221;<\/a><\/h3><\/div><div class=\"fusion-text fusion-text-4\"><p>Quina meravella de ruta t&#8217;has marcat! Despr\u00e9s de conquerir els  ...<\/p>\n<\/div><\/div><\/div><\/div><\/div><\/li>\n<\/ul><\/div><\/div><\/div><\/div><\/div><div class=\"fusion-fullwidth fullwidth-box fusion-builder-row-3 fusion-flex-container nonhundred-percent-fullwidth non-hundred-percent-height-scrolling\" style=\"--awb-border-radius-top-left:0px;--awb-border-radius-top-right:0px;--awb-border-radius-bottom-right:0px;--awb-border-radius-bottom-left:0px;--awb-margin-top:100px;--awb-margin-bottom:100px;--awb-flex-wrap:wrap;\" ><div class=\"fusion-builder-row fusion-row fusion-flex-align-items-flex-start fusion-flex-content-wrap\" style=\"max-width:1393.6px;margin-left: calc(-4% \/ 2 );margin-right: calc(-4% \/ 2 );\"><div class=\"fusion-layout-column fusion_builder_column fusion-builder-column-10 fusion_builder_column_1_1 1_1 fusion-flex-column\" style=\"--awb-bg-size:cover;--awb-width-large:100%;--awb-flex-grow:0;--awb-flex-shrink:0;--awb-margin-top-large:0px;--awb-spacing-right-large:1.92%;--awb-margin-bottom-large:0px;--awb-spacing-left-large:1.92%;--awb-width-medium:100%;--awb-order-medium:0;--awb-flex-grow-medium:0;--awb-flex-shrink-medium:0;--awb-spacing-right-medium:1.92%;--awb-spacing-left-medium:1.92%;--awb-width-small:100%;--awb-order-small:0;--awb-flex-grow-small:0;--awb-flex-shrink-small:0;--awb-spacing-right-small:1.92%;--awb-spacing-left-small:1.92%;\"><div class=\"fusion-column-wrapper fusion-column-has-shadow fusion-flex-justify-content-flex-start fusion-content-layout-column\"><div class=\"fusion-post-cards fusion-post-cards-5 fusion-no-small-visibility fusion-no-medium-visibility fusion-grid-archive fusion-grid-columns-3\" style=\"--awb-columns:3;--awb-row-spacing:50px;--awb-columns-medium:50%;--awb-columns-small:100%;\"><ul class=\"fusion-grid fusion-grid-3 fusion-flex-align-items-flex-start fusion-grid-posts-cards\"><li class=\"fusion-layout-column fusion_builder_column fusion-builder-column-11 fusion-flex-column post-card fusion-grid-column fusion-post-cards-grid-column\" style=\"--awb-overflow:hidden;--awb-bg-color:#ffffff;--awb-bg-color-hover:#ffffff;--awb-bg-size:cover;--awb-border-color:#efefef;--awb-border-right:1px;--awb-border-bottom:1px;--awb-border-left:1px;--awb-border-style:solid;--awb-border-radius:10px 10px 10px 10px;--awb-flex-grow:0;--awb-flex-shrink:0;--awb-flex-grow-medium:0;--awb-flex-shrink-medium:0;--awb-flex-grow-small:0;--awb-flex-shrink-small:0;\"><div class=\"fusion-column-wrapper fusion-flex-justify-content-flex-start fusion-content-layout-column\"><div class=\"fusion-classic-product-image-wrapper fusion-woo-product-image fusion-post-card-image fusion-post-card-image-1\" data-layout=\"static\"><div  class=\"fusion-image-wrapper\" aria-haspopup=\"true\">\n\t\t\t\t\t\t\t<a href=\"https:\/\/cyclingcambrils.com\/cambrils-ciclista\/\" aria-label=\"Cambrils, en clave ciclista, por San Sebasti\u00e1n\">\n\t\t\t\t\t\t\t<img decoding=\"async\" width=\"898\" height=\"600\" src=\"https:\/\/cyclingcambrils.com\/wp-content\/uploads\/2025\/02\/cambrils-vila-ciclismo.jpg\" class=\"attachment-full size-full lazyload wp-post-image\" alt=\"\" srcset=\"data:image\/svg+xml,%3Csvg%20xmlns%3D%27http%3A%2F%2Fwww.w3.org%2F2000%2Fsvg%27%20width%3D%27898%27%20height%3D%27600%27%20viewBox%3D%270%200%20898%20600%27%3E%3Crect%20width%3D%27898%27%20height%3D%27600%27%20fill-opacity%3D%220%22%2F%3E%3C%2Fsvg%3E\" data-orig-src=\"https:\/\/cyclingcambrils.com\/wp-content\/uploads\/2025\/02\/cambrils-vila-ciclismo.jpg\" data-srcset=\"https:\/\/cyclingcambrils.com\/wp-content\/uploads\/2025\/02\/cambrils-vila-ciclismo-200x134.jpg 200w, https:\/\/cyclingcambrils.com\/wp-content\/uploads\/2025\/02\/cambrils-vila-ciclismo-400x267.jpg 400w, https:\/\/cyclingcambrils.com\/wp-content\/uploads\/2025\/02\/cambrils-vila-ciclismo-600x401.jpg 600w, https:\/\/cyclingcambrils.com\/wp-content\/uploads\/2025\/02\/cambrils-vila-ciclismo-800x535.jpg 800w, https:\/\/cyclingcambrils.com\/wp-content\/uploads\/2025\/02\/cambrils-vila-ciclismo.jpg 898w\" data-sizes=\"auto\" \/>\t\t\t<\/a>\n\t\t\t\t\t\t\t<\/div>\n<\/div><div class=\"fusion-title title fusion-title-8 fusion-sep-none fusion-title-center fusion-title-text fusion-title-size-three\" style=\"--awb-margin-top:30px;--awb-margin-right:20px;--awb-margin-left:20px;--awb-margin-top-small:30px;--awb-margin-right-small:20px;--awb-margin-left-small:20px;--awb-font-size:30px;\"><h3 class=\"fusion-title-heading title-heading-center\" style=\"margin:0;font-size:1em;line-height:1.3;\"><a href=\"https:\/\/cyclingcambrils.com\/cambrils-ciclista\/\" class=\"awb-custom-text-color awb-custom-text-hover-color\" target=\"_self\">Cambrils, en clave ciclista, por San Sebasti\u00e1n<\/a><\/h3><\/div><div class=\"fusion-content-tb fusion-content-tb-6 extracto\" style=\"--awb-text-color:#222222;--awb-margin-left:30px;--awb-margin-right:30px;--awb-content-alignment:justify;--awb-text-transform:none;\"><p>Cambrils volvi\u00f3 a pedalear m\u00e1s all\u00e1 de su mapa hace unos d\u00edas, esta vez rumbo a San Sebasti\u00e1n, donde la Costa Daurada present\u00f3 su proyecto m\u00e1s ambicioso de los pr\u00f3ximos a\u00f1os: el aterrizaje del Tour de France 2026.<\/p>\n<p>La capital guipuzcoana, con ese aroma constante a ciclismo que ha visto rodar a generaciones enteras, fue el escenario final de un periplo promocional que ya hab\u00eda pasado por Gij\u00f3n, Madrid y Valencia.<\/p>\n<p>El acto, en un espacio emblem\u00e1tico de Donostia, reuni\u00f3 a 77 asistentes de esos que entienden el ciclismo no s\u00f3lo como deporte, sino como cultura: Mujeres en Ruta, gente de Euskaltel, la firma Etxeondo, varios ciclistas profesionales y exprofesionales\u2026 un ecosistema que reconoce de inmediato cuando un territorio se toma en serio eso de invitar al ciclista a descubrirlo sin prisas, a golpe de pedal.<\/p>\n<p>Y ah\u00ed Cambrils se siente c\u00f3modo, casi en casa.<\/p>\n<p><strong>Lleva a\u00f1os empujando su apuesta por el cicloturismo como quien pule una artesan\u00eda<\/strong>: rutas bien pensadas, carreteras que serpentean entre mar y monta\u00f1a, servicios afinados para quien viaja con bicicleta, hoteles que saben qu\u00e9 necesita un ciclista cuando regresa cargado de kil\u00f3metros y silencio en las piernas.<\/p>\n<p>Un destino que ha entendido que el ciclismo no es s\u00f3lo deporte: es una forma de viajar, de ocupar el territorio, de desestacionalizar sin perder identidad.<\/p>\n<p>En San Sebasti\u00e1n, Cambrils jug\u00f3 un papel que fue m\u00e1s all\u00e1 de la foto.<\/p>\n<p>Ofreci\u00f3 apoyo institucional, s\u00ed, pero tambi\u00e9n algo muy suyo: gastronom\u00eda de territorio. El c\u00f3ctel llev\u00f3 sello cambrilense y cada asistente se march\u00f3 con una botella de Aceite de Oliva Virgen Extra de Cambrils, ese peque\u00f1o recordatorio l\u00edquido de que muchas veces el ciclismo \u2014como la cocina\u2014 funciona por matices, por sabores que definen un lugar.<\/p>\n<p>El ciclo de presentaciones ten\u00eda un objetivo claro: <strong>posicionar la Costa Daurada como el \u201cPara\u00edso de las dos ruedas\u201d en el contexto del Tour <\/strong>. No es menor: en 2026, por primera vez, el Tour rodar\u00e1 por estas carreteras.<\/p>\n<p>La etapa del 5 de julio, entre Tarragona y Barcelona, ser\u00e1 un escaparate global, un mapa emocional que millones de aficionados recorrer\u00e1n desde sus pantallas\u2026 y que algunos, despu\u00e9s, querr\u00e1n pedalear.<\/p>\n<p>La cita de San Sebasti\u00e1n, adem\u00e1s, jug\u00f3 con s\u00edmbolos que pesan: el trofeo del Tour y el ic\u00f3nico maillot de l\u00edder de la monta\u00f1a, all\u00ed expuestos, recordaron al p\u00fablico que el ciclismo vive de historias, de objetos que condensan haza\u00f1as y cicatrices. Hubo eco medi\u00e1tico, como era de esperar.<\/p>\n<p>Patricia de Miguel, concejala de Turisme i Promoci\u00f3 Econ\u00f2mica, lo resumi\u00f3 con la claridad de quien sabe hacia d\u00f3nde quiere pedalear el municipio: \u201c<em>Cambrils tiene la oportunidad de presentarse al mundo como destino ciclista de referencia. El Tour 2026 no es s\u00f3lo un evento: es una puerta abierta para mostrar la calidad del territorio, nuestros servicios especializados y una oferta gastron\u00f3mica y tur\u00edstica que nos hace diferentes<\/em>\u201d.<\/p>\n<p>El encuentro dej\u00f3 lo que deja el buen ciclismo: contactos, sinergias, conversaciones que pueden convertirse en rutas, viajes y proyectos. M\u00e1s visibilidad para la Costa Daurada, m\u00e1s proyecci\u00f3n para Cambrils.<\/p>\n<\/div><div class=\"fusion-separator fusion-full-width-sep\" style=\"align-self: center;margin-left: auto;margin-right: auto;margin-top:15px;width:100%;\"><div class=\"fusion-separator-border sep-single sep-solid\" style=\"--awb-height:20px;--awb-amount:20px;--awb-sep-color:#efefef;border-color:#efefef;border-top-width:1px;\"><\/div><\/div><div style=\"text-align:center;\"><a class=\"fusion-button button-flat fusion-button-default-size button-custom fusion-button-default button-6 fusion-button-default-span fusion-button-default-type\" style=\"--button_accent_color:#ff9600;--button_border_color:#ff9600;--button_accent_hover_color:#ffffff;--button_border_hover_color:#ffffff;--button_border_width-top:0px;--button_border_width-right:0px;--button_border_width-bottom:0px;--button_border_width-left:0px;--button-border-radius-top-left:0px;--button-border-radius-top-right:0px;--button-border-radius-bottom-right:0px;--button-border-radius-bottom-left:0px;--button_gradient_top_color:rgba(255,150,0,0);--button_gradient_bottom_color:rgba(255,150,0,0);--button_gradient_top_color_hover:rgba(255,150,0,0);--button_gradient_bottom_color_hover:rgba(255,150,0,0);--button_margin-top:10px;--button_margin-bottom:15px;width:calc(100%);\" target=\"_self\" href=\"https:\/\/cyclingcambrils.com\/cambrils-ciclista\/\"><span class=\"fusion-button-text awb-button__text awb-button__text--default\">Llegir article<\/span><\/a><\/div><\/div><\/li>\n<li class=\"fusion-layout-column fusion_builder_column fusion-builder-column-12 fusion-flex-column post-card fusion-grid-column fusion-post-cards-grid-column\" style=\"--awb-overflow:hidden;--awb-bg-color:#ffffff;--awb-bg-color-hover:#ffffff;--awb-bg-size:cover;--awb-border-color:#efefef;--awb-border-right:1px;--awb-border-bottom:1px;--awb-border-left:1px;--awb-border-style:solid;--awb-border-radius:10px 10px 10px 10px;--awb-flex-grow:0;--awb-flex-shrink:0;--awb-flex-grow-medium:0;--awb-flex-shrink-medium:0;--awb-flex-grow-small:0;--awb-flex-shrink-small:0;\"><div class=\"fusion-column-wrapper fusion-flex-justify-content-flex-start fusion-content-layout-column\"><div class=\"fusion-classic-product-image-wrapper fusion-woo-product-image fusion-post-card-image fusion-post-card-image-1\" data-layout=\"static\"><div  class=\"fusion-image-wrapper\" aria-haspopup=\"true\">\n\t\t\t\t\t\t\t<a href=\"https:\/\/cyclingcambrils.com\/ca\/les-millors-sortides-des-del-parc-del-pescador\/\" aria-label=\"Les millors sortides des del Parc del Pescador\">\n\t\t\t\t\t\t\t<img decoding=\"async\" width=\"900\" height=\"600\" src=\"https:\/\/cyclingcambrils.com\/wp-content\/uploads\/2025\/11\/parc-pescador-1.jpg\" class=\"attachment-full size-full lazyload wp-post-image\" alt=\"\" srcset=\"data:image\/svg+xml,%3Csvg%20xmlns%3D%27http%3A%2F%2Fwww.w3.org%2F2000%2Fsvg%27%20width%3D%27900%27%20height%3D%27600%27%20viewBox%3D%270%200%20900%20600%27%3E%3Crect%20width%3D%27900%27%20height%3D%27600%27%20fill-opacity%3D%220%22%2F%3E%3C%2Fsvg%3E\" data-orig-src=\"https:\/\/cyclingcambrils.com\/wp-content\/uploads\/2025\/11\/parc-pescador-1.jpg\" data-srcset=\"https:\/\/cyclingcambrils.com\/wp-content\/uploads\/2025\/11\/parc-pescador-1-200x133.jpg 200w, https:\/\/cyclingcambrils.com\/wp-content\/uploads\/2025\/11\/parc-pescador-1-400x267.jpg 400w, https:\/\/cyclingcambrils.com\/wp-content\/uploads\/2025\/11\/parc-pescador-1-600x400.jpg 600w, https:\/\/cyclingcambrils.com\/wp-content\/uploads\/2025\/11\/parc-pescador-1-800x533.jpg 800w, https:\/\/cyclingcambrils.com\/wp-content\/uploads\/2025\/11\/parc-pescador-1.jpg 900w\" data-sizes=\"auto\" \/>\t\t\t<\/a>\n\t\t\t\t\t\t\t<\/div>\n<\/div><div class=\"fusion-title title fusion-title-9 fusion-sep-none fusion-title-center fusion-title-text fusion-title-size-three\" style=\"--awb-margin-top:30px;--awb-margin-right:20px;--awb-margin-left:20px;--awb-margin-top-small:30px;--awb-margin-right-small:20px;--awb-margin-left-small:20px;--awb-font-size:30px;\"><h3 class=\"fusion-title-heading title-heading-center\" style=\"margin:0;font-size:1em;line-height:1.3;\"><a href=\"https:\/\/cyclingcambrils.com\/ca\/les-millors-sortides-des-del-parc-del-pescador\/\" class=\"awb-custom-text-color awb-custom-text-hover-color\" target=\"_self\">Les millors sortides des del Parc del Pescador<\/a><\/h3><\/div><div class=\"fusion-content-tb fusion-content-tb-7 extracto\" style=\"--awb-text-color:#222222;--awb-margin-left:30px;--awb-margin-right:30px;--awb-content-alignment:justify;--awb-text-transform:none;\"><p data-start=\"122\" data-end=\"434\">El Gran Parc del Pescador, a Cambrils, \u00e9s un dels espais verds m\u00e9s grans i emblem\u00e0tics de la ciutat, pensat perqu\u00e8 tant els ve\u00efns com els visitants puguin gaudir d\u2019estones de descans i oci. Amb m\u00e9s de 20.000 metres quadrats, \u00e9s un lloc ideal per passejar, relaxar-se o passar el dia amb la fam\u00edlia i els amics.<\/p>\n<p data-start=\"436\" data-end=\"764\">Aquest parc no nom\u00e9s \u00e9s un lloc per respirar aire fresc: tamb\u00e9 \u00e9s un punt de trobada cultural. Disposa d\u2019un auditori i d\u2019una gran pla\u00e7a on es fan concerts, representacions teatrals i tot tipus d\u2019esdeveniments. Aix\u00f2 el converteix en un espai molt vers\u00e0til, on cada cap de setmana hi pot passar alguna cosa diferent i divertida.<\/p>\n<p data-start=\"766\" data-end=\"1144\">Per als m\u00e9s petits, el parc \u00e9s un aut\u00e8ntic parad\u00eds. Hi ha tres \u00e0rees de joc adaptades a diferents edats: una per a nens i nenes de zero a sis anys, una altra per als de dos a deu anys i una \u00faltima per als m\u00e9s grans, de vuit a catorze anys. Aix\u00ed, cada nen pot gaudir de jocs pensats especialment per a la seva edat i nivell, fent que l\u2019experi\u00e8ncia sigui m\u00e9s segura i divertida.<\/p>\n<p data-start=\"1146\" data-end=\"1467\">El parc t\u00e9 cinc entrades diferents, amb diversos camins que connecten totes les zones. A m\u00e9s, hi ha molts racons per descansar i gaudir de la natura: sota l\u2019ombra dels arbres, al costat del petit llac o al jard\u00ed mediterrani. Tot est\u00e0 pensat perqu\u00e8 els visitants es sentin c\u00f2modes i puguin passar-hi hores sense presses.<\/p>\n<p data-start=\"1146\" data-end=\"1467\"><img decoding=\"async\" class=\"lazyload alignnone size-full wp-image-14862\" src=\"https:\/\/cyclingcambrils.com\/wp-content\/uploads\/2025\/11\/parc-pescador.jpg\" data-orig-src=\"https:\/\/cyclingcambrils.com\/wp-content\/uploads\/2025\/11\/parc-pescador.jpg\" alt=\"\" width=\"900\" height=\"600\" srcset=\"data:image\/svg+xml,%3Csvg%20xmlns%3D%27http%3A%2F%2Fwww.w3.org%2F2000%2Fsvg%27%20width%3D%27900%27%20height%3D%27600%27%20viewBox%3D%270%200%20900%20600%27%3E%3Crect%20width%3D%27900%27%20height%3D%27600%27%20fill-opacity%3D%220%22%2F%3E%3C%2Fsvg%3E\" data-srcset=\"https:\/\/cyclingcambrils.com\/wp-content\/uploads\/2025\/11\/parc-pescador-200x133.jpg 200w, https:\/\/cyclingcambrils.com\/wp-content\/uploads\/2025\/11\/parc-pescador-300x200.jpg 300w, https:\/\/cyclingcambrils.com\/wp-content\/uploads\/2025\/11\/parc-pescador-400x267.jpg 400w, https:\/\/cyclingcambrils.com\/wp-content\/uploads\/2025\/11\/parc-pescador-600x400.jpg 600w, https:\/\/cyclingcambrils.com\/wp-content\/uploads\/2025\/11\/parc-pescador-768x512.jpg 768w, https:\/\/cyclingcambrils.com\/wp-content\/uploads\/2025\/11\/parc-pescador-800x533.jpg 800w, https:\/\/cyclingcambrils.com\/wp-content\/uploads\/2025\/11\/parc-pescador.jpg 900w\" data-sizes=\"auto\" data-orig-sizes=\"(max-width: 900px) 100vw, 900px\" \/><\/p>\n<p data-start=\"1469\" data-end=\"1652\">I si tens gana o ganes d\u2019una beguda, hi ha un bar molt agradable, situat a tocar del Patronat de Turisme de Cambrils, on pots fer un descans mentre gaudeixes de les vistes del parc.<\/p>\n<p data-start=\"1654\" data-end=\"1896\">A m\u00e9s, el Gran Parc del Pescador \u00e9s el lloc perfecte per als amants de la bici. \u00c9s el punt ideal per quedar amb els amics i comen\u00e7ar les sortides ciclistes des de Cambrils, preparant les primeres pedalades abans d\u2019agafar carretera o camins.<\/p>\n<p data-start=\"1898\" data-end=\"2275\">En resum, el Gran Parc del Pescador \u00e9s molt m\u00e9s que un parc: \u00e9s un punt de trobada, un lloc per jugar, aprendre, relaxar-se i, per descomptat, comen\u00e7ar aventures en bicicleta. Tant si vens a fer esport, a passejar, a participar en activitats culturals o simplement a gaudir de la natura, aquest espai verd ofereix tot el que necessites per passar un dia fant\u00e0stic a Cambrils.<\/p>\n<\/div><div class=\"fusion-separator fusion-full-width-sep\" style=\"align-self: center;margin-left: auto;margin-right: auto;margin-top:15px;width:100%;\"><div class=\"fusion-separator-border sep-single sep-solid\" style=\"--awb-height:20px;--awb-amount:20px;--awb-sep-color:#efefef;border-color:#efefef;border-top-width:1px;\"><\/div><\/div><div style=\"text-align:center;\"><a class=\"fusion-button button-flat fusion-button-default-size button-custom fusion-button-default button-7 fusion-button-default-span fusion-button-default-type\" style=\"--button_accent_color:#ff9600;--button_border_color:#ff9600;--button_accent_hover_color:#ffffff;--button_border_hover_color:#ffffff;--button_border_width-top:0px;--button_border_width-right:0px;--button_border_width-bottom:0px;--button_border_width-left:0px;--button-border-radius-top-left:0px;--button-border-radius-top-right:0px;--button-border-radius-bottom-right:0px;--button-border-radius-bottom-left:0px;--button_gradient_top_color:rgba(255,150,0,0);--button_gradient_bottom_color:rgba(255,150,0,0);--button_gradient_top_color_hover:rgba(255,150,0,0);--button_gradient_bottom_color_hover:rgba(255,150,0,0);--button_margin-top:10px;--button_margin-bottom:15px;width:calc(100%);\" target=\"_self\" href=\"https:\/\/cyclingcambrils.com\/ca\/les-millors-sortides-des-del-parc-del-pescador\/\"><span class=\"fusion-button-text awb-button__text awb-button__text--default\">Llegir article<\/span><\/a><\/div><\/div><\/li>\n<li class=\"fusion-layout-column fusion_builder_column fusion-builder-column-13 fusion-flex-column post-card fusion-grid-column fusion-post-cards-grid-column\" style=\"--awb-overflow:hidden;--awb-bg-color:#ffffff;--awb-bg-color-hover:#ffffff;--awb-bg-size:cover;--awb-border-color:#efefef;--awb-border-right:1px;--awb-border-bottom:1px;--awb-border-left:1px;--awb-border-style:solid;--awb-border-radius:10px 10px 10px 10px;--awb-flex-grow:0;--awb-flex-shrink:0;--awb-flex-grow-medium:0;--awb-flex-shrink-medium:0;--awb-flex-grow-small:0;--awb-flex-shrink-small:0;\"><div class=\"fusion-column-wrapper fusion-flex-justify-content-flex-start fusion-content-layout-column\"><div class=\"fusion-classic-product-image-wrapper fusion-woo-product-image fusion-post-card-image fusion-post-card-image-1\" data-layout=\"static\"><div  class=\"fusion-image-wrapper\" aria-haspopup=\"true\">\n\t\t\t\t\t\t\t<a href=\"https:\/\/cyclingcambrils.com\/ca\/el-millor-ciclisme-internacional-torna-a-la-costa-daurada\/\" aria-label=\"El millor ciclisme internacional torna a la Costa Daurada\">\n\t\t\t\t\t\t\t<img decoding=\"async\" width=\"900\" height=\"599\" src=\"https:\/\/cyclingcambrils.com\/wp-content\/uploads\/2025\/11\/Volta-Costa-Daurada-Cambrils.jpg\" class=\"attachment-full size-full lazyload wp-post-image\" alt=\"\" srcset=\"data:image\/svg+xml,%3Csvg%20xmlns%3D%27http%3A%2F%2Fwww.w3.org%2F2000%2Fsvg%27%20width%3D%27900%27%20height%3D%27599%27%20viewBox%3D%270%200%20900%20599%27%3E%3Crect%20width%3D%27900%27%20height%3D%27599%27%20fill-opacity%3D%220%22%2F%3E%3C%2Fsvg%3E\" data-orig-src=\"https:\/\/cyclingcambrils.com\/wp-content\/uploads\/2025\/11\/Volta-Costa-Daurada-Cambrils.jpg\" data-srcset=\"https:\/\/cyclingcambrils.com\/wp-content\/uploads\/2025\/11\/Volta-Costa-Daurada-Cambrils-200x133.jpg 200w, https:\/\/cyclingcambrils.com\/wp-content\/uploads\/2025\/11\/Volta-Costa-Daurada-Cambrils-400x266.jpg 400w, https:\/\/cyclingcambrils.com\/wp-content\/uploads\/2025\/11\/Volta-Costa-Daurada-Cambrils-600x399.jpg 600w, https:\/\/cyclingcambrils.com\/wp-content\/uploads\/2025\/11\/Volta-Costa-Daurada-Cambrils-800x532.jpg 800w, https:\/\/cyclingcambrils.com\/wp-content\/uploads\/2025\/11\/Volta-Costa-Daurada-Cambrils.jpg 900w\" data-sizes=\"auto\" \/>\t\t\t<\/a>\n\t\t\t\t\t\t\t<\/div>\n<\/div><div class=\"fusion-title title fusion-title-10 fusion-sep-none fusion-title-center fusion-title-text fusion-title-size-three\" style=\"--awb-margin-top:30px;--awb-margin-right:20px;--awb-margin-left:20px;--awb-margin-top-small:30px;--awb-margin-right-small:20px;--awb-margin-left-small:20px;--awb-font-size:30px;\"><h3 class=\"fusion-title-heading title-heading-center\" style=\"margin:0;font-size:1em;line-height:1.3;\"><a href=\"https:\/\/cyclingcambrils.com\/ca\/el-millor-ciclisme-internacional-torna-a-la-costa-daurada\/\" class=\"awb-custom-text-color awb-custom-text-hover-color\" target=\"_self\">El millor ciclisme internacional torna a la Costa Daurada<\/a><\/h3><\/div><div class=\"fusion-content-tb fusion-content-tb-8 extracto\" style=\"--awb-text-color:#222222;--awb-margin-left:30px;--awb-margin-right:30px;--awb-content-alignment:justify;--awb-text-transform:none;\"><p data-start=\"119\" data-end=\"621\">La <strong data-start=\"122\" data-end=\"178\">Costa Daurada tornar\u00e0 a ser terreny ciclista el 2026<\/strong>. La 105a edici\u00f3 de la Volta Ciclista a Catalunya comptar\u00e0 amb una etapa \u00edntegrament per les comarques d\u2019aquesta zona, un territori que combina platges, interior muntany\u00f3s i carreteres ideals per a la bicicleta. La sortida es far\u00e0 des de <strong data-start=\"416\" data-end=\"438\">Mont-roig del Camp<\/strong>, amb un final a <strong data-start=\"455\" data-end=\"468\">Vila-seca<\/strong>, tot i que el m\u00e9s important no s\u00f3n els municipis concrets, sin\u00f3 la regi\u00f3 en si: els seus paisatges i carreteres s\u00f3n perfectes per gaudir del ciclisme.<\/p>\n<p data-start=\"623\" data-end=\"1038\">Fa tres anys, una etapa amb <strong data-start=\"651\" data-end=\"671\">final a Cambrils<\/strong> va oferir un dels dies m\u00e9s memorables de la Volta: <strong data-start=\"723\" data-end=\"759\">Richard Carapaz i Sergio Higuita<\/strong> van protagonitzar una escapada hist\u00f2rica, recorrent paratges com Prades, el Coll de la Teixeta, Capafonts o la Mussara. Aquell dia va quedar clar que la Costa Daurada no \u00e9s nom\u00e9s mar i platja, sin\u00f3 tamb\u00e9 interior muntany\u00f3s i carreteres amb tot el que un ciclista pot desitjar.<\/p>\n<p data-start=\"1040\" data-end=\"1403\">Aquest 2026, la Volta tornar\u00e0 a rec\u00f3rrer la Costa Daurada, encara que l\u2019etapa no passar\u00e0 exactament per Cambrils, per\u00f2 s\u00ed molt a prop, deixant pal\u00e8s que la zona continua sent un <strong data-start=\"1218\" data-end=\"1250\">dest\u00ed pioner en cicloturisme<\/strong>. Els seus paisatges, el clima agradable i la combinaci\u00f3 de mar i muntanya fan que tota la regi\u00f3 sigui ideal per a rutes ciclistes de qualsevol nivell.<\/p>\n<p data-start=\"1405\" data-end=\"1911\">Cambrils, integrat a la Costa Daurada, \u00e9s un bon exemple d\u2019aix\u00f2: els seus voltants ofereixen carreteres tranquil\u00b7les, vistes espectaculars i racons perfectes per pedalar, fruit d\u2019un territori que ha apostat pel cicloturisme i que ha desenvolupat infraestructures i serveis adaptats a qui gaudeix de la bici. Per ara, <strong data-start=\"1722\" data-end=\"1781\">encara no es coneix el recorregut de la Vuelta a Espa\u00f1a<\/strong>, per\u00f2 tot apunta que la Costa Daurada podria tornar a acollir una altra gran cita del ciclisme professional en un futur proper.<\/p>\n<\/div><div class=\"fusion-separator fusion-full-width-sep\" style=\"align-self: center;margin-left: auto;margin-right: auto;margin-top:15px;width:100%;\"><div class=\"fusion-separator-border sep-single sep-solid\" style=\"--awb-height:20px;--awb-amount:20px;--awb-sep-color:#efefef;border-color:#efefef;border-top-width:1px;\"><\/div><\/div><div style=\"text-align:center;\"><a class=\"fusion-button button-flat fusion-button-default-size button-custom fusion-button-default button-8 fusion-button-default-span fusion-button-default-type\" style=\"--button_accent_color:#ff9600;--button_border_color:#ff9600;--button_accent_hover_color:#ffffff;--button_border_hover_color:#ffffff;--button_border_width-top:0px;--button_border_width-right:0px;--button_border_width-bottom:0px;--button_border_width-left:0px;--button-border-radius-top-left:0px;--button-border-radius-top-right:0px;--button-border-radius-bottom-right:0px;--button-border-radius-bottom-left:0px;--button_gradient_top_color:rgba(255,150,0,0);--button_gradient_bottom_color:rgba(255,150,0,0);--button_gradient_top_color_hover:rgba(255,150,0,0);--button_gradient_bottom_color_hover:rgba(255,150,0,0);--button_margin-top:10px;--button_margin-bottom:15px;width:calc(100%);\" target=\"_self\" href=\"https:\/\/cyclingcambrils.com\/ca\/el-millor-ciclisme-internacional-torna-a-la-costa-daurada\/\"><span class=\"fusion-button-text awb-button__text awb-button__text--default\">Llegir article<\/span><\/a><\/div><\/div><\/li>\n<\/ul><\/div><div class=\"fusion-post-cards fusion-post-cards-6 fusion-no-large-visibility fusion-grid-archive fusion-grid-columns-3\" style=\"--awb-columns:3;--awb-row-spacing:50px;--awb-columns-medium:50%;--awb-columns-small:100%;\"><ul class=\"fusion-grid fusion-grid-3 fusion-flex-align-items-flex-start fusion-grid-posts-cards\"><li class=\"fusion-layout-column fusion_builder_column fusion-builder-column-14 fusion-flex-column post-card fusion-grid-column fusion-post-cards-grid-column\" style=\"--awb-overflow:hidden;--awb-bg-color:#ffffff;--awb-bg-color-hover:#ffffff;--awb-bg-size:cover;--awb-border-color:#efefef;--awb-border-right:1px;--awb-border-bottom:1px;--awb-border-left:1px;--awb-border-style:solid;--awb-border-radius:10px 10px 10px 10px;--awb-flex-grow:0;--awb-flex-shrink:0;--awb-flex-grow-medium:0;--awb-flex-shrink-medium:0;--awb-flex-grow-small:0;--awb-flex-shrink-small:0;\"><div class=\"fusion-column-wrapper fusion-flex-justify-content-flex-start fusion-content-layout-column\"><div class=\"fusion-classic-product-image-wrapper fusion-woo-product-image fusion-post-card-image fusion-post-card-image-1\" data-layout=\"static\"><div  class=\"fusion-image-wrapper\" aria-haspopup=\"true\">\n\t\t\t\t\t\t\t<a href=\"https:\/\/cyclingcambrils.com\/ca\/cambrils-per-al-ciclista-bon-vivant\/\" aria-label=\"Cambrils per al ciclista &#8220;bon vivant&#8221;\">\n\t\t\t\t\t\t\t<img decoding=\"async\" width=\"900\" height=\"600\" src=\"https:\/\/cyclingcambrils.com\/wp-content\/uploads\/2026\/01\/cambrils-ciclista.jpg\" class=\"attachment-full size-full lazyload wp-post-image\" alt=\"\" srcset=\"data:image\/svg+xml,%3Csvg%20xmlns%3D%27http%3A%2F%2Fwww.w3.org%2F2000%2Fsvg%27%20width%3D%27900%27%20height%3D%27600%27%20viewBox%3D%270%200%20900%20600%27%3E%3Crect%20width%3D%27900%27%20height%3D%27600%27%20fill-opacity%3D%220%22%2F%3E%3C%2Fsvg%3E\" data-orig-src=\"https:\/\/cyclingcambrils.com\/wp-content\/uploads\/2026\/01\/cambrils-ciclista.jpg\" data-srcset=\"https:\/\/cyclingcambrils.com\/wp-content\/uploads\/2026\/01\/cambrils-ciclista-200x133.jpg 200w, https:\/\/cyclingcambrils.com\/wp-content\/uploads\/2026\/01\/cambrils-ciclista-400x267.jpg 400w, https:\/\/cyclingcambrils.com\/wp-content\/uploads\/2026\/01\/cambrils-ciclista-600x400.jpg 600w, https:\/\/cyclingcambrils.com\/wp-content\/uploads\/2026\/01\/cambrils-ciclista-800x533.jpg 800w, https:\/\/cyclingcambrils.com\/wp-content\/uploads\/2026\/01\/cambrils-ciclista.jpg 900w\" data-sizes=\"auto\" \/>\t\t\t<\/a>\n\t\t\t\t\t\t\t<\/div>\n<\/div><div class=\"fusion-title title fusion-title-11 fusion-sep-none fusion-title-center fusion-title-text fusion-title-size-three\" style=\"--awb-margin-top:30px;--awb-margin-right:20px;--awb-margin-left:20px;--awb-margin-top-small:30px;--awb-margin-right-small:20px;--awb-margin-left-small:20px;--awb-font-size:30px;\"><h3 class=\"fusion-title-heading title-heading-center\" style=\"margin:0;font-size:1em;line-height:1.3;\"><a href=\"https:\/\/cyclingcambrils.com\/ca\/cambrils-per-al-ciclista-bon-vivant\/\" class=\"awb-custom-text-color awb-custom-text-hover-color\" target=\"_self\">Cambrils per al ciclista &#8220;bon vivant&#8221;<\/a><\/h3><\/div><div class=\"fusion-content-tb fusion-content-tb-9 extracto\" style=\"--awb-text-color:#222222;--awb-margin-left:30px;--awb-margin-right:30px;--awb-content-alignment:justify;--awb-text-transform:none;\"><p>Quina meravella de ruta t&#8217;has marcat!<\/p>\n<p>Despr\u00e9s de conquerir els ports de les Muntanyes de Prades, deixar-te la pell a les vinyes del Priorat i sentir la brisa de la Costa Daurada a la cara, et mereixes un descans dels de deb\u00f2.<\/p>\n<p>Despr\u00e9s de tant pedalar, aprofita per acostar-te a les platges de Cambrils.<\/p>\n<p><strong>No hi ha millor recuperaci\u00f3 muscular que un bany en aig\u00fces tranquil \u00b7 les o simplement deixar que el sol et recarregui les piles a la sorra<\/strong> .<\/p>\n<p>\u00c9s el moment de desconnectar el GPS, desar el Strava i simplement escoltar el so del mar. Si alguna cosa ens ensenya aquesta zona \u00e9s que el Mediterrani guareix qualsevol cruiximent i et permet processar tots els paisatges que has creuat a cop de pedal. <\/p>\n<p>Ja que vens del Priorat, <strong>saps que aquesta terra es beu<\/strong> , per\u00f2 en arribar al port de Cambrils el pla demana una mica m\u00e9s fresc.<\/p>\n<p>Aprofita el teu temps lliure per <strong>asseure&#8217;t en una terrassa davant dels vaixells i gaudir d&#8217;un vermut<\/strong> , el ritual sagrat de la zona.<\/p>\n<p><strong>Acompanya&#8217;l amb unes avellanes locals o unes olives arbequines<\/strong> mentre veus passar el temps sense presses.<\/p>\n<p>\u00c9s el moment ideal per repassar les fotos del viatge i riure&#8217;t d&#8217;aquella costa que gaireb\u00e9 et ven\u00e7 a Prades, gaudint de la merescuda calma.<\/p>\n<p><strong>El ciclista obre la gana ia Cambrils, la capital gastron\u00f2mica de la zona, la recompensa \u00e9s d&#8217;alt nivell.<\/strong><\/p>\n<p>No et pots anar sense tastar un bon arr\u00f2s mariner o un Xat\u00f3 (aquesta amanida t\u00edpica amb salsa d&#8217;ametlles i nyores que et torna la vida).<\/p>\n<p>El producte local \u00e9s el protagonista; cerca aquests restaurants on el peix arriba directe de la llotja.<\/p>\n<p>Gaudir d&#8217;un \u00e0pat pausat veient anar i venir dels pescadors \u00e9s el colof\u00f3 \u200b\u200babans de tornar a l&#8217;hotel.<\/p>\n<p>Marxes amb les cames cansades, per\u00f2 el cor ple de llum mediterr\u00e0nia.<\/p>\n<\/div><div class=\"fusion-separator fusion-full-width-sep\" style=\"align-self: center;margin-left: auto;margin-right: auto;margin-top:15px;width:100%;\"><div class=\"fusion-separator-border sep-single sep-solid\" style=\"--awb-height:20px;--awb-amount:20px;--awb-sep-color:#efefef;border-color:#efefef;border-top-width:1px;\"><\/div><\/div><div style=\"text-align:center;\"><a class=\"fusion-button button-flat fusion-button-default-size button-custom fusion-button-default button-9 fusion-button-default-span fusion-button-default-type\" style=\"--button_accent_color:#ff9600;--button_border_color:#ff9600;--button_accent_hover_color:#ffffff;--button_border_hover_color:#ffffff;--button_border_width-top:0px;--button_border_width-right:0px;--button_border_width-bottom:0px;--button_border_width-left:0px;--button-border-radius-top-left:0px;--button-border-radius-top-right:0px;--button-border-radius-bottom-right:0px;--button-border-radius-bottom-left:0px;--button_gradient_top_color:rgba(255,150,0,0);--button_gradient_bottom_color:rgba(255,150,0,0);--button_gradient_top_color_hover:rgba(255,150,0,0);--button_gradient_bottom_color_hover:rgba(255,150,0,0);--button_margin-top:10px;--button_margin-bottom:15px;width:calc(100%);\" target=\"_self\" href=\"https:\/\/cyclingcambrils.com\/ca\/cambrils-per-al-ciclista-bon-vivant\/\"><span class=\"fusion-button-text awb-button__text awb-button__text--default\">Llegir article<\/span><\/a><\/div><\/div><\/li>\n<li class=\"fusion-layout-column fusion_builder_column fusion-builder-column-15 fusion-flex-column post-card fusion-grid-column fusion-post-cards-grid-column\" style=\"--awb-overflow:hidden;--awb-bg-color:#ffffff;--awb-bg-color-hover:#ffffff;--awb-bg-size:cover;--awb-border-color:#efefef;--awb-border-right:1px;--awb-border-bottom:1px;--awb-border-left:1px;--awb-border-style:solid;--awb-border-radius:10px 10px 10px 10px;--awb-flex-grow:0;--awb-flex-shrink:0;--awb-flex-grow-medium:0;--awb-flex-shrink-medium:0;--awb-flex-grow-small:0;--awb-flex-shrink-small:0;\"><div class=\"fusion-column-wrapper fusion-flex-justify-content-flex-start fusion-content-layout-column\"><div class=\"fusion-classic-product-image-wrapper fusion-woo-product-image fusion-post-card-image fusion-post-card-image-1\" data-layout=\"static\"><div  class=\"fusion-image-wrapper\" aria-haspopup=\"true\">\n\t\t\t\t\t\t\t<a href=\"https:\/\/cyclingcambrils.com\/cambrils-ciclista\/\" aria-label=\"Cambrils, en clave ciclista, por San Sebasti\u00e1n\">\n\t\t\t\t\t\t\t<img decoding=\"async\" width=\"898\" height=\"600\" src=\"https:\/\/cyclingcambrils.com\/wp-content\/uploads\/2025\/02\/cambrils-vila-ciclismo.jpg\" class=\"attachment-full size-full lazyload wp-post-image\" alt=\"\" srcset=\"data:image\/svg+xml,%3Csvg%20xmlns%3D%27http%3A%2F%2Fwww.w3.org%2F2000%2Fsvg%27%20width%3D%27898%27%20height%3D%27600%27%20viewBox%3D%270%200%20898%20600%27%3E%3Crect%20width%3D%27898%27%20height%3D%27600%27%20fill-opacity%3D%220%22%2F%3E%3C%2Fsvg%3E\" data-orig-src=\"https:\/\/cyclingcambrils.com\/wp-content\/uploads\/2025\/02\/cambrils-vila-ciclismo.jpg\" data-srcset=\"https:\/\/cyclingcambrils.com\/wp-content\/uploads\/2025\/02\/cambrils-vila-ciclismo-200x134.jpg 200w, https:\/\/cyclingcambrils.com\/wp-content\/uploads\/2025\/02\/cambrils-vila-ciclismo-400x267.jpg 400w, https:\/\/cyclingcambrils.com\/wp-content\/uploads\/2025\/02\/cambrils-vila-ciclismo-600x401.jpg 600w, https:\/\/cyclingcambrils.com\/wp-content\/uploads\/2025\/02\/cambrils-vila-ciclismo-800x535.jpg 800w, https:\/\/cyclingcambrils.com\/wp-content\/uploads\/2025\/02\/cambrils-vila-ciclismo.jpg 898w\" data-sizes=\"auto\" \/>\t\t\t<\/a>\n\t\t\t\t\t\t\t<\/div>\n<\/div><div class=\"fusion-title title fusion-title-12 fusion-sep-none fusion-title-center fusion-title-text fusion-title-size-three\" style=\"--awb-margin-top:30px;--awb-margin-right:20px;--awb-margin-left:20px;--awb-margin-top-small:30px;--awb-margin-right-small:20px;--awb-margin-left-small:20px;--awb-font-size:30px;\"><h3 class=\"fusion-title-heading title-heading-center\" style=\"margin:0;font-size:1em;line-height:1.3;\"><a href=\"https:\/\/cyclingcambrils.com\/cambrils-ciclista\/\" class=\"awb-custom-text-color awb-custom-text-hover-color\" target=\"_self\">Cambrils, en clave ciclista, por San Sebasti\u00e1n<\/a><\/h3><\/div><div class=\"fusion-content-tb fusion-content-tb-10 extracto\" style=\"--awb-text-color:#222222;--awb-margin-left:30px;--awb-margin-right:30px;--awb-content-alignment:justify;--awb-text-transform:none;\"><p>Cambrils volvi\u00f3 a pedalear m\u00e1s all\u00e1 de su mapa hace unos d\u00edas, esta vez rumbo a San Sebasti\u00e1n, donde la Costa Daurada present\u00f3 su proyecto m\u00e1s ambicioso de los pr\u00f3ximos a\u00f1os: el aterrizaje del Tour de France 2026.<\/p>\n<p>La capital guipuzcoana, con ese aroma constante a ciclismo que ha visto rodar a generaciones enteras, fue el escenario final de un periplo promocional que ya hab\u00eda pasado por Gij\u00f3n, Madrid y Valencia.<\/p>\n<p>El acto, en un espacio emblem\u00e1tico de Donostia, reuni\u00f3 a 77 asistentes de esos que entienden el ciclismo no s\u00f3lo como deporte, sino como cultura: Mujeres en Ruta, gente de Euskaltel, la firma Etxeondo, varios ciclistas profesionales y exprofesionales\u2026 un ecosistema que reconoce de inmediato cuando un territorio se toma en serio eso de invitar al ciclista a descubrirlo sin prisas, a golpe de pedal.<\/p>\n<p>Y ah\u00ed Cambrils se siente c\u00f3modo, casi en casa.<\/p>\n<p><strong>Lleva a\u00f1os empujando su apuesta por el cicloturismo como quien pule una artesan\u00eda<\/strong>: rutas bien pensadas, carreteras que serpentean entre mar y monta\u00f1a, servicios afinados para quien viaja con bicicleta, hoteles que saben qu\u00e9 necesita un ciclista cuando regresa cargado de kil\u00f3metros y silencio en las piernas.<\/p>\n<p>Un destino que ha entendido que el ciclismo no es s\u00f3lo deporte: es una forma de viajar, de ocupar el territorio, de desestacionalizar sin perder identidad.<\/p>\n<p>En San Sebasti\u00e1n, Cambrils jug\u00f3 un papel que fue m\u00e1s all\u00e1 de la foto.<\/p>\n<p>Ofreci\u00f3 apoyo institucional, s\u00ed, pero tambi\u00e9n algo muy suyo: gastronom\u00eda de territorio. El c\u00f3ctel llev\u00f3 sello cambrilense y cada asistente se march\u00f3 con una botella de Aceite de Oliva Virgen Extra de Cambrils, ese peque\u00f1o recordatorio l\u00edquido de que muchas veces el ciclismo \u2014como la cocina\u2014 funciona por matices, por sabores que definen un lugar.<\/p>\n<p>El ciclo de presentaciones ten\u00eda un objetivo claro: <strong>posicionar la Costa Daurada como el \u201cPara\u00edso de las dos ruedas\u201d en el contexto del Tour <\/strong>. No es menor: en 2026, por primera vez, el Tour rodar\u00e1 por estas carreteras.<\/p>\n<p>La etapa del 5 de julio, entre Tarragona y Barcelona, ser\u00e1 un escaparate global, un mapa emocional que millones de aficionados recorrer\u00e1n desde sus pantallas\u2026 y que algunos, despu\u00e9s, querr\u00e1n pedalear.<\/p>\n<p>La cita de San Sebasti\u00e1n, adem\u00e1s, jug\u00f3 con s\u00edmbolos que pesan: el trofeo del Tour y el ic\u00f3nico maillot de l\u00edder de la monta\u00f1a, all\u00ed expuestos, recordaron al p\u00fablico que el ciclismo vive de historias, de objetos que condensan haza\u00f1as y cicatrices. Hubo eco medi\u00e1tico, como era de esperar.<\/p>\n<p>Patricia de Miguel, concejala de Turisme i Promoci\u00f3 Econ\u00f2mica, lo resumi\u00f3 con la claridad de quien sabe hacia d\u00f3nde quiere pedalear el municipio: \u201c<em>Cambrils tiene la oportunidad de presentarse al mundo como destino ciclista de referencia. El Tour 2026 no es s\u00f3lo un evento: es una puerta abierta para mostrar la calidad del territorio, nuestros servicios especializados y una oferta gastron\u00f3mica y tur\u00edstica que nos hace diferentes<\/em>\u201d.<\/p>\n<p>El encuentro dej\u00f3 lo que deja el buen ciclismo: contactos, sinergias, conversaciones que pueden convertirse en rutas, viajes y proyectos. M\u00e1s visibilidad para la Costa Daurada, m\u00e1s proyecci\u00f3n para Cambrils.<\/p>\n<\/div><div class=\"fusion-separator fusion-full-width-sep\" style=\"align-self: center;margin-left: auto;margin-right: auto;margin-top:15px;width:100%;\"><div class=\"fusion-separator-border sep-single sep-solid\" style=\"--awb-height:20px;--awb-amount:20px;--awb-sep-color:#efefef;border-color:#efefef;border-top-width:1px;\"><\/div><\/div><div style=\"text-align:center;\"><a class=\"fusion-button button-flat fusion-button-default-size button-custom fusion-button-default button-10 fusion-button-default-span fusion-button-default-type\" style=\"--button_accent_color:#ff9600;--button_border_color:#ff9600;--button_accent_hover_color:#ffffff;--button_border_hover_color:#ffffff;--button_border_width-top:0px;--button_border_width-right:0px;--button_border_width-bottom:0px;--button_border_width-left:0px;--button-border-radius-top-left:0px;--button-border-radius-top-right:0px;--button-border-radius-bottom-right:0px;--button-border-radius-bottom-left:0px;--button_gradient_top_color:rgba(255,150,0,0);--button_gradient_bottom_color:rgba(255,150,0,0);--button_gradient_top_color_hover:rgba(255,150,0,0);--button_gradient_bottom_color_hover:rgba(255,150,0,0);--button_margin-top:10px;--button_margin-bottom:15px;width:calc(100%);\" target=\"_self\" href=\"https:\/\/cyclingcambrils.com\/cambrils-ciclista\/\"><span class=\"fusion-button-text awb-button__text awb-button__text--default\">Llegir article<\/span><\/a><\/div><\/div><\/li>\n<li class=\"fusion-layout-column fusion_builder_column fusion-builder-column-16 fusion-flex-column post-card fusion-grid-column fusion-post-cards-grid-column\" style=\"--awb-overflow:hidden;--awb-bg-color:#ffffff;--awb-bg-color-hover:#ffffff;--awb-bg-size:cover;--awb-border-color:#efefef;--awb-border-right:1px;--awb-border-bottom:1px;--awb-border-left:1px;--awb-border-style:solid;--awb-border-radius:10px 10px 10px 10px;--awb-flex-grow:0;--awb-flex-shrink:0;--awb-flex-grow-medium:0;--awb-flex-shrink-medium:0;--awb-flex-grow-small:0;--awb-flex-shrink-small:0;\"><div class=\"fusion-column-wrapper fusion-flex-justify-content-flex-start fusion-content-layout-column\"><div class=\"fusion-classic-product-image-wrapper fusion-woo-product-image fusion-post-card-image fusion-post-card-image-1\" data-layout=\"static\"><div  class=\"fusion-image-wrapper\" aria-haspopup=\"true\">\n\t\t\t\t\t\t\t<a href=\"https:\/\/cyclingcambrils.com\/ca\/les-millors-sortides-des-del-parc-del-pescador\/\" aria-label=\"Les millors sortides des del Parc del Pescador\">\n\t\t\t\t\t\t\t<img decoding=\"async\" width=\"900\" height=\"600\" src=\"https:\/\/cyclingcambrils.com\/wp-content\/uploads\/2025\/11\/parc-pescador-1.jpg\" class=\"attachment-full size-full lazyload wp-post-image\" alt=\"\" srcset=\"data:image\/svg+xml,%3Csvg%20xmlns%3D%27http%3A%2F%2Fwww.w3.org%2F2000%2Fsvg%27%20width%3D%27900%27%20height%3D%27600%27%20viewBox%3D%270%200%20900%20600%27%3E%3Crect%20width%3D%27900%27%20height%3D%27600%27%20fill-opacity%3D%220%22%2F%3E%3C%2Fsvg%3E\" data-orig-src=\"https:\/\/cyclingcambrils.com\/wp-content\/uploads\/2025\/11\/parc-pescador-1.jpg\" data-srcset=\"https:\/\/cyclingcambrils.com\/wp-content\/uploads\/2025\/11\/parc-pescador-1-200x133.jpg 200w, https:\/\/cyclingcambrils.com\/wp-content\/uploads\/2025\/11\/parc-pescador-1-400x267.jpg 400w, https:\/\/cyclingcambrils.com\/wp-content\/uploads\/2025\/11\/parc-pescador-1-600x400.jpg 600w, https:\/\/cyclingcambrils.com\/wp-content\/uploads\/2025\/11\/parc-pescador-1-800x533.jpg 800w, https:\/\/cyclingcambrils.com\/wp-content\/uploads\/2025\/11\/parc-pescador-1.jpg 900w\" data-sizes=\"auto\" \/>\t\t\t<\/a>\n\t\t\t\t\t\t\t<\/div>\n<\/div><div class=\"fusion-title title fusion-title-13 fusion-sep-none fusion-title-center fusion-title-text fusion-title-size-three\" style=\"--awb-margin-top:30px;--awb-margin-right:20px;--awb-margin-left:20px;--awb-margin-top-small:30px;--awb-margin-right-small:20px;--awb-margin-left-small:20px;--awb-font-size:30px;\"><h3 class=\"fusion-title-heading title-heading-center\" style=\"margin:0;font-size:1em;line-height:1.3;\"><a href=\"https:\/\/cyclingcambrils.com\/ca\/les-millors-sortides-des-del-parc-del-pescador\/\" class=\"awb-custom-text-color awb-custom-text-hover-color\" target=\"_self\">Les millors sortides des del Parc del Pescador<\/a><\/h3><\/div><div class=\"fusion-content-tb fusion-content-tb-11 extracto\" style=\"--awb-text-color:#222222;--awb-margin-left:30px;--awb-margin-right:30px;--awb-content-alignment:justify;--awb-text-transform:none;\"><p data-start=\"122\" data-end=\"434\">El Gran Parc del Pescador, a Cambrils, \u00e9s un dels espais verds m\u00e9s grans i emblem\u00e0tics de la ciutat, pensat perqu\u00e8 tant els ve\u00efns com els visitants puguin gaudir d\u2019estones de descans i oci. Amb m\u00e9s de 20.000 metres quadrats, \u00e9s un lloc ideal per passejar, relaxar-se o passar el dia amb la fam\u00edlia i els amics.<\/p>\n<p data-start=\"436\" data-end=\"764\">Aquest parc no nom\u00e9s \u00e9s un lloc per respirar aire fresc: tamb\u00e9 \u00e9s un punt de trobada cultural. Disposa d\u2019un auditori i d\u2019una gran pla\u00e7a on es fan concerts, representacions teatrals i tot tipus d\u2019esdeveniments. Aix\u00f2 el converteix en un espai molt vers\u00e0til, on cada cap de setmana hi pot passar alguna cosa diferent i divertida.<\/p>\n<p data-start=\"766\" data-end=\"1144\">Per als m\u00e9s petits, el parc \u00e9s un aut\u00e8ntic parad\u00eds. Hi ha tres \u00e0rees de joc adaptades a diferents edats: una per a nens i nenes de zero a sis anys, una altra per als de dos a deu anys i una \u00faltima per als m\u00e9s grans, de vuit a catorze anys. Aix\u00ed, cada nen pot gaudir de jocs pensats especialment per a la seva edat i nivell, fent que l\u2019experi\u00e8ncia sigui m\u00e9s segura i divertida.<\/p>\n<p data-start=\"1146\" data-end=\"1467\">El parc t\u00e9 cinc entrades diferents, amb diversos camins que connecten totes les zones. A m\u00e9s, hi ha molts racons per descansar i gaudir de la natura: sota l\u2019ombra dels arbres, al costat del petit llac o al jard\u00ed mediterrani. Tot est\u00e0 pensat perqu\u00e8 els visitants es sentin c\u00f2modes i puguin passar-hi hores sense presses.<\/p>\n<p data-start=\"1146\" data-end=\"1467\"><img decoding=\"async\" class=\"lazyload alignnone size-full wp-image-14862\" src=\"https:\/\/cyclingcambrils.com\/wp-content\/uploads\/2025\/11\/parc-pescador.jpg\" data-orig-src=\"https:\/\/cyclingcambrils.com\/wp-content\/uploads\/2025\/11\/parc-pescador.jpg\" alt=\"\" width=\"900\" height=\"600\" srcset=\"data:image\/svg+xml,%3Csvg%20xmlns%3D%27http%3A%2F%2Fwww.w3.org%2F2000%2Fsvg%27%20width%3D%27900%27%20height%3D%27600%27%20viewBox%3D%270%200%20900%20600%27%3E%3Crect%20width%3D%27900%27%20height%3D%27600%27%20fill-opacity%3D%220%22%2F%3E%3C%2Fsvg%3E\" data-srcset=\"https:\/\/cyclingcambrils.com\/wp-content\/uploads\/2025\/11\/parc-pescador-200x133.jpg 200w, https:\/\/cyclingcambrils.com\/wp-content\/uploads\/2025\/11\/parc-pescador-300x200.jpg 300w, https:\/\/cyclingcambrils.com\/wp-content\/uploads\/2025\/11\/parc-pescador-400x267.jpg 400w, https:\/\/cyclingcambrils.com\/wp-content\/uploads\/2025\/11\/parc-pescador-600x400.jpg 600w, https:\/\/cyclingcambrils.com\/wp-content\/uploads\/2025\/11\/parc-pescador-768x512.jpg 768w, https:\/\/cyclingcambrils.com\/wp-content\/uploads\/2025\/11\/parc-pescador-800x533.jpg 800w, https:\/\/cyclingcambrils.com\/wp-content\/uploads\/2025\/11\/parc-pescador.jpg 900w\" data-sizes=\"auto\" data-orig-sizes=\"(max-width: 900px) 100vw, 900px\" \/><\/p>\n<p data-start=\"1469\" data-end=\"1652\">I si tens gana o ganes d\u2019una beguda, hi ha un bar molt agradable, situat a tocar del Patronat de Turisme de Cambrils, on pots fer un descans mentre gaudeixes de les vistes del parc.<\/p>\n<p data-start=\"1654\" data-end=\"1896\">A m\u00e9s, el Gran Parc del Pescador \u00e9s el lloc perfecte per als amants de la bici. \u00c9s el punt ideal per quedar amb els amics i comen\u00e7ar les sortides ciclistes des de Cambrils, preparant les primeres pedalades abans d\u2019agafar carretera o camins.<\/p>\n<p data-start=\"1898\" data-end=\"2275\">En resum, el Gran Parc del Pescador \u00e9s molt m\u00e9s que un parc: \u00e9s un punt de trobada, un lloc per jugar, aprendre, relaxar-se i, per descomptat, comen\u00e7ar aventures en bicicleta. Tant si vens a fer esport, a passejar, a participar en activitats culturals o simplement a gaudir de la natura, aquest espai verd ofereix tot el que necessites per passar un dia fant\u00e0stic a Cambrils.<\/p>\n<\/div><div class=\"fusion-separator fusion-full-width-sep\" style=\"align-self: center;margin-left: auto;margin-right: auto;margin-top:15px;width:100%;\"><div class=\"fusion-separator-border sep-single sep-solid\" style=\"--awb-height:20px;--awb-amount:20px;--awb-sep-color:#efefef;border-color:#efefef;border-top-width:1px;\"><\/div><\/div><div style=\"text-align:center;\"><a class=\"fusion-button button-flat fusion-button-default-size button-custom fusion-button-default button-11 fusion-button-default-span fusion-button-default-type\" style=\"--button_accent_color:#ff9600;--button_border_color:#ff9600;--button_accent_hover_color:#ffffff;--button_border_hover_color:#ffffff;--button_border_width-top:0px;--button_border_width-right:0px;--button_border_width-bottom:0px;--button_border_width-left:0px;--button-border-radius-top-left:0px;--button-border-radius-top-right:0px;--button-border-radius-bottom-right:0px;--button-border-radius-bottom-left:0px;--button_gradient_top_color:rgba(255,150,0,0);--button_gradient_bottom_color:rgba(255,150,0,0);--button_gradient_top_color_hover:rgba(255,150,0,0);--button_gradient_bottom_color_hover:rgba(255,150,0,0);--button_margin-top:10px;--button_margin-bottom:15px;width:calc(100%);\" target=\"_self\" href=\"https:\/\/cyclingcambrils.com\/ca\/les-millors-sortides-des-del-parc-del-pescador\/\"><span class=\"fusion-button-text awb-button__text awb-button__text--default\">Llegir article<\/span><\/a><\/div><\/div><\/li>\n<li class=\"fusion-layout-column fusion_builder_column fusion-builder-column-17 fusion-flex-column post-card fusion-grid-column fusion-post-cards-grid-column\" style=\"--awb-overflow:hidden;--awb-bg-color:#ffffff;--awb-bg-color-hover:#ffffff;--awb-bg-size:cover;--awb-border-color:#efefef;--awb-border-right:1px;--awb-border-bottom:1px;--awb-border-left:1px;--awb-border-style:solid;--awb-border-radius:10px 10px 10px 10px;--awb-flex-grow:0;--awb-flex-shrink:0;--awb-flex-grow-medium:0;--awb-flex-shrink-medium:0;--awb-flex-grow-small:0;--awb-flex-shrink-small:0;\"><div class=\"fusion-column-wrapper fusion-flex-justify-content-flex-start fusion-content-layout-column\"><div class=\"fusion-classic-product-image-wrapper fusion-woo-product-image fusion-post-card-image fusion-post-card-image-1\" data-layout=\"static\"><div  class=\"fusion-image-wrapper\" aria-haspopup=\"true\">\n\t\t\t\t\t\t\t<a href=\"https:\/\/cyclingcambrils.com\/ca\/el-millor-ciclisme-internacional-torna-a-la-costa-daurada\/\" aria-label=\"El millor ciclisme internacional torna a la Costa Daurada\">\n\t\t\t\t\t\t\t<img decoding=\"async\" width=\"900\" height=\"599\" src=\"https:\/\/cyclingcambrils.com\/wp-content\/uploads\/2025\/11\/Volta-Costa-Daurada-Cambrils.jpg\" class=\"attachment-full size-full lazyload wp-post-image\" alt=\"\" srcset=\"data:image\/svg+xml,%3Csvg%20xmlns%3D%27http%3A%2F%2Fwww.w3.org%2F2000%2Fsvg%27%20width%3D%27900%27%20height%3D%27599%27%20viewBox%3D%270%200%20900%20599%27%3E%3Crect%20width%3D%27900%27%20height%3D%27599%27%20fill-opacity%3D%220%22%2F%3E%3C%2Fsvg%3E\" data-orig-src=\"https:\/\/cyclingcambrils.com\/wp-content\/uploads\/2025\/11\/Volta-Costa-Daurada-Cambrils.jpg\" data-srcset=\"https:\/\/cyclingcambrils.com\/wp-content\/uploads\/2025\/11\/Volta-Costa-Daurada-Cambrils-200x133.jpg 200w, https:\/\/cyclingcambrils.com\/wp-content\/uploads\/2025\/11\/Volta-Costa-Daurada-Cambrils-400x266.jpg 400w, https:\/\/cyclingcambrils.com\/wp-content\/uploads\/2025\/11\/Volta-Costa-Daurada-Cambrils-600x399.jpg 600w, https:\/\/cyclingcambrils.com\/wp-content\/uploads\/2025\/11\/Volta-Costa-Daurada-Cambrils-800x532.jpg 800w, https:\/\/cyclingcambrils.com\/wp-content\/uploads\/2025\/11\/Volta-Costa-Daurada-Cambrils.jpg 900w\" data-sizes=\"auto\" \/>\t\t\t<\/a>\n\t\t\t\t\t\t\t<\/div>\n<\/div><div class=\"fusion-title title fusion-title-14 fusion-sep-none fusion-title-center fusion-title-text fusion-title-size-three\" style=\"--awb-margin-top:30px;--awb-margin-right:20px;--awb-margin-left:20px;--awb-margin-top-small:30px;--awb-margin-right-small:20px;--awb-margin-left-small:20px;--awb-font-size:30px;\"><h3 class=\"fusion-title-heading title-heading-center\" style=\"margin:0;font-size:1em;line-height:1.3;\"><a href=\"https:\/\/cyclingcambrils.com\/ca\/el-millor-ciclisme-internacional-torna-a-la-costa-daurada\/\" class=\"awb-custom-text-color awb-custom-text-hover-color\" target=\"_self\">El millor ciclisme internacional torna a la Costa Daurada<\/a><\/h3><\/div><div class=\"fusion-content-tb fusion-content-tb-12 extracto\" style=\"--awb-text-color:#222222;--awb-margin-left:30px;--awb-margin-right:30px;--awb-content-alignment:justify;--awb-text-transform:none;\"><p data-start=\"119\" data-end=\"621\">La <strong data-start=\"122\" data-end=\"178\">Costa Daurada tornar\u00e0 a ser terreny ciclista el 2026<\/strong>. La 105a edici\u00f3 de la Volta Ciclista a Catalunya comptar\u00e0 amb una etapa \u00edntegrament per les comarques d\u2019aquesta zona, un territori que combina platges, interior muntany\u00f3s i carreteres ideals per a la bicicleta. La sortida es far\u00e0 des de <strong data-start=\"416\" data-end=\"438\">Mont-roig del Camp<\/strong>, amb un final a <strong data-start=\"455\" data-end=\"468\">Vila-seca<\/strong>, tot i que el m\u00e9s important no s\u00f3n els municipis concrets, sin\u00f3 la regi\u00f3 en si: els seus paisatges i carreteres s\u00f3n perfectes per gaudir del ciclisme.<\/p>\n<p data-start=\"623\" data-end=\"1038\">Fa tres anys, una etapa amb <strong data-start=\"651\" data-end=\"671\">final a Cambrils<\/strong> va oferir un dels dies m\u00e9s memorables de la Volta: <strong data-start=\"723\" data-end=\"759\">Richard Carapaz i Sergio Higuita<\/strong> van protagonitzar una escapada hist\u00f2rica, recorrent paratges com Prades, el Coll de la Teixeta, Capafonts o la Mussara. Aquell dia va quedar clar que la Costa Daurada no \u00e9s nom\u00e9s mar i platja, sin\u00f3 tamb\u00e9 interior muntany\u00f3s i carreteres amb tot el que un ciclista pot desitjar.<\/p>\n<p data-start=\"1040\" data-end=\"1403\">Aquest 2026, la Volta tornar\u00e0 a rec\u00f3rrer la Costa Daurada, encara que l\u2019etapa no passar\u00e0 exactament per Cambrils, per\u00f2 s\u00ed molt a prop, deixant pal\u00e8s que la zona continua sent un <strong data-start=\"1218\" data-end=\"1250\">dest\u00ed pioner en cicloturisme<\/strong>. Els seus paisatges, el clima agradable i la combinaci\u00f3 de mar i muntanya fan que tota la regi\u00f3 sigui ideal per a rutes ciclistes de qualsevol nivell.<\/p>\n<p data-start=\"1405\" data-end=\"1911\">Cambrils, integrat a la Costa Daurada, \u00e9s un bon exemple d\u2019aix\u00f2: els seus voltants ofereixen carreteres tranquil\u00b7les, vistes espectaculars i racons perfectes per pedalar, fruit d\u2019un territori que ha apostat pel cicloturisme i que ha desenvolupat infraestructures i serveis adaptats a qui gaudeix de la bici. Per ara, <strong data-start=\"1722\" data-end=\"1781\">encara no es coneix el recorregut de la Vuelta a Espa\u00f1a<\/strong>, per\u00f2 tot apunta que la Costa Daurada podria tornar a acollir una altra gran cita del ciclisme professional en un futur proper.<\/p>\n<\/div><div class=\"fusion-separator fusion-full-width-sep\" style=\"align-self: center;margin-left: auto;margin-right: auto;margin-top:15px;width:100%;\"><div class=\"fusion-separator-border sep-single sep-solid\" style=\"--awb-height:20px;--awb-amount:20px;--awb-sep-color:#efefef;border-color:#efefef;border-top-width:1px;\"><\/div><\/div><div style=\"text-align:center;\"><a class=\"fusion-button button-flat fusion-button-default-size button-custom fusion-button-default button-12 fusion-button-default-span fusion-button-default-type\" style=\"--button_accent_color:#ff9600;--button_border_color:#ff9600;--button_accent_hover_color:#ffffff;--button_border_hover_color:#ffffff;--button_border_width-top:0px;--button_border_width-right:0px;--button_border_width-bottom:0px;--button_border_width-left:0px;--button-border-radius-top-left:0px;--button-border-radius-top-right:0px;--button-border-radius-bottom-right:0px;--button-border-radius-bottom-left:0px;--button_gradient_top_color:rgba(255,150,0,0);--button_gradient_bottom_color:rgba(255,150,0,0);--button_gradient_top_color_hover:rgba(255,150,0,0);--button_gradient_bottom_color_hover:rgba(255,150,0,0);--button_margin-top:10px;--button_margin-bottom:15px;width:calc(100%);\" target=\"_self\" href=\"https:\/\/cyclingcambrils.com\/ca\/el-millor-ciclisme-internacional-torna-a-la-costa-daurada\/\"><span class=\"fusion-button-text awb-button__text awb-button__text--default\">Llegir article<\/span><\/a><\/div><\/div><\/li>\n<\/ul><\/div><\/div><\/div><\/div><\/div><\/p>\n","protected":false},"excerpt":{"rendered":"","protected":false},"author":20,"featured_media":0,"parent":0,"menu_order":0,"comment_status":"closed","ping_status":"closed","template":"100-width.php","meta":{"_acf_changed":false,"footnotes":""},"class_list":["post-5725","page","type-page","status-publish","hentry"],"acf":[],"yoast_head":"<!-- This site is optimized with the Yoast SEO plugin v27.4 - https:\/\/yoast.com\/product\/yoast-seo-wordpress\/ -->\n<title>Blog - Cambrils Cycling Paradise<\/title>\n<meta name=\"robots\" content=\"index, follow, max-snippet:-1, max-image-preview:large, max-video-preview:-1\" \/>\n<link rel=\"canonical\" href=\"https:\/\/cyclingcambrils.com\/ca\/blog\/\" \/>\n<meta property=\"og:locale\" content=\"ca_ES\" \/>\n<meta property=\"og:type\" content=\"article\" \/>\n<meta property=\"og:title\" content=\"Blog - Cambrils Cycling Paradise\" \/>\n<meta property=\"og:url\" content=\"https:\/\/cyclingcambrils.com\/ca\/blog\/\" \/>\n<meta property=\"og:site_name\" content=\"Cambrils Cycling Paradise\" \/>\n<meta property=\"article:publisher\" content=\"https:\/\/www.facebook.com\/CambrilsTurisme\/\" \/>\n<meta property=\"article:modified_time\" content=\"2023-03-17T12:55:17+00:00\" \/>\n<meta name=\"twitter:card\" content=\"summary_large_image\" \/>\n<meta name=\"twitter:label1\" content=\"Temps estimat de lectura\" \/>\n\t<meta name=\"twitter:data1\" content=\"8 minuts\" \/>\n<script type=\"application\/ld+json\" class=\"yoast-schema-graph\">{\"@context\":\"https:\\\/\\\/schema.org\",\"@graph\":[{\"@type\":\"WebPage\",\"@id\":\"https:\\\/\\\/cyclingcambrils.com\\\/ca\\\/blog\\\/\",\"url\":\"https:\\\/\\\/cyclingcambrils.com\\\/ca\\\/blog\\\/\",\"name\":\"Blog - Cambrils Cycling Paradise\",\"isPartOf\":{\"@id\":\"https:\\\/\\\/cyclingcambrils.com\\\/ca\\\/#website\"},\"datePublished\":\"2021-10-01T17:02:05+00:00\",\"dateModified\":\"2023-03-17T12:55:17+00:00\",\"breadcrumb\":{\"@id\":\"https:\\\/\\\/cyclingcambrils.com\\\/ca\\\/blog\\\/#breadcrumb\"},\"inLanguage\":\"ca\",\"potentialAction\":[{\"@type\":\"ReadAction\",\"target\":[\"https:\\\/\\\/cyclingcambrils.com\\\/ca\\\/blog\\\/\"]}]},{\"@type\":\"BreadcrumbList\",\"@id\":\"https:\\\/\\\/cyclingcambrils.com\\\/ca\\\/blog\\\/#breadcrumb\",\"itemListElement\":[{\"@type\":\"ListItem\",\"position\":1,\"name\":\"Portada\",\"item\":\"https:\\\/\\\/cyclingcambrils.com\\\/ca\\\/\"},{\"@type\":\"ListItem\",\"position\":2,\"name\":\"Blog\"}]},{\"@type\":\"WebSite\",\"@id\":\"https:\\\/\\\/cyclingcambrils.com\\\/ca\\\/#website\",\"url\":\"https:\\\/\\\/cyclingcambrils.com\\\/ca\\\/\",\"name\":\"Cambrils Cycling Paradise\",\"description\":\"Descubre el para\u00edso del ciclista\",\"publisher\":{\"@id\":\"https:\\\/\\\/cyclingcambrils.com\\\/ca\\\/#organization\"},\"potentialAction\":[{\"@type\":\"SearchAction\",\"target\":{\"@type\":\"EntryPoint\",\"urlTemplate\":\"https:\\\/\\\/cyclingcambrils.com\\\/ca\\\/?s={search_term_string}\"},\"query-input\":{\"@type\":\"PropertyValueSpecification\",\"valueRequired\":true,\"valueName\":\"search_term_string\"}}],\"inLanguage\":\"ca\"},{\"@type\":\"Organization\",\"@id\":\"https:\\\/\\\/cyclingcambrils.com\\\/ca\\\/#organization\",\"name\":\"Cambrils Cycling Paradise\",\"url\":\"https:\\\/\\\/cyclingcambrils.com\\\/ca\\\/\",\"logo\":{\"@type\":\"ImageObject\",\"inLanguage\":\"ca\",\"@id\":\"https:\\\/\\\/cyclingcambrils.com\\\/ca\\\/#\\\/schema\\\/logo\\\/image\\\/\",\"url\":\"https:\\\/\\\/cyclingcambrils.com\\\/wp-content\\\/uploads\\\/2023\\\/04\\\/logo-cambrils-cycling-paradise.png\",\"contentUrl\":\"https:\\\/\\\/cyclingcambrils.com\\\/wp-content\\\/uploads\\\/2023\\\/04\\\/logo-cambrils-cycling-paradise.png\",\"width\":600,\"height\":196,\"caption\":\"Cambrils Cycling Paradise\"},\"image\":{\"@id\":\"https:\\\/\\\/cyclingcambrils.com\\\/ca\\\/#\\\/schema\\\/logo\\\/image\\\/\"},\"sameAs\":[\"https:\\\/\\\/www.facebook.com\\\/CambrilsTurisme\\\/\",\"https:\\\/\\\/www.instagram.com\\\/cambrilsturisme\"]}]}<\/script>\n<!-- \/ Yoast SEO plugin. -->","yoast_head_json":{"title":"Blog - Cambrils Cycling Paradise","robots":{"index":"index","follow":"follow","max-snippet":"max-snippet:-1","max-image-preview":"max-image-preview:large","max-video-preview":"max-video-preview:-1"},"canonical":"https:\/\/cyclingcambrils.com\/ca\/blog\/","og_locale":"ca_ES","og_type":"article","og_title":"Blog - Cambrils Cycling Paradise","og_url":"https:\/\/cyclingcambrils.com\/ca\/blog\/","og_site_name":"Cambrils Cycling Paradise","article_publisher":"https:\/\/www.facebook.com\/CambrilsTurisme\/","article_modified_time":"2023-03-17T12:55:17+00:00","twitter_card":"summary_large_image","twitter_misc":{"Temps estimat de lectura":"8 minuts"},"schema":{"@context":"https:\/\/schema.org","@graph":[{"@type":"WebPage","@id":"https:\/\/cyclingcambrils.com\/ca\/blog\/","url":"https:\/\/cyclingcambrils.com\/ca\/blog\/","name":"Blog - Cambrils Cycling Paradise","isPartOf":{"@id":"https:\/\/cyclingcambrils.com\/ca\/#website"},"datePublished":"2021-10-01T17:02:05+00:00","dateModified":"2023-03-17T12:55:17+00:00","breadcrumb":{"@id":"https:\/\/cyclingcambrils.com\/ca\/blog\/#breadcrumb"},"inLanguage":"ca","potentialAction":[{"@type":"ReadAction","target":["https:\/\/cyclingcambrils.com\/ca\/blog\/"]}]},{"@type":"BreadcrumbList","@id":"https:\/\/cyclingcambrils.com\/ca\/blog\/#breadcrumb","itemListElement":[{"@type":"ListItem","position":1,"name":"Portada","item":"https:\/\/cyclingcambrils.com\/ca\/"},{"@type":"ListItem","position":2,"name":"Blog"}]},{"@type":"WebSite","@id":"https:\/\/cyclingcambrils.com\/ca\/#website","url":"https:\/\/cyclingcambrils.com\/ca\/","name":"Cambrils Cycling Paradise","description":"Descubre el para\u00edso del ciclista","publisher":{"@id":"https:\/\/cyclingcambrils.com\/ca\/#organization"},"potentialAction":[{"@type":"SearchAction","target":{"@type":"EntryPoint","urlTemplate":"https:\/\/cyclingcambrils.com\/ca\/?s={search_term_string}"},"query-input":{"@type":"PropertyValueSpecification","valueRequired":true,"valueName":"search_term_string"}}],"inLanguage":"ca"},{"@type":"Organization","@id":"https:\/\/cyclingcambrils.com\/ca\/#organization","name":"Cambrils Cycling Paradise","url":"https:\/\/cyclingcambrils.com\/ca\/","logo":{"@type":"ImageObject","inLanguage":"ca","@id":"https:\/\/cyclingcambrils.com\/ca\/#\/schema\/logo\/image\/","url":"https:\/\/cyclingcambrils.com\/wp-content\/uploads\/2023\/04\/logo-cambrils-cycling-paradise.png","contentUrl":"https:\/\/cyclingcambrils.com\/wp-content\/uploads\/2023\/04\/logo-cambrils-cycling-paradise.png","width":600,"height":196,"caption":"Cambrils Cycling Paradise"},"image":{"@id":"https:\/\/cyclingcambrils.com\/ca\/#\/schema\/logo\/image\/"},"sameAs":["https:\/\/www.facebook.com\/CambrilsTurisme\/","https:\/\/www.instagram.com\/cambrilsturisme"]}]}},"_links":{"self":[{"href":"https:\/\/cyclingcambrils.com\/ca\/wp-json\/wp\/v2\/pages\/5725","targetHints":{"allow":["GET"]}}],"collection":[{"href":"https:\/\/cyclingcambrils.com\/ca\/wp-json\/wp\/v2\/pages"}],"about":[{"href":"https:\/\/cyclingcambrils.com\/ca\/wp-json\/wp\/v2\/types\/page"}],"author":[{"embeddable":true,"href":"https:\/\/cyclingcambrils.com\/ca\/wp-json\/wp\/v2\/users\/20"}],"replies":[{"embeddable":true,"href":"https:\/\/cyclingcambrils.com\/ca\/wp-json\/wp\/v2\/comments?post=5725"}],"version-history":[{"count":1,"href":"https:\/\/cyclingcambrils.com\/ca\/wp-json\/wp\/v2\/pages\/5725\/revisions"}],"predecessor-version":[{"id":5729,"href":"https:\/\/cyclingcambrils.com\/ca\/wp-json\/wp\/v2\/pages\/5725\/revisions\/5729"}],"wp:attachment":[{"href":"https:\/\/cyclingcambrils.com\/ca\/wp-json\/wp\/v2\/media?parent=5725"}],"curies":[{"name":"wp","href":"https:\/\/api.w.org\/{rel}","templated":true}]}}