{"id":5741,"date":"2021-09-14T15:31:15","date_gmt":"2021-09-14T15:31:15","guid":{"rendered":"https:\/\/cyclingcambrils.com\/cambrils-cycling-paradise\/"},"modified":"2026-03-04T20:35:29","modified_gmt":"2026-03-04T20:35:29","slug":"cambrils-cycling-paradise","status":"publish","type":"page","link":"https:\/\/cyclingcambrils.com\/en\/","title":{"rendered":"Cambrils Cycling Paradise"},"content":{"rendered":"<p><section class=\"fusion-fullwidth fullwidth-box fusion-builder-row-1 fusion-flex-container fusion-parallax-fixed hundred-percent-fullwidth hundred-percent-height hundred-percent-height-center-content non-hundred-percent-height-scrolling\" style=\"--awb-border-radius-top-left:0px;--awb-border-radius-top-right:0px;--awb-border-radius-bottom-right:0px;--awb-border-radius-bottom-left:0px;--awb-padding-top-small:0px;--awb-margin-top-small:0px;--awb-background-color:#01749e;--awb-background-image:url(&quot;https:\/\/cyclingcambrils.com\/wp-content\/uploads\/2022\/03\/Recurso-4-1.jpg&quot;);--awb-background-size:cover;--awb-flex-wrap:wrap;background-attachment:fixed;\" data-preload-img=\"https:\/\/cyclingcambrils.com\/wp-content\/uploads\/2022\/03\/Recurso-4-1.jpg\" ><div class=\"fusion-builder-row fusion-row fusion-flex-align-items-flex-start fusion-flex-align-content-center fusion-flex-justify-content-center fusion-flex-content-wrap\" style=\"width:104% !important;max-width:104% !important;margin-left: calc(-4% \/ 2 );margin-right: calc(-4% \/ 2 );\"><div class=\"fusion-layout-column fusion_builder_column fusion-builder-column-0 fusion_builder_column_2_3 2_3 fusion-flex-column\" style=\"--awb-padding-right:120px;--awb-padding-bottom:60px;--awb-padding-left:111px;--awb-padding-right-medium:0px;--awb-padding-left-medium:0px;--awb-padding-top-small:26px;--awb-padding-bottom-small:82px;--awb-bg-size:cover;--awb-width-large:66.666666666667%;--awb-margin-top-large:0px;--awb-spacing-right-large:2.88%;--awb-margin-bottom-large:31px;--awb-spacing-left-large:2.88%;--awb-width-medium:80%;--awb-order-medium:0;--awb-spacing-right-medium:2.4%;--awb-spacing-left-medium:2.4%;--awb-width-small:100%;--awb-order-small:0;--awb-spacing-right-small:1.92%;--awb-margin-bottom-small:0px;--awb-spacing-left-small:1.92%;\"><div class=\"fusion-column-wrapper fusion-column-has-shadow fusion-flex-justify-content-flex-start fusion-content-layout-column\"><div class=\"fusion-title title fusion-title-1 fusion-sep-none fusion-title-center fusion-title-text fusion-title-size-one\" style=\"--awb-text-color:#ffffff;--awb-margin-bottom:85px;--awb-margin-bottom-small:24px;--awb-font-size:50px;\"><h1 class=\"fusion-title-heading title-heading-center\" style=\"font-family:&quot;Montserrat&quot;;font-style:normal;font-weight:800;margin:0;text-transform:uppercase;font-size:1em;\">Hello, cyclist!<\/h1><\/div><div class=\"fusion-text fusion-text-1 fusion-text-no-margin\" style=\"--awb-font-size:20px;--awb-text-transform:none;--awb-text-color:#ffffff;--awb-margin-right:40px;--awb-margin-bottom:70px;--awb-margin-left:40px;\"><p style=\"text-align: center;\">Whether you&#8217;re an occasional or professional cyclist, into road or mountain biking, <strong>Cambrils<\/strong> is your paradise.<\/p>\n<\/div><div class=\"fusion-builder-row fusion-builder-row-inner fusion-row fusion-flex-align-items-flex-start fusion-flex-align-content-center fusion-flex-justify-content-center fusion-flex-content-wrap\" style=\"width:104% !important;max-width:104% !important;margin-left: calc(-4% \/ 2 );margin-right: calc(-4% \/ 2 );\"><div class=\"fusion-layout-column fusion_builder_column_inner fusion-builder-nested-column-0 fusion_builder_column_inner_1_2 1_2 fusion-flex-column\" style=\"--awb-bg-size:cover;--awb-width-large:50%;--awb-margin-top-large:0px;--awb-spacing-right-large:3.84%;--awb-margin-bottom-large:20px;--awb-spacing-left-large:3.84%;--awb-width-medium:50%;--awb-order-medium:0;--awb-spacing-right-medium:3.84%;--awb-spacing-left-medium:3.84%;--awb-width-small:100%;--awb-order-small:0;--awb-spacing-right-small:1.92%;--awb-spacing-left-small:1.92%;\"><div class=\"fusion-column-wrapper fusion-column-has-shadow fusion-flex-justify-content-flex-start fusion-content-layout-column\"><\/div><\/div><div class=\"fusion-layout-column fusion_builder_column_inner fusion-builder-nested-column-1 fusion_builder_column_inner_1_2 1_2 fusion-flex-column\" style=\"--awb-bg-size:cover;--awb-width-large:50%;--awb-margin-top-large:0px;--awb-spacing-right-large:3.84%;--awb-margin-bottom-large:20px;--awb-spacing-left-large:3.84%;--awb-width-medium:50%;--awb-order-medium:0;--awb-spacing-right-medium:3.84%;--awb-spacing-left-medium:3.84%;--awb-width-small:100%;--awb-order-small:0;--awb-spacing-right-small:1.92%;--awb-spacing-left-small:1.92%;\"><div class=\"fusion-column-wrapper fusion-column-has-shadow fusion-flex-justify-content-flex-start fusion-content-layout-column\"><\/div><\/div><\/div><div class=\"fusion-builder-row fusion-builder-row-inner fusion-row fusion-flex-align-items-flex-start fusion-flex-align-content-center fusion-flex-justify-content-center fusion-flex-content-wrap\" style=\"width:104% !important;max-width:104% !important;margin-left: calc(-4% \/ 2 );margin-right: calc(-4% \/ 2 );\"><div class=\"fusion-layout-column fusion_builder_column_inner fusion-builder-nested-column-2 fusion_builder_column_inner_1_1 1_1 fusion-flex-column fusion-flex-align-self-center botones-principal\" style=\"--awb-padding-right-medium:92px;--awb-padding-left-medium:148px;--awb-padding-right-small:0px;--awb-padding-left-small:1px;--awb-bg-size:cover;--awb-width-large:100%;--awb-margin-top-large:0px;--awb-spacing-right-large:0%;--awb-margin-bottom-large:0px;--awb-spacing-left-large:0%;--awb-width-medium:100%;--awb-order-medium:0;--awb-spacing-right-medium:0%;--awb-spacing-left-medium:0%;--awb-width-small:100%;--awb-order-small:0;--awb-spacing-right-small:1.92%;--awb-spacing-left-small:1.92%;\"><div class=\"fusion-column-wrapper fusion-column-has-shadow fusion-flex-justify-content-center fusion-content-layout-column\"><div style=\"text-align:center;\"><a class=\"fusion-button button-flat button-xlarge button-custom fusion-button-default button-1 fusion-button-span-no fusion-button-default-type\" style=\"--button_accent_color:#ffffff;--button_accent_hover_color:#ffffff;--button_border_hover_color:#ffffff;--button_gradient_top_color:#ff9800;--button_gradient_bottom_color:#ff9800;--button_gradient_top_color_hover:#eeeeee;--button_gradient_bottom_color_hover:#eeeeee;--button_margin-right:0px;--button_margin-bottom:10px;--button_margin-left:0px;\" target=\"_self\" title=\"Specialized hotels\" aria-label=\"Specialized hotels\" href=\"https:\/\/cyclingcambrils.com\/en\/cambrils-ideal-cycling-destination-for-groups\/\"><span class=\"fusion-button-text awb-button__text awb-button__text--default\">Find out why<\/span><\/a><\/div><div style=\"text-align:center;\"><a class=\"fusion-button button-flat button-xlarge button-custom fusion-button-default button-2 fusion-button-span-no \" style=\"--button_accent_color:#222222;--button_border_color:rgba(255,255,255,0);--button_accent_hover_color:#ffffff;--button_border_hover_color:#ffffff;--button_border_width-top:0px;--button_border_width-right:0px;--button_border_width-bottom:0px;--button_border_width-left:0px;--button_gradient_top_color:#ffffff;--button_gradient_bottom_color:#ffffff;--button_gradient_top_color_hover:#ff9800;--button_gradient_bottom_color_hover:#ff9800;--button_margin-right:0px;--button_margin-left:0px;\" target=\"_self\" title=\"Directory\" aria-label=\"Directory\" href=\"#rutas\"><span class=\"fusion-button-text awb-button__text awb-button__text--default\">Get amazed with our routes<\/span><\/a><\/div><\/div><\/div><\/div><\/div><\/div><\/div><\/section><div class=\"fusion-fullwidth fullwidth-box fusion-builder-row-2 fusion-flex-container nonhundred-percent-fullwidth non-hundred-percent-height-scrolling fusion-no-small-visibility\" style=\"--awb-border-radius-top-left:0px;--awb-border-radius-top-right:0px;--awb-border-radius-bottom-right:0px;--awb-border-radius-bottom-left:0px;--awb-padding-top:50px;--awb-padding-bottom:70px;--awb-padding-top-small:0px;--awb-margin-top:0px;--awb-background-color:#ff9600;--awb-flex-wrap:wrap;\" ><div class=\"fusion-builder-row fusion-row fusion-flex-align-items-flex-start fusion-flex-content-wrap\" style=\"max-width:1393.6px;margin-left: calc(-4% \/ 2 );margin-right: calc(-4% \/ 2 );\"><div class=\"fusion-layout-column fusion_builder_column fusion-builder-column-1 fusion_builder_column_1_1 1_1 fusion-flex-column\" style=\"--awb-padding-right:200px;--awb-padding-left:200px;--awb-padding-right-medium:100px;--awb-padding-left-medium:100px;--awb-padding-right-small:20px;--awb-padding-left-small:20px;--awb-bg-size:cover;--awb-width-large:100%;--awb-margin-top-large:0px;--awb-spacing-right-large:1.92%;--awb-margin-bottom-large:0px;--awb-spacing-left-large:1.92%;--awb-width-medium:100%;--awb-order-medium:0;--awb-spacing-right-medium:1.92%;--awb-spacing-left-medium:1.92%;--awb-width-small:100%;--awb-order-small:0;--awb-spacing-right-small:1.92%;--awb-spacing-left-small:1.92%;\"><div class=\"fusion-column-wrapper fusion-column-has-shadow fusion-flex-justify-content-flex-start fusion-content-layout-column\"><div class=\"fusion-image-element fusion-no-small-visibility\" style=\"text-align:center;--awb-margin-top:20px;--awb-margin-bottom:55px;--awb-max-width:250px;--awb-caption-title-font-family:var(--h2_typography-font-family);--awb-caption-title-font-weight:var(--h2_typography-font-weight);--awb-caption-title-font-style:var(--h2_typography-font-style);--awb-caption-title-size:var(--h2_typography-font-size);--awb-caption-title-transform:var(--h2_typography-text-transform);--awb-caption-title-line-height:var(--h2_typography-line-height);--awb-caption-title-letter-spacing:var(--h2_typography-letter-spacing);\"><span class=\" fusion-imageframe imageframe-none imageframe-1 hover-type-none\"><img decoding=\"async\" width=\"961\" height=\"313\" title=\"logo blanco\" src=\"data:image\/svg+xml,%3Csvg%20xmlns%3D%27http%3A%2F%2Fwww.w3.org%2F2000%2Fsvg%27%20width%3D%27961%27%20height%3D%27313%27%20viewBox%3D%270%200%20961%20313%27%3E%3Crect%20width%3D%27961%27%20height%3D%27313%27%20fill-opacity%3D%220%22%2F%3E%3C%2Fsvg%3E\" data-orig-src=\"https:\/\/cyclingcambrils.com\/wp-content\/uploads\/2021\/12\/logo-blanco.svg\" alt class=\"lazyload img-responsive wp-image-4444\"\/><\/span><\/div><div class=\"fusion-title title fusion-title-2 fusion-sep-none fusion-title-center fusion-title-text fusion-title-size-two\" style=\"--awb-text-color:#ffffff;--awb-font-size:35px;\"><h2 class=\"fusion-title-heading title-heading-center\" style=\"margin:0;font-size:1em;\">Do you know why Cambrils is an ideal destination for your cycling vacations?<\/h2><\/div><div class=\"fusion-title title fusion-title-3 fusion-sep-none fusion-title-center fusion-title-text fusion-title-size-four\" style=\"--awb-text-color:#ffffff;--awb-font-size:22px;\"><h4 class=\"fusion-title-heading title-heading-center\" style=\"margin:0;font-size:1em;line-height:1.5em;\">Hundreds of routes for all levels and tastes, quality infrastructure, specialized lodging and much more.<\/h4><\/div><\/div><\/div><\/div><\/div>\n<br \/>\n<div class=\"fusion-fullwidth fullwidth-box fusion-builder-row-3 fusion-flex-container nonhundred-percent-fullwidth non-hundred-percent-height-scrolling\" style=\"--awb-border-radius-top-left:0px;--awb-border-radius-top-right:0px;--awb-border-radius-bottom-right:0px;--awb-border-radius-bottom-left:0px;--awb-padding-top:0px;--awb-padding-bottom:36px;--awb-padding-top-small:42px;--awb-margin-top:0px;--awb-margin-bottom:0px;--awb-background-image:linear-gradient(180deg, #ff9600 100%,#ffffff 80%);--awb-flex-wrap:wrap;\" ><div class=\"fusion-builder-row fusion-row fusion-flex-align-items-stretch fusion-flex-content-wrap\" style=\"max-width:1393.6px;margin-left: calc(-4% \/ 2 );margin-right: calc(-4% \/ 2 );\"><div class=\"fusion-layout-column fusion_builder_column fusion-builder-column-2 fusion_builder_column_1_4 1_4 fusion-flex-column fusion-column-inner-bg-wrapper fusion-column-liftup-border\" style=\"--awb-padding-top:50.76400000000001px;--awb-padding-right:20px;--awb-padding-bottom:1vw;--awb-padding-left:20px;--awb-padding-right-medium:30px;--awb-padding-bottom-medium:6px;--awb-padding-left-medium:30px;--awb-padding-top-small:134.764px;--awb-padding-right-small:6vw;--awb-padding-bottom-small:6.98611px;--awb-padding-left-small:6vw;--awb-overflow:hidden;--awb-inner-bg-image:linear-gradient(0deg, #000000 0%,rgba(0,0,0,0) 100%);;--awb-inner-bg-position:center center;--awb-inner-bg-size:cover;--awb-border-radius:10px 10px 10px 10px;--awb-liftup-border-radius:10px 10px 10px 10px;--awb-width-large:25%;--awb-margin-top-large:0px;--awb-spacing-right-large:7.68%;--awb-margin-bottom-large:20px;--awb-spacing-left-large:7.68%;--awb-width-medium:50%;--awb-order-medium:0;--awb-spacing-right-medium:3.84%;--awb-spacing-left-medium:3.84%;--awb-width-small:100%;--awb-order-small:0;--awb-spacing-right-small:1.92%;--awb-spacing-left-small:1.92%;\"><span class=\"fusion-column-inner-bg hover-type-liftup\"><a class=\"fusion-column-anchor\" href=\"https:\/\/cyclingcambrils.com\/en\/cycling-experiences\/\" aria-label=\"Instructors\"><span class=\"fusion-column-inner-bg-image lazyload\" data-bg=\"https:\/\/cyclingcambrils.com\/wp-content\/uploads\/2023\/02\/IMG8979-scaled-700x480-1.jpeg\" data-bg-gradient=\"linear-gradient(0deg, #000000 0%,rgba(0,0,0,0) 100%)\"><\/span><\/a><\/span><div class=\"fusion-column-wrapper fusion-flex-justify-content-flex-end fusion-content-layout-column fusion-column-has-bg-image\" data-bg-url=\"https:\/\/cyclingcambrils.com\/wp-content\/uploads\/2023\/02\/IMG8979-scaled-700x480-1.jpeg\"><div class=\"fusion-title title fusion-title-4 fusion-sep-none fusion-title-text fusion-title-size-three\" style=\"--awb-text-color:#ffffff;--awb-margin-top:0px;--awb-margin-bottom:10px;--awb-font-size:1.7em;\"><h3 class=\"fusion-title-heading title-heading-left\" style=\"font-family:&quot;Montserrat&quot;;font-style:normal;font-weight:800;margin:0;font-size:1em;line-height:1.2em;\">EXPERIENCES<\/h3><\/div><div class=\"fusion-separator fusion-full-width-sep\" style=\"align-self: center;margin-left: auto;margin-right: auto;margin-top:25px;margin-bottom:20px;width:100%;\"><div class=\"fusion-separator-border sep-single sep-solid\" style=\"--awb-height:20px;--awb-amount:20px;--awb-sep-color:#555555;border-color:#555555;border-top-width:1px;\"><\/div><\/div><div class=\"fusion-builder-row fusion-builder-row-inner fusion-row fusion-flex-align-items-stretch fusion-flex-content-wrap\" style=\"width:104% !important;max-width:104% !important;margin-left: calc(-4% \/ 2 );margin-right: calc(-4% \/ 2 );\"><div class=\"fusion-layout-column fusion_builder_column_inner fusion-builder-nested-column-3 fusion_builder_column_inner_1_1 1_1 fusion-flex-column\" style=\"--awb-bg-size:cover;--awb-width-large:100%;--awb-margin-top-large:0px;--awb-spacing-right-large:1.92%;--awb-margin-bottom-large:0px;--awb-spacing-left-large:1.92%;--awb-width-medium:100%;--awb-order-medium:0;--awb-spacing-right-medium:1.92%;--awb-spacing-left-medium:1.92%;--awb-width-small:100%;--awb-order-small:0;--awb-spacing-right-small:1.92%;--awb-spacing-left-small:1.92%;\"><div class=\"fusion-column-wrapper fusion-column-has-shadow fusion-flex-justify-content-flex-start fusion-content-layout-row\"><div class=\"fusion-text fusion-text-2\" style=\"--awb-text-color:#a0a0a0;--awb-margin-right:15px;\"><p>Tours for all tastes<\/p>\n<\/div><\/div><\/div><\/div><\/div><\/div><div class=\"fusion-layout-column fusion_builder_column fusion-builder-column-3 fusion_builder_column_1_4 1_4 fusion-flex-column fusion-column-inner-bg-wrapper fusion-column-liftup-border\" style=\"--awb-padding-top:50.7639px;--awb-padding-right:20px;--awb-padding-bottom:1vw;--awb-padding-left:20px;--awb-padding-right-medium:30px;--awb-padding-bottom-medium:6px;--awb-padding-left-medium:30px;--awb-padding-right-small:6vw;--awb-padding-left-small:6vw;--awb-overflow:hidden;--awb-inner-bg-image:linear-gradient(0deg, #000000 0%,rgba(0,0,0,0) 100%);;--awb-inner-bg-position:right center;--awb-inner-bg-size:cover;--awb-border-radius:10px 10px 10px 10px;--awb-liftup-border-radius:10px 10px 10px 10px;--awb-width-large:25%;--awb-margin-top-large:0px;--awb-spacing-right-large:7.68%;--awb-margin-bottom-large:20px;--awb-spacing-left-large:7.68%;--awb-width-medium:50%;--awb-order-medium:0;--awb-spacing-right-medium:3.84%;--awb-spacing-left-medium:3.84%;--awb-width-small:100%;--awb-order-small:0;--awb-margin-top-small:31px;--awb-spacing-right-small:1.92%;--awb-spacing-left-small:1.92%;\"><span class=\"fusion-column-inner-bg hover-type-liftup\"><a class=\"fusion-column-anchor\" href=\"https:\/\/cyclingcambrils.com\/en\/cycling-accommodation\/\" aria-label=\"Sport Videos\"><span class=\"fusion-column-inner-bg-image lazyload\" data-bg=\"https:\/\/cyclingcambrils.com\/wp-content\/uploads\/2022\/03\/cambrils-park-PANORAMICA-14-scaled-1.jpg\" data-bg-gradient=\"linear-gradient(0deg, #000000 0%,rgba(0,0,0,0) 100%)\"><\/span><\/a><\/span><div class=\"fusion-column-wrapper fusion-flex-justify-content-flex-end fusion-content-layout-column fusion-column-has-bg-image\" data-bg-url=\"https:\/\/cyclingcambrils.com\/wp-content\/uploads\/2022\/03\/cambrils-park-PANORAMICA-14-scaled-1.jpg\"><div class=\"fusion-title title fusion-title-5 fusion-sep-none fusion-title-text fusion-title-size-three\" style=\"--awb-text-color:#ffffff;--awb-margin-top:0px;--awb-margin-bottom:10px;--awb-font-size:1.7em;\"><h3 class=\"fusion-title-heading title-heading-left\" style=\"font-family:&quot;Montserrat&quot;;font-style:normal;font-weight:800;margin:0;font-size:1em;line-height:1.2em;\">CYCLING HOTELS<\/h3><\/div><div class=\"fusion-separator fusion-full-width-sep\" style=\"align-self: center;margin-left: auto;margin-right: auto;margin-top:25px;margin-bottom:20px;width:100%;\"><div class=\"fusion-separator-border sep-single sep-solid\" style=\"--awb-height:20px;--awb-amount:20px;--awb-sep-color:#555555;border-color:#555555;border-top-width:1px;\"><\/div><\/div><div class=\"fusion-builder-row fusion-builder-row-inner fusion-row fusion-flex-align-items-stretch fusion-flex-content-wrap\" style=\"width:104% !important;max-width:104% !important;margin-left: calc(-4% \/ 2 );margin-right: calc(-4% \/ 2 );\"><div class=\"fusion-layout-column fusion_builder_column_inner fusion-builder-nested-column-4 fusion_builder_column_inner_1_1 1_1 fusion-flex-column\" style=\"--awb-bg-size:cover;--awb-width-large:100%;--awb-margin-top-large:0px;--awb-spacing-right-large:1.92%;--awb-margin-bottom-large:0px;--awb-spacing-left-large:1.92%;--awb-width-medium:100%;--awb-order-medium:0;--awb-spacing-right-medium:1.92%;--awb-spacing-left-medium:1.92%;--awb-width-small:100%;--awb-order-small:0;--awb-spacing-right-small:1.92%;--awb-spacing-left-small:1.92%;\"><div class=\"fusion-column-wrapper fusion-column-has-shadow fusion-flex-justify-content-flex-start fusion-content-layout-row\"><div class=\"fusion-text fusion-text-3\" style=\"--awb-text-color:#a0a0a0;--awb-margin-right:15px;\"><p>See accommodation offer<\/p>\n<\/div><\/div><\/div><\/div><\/div><\/div><div class=\"fusion-layout-column fusion_builder_column fusion-builder-column-4 fusion_builder_column_1_4 1_4 fusion-flex-column fusion-column-inner-bg-wrapper fusion-column-liftup-border\" style=\"--awb-padding-top:50.7639px;--awb-padding-right:20px;--awb-padding-bottom:1vw;--awb-padding-left:20px;--awb-padding-right-medium:30px;--awb-padding-bottom-medium:6px;--awb-padding-left-medium:30px;--awb-padding-right-small:6vw;--awb-padding-left-small:6vw;--awb-overflow:hidden;--awb-inner-bg-image:linear-gradient(0deg, #000000 0%,rgba(0,0,0,0) 100%);;--awb-inner-bg-size:cover;--awb-border-radius:10px 10px 10px 10px;--awb-liftup-border-radius:10px 10px 10px 10px;--awb-width-large:25%;--awb-margin-top-large:0px;--awb-spacing-right-large:7.68%;--awb-margin-bottom-large:20px;--awb-spacing-left-large:7.68%;--awb-width-medium:50%;--awb-order-medium:0;--awb-spacing-right-medium:3.84%;--awb-spacing-left-medium:3.84%;--awb-width-small:100%;--awb-order-small:0;--awb-spacing-right-small:1.92%;--awb-spacing-left-small:1.92%;\"><span class=\"fusion-column-inner-bg hover-type-liftup\"><a class=\"fusion-column-anchor\" href=\"https:\/\/cyclingcambrils.com\/en\/bicycle-rental-in-cambrils\/\" aria-label=\"Activities\"><span class=\"fusion-column-inner-bg-image lazyload\" data-bg=\"https:\/\/cyclingcambrils.com\/wp-content\/uploads\/2021\/09\/biking.jpg\" data-bg-gradient=\"linear-gradient(0deg, #000000 0%,rgba(0,0,0,0) 100%)\"><\/span><\/a><\/span><div class=\"fusion-column-wrapper fusion-flex-justify-content-flex-end fusion-content-layout-column fusion-column-has-bg-image\" data-bg-url=\"https:\/\/cyclingcambrils.com\/wp-content\/uploads\/2021\/09\/biking.jpg\"><div class=\"fusion-title title fusion-title-6 fusion-sep-none fusion-title-text fusion-title-size-three\" style=\"--awb-text-color:#ffffff;--awb-margin-top:0px;--awb-margin-bottom:10px;--awb-font-size:1.7em;\"><h3 class=\"fusion-title-heading title-heading-left\" style=\"font-family:&quot;Montserrat&quot;;font-style:normal;font-weight:800;margin:0;font-size:1em;line-height:1.2em;\">BICYCLE RENTAL<\/h3><\/div><div class=\"fusion-separator fusion-full-width-sep\" style=\"align-self: center;margin-left: auto;margin-right: auto;margin-top:25px;margin-bottom:20px;width:100%;\"><div class=\"fusion-separator-border sep-single sep-solid\" style=\"--awb-height:20px;--awb-amount:20px;--awb-sep-color:#555555;border-color:#555555;border-top-width:1px;\"><\/div><\/div><div class=\"fusion-builder-row fusion-builder-row-inner fusion-row fusion-flex-align-items-stretch fusion-flex-content-wrap\" style=\"width:104% !important;max-width:104% !important;margin-left: calc(-4% \/ 2 );margin-right: calc(-4% \/ 2 );\"><div class=\"fusion-layout-column fusion_builder_column_inner fusion-builder-nested-column-5 fusion_builder_column_inner_1_1 1_1 fusion-flex-column\" style=\"--awb-bg-size:cover;--awb-width-large:100%;--awb-margin-top-large:0px;--awb-spacing-right-large:1.92%;--awb-margin-bottom-large:0px;--awb-spacing-left-large:1.92%;--awb-width-medium:100%;--awb-order-medium:0;--awb-spacing-right-medium:1.92%;--awb-spacing-left-medium:1.92%;--awb-width-small:100%;--awb-order-small:0;--awb-spacing-right-small:1.92%;--awb-spacing-left-small:1.92%;\"><div class=\"fusion-column-wrapper fusion-column-has-shadow fusion-flex-justify-content-flex-start fusion-content-layout-row\"><div class=\"fusion-text fusion-text-4\" style=\"--awb-text-color:#a0a0a0;--awb-margin-right:15px;\"><p>See rental companies<\/p>\n<\/div><\/div><\/div><\/div><\/div><\/div><div class=\"fusion-layout-column fusion_builder_column fusion-builder-column-5 fusion_builder_column_1_4 1_4 fusion-flex-column fusion-column-inner-bg-wrapper fusion-column-liftup-border\" style=\"--awb-padding-top:50.7639px;--awb-padding-right:20px;--awb-padding-bottom:1vw;--awb-padding-left:20px;--awb-padding-right-medium:30px;--awb-padding-bottom-medium:6px;--awb-padding-left-medium:30px;--awb-padding-right-small:6vw;--awb-padding-left-small:6vw;--awb-overflow:hidden;--awb-inner-bg-image:linear-gradient(0deg, #000000 0%,rgba(0,0,0,0) 100%);;--awb-inner-bg-position:center center;--awb-inner-bg-size:cover;--awb-border-radius:10px 10px 10px 10px;--awb-liftup-border-radius:10px 10px 10px 10px;--awb-width-large:25%;--awb-margin-top-large:0px;--awb-spacing-right-large:7.68%;--awb-margin-bottom-large:20px;--awb-spacing-left-large:7.68%;--awb-width-medium:50%;--awb-order-medium:0;--awb-spacing-right-medium:3.84%;--awb-spacing-left-medium:3.84%;--awb-width-small:100%;--awb-order-small:0;--awb-spacing-right-small:1.92%;--awb-spacing-left-small:1.92%;\"><span class=\"fusion-column-inner-bg hover-type-liftup\"><a class=\"fusion-column-anchor\" href=\"https:\/\/cyclingcambrils.com\/en\/cycling-suppliers\/\" aria-label=\"Instructors\"><span class=\"fusion-column-inner-bg-image lazyload\" data-bg=\"https:\/\/cyclingcambrils.com\/wp-content\/uploads\/2022\/03\/Recurso-4-1.jpg\" data-bg-gradient=\"linear-gradient(0deg, #000000 0%,rgba(0,0,0,0) 100%)\"><\/span><\/a><\/span><div class=\"fusion-column-wrapper fusion-flex-justify-content-flex-end fusion-content-layout-column fusion-column-has-bg-image\" data-bg-url=\"https:\/\/cyclingcambrils.com\/wp-content\/uploads\/2022\/03\/Recurso-4-1.jpg\"><div class=\"fusion-title title fusion-title-7 fusion-sep-none fusion-title-text fusion-title-size-three\" style=\"--awb-text-color:#ffffff;--awb-margin-top:0px;--awb-margin-bottom:10px;--awb-font-size:1.7em;\"><h3 class=\"fusion-title-heading title-heading-left\" style=\"font-family:&quot;Montserrat&quot;;font-style:normal;font-weight:800;margin:0;font-size:1em;line-height:1.2em;\">INCOMING AGENCIES<\/h3><\/div><div class=\"fusion-separator fusion-full-width-sep\" style=\"align-self: center;margin-left: auto;margin-right: auto;margin-top:25px;margin-bottom:20px;width:100%;\"><div class=\"fusion-separator-border sep-single sep-solid\" style=\"--awb-height:20px;--awb-amount:20px;--awb-sep-color:#555555;border-color:#555555;border-top-width:1px;\"><\/div><\/div><div class=\"fusion-builder-row fusion-builder-row-inner fusion-row fusion-flex-align-items-stretch fusion-flex-content-wrap\" style=\"width:104% !important;max-width:104% !important;margin-left: calc(-4% \/ 2 );margin-right: calc(-4% \/ 2 );\"><div class=\"fusion-layout-column fusion_builder_column_inner fusion-builder-nested-column-6 fusion_builder_column_inner_1_1 1_1 fusion-flex-column\" style=\"--awb-bg-size:cover;--awb-width-large:100%;--awb-margin-top-large:0px;--awb-spacing-right-large:1.92%;--awb-margin-bottom-large:0px;--awb-spacing-left-large:1.92%;--awb-width-medium:100%;--awb-order-medium:0;--awb-spacing-right-medium:1.92%;--awb-spacing-left-medium:1.92%;--awb-width-small:100%;--awb-order-small:0;--awb-spacing-right-small:1.92%;--awb-spacing-left-small:1.92%;\"><div class=\"fusion-column-wrapper fusion-column-has-shadow fusion-flex-justify-content-flex-start fusion-content-layout-row\"><div class=\"fusion-text fusion-text-5\" style=\"--awb-text-color:#a0a0a0;--awb-margin-right:15px;\"><p>See specialized agencies<\/p>\n<\/div><\/div><\/div><\/div><\/div><\/div><\/div><\/div><div class=\"fusion-fullwidth fullwidth-box fusion-builder-row-4 fusion-flex-container nonhundred-percent-fullwidth non-hundred-percent-height-scrolling\" style=\"--awb-border-radius-top-left:0px;--awb-border-radius-top-right:0px;--awb-border-radius-bottom-right:0px;--awb-border-radius-bottom-left:0px;--awb-padding-top:100px;--awb-padding-bottom:50px;--awb-background-color:#0c3543;--awb-flex-wrap:wrap;\" id=\"rutas\" ><div class=\"fusion-builder-row fusion-row fusion-flex-align-items-flex-start fusion-flex-content-wrap\" style=\"max-width:1393.6px;margin-left: calc(-4% \/ 2 );margin-right: calc(-4% \/ 2 );\"><div class=\"fusion-layout-column fusion_builder_column fusion-builder-column-6 fusion-flex-column\" style=\"--awb-bg-size:cover;--awb-width-large:40%;--awb-margin-top-large:0px;--awb-spacing-right-large:4.8%;--awb-margin-bottom-large:20px;--awb-spacing-left-large:4.8%;--awb-width-medium:45%;--awb-order-medium:0;--awb-spacing-right-medium:4.2666666666667%;--awb-spacing-left-medium:4.2666666666667%;--awb-width-small:100%;--awb-order-small:0;--awb-spacing-right-small:1.92%;--awb-spacing-left-small:1.92%;\"><div class=\"fusion-column-wrapper fusion-column-has-shadow fusion-flex-justify-content-flex-start fusion-content-layout-column\"><div class=\"fusion-title title fusion-title-8 fusion-sep-none fusion-title-text fusion-title-size-four\" style=\"--awb-text-color:#ff9600;--awb-margin-bottom:5px;\"><h4 class=\"fusion-title-heading title-heading-left\" style=\"font-family:&quot;Yellowtail&quot;;margin:0;\">Bike routes for everyone<\/h4><\/div><div class=\"fusion-title title fusion-title-9 fusion-sep-none fusion-title-text fusion-title-size-two\" style=\"--awb-text-color:#ffffff;\"><h2 class=\"fusion-title-heading title-heading-left\" style=\"margin:0;\">CHOOSE A CATEGORY<\/h2><\/div><div class=\"fusion-separator\" style=\"align-self: flex-start;margin-right:auto;margin-top:15px;margin-bottom:0px;width:100%;max-width:80px;\"><div class=\"fusion-separator-border sep-single sep-solid\" style=\"--awb-height:20px;--awb-amount:20px;border-color:#e0dede;border-top-width:2px;\"><\/div><\/div><\/div><\/div><div class=\"fusion-layout-column fusion_builder_column fusion-builder-column-7 fusion-flex-column fusion-flex-align-self-center\" style=\"--awb-bg-size:cover;--awb-width-large:50%;--awb-margin-top-large:0px;--awb-spacing-right-large:3.84%;--awb-margin-bottom-large:20px;--awb-spacing-left-large:3.84%;--awb-width-medium:50%;--awb-order-medium:0;--awb-spacing-right-medium:3.84%;--awb-spacing-left-medium:3.84%;--awb-width-small:100%;--awb-order-small:0;--awb-spacing-right-small:1.92%;--awb-spacing-left-small:1.92%;\"><div class=\"fusion-column-wrapper fusion-column-has-shadow fusion-flex-justify-content-flex-start fusion-content-layout-column\"><div class=\"fusion-text fusion-text-6 fusion-text-no-margin\" style=\"--awb-font-size:1.2em;--awb-text-color:#fff;--awb-margin-bottom:0px;\"><p>No matter if you are a professional, amateur or occasional cyclist. We have proposals for everyone.<\/p>\n<\/div><div class=\"fusion-text fusion-text-7 fusion-no-medium-visibility fusion-no-large-visibility\" style=\"--awb-text-transform:none;--awb-margin-top:40px;\"><div class=\"bloque-categorias\"><div class=\"categoria-ruta rutas-btt\"><a href=\"\/rutas-btt\"><div class=\"imagen-bici bici-btt\"><img class=\"lazyload\" decoding=\"async\" src=\"data:image\/svg+xml,%3Csvg%20xmlns%3D%27http%3A%2F%2Fwww.w3.org%2F2000%2Fsvg%27%20width%3D%27500%27%20height%3D%27500%27%20viewBox%3D%270%200%20500%20500%27%3E%3Crect%20width%3D%27500%27%20height%3D%27500%27%20fill-opacity%3D%220%22%2F%3E%3C%2Fsvg%3E\" data-orig-src=\"https:\/\/cyclingcambrils.com\/wp-content\/uploads\/2022\/02\/mtb-hq.png\" \/><\/div><div class=\"titulo-categoria\">MTB<\/div><\/div><\/a><div class=\"categoria-ruta rutas-btt\"><a href=\"\/rutas-road\"><div class=\"imagen-bici bici-btt\"><img class=\"lazyload\" decoding=\"async\" src=\"data:image\/svg+xml,%3Csvg%20xmlns%3D%27http%3A%2F%2Fwww.w3.org%2F2000%2Fsvg%27%20width%3D%27500%27%20height%3D%27500%27%20viewBox%3D%270%200%20500%20500%27%3E%3Crect%20width%3D%27500%27%20height%3D%27500%27%20fill-opacity%3D%220%22%2F%3E%3C%2Fsvg%3E\" data-orig-src=\"https:\/\/cyclingcambrils.com\/wp-content\/uploads\/2022\/02\/road-hq.png\" \/><\/div><div class=\"titulo-categoria\">ROAD<\/div><\/div><\/a><div class=\"categoria-ruta rutas-btt\"><a href=\"\/rutas-gravel\"><div class=\"imagen-bici bici-btt\"><img class=\"lazyload\" decoding=\"async\" src=\"data:image\/svg+xml,%3Csvg%20xmlns%3D%27http%3A%2F%2Fwww.w3.org%2F2000%2Fsvg%27%20width%3D%27500%27%20height%3D%27500%27%20viewBox%3D%270%200%20500%20500%27%3E%3Crect%20width%3D%27500%27%20height%3D%27500%27%20fill-opacity%3D%220%22%2F%3E%3C%2Fsvg%3E\" data-orig-src=\"https:\/\/cyclingcambrils.com\/wp-content\/uploads\/2022\/02\/gravel-hq.png\" \/><\/div><div class=\"titulo-categoria\">GRAVEL<\/div><\/div><\/a><div class=\"categoria-ruta rutas-btt\"><a href=\"\/rutas-casual\"><div class=\"imagen-bici bici-btt\"><img class=\"lazyload\" decoding=\"async\" src=\"data:image\/svg+xml,%3Csvg%20xmlns%3D%27http%3A%2F%2Fwww.w3.org%2F2000%2Fsvg%27%20width%3D%27500%27%20height%3D%27500%27%20viewBox%3D%270%200%20500%20500%27%3E%3Crect%20width%3D%27500%27%20height%3D%27500%27%20fill-opacity%3D%220%22%2F%3E%3C%2Fsvg%3E\" data-orig-src=\"https:\/\/cyclingcambrils.com\/wp-content\/uploads\/2022\/02\/ocasional-hq.png\" \/><\/div><div class=\"titulo-categoria\">CASUAL<\/div><\/div><\/a><div class=\"categoria-ruta rutas-btt\"><a href=\"\/rutas-road\"><div class=\"imagen-bici bici-btt\"><img class=\"lazyload\" decoding=\"async\" src=\"data:image\/svg+xml,%3Csvg%20xmlns%3D%27http%3A%2F%2Fwww.w3.org%2F2000%2Fsvg%27%20width%3D%27500%27%20height%3D%27500%27%20viewBox%3D%270%200%20500%20500%27%3E%3Crect%20width%3D%27500%27%20height%3D%27500%27%20fill-opacity%3D%220%22%2F%3E%3C%2Fsvg%3E\" data-orig-src=\"https:\/\/cyclingcambrils.com\/wp-content\/uploads\/2022\/02\/family-hq.png\" \/><\/div><div class=\"titulo-categoria\">FAMILY<\/div><\/div><\/a><\/div>\n<\/div><\/div><\/div><div class=\"fusion-layout-column fusion_builder_column fusion-builder-column-8 fusion_builder_column_1_1 1_1 fusion-flex-column fusion-no-small-visibility\" style=\"--awb-bg-size:cover;--awb-width-large:100%;--awb-margin-top-large:50px;--awb-spacing-right-large:1.92%;--awb-margin-bottom-large:20px;--awb-spacing-left-large:1.92%;--awb-width-medium:100%;--awb-order-medium:0;--awb-spacing-right-medium:1.92%;--awb-spacing-left-medium:1.92%;--awb-width-small:100%;--awb-order-small:0;--awb-spacing-right-small:1.92%;--awb-spacing-left-small:1.92%;\"><div class=\"fusion-column-wrapper fusion-column-has-shadow fusion-flex-justify-content-flex-start fusion-content-layout-column\"><div class=\"fusion-image-carousel fusion-image-carousel-auto fusion-image-carousel-1 menu-categorias\"><div class=\"awb-carousel awb-swiper awb-swiper-carousel awb-carousel--carousel awb-swiper-dots-position-bottom\" data-layout=\"carousel\" data-autoplay=\"no\" data-autoplayspeed=\"2500\" data-autoplaypause=\"no\" data-columns=\"5\" data-columnsmedium=\"1\" data-columnssmall=\"1\" data-itemmargin=\"0\" data-itemwidth=\"180\" data-touchscroll=\"no\" data-freemode=\"no\" data-imagesize=\"auto\" data-scrollitems=\"0\" data-centeredslides=\"no\" data-rotationangle=\"50\" data-depth=\"100\" data-speed=\"500\" data-shadow=\"no\" data-pagination=\"bullets\" style=\"--awb-column-spacing:0px;--awb-caption-title-color:#ffffff;--awb-caption-title-transform:uppercase;--awb-caption-text-color:#ffffff;--awb-caption-overlay-color:rgba(255,150,0,0);\"><div class=\"swiper-wrapper awb-image-carousel-wrapper fusion-flex-align-items-center\"><div class=\"swiper-slide\"><div class=\"fusion-carousel-item-wrapper\"><div class=\"fusion-image-wrapper awb-imageframe-style awb-imageframe-style-dany\"><a href=\"https:\/\/cyclingcambrils.com\/en\/gravel-routes\/\" target=\"_self\"><img decoding=\"async\" width=\"500\" height=\"500\" src=\"https:\/\/cyclingcambrils.com\/wp-content\/uploads\/2022\/02\/gravel-hq.png\" class=\"attachment-full size-full lazyload\" alt=\"\" srcset=\"data:image\/svg+xml,%3Csvg%20xmlns%3D%27http%3A%2F%2Fwww.w3.org%2F2000%2Fsvg%27%20width%3D%27500%27%20height%3D%27500%27%20viewBox%3D%270%200%20500%20500%27%3E%3Crect%20width%3D%27500%27%20height%3D%27500%27%20fill-opacity%3D%220%22%2F%3E%3C%2Fsvg%3E\" data-orig-src=\"https:\/\/cyclingcambrils.com\/wp-content\/uploads\/2022\/02\/gravel-hq.png\" data-srcset=\"https:\/\/cyclingcambrils.com\/wp-content\/uploads\/2022\/02\/gravel-hq-200x200.png 200w, https:\/\/cyclingcambrils.com\/wp-content\/uploads\/2022\/02\/gravel-hq-400x400.png 400w, https:\/\/cyclingcambrils.com\/wp-content\/uploads\/2022\/02\/gravel-hq.png 500w\" data-sizes=\"auto\" \/><div class=\"awb-imageframe-caption-container\"><div class=\"awb-imageframe-caption\"><h4 class=\"awb-imageframe-caption-title\">GRAVEL<\/h4><\/div><\/div><\/a><\/div><\/div><\/div><div class=\"swiper-slide\"><div class=\"fusion-carousel-item-wrapper\"><div class=\"fusion-image-wrapper awb-imageframe-style awb-imageframe-style-dany\"><a href=\"https:\/\/cyclingcambrils.com\/en\/casual-routes\/\" target=\"_self\"><img decoding=\"async\" width=\"500\" height=\"500\" src=\"https:\/\/cyclingcambrils.com\/wp-content\/uploads\/2022\/02\/ocasional-hq.png\" class=\"attachment-full size-full lazyload\" alt=\"\" srcset=\"data:image\/svg+xml,%3Csvg%20xmlns%3D%27http%3A%2F%2Fwww.w3.org%2F2000%2Fsvg%27%20width%3D%27500%27%20height%3D%27500%27%20viewBox%3D%270%200%20500%20500%27%3E%3Crect%20width%3D%27500%27%20height%3D%27500%27%20fill-opacity%3D%220%22%2F%3E%3C%2Fsvg%3E\" data-orig-src=\"https:\/\/cyclingcambrils.com\/wp-content\/uploads\/2022\/02\/ocasional-hq.png\" data-srcset=\"https:\/\/cyclingcambrils.com\/wp-content\/uploads\/2022\/02\/ocasional-hq-200x200.png 200w, https:\/\/cyclingcambrils.com\/wp-content\/uploads\/2022\/02\/ocasional-hq-400x400.png 400w, https:\/\/cyclingcambrils.com\/wp-content\/uploads\/2022\/02\/ocasional-hq.png 500w\" data-sizes=\"auto\" \/><div class=\"awb-imageframe-caption-container\"><div class=\"awb-imageframe-caption\"><h4 class=\"awb-imageframe-caption-title\">CASUAL<\/h4><\/div><\/div><\/a><\/div><\/div><\/div><div class=\"swiper-slide\"><div class=\"fusion-carousel-item-wrapper\"><div class=\"fusion-image-wrapper awb-imageframe-style awb-imageframe-style-dany\"><a href=\"https:\/\/cyclingcambrils.com\/en\/family-routes\/\" target=\"_self\"><img decoding=\"async\" width=\"500\" height=\"500\" src=\"https:\/\/cyclingcambrils.com\/wp-content\/uploads\/2022\/02\/family-hq.png\" class=\"attachment-full size-full lazyload\" alt=\"\" srcset=\"data:image\/svg+xml,%3Csvg%20xmlns%3D%27http%3A%2F%2Fwww.w3.org%2F2000%2Fsvg%27%20width%3D%27500%27%20height%3D%27500%27%20viewBox%3D%270%200%20500%20500%27%3E%3Crect%20width%3D%27500%27%20height%3D%27500%27%20fill-opacity%3D%220%22%2F%3E%3C%2Fsvg%3E\" data-orig-src=\"https:\/\/cyclingcambrils.com\/wp-content\/uploads\/2022\/02\/family-hq.png\" data-srcset=\"https:\/\/cyclingcambrils.com\/wp-content\/uploads\/2022\/02\/family-hq-200x200.png 200w, https:\/\/cyclingcambrils.com\/wp-content\/uploads\/2022\/02\/family-hq-400x400.png 400w, https:\/\/cyclingcambrils.com\/wp-content\/uploads\/2022\/02\/family-hq.png 500w\" data-sizes=\"auto\" \/><div class=\"awb-imageframe-caption-container\"><div class=\"awb-imageframe-caption\"><h4 class=\"awb-imageframe-caption-title\">FAMILY<\/h4><\/div><\/div><\/a><\/div><\/div><\/div><div class=\"swiper-slide\"><div class=\"fusion-carousel-item-wrapper\"><div class=\"fusion-image-wrapper awb-imageframe-style awb-imageframe-style-dany\"><a href=\"https:\/\/cyclingcambrils.com\/en\/mountain-bike-routes\/\" target=\"_self\"><img decoding=\"async\" width=\"500\" height=\"500\" src=\"https:\/\/cyclingcambrils.com\/wp-content\/uploads\/2022\/02\/mtb-hq.png\" class=\"attachment-full size-full lazyload\" alt=\"\" srcset=\"data:image\/svg+xml,%3Csvg%20xmlns%3D%27http%3A%2F%2Fwww.w3.org%2F2000%2Fsvg%27%20width%3D%27500%27%20height%3D%27500%27%20viewBox%3D%270%200%20500%20500%27%3E%3Crect%20width%3D%27500%27%20height%3D%27500%27%20fill-opacity%3D%220%22%2F%3E%3C%2Fsvg%3E\" data-orig-src=\"https:\/\/cyclingcambrils.com\/wp-content\/uploads\/2022\/02\/mtb-hq.png\" data-srcset=\"https:\/\/cyclingcambrils.com\/wp-content\/uploads\/2022\/02\/mtb-hq-200x200.png 200w, https:\/\/cyclingcambrils.com\/wp-content\/uploads\/2022\/02\/mtb-hq-400x400.png 400w, https:\/\/cyclingcambrils.com\/wp-content\/uploads\/2022\/02\/mtb-hq.png 500w\" data-sizes=\"auto\" \/><div class=\"awb-imageframe-caption-container\"><div class=\"awb-imageframe-caption\"><h4 class=\"awb-imageframe-caption-title\">MTB<\/h4><\/div><\/div><\/a><\/div><\/div><\/div><div class=\"swiper-slide\"><div class=\"fusion-carousel-item-wrapper\"><div class=\"fusion-image-wrapper awb-imageframe-style awb-imageframe-style-dany\"><a href=\"https:\/\/cyclingcambrils.com\/en\/road-routes\/\" target=\"_self\"><img decoding=\"async\" width=\"500\" height=\"500\" src=\"https:\/\/cyclingcambrils.com\/wp-content\/uploads\/2022\/02\/road-hq.png\" class=\"attachment-full size-full lazyload\" alt=\"\" srcset=\"data:image\/svg+xml,%3Csvg%20xmlns%3D%27http%3A%2F%2Fwww.w3.org%2F2000%2Fsvg%27%20width%3D%27500%27%20height%3D%27500%27%20viewBox%3D%270%200%20500%20500%27%3E%3Crect%20width%3D%27500%27%20height%3D%27500%27%20fill-opacity%3D%220%22%2F%3E%3C%2Fsvg%3E\" data-orig-src=\"https:\/\/cyclingcambrils.com\/wp-content\/uploads\/2022\/02\/road-hq.png\" data-srcset=\"https:\/\/cyclingcambrils.com\/wp-content\/uploads\/2022\/02\/road-hq-200x200.png 200w, https:\/\/cyclingcambrils.com\/wp-content\/uploads\/2022\/02\/road-hq-400x400.png 400w, https:\/\/cyclingcambrils.com\/wp-content\/uploads\/2022\/02\/road-hq.png 500w\" data-sizes=\"auto\" \/><div class=\"awb-imageframe-caption-container\"><div class=\"awb-imageframe-caption\"><h4 class=\"awb-imageframe-caption-title\">ROAD<\/h4><\/div><\/div><\/a><\/div><\/div><\/div><\/div><\/div><\/div><\/div><\/div><\/div><\/div><div class=\"fusion-fullwidth fullwidth-box fusion-builder-row-5 fusion-flex-container nonhundred-percent-fullwidth non-hundred-percent-height-scrolling\" style=\"--awb-border-radius-top-left:0px;--awb-border-radius-top-right:0px;--awb-border-radius-bottom-right:0px;--awb-border-radius-bottom-left:0px;--awb-padding-top:100px;--awb-padding-bottom:100px;--awb-background-color:#f7f7f7;--awb-flex-wrap:wrap;\" ><div class=\"fusion-builder-row fusion-row fusion-flex-align-items-flex-start fusion-flex-content-wrap\" style=\"max-width:1393.6px;margin-left: calc(-4% \/ 2 );margin-right: calc(-4% \/ 2 );\"><div class=\"fusion-layout-column fusion_builder_column fusion-builder-column-9 fusion-flex-column\" style=\"--awb-bg-size:cover;--awb-width-large:40%;--awb-margin-top-large:0px;--awb-spacing-right-large:4.8%;--awb-margin-bottom-large:20px;--awb-spacing-left-large:4.8%;--awb-width-medium:45%;--awb-order-medium:0;--awb-spacing-right-medium:4.2666666666667%;--awb-spacing-left-medium:4.2666666666667%;--awb-width-small:100%;--awb-order-small:0;--awb-spacing-right-small:1.92%;--awb-spacing-left-small:1.92%;\"><div class=\"fusion-column-wrapper fusion-column-has-shadow fusion-flex-justify-content-flex-start fusion-content-layout-column\"><div class=\"fusion-title title fusion-title-10 fusion-sep-none fusion-title-text fusion-title-size-div\" style=\"--awb-text-color:#ff9600;--awb-margin-bottom:5px;--awb-font-size:30px;\"><div class=\"fusion-title-heading title-heading-left title-heading-tag\" style=\"font-family:&quot;Yellowtail&quot;;margin:0;font-size:1em;line-height:0.8em;\">Cyclotourism in<\/div><\/div><div class=\"fusion-title title fusion-title-11 fusion-sep-none fusion-title-text fusion-title-size-two\"><h2 class=\"fusion-title-heading title-heading-left\" style=\"margin:0;\">Our Blog<\/h2><\/div><div class=\"fusion-separator\" style=\"align-self: flex-start;margin-right:auto;margin-top:15px;margin-bottom:0px;width:100%;max-width:80px;\"><div class=\"fusion-separator-border sep-single sep-solid\" style=\"--awb-height:20px;--awb-amount:20px;border-color:#e0dede;border-top-width:2px;\"><\/div><\/div><\/div><\/div><div class=\"fusion-layout-column fusion_builder_column fusion-builder-column-10 fusion-flex-column fusion-flex-align-self-center\" style=\"--awb-bg-size:cover;--awb-width-large:50%;--awb-margin-top-large:0px;--awb-spacing-right-large:3.84%;--awb-margin-bottom-large:20px;--awb-spacing-left-large:3.84%;--awb-width-medium:50%;--awb-order-medium:0;--awb-spacing-right-medium:3.84%;--awb-spacing-left-medium:3.84%;--awb-width-small:100%;--awb-order-small:0;--awb-spacing-right-small:1.92%;--awb-spacing-left-small:1.92%;\"><div class=\"fusion-column-wrapper fusion-column-has-shadow fusion-flex-justify-content-flex-start fusion-content-layout-column\"><div class=\"fusion-text fusion-text-8 fusion-text-no-margin\" style=\"--awb-margin-bottom:0px;\"><p>Latest news and information of interest about cycling in Cambrils.<\/p>\n<\/div><\/div><\/div><div class=\"fusion-layout-column fusion_builder_column fusion-builder-column-11 fusion_builder_column_1_1 1_1 fusion-flex-column\" style=\"--awb-bg-size:cover;--awb-width-large:100%;--awb-margin-top-large:50px;--awb-spacing-right-large:1.92%;--awb-margin-bottom-large:0px;--awb-spacing-left-large:1.92%;--awb-width-medium:100%;--awb-order-medium:0;--awb-spacing-right-medium:1.92%;--awb-spacing-left-medium:1.92%;--awb-width-small:100%;--awb-order-small:0;--awb-spacing-right-small:1.92%;--awb-spacing-left-small:1.92%;\"><div class=\"fusion-column-wrapper fusion-column-has-shadow fusion-flex-justify-content-flex-start fusion-content-layout-column\"><div class=\"fusion-post-cards fusion-post-cards-1 fusion-no-small-visibility fusion-no-medium-visibility fusion-grid-archive fusion-grid-columns-3\" style=\"--awb-columns:3;--awb-row-spacing:50px;--awb-columns-medium:50%;--awb-columns-small:100%;\"><ul class=\"fusion-grid fusion-grid-3 fusion-flex-align-items-flex-start fusion-grid-posts-cards\"><li class=\"fusion-layout-column fusion_builder_column fusion-builder-column-12 fusion-flex-column post-card fusion-grid-column fusion-post-cards-grid-column\" style=\"--awb-overflow:hidden;--awb-bg-color:#ffffff;--awb-bg-color-hover:#ffffff;--awb-bg-size:cover;--awb-border-color:#efefef;--awb-border-right:1px;--awb-border-bottom:1px;--awb-border-left:1px;--awb-border-style:solid;--awb-border-radius:10px 10px 10px 10px;--awb-flex-grow:0;--awb-flex-shrink:0;--awb-flex-grow-medium:0;--awb-flex-shrink-medium:0;--awb-flex-grow-small:0;--awb-flex-shrink-small:0;\"><div class=\"fusion-column-wrapper fusion-flex-justify-content-flex-start fusion-content-layout-column\"><div class=\"fusion-classic-product-image-wrapper fusion-woo-product-image fusion-post-card-image fusion-post-card-image-1\" data-layout=\"static\"><div  class=\"fusion-image-wrapper\" aria-haspopup=\"true\">\n\t\t\t\t\t\t\t<a href=\"https:\/\/cyclingcambrils.com\/en\/la-cambrils-btt-origens-y-la-bioracer-cambrils-road-resumen-lo-mejor-del-territorio\/\" aria-label=\"La Cambrils BTT Or\u00edgens y la Bioracer Cambrils Road resumen lo mejor del territorio\">\n\t\t\t\t\t\t\t<img decoding=\"async\" width=\"900\" height=\"600\" src=\"https:\/\/cyclingcambrils.com\/wp-content\/uploads\/2026\/03\/En-este-entorno-inmejorable-vuelve-la-Bioracer-Cambrils-Road-una-cita-marcada-en-el-calendario-para-el-domingo-24-de-mayo-2.jpg\" class=\"attachment-full size-full lazyload wp-post-image\" alt=\"\" srcset=\"data:image\/svg+xml,%3Csvg%20xmlns%3D%27http%3A%2F%2Fwww.w3.org%2F2000%2Fsvg%27%20width%3D%27900%27%20height%3D%27600%27%20viewBox%3D%270%200%20900%20600%27%3E%3Crect%20width%3D%27900%27%20height%3D%27600%27%20fill-opacity%3D%220%22%2F%3E%3C%2Fsvg%3E\" data-orig-src=\"https:\/\/cyclingcambrils.com\/wp-content\/uploads\/2026\/03\/En-este-entorno-inmejorable-vuelve-la-Bioracer-Cambrils-Road-una-cita-marcada-en-el-calendario-para-el-domingo-24-de-mayo-2.jpg\" data-srcset=\"https:\/\/cyclingcambrils.com\/wp-content\/uploads\/2026\/03\/En-este-entorno-inmejorable-vuelve-la-Bioracer-Cambrils-Road-una-cita-marcada-en-el-calendario-para-el-domingo-24-de-mayo-2-200x133.jpg 200w, https:\/\/cyclingcambrils.com\/wp-content\/uploads\/2026\/03\/En-este-entorno-inmejorable-vuelve-la-Bioracer-Cambrils-Road-una-cita-marcada-en-el-calendario-para-el-domingo-24-de-mayo-2-400x267.jpg 400w, https:\/\/cyclingcambrils.com\/wp-content\/uploads\/2026\/03\/En-este-entorno-inmejorable-vuelve-la-Bioracer-Cambrils-Road-una-cita-marcada-en-el-calendario-para-el-domingo-24-de-mayo-2-600x400.jpg 600w, https:\/\/cyclingcambrils.com\/wp-content\/uploads\/2026\/03\/En-este-entorno-inmejorable-vuelve-la-Bioracer-Cambrils-Road-una-cita-marcada-en-el-calendario-para-el-domingo-24-de-mayo-2-800x533.jpg 800w, https:\/\/cyclingcambrils.com\/wp-content\/uploads\/2026\/03\/En-este-entorno-inmejorable-vuelve-la-Bioracer-Cambrils-Road-una-cita-marcada-en-el-calendario-para-el-domingo-24-de-mayo-2.jpg 900w\" data-sizes=\"auto\" \/>\t\t\t<\/a>\n\t\t\t\t\t\t\t<\/div>\n<\/div><div class=\"fusion-title title fusion-title-12 fusion-sep-none fusion-title-center fusion-title-text fusion-title-size-three\" style=\"--awb-margin-top:30px;--awb-margin-right:20px;--awb-margin-left:20px;--awb-margin-top-small:30px;--awb-margin-right-small:20px;--awb-margin-left-small:20px;--awb-font-size:30px;\"><h3 class=\"fusion-title-heading title-heading-center\" style=\"margin:0;font-size:1em;line-height:1.3;\"><a href=\"https:\/\/cyclingcambrils.com\/en\/la-cambrils-btt-origens-y-la-bioracer-cambrils-road-resumen-lo-mejor-del-territorio\/\" class=\"awb-custom-text-color awb-custom-text-hover-color\" target=\"_self\">La Cambrils BTT Or\u00edgens y la Bioracer Cambrils Road resumen lo mejor del territorio<\/a><\/h3><\/div><div class=\"fusion-content-tb fusion-content-tb-1 extracto\" style=\"--awb-text-color:#222222;--awb-margin-left:30px;--awb-margin-right:30px;--awb-content-alignment:justify;--awb-text-transform:none;\"><p>El tiempo ha situado a Cambrils como un destino de referencia para los amantes del ciclismo gracias a una combinaci\u00f3n privilegiada de factores geogr\u00e1ficos y clim\u00e1ticos que permiten disfrutar del deporte durante todo el a\u00f1o.<\/p>\n<p>Emplazada en el coraz\u00f3n de la Costa Dorada, la localidad ofrece un escenario excepcional donde <strong>el mar y la monta\u00f1a se mezclan a pocos kil\u00f3metros de distancia<\/strong>, permitiendo rutas que transcurren por paisajes llanos y ascensos desafiantes hacia las sierras interiores.<\/p>\n<p><img decoding=\"async\" class=\"lazyload size-full wp-image-15373 aligncenter\" src=\"https:\/\/cyclingcambrils.com\/wp-content\/uploads\/2026\/02\/cambribike-BTT-.jpg\" data-orig-src=\"https:\/\/cyclingcambrils.com\/wp-content\/uploads\/2026\/02\/cambribike-BTT-.jpg\" alt=\"\" width=\"900\" height=\"600\" srcset=\"data:image\/svg+xml,%3Csvg%20xmlns%3D%27http%3A%2F%2Fwww.w3.org%2F2000%2Fsvg%27%20width%3D%27900%27%20height%3D%27600%27%20viewBox%3D%270%200%20900%20600%27%3E%3Crect%20width%3D%27900%27%20height%3D%27600%27%20fill-opacity%3D%220%22%2F%3E%3C%2Fsvg%3E\" data-srcset=\"https:\/\/cyclingcambrils.com\/wp-content\/uploads\/2026\/02\/cambribike-BTT--200x133.jpg 200w, https:\/\/cyclingcambrils.com\/wp-content\/uploads\/2026\/02\/cambribike-BTT--300x200.jpg 300w, https:\/\/cyclingcambrils.com\/wp-content\/uploads\/2026\/02\/cambribike-BTT--400x267.jpg 400w, https:\/\/cyclingcambrils.com\/wp-content\/uploads\/2026\/02\/cambribike-BTT--600x400.jpg 600w, https:\/\/cyclingcambrils.com\/wp-content\/uploads\/2026\/02\/cambribike-BTT--768x512.jpg 768w, https:\/\/cyclingcambrils.com\/wp-content\/uploads\/2026\/02\/cambribike-BTT--800x533.jpg 800w, https:\/\/cyclingcambrils.com\/wp-content\/uploads\/2026\/02\/cambribike-BTT-.jpg 900w\" data-sizes=\"auto\" data-orig-sizes=\"(max-width: 900px) 100vw, 900px\" \/><\/p>\n<h3>As\u00ed se crea la Cambrils BTT Or\u00edgens<\/h3>\n<p>Esta dualidad se refleja perfectamente en la propuesta de la Cambrils BTT Or\u00edgens, un nombre que busca <strong>reivindicar las ra\u00edces rurales del municipio y su entorno de agricultura y caminos con historia<\/strong>.<\/p>\n<p>&#8220;Un nombre que pone en valor lo que es Cambrils, ese entorno de agricultores, vi\u00f1as y olivos, un recuerdo de nuestra autenticidad&#8221; dice Joan Carbonell, responsable de Naturetime Events, organizadora de la salida.<\/p>\n<p>La orograf\u00eda de la zona permite ofrecer <strong>recorridos para todos los perfiles<\/strong>, desde familias hasta ciclistas m\u00e1s expertos que buscan el m\u00e1ximo rendimiento.<\/p>\n<p>Son cuatro versiones: Los circuitos de 22 y 35 kil\u00f3metros est\u00e1n pensados para aquellos que quieren una experiencia m\u00e1s accesible; el primero con un car\u00e1cter marcadamente familiar y el segundo extendi\u00e9ndose hasta Vilanova d&#8217;Escornalbou para ofrecer un recorrido m\u00e1s largo sin una exigencia t\u00e9cnica exagerada.<\/p>\n<p>Para los m\u00e1s aventureros, las distancias de 47 y 55 kil\u00f3metros se adentran en el desnivel de la sierra de Llaberia y los contrafuertes del Baix Camp, introduciendo como elemento diferenciador las cronoescaladas.<\/p>\n<p><strong>Estos tramos cronometrados individualmente permiten a los corredores competir contra el reloj<\/strong> en sectores de subida concretos, con entrega de premios para BTT muscular, el\u00e9ctricas y de gravel.<\/p>\n<p>&#8220;Puedes hacerlo a tu ritmo o competir&#8221; distingue Joan.<\/p>\n<p><img decoding=\"async\" class=\"lazyload size-full wp-image-15379 aligncenter\" src=\"https:\/\/cyclingcambrils.com\/wp-content\/uploads\/2026\/02\/Cambribike-Bioracer-road.jpg\" data-orig-src=\"https:\/\/cyclingcambrils.com\/wp-content\/uploads\/2026\/02\/Cambribike-Bioracer-road.jpg\" alt=\"\" width=\"900\" height=\"600\" srcset=\"data:image\/svg+xml,%3Csvg%20xmlns%3D%27http%3A%2F%2Fwww.w3.org%2F2000%2Fsvg%27%20width%3D%27900%27%20height%3D%27600%27%20viewBox%3D%270%200%20900%20600%27%3E%3Crect%20width%3D%27900%27%20height%3D%27600%27%20fill-opacity%3D%220%22%2F%3E%3C%2Fsvg%3E\" data-srcset=\"https:\/\/cyclingcambrils.com\/wp-content\/uploads\/2026\/02\/Cambribike-Bioracer-road-200x133.jpg 200w, https:\/\/cyclingcambrils.com\/wp-content\/uploads\/2026\/02\/Cambribike-Bioracer-road-300x200.jpg 300w, https:\/\/cyclingcambrils.com\/wp-content\/uploads\/2026\/02\/Cambribike-Bioracer-road-400x267.jpg 400w, https:\/\/cyclingcambrils.com\/wp-content\/uploads\/2026\/02\/Cambribike-Bioracer-road-600x400.jpg 600w, https:\/\/cyclingcambrils.com\/wp-content\/uploads\/2026\/02\/Cambribike-Bioracer-road-768x512.jpg 768w, https:\/\/cyclingcambrils.com\/wp-content\/uploads\/2026\/02\/Cambribike-Bioracer-road-800x533.jpg 800w, https:\/\/cyclingcambrils.com\/wp-content\/uploads\/2026\/02\/Cambribike-Bioracer-road.jpg 900w\" data-sizes=\"auto\" data-orig-sizes=\"(max-width: 900px) 100vw, 900px\" \/><\/p>\n<h3>La versi\u00f3n de carretera: Bioracer Cambrils Road<\/h3>\n<p>En cuanto al ciclismo de carretera, la Bioracer Cambrils Road propone <strong>una inmersi\u00f3n en el paisaje del Priorat<\/strong> a trav\u00e9s de rutas de 85 y 125 kil\u00f3metros.<\/p>\n<p>&#8220;Las dos distancias por Baix Camp y Priorat sur combinan carreteras de poco tr\u00e1fico con grandes paisajes con el puntito de exigirse en alguna subida&#8221; nos dice Joan.<\/p>\n<p>Estas rutas destacan por transcurrir por carreteras muy tranquilas y <strong>un entorno de gran belleza visual que incluye el paso por Escaladei y la Morera de Montsant<\/strong>.<\/p>\n<p>El reto estrella para los ciclistas de fondo es el ascenso al No Plores Nen, un sector emblem\u00e1tico que define la dureza y el atractivo de esta zona desde Torroja de Priorat a la Morera,.<\/p>\n<p>Todo el recorrido se realiza bajo <strong>una filosof\u00eda de marcha tranquila y segura, con una c\u00e1psula de seguridad del Servei Catal\u00e0 de Tr\u00e0nsit<\/strong>, evitando las grandes masificaciones para garantizar una experiencia cercana y de calidad para cada participante.<\/p>\n<p><img decoding=\"async\" class=\"lazyload size-full wp-image-15448 aligncenter\" src=\"https:\/\/cyclingcambrils.com\/wp-content\/uploads\/2026\/03\/En-este-entorno-inmejorable-vuelve-la-Bioracer-Cambrils-Road-una-cita-marcada-en-el-calendario-para-el-domingo-24-de-mayo.jpg\" data-orig-src=\"https:\/\/cyclingcambrils.com\/wp-content\/uploads\/2026\/03\/En-este-entorno-inmejorable-vuelve-la-Bioracer-Cambrils-Road-una-cita-marcada-en-el-calendario-para-el-domingo-24-de-mayo.jpg\" alt=\"\" width=\"900\" height=\"600\" srcset=\"data:image\/svg+xml,%3Csvg%20xmlns%3D%27http%3A%2F%2Fwww.w3.org%2F2000%2Fsvg%27%20width%3D%27900%27%20height%3D%27600%27%20viewBox%3D%270%200%20900%20600%27%3E%3Crect%20width%3D%27900%27%20height%3D%27600%27%20fill-opacity%3D%220%22%2F%3E%3C%2Fsvg%3E\" data-srcset=\"https:\/\/cyclingcambrils.com\/wp-content\/uploads\/2026\/03\/En-este-entorno-inmejorable-vuelve-la-Bioracer-Cambrils-Road-una-cita-marcada-en-el-calendario-para-el-domingo-24-de-mayo-200x133.jpg 200w, https:\/\/cyclingcambrils.com\/wp-content\/uploads\/2026\/03\/En-este-entorno-inmejorable-vuelve-la-Bioracer-Cambrils-Road-una-cita-marcada-en-el-calendario-para-el-domingo-24-de-mayo-300x200.jpg 300w, https:\/\/cyclingcambrils.com\/wp-content\/uploads\/2026\/03\/En-este-entorno-inmejorable-vuelve-la-Bioracer-Cambrils-Road-una-cita-marcada-en-el-calendario-para-el-domingo-24-de-mayo-400x267.jpg 400w, https:\/\/cyclingcambrils.com\/wp-content\/uploads\/2026\/03\/En-este-entorno-inmejorable-vuelve-la-Bioracer-Cambrils-Road-una-cita-marcada-en-el-calendario-para-el-domingo-24-de-mayo-600x400.jpg 600w, https:\/\/cyclingcambrils.com\/wp-content\/uploads\/2026\/03\/En-este-entorno-inmejorable-vuelve-la-Bioracer-Cambrils-Road-una-cita-marcada-en-el-calendario-para-el-domingo-24-de-mayo-768x512.jpg 768w, https:\/\/cyclingcambrils.com\/wp-content\/uploads\/2026\/03\/En-este-entorno-inmejorable-vuelve-la-Bioracer-Cambrils-Road-una-cita-marcada-en-el-calendario-para-el-domingo-24-de-mayo-800x533.jpg 800w, https:\/\/cyclingcambrils.com\/wp-content\/uploads\/2026\/03\/En-este-entorno-inmejorable-vuelve-la-Bioracer-Cambrils-Road-una-cita-marcada-en-el-calendario-para-el-domingo-24-de-mayo.jpg 900w\" data-sizes=\"auto\" data-orig-sizes=\"(max-width: 900px) 100vw, 900px\" \/><\/p>\n<h3>Marcha ciclista con &#8220;sabor a mar&#8221;<\/h3>\n<p>La experiencia en Cambrils no ser\u00eda completa sin hacer referencia a su excelencia gastron\u00f3mica, que se convierte en el mejor premio despu\u00e9s del esfuerzo f\u00edsico.<\/p>\n<p>El evento se define como una marcha con sabor a mar, ya que al llegar a la meta los ciclistas pueden disfrutar de <strong>un plato t\u00edpico de la cocina local, como fideos rossejats o fideu\u00e1, permitiendo degustar la esencia culinaria del lugar<\/strong>.<\/p>\n<p>Esta combinaci\u00f3n de rutas exigentes, paisajes agr\u00edcolas aut\u00e9nticos y una oferta cultural y gastron\u00f3mica de primer nivel se da cita, recordad en el entorno de la Cambribike.<\/p>\n<h3>Inscripciones abiertas<\/h3>\n<p><a href=\"https:\/\/www.naturetime.es\/cambribike\/\" target=\"_blank\" rel=\"noopener\">Cambrils BTT Or\u00edgens<\/a> &#8211; 23 de mayo<\/p>\n<p><a href=\"https:\/\/www.naturetime.es\/marcha-cicloturismo-cambrils\/\">Bioracer Cambrils Road<\/a> &#8211; 24 de mayo<\/p>\n<p>&nbsp;<\/p>\n<\/div><div class=\"fusion-separator fusion-full-width-sep\" style=\"align-self: center;margin-left: auto;margin-right: auto;margin-top:15px;width:100%;\"><div class=\"fusion-separator-border sep-single sep-solid\" style=\"--awb-height:20px;--awb-amount:20px;--awb-sep-color:#efefef;border-color:#efefef;border-top-width:1px;\"><\/div><\/div><div style=\"text-align:center;\"><a class=\"fusion-button button-flat fusion-button-default-size button-custom fusion-button-default button-3 fusion-button-default-span fusion-button-default-type\" style=\"--button_accent_color:#ff9600;--button_border_color:#ff9600;--button_accent_hover_color:#ffffff;--button_border_hover_color:#ffffff;--button_border_width-top:0px;--button_border_width-right:0px;--button_border_width-bottom:0px;--button_border_width-left:0px;--button-border-radius-top-left:0px;--button-border-radius-top-right:0px;--button-border-radius-bottom-right:0px;--button-border-radius-bottom-left:0px;--button_gradient_top_color:rgba(255,150,0,0);--button_gradient_bottom_color:rgba(255,150,0,0);--button_gradient_top_color_hover:rgba(255,150,0,0);--button_gradient_bottom_color_hover:rgba(255,150,0,0);--button_margin-top:10px;--button_margin-bottom:15px;width:calc(100%);\" target=\"_self\" href=\"https:\/\/cyclingcambrils.com\/en\/la-cambrils-btt-origens-y-la-bioracer-cambrils-road-resumen-lo-mejor-del-territorio\/\"><span class=\"fusion-button-text awb-button__text awb-button__text--default\">Read article<\/span><\/a><\/div><\/div><\/li>\n<li class=\"fusion-layout-column fusion_builder_column fusion-builder-column-13 fusion-flex-column post-card fusion-grid-column fusion-post-cards-grid-column\" style=\"--awb-overflow:hidden;--awb-bg-color:#ffffff;--awb-bg-color-hover:#ffffff;--awb-bg-size:cover;--awb-border-color:#efefef;--awb-border-right:1px;--awb-border-bottom:1px;--awb-border-left:1px;--awb-border-style:solid;--awb-border-radius:10px 10px 10px 10px;--awb-flex-grow:0;--awb-flex-shrink:0;--awb-flex-grow-medium:0;--awb-flex-shrink-medium:0;--awb-flex-grow-small:0;--awb-flex-shrink-small:0;\"><div class=\"fusion-column-wrapper fusion-flex-justify-content-flex-start fusion-content-layout-column\"><div class=\"fusion-classic-product-image-wrapper fusion-woo-product-image fusion-post-card-image fusion-post-card-image-1\" data-layout=\"static\"><div  class=\"fusion-image-wrapper\" aria-haspopup=\"true\">\n\t\t\t\t\t\t\t<a href=\"https:\/\/cyclingcambrils.com\/en\/countdown-to-cambribike\/\" aria-label=\"Countdown to Cambribike\">\n\t\t\t\t\t\t\t<img decoding=\"async\" width=\"900\" height=\"598\" src=\"https:\/\/cyclingcambrils.com\/wp-content\/uploads\/2026\/04\/cambribike-btt.jpg\" class=\"attachment-full size-full lazyload wp-post-image\" alt=\"\" srcset=\"data:image\/svg+xml,%3Csvg%20xmlns%3D%27http%3A%2F%2Fwww.w3.org%2F2000%2Fsvg%27%20width%3D%27900%27%20height%3D%27598%27%20viewBox%3D%270%200%20900%20598%27%3E%3Crect%20width%3D%27900%27%20height%3D%27598%27%20fill-opacity%3D%220%22%2F%3E%3C%2Fsvg%3E\" data-orig-src=\"https:\/\/cyclingcambrils.com\/wp-content\/uploads\/2026\/04\/cambribike-btt.jpg\" data-srcset=\"https:\/\/cyclingcambrils.com\/wp-content\/uploads\/2026\/04\/cambribike-btt-200x133.jpg 200w, https:\/\/cyclingcambrils.com\/wp-content\/uploads\/2026\/04\/cambribike-btt-400x266.jpg 400w, https:\/\/cyclingcambrils.com\/wp-content\/uploads\/2026\/04\/cambribike-btt-600x399.jpg 600w, https:\/\/cyclingcambrils.com\/wp-content\/uploads\/2026\/04\/cambribike-btt-800x532.jpg 800w, https:\/\/cyclingcambrils.com\/wp-content\/uploads\/2026\/04\/cambribike-btt.jpg 900w\" data-sizes=\"auto\" \/>\t\t\t<\/a>\n\t\t\t\t\t\t\t<\/div>\n<\/div><div class=\"fusion-title title fusion-title-13 fusion-sep-none fusion-title-center fusion-title-text fusion-title-size-three\" style=\"--awb-margin-top:30px;--awb-margin-right:20px;--awb-margin-left:20px;--awb-margin-top-small:30px;--awb-margin-right-small:20px;--awb-margin-left-small:20px;--awb-font-size:30px;\"><h3 class=\"fusion-title-heading title-heading-center\" style=\"margin:0;font-size:1em;line-height:1.3;\"><a href=\"https:\/\/cyclingcambrils.com\/en\/countdown-to-cambribike\/\" class=\"awb-custom-text-color awb-custom-text-hover-color\" target=\"_self\">Countdown to Cambribike<\/a><\/h3><\/div><div class=\"fusion-content-tb fusion-content-tb-2 extracto\" style=\"--awb-text-color:#222222;--awb-margin-left:30px;--awb-margin-right:30px;--awb-content-alignment:justify;--awb-text-transform:none;\"><p>Welcome to two-wheeled paradise! In one month, CambriBike arrives; it&#8217;s not just a sporting event, it&#8217;s the biggest cycling festival in Cambrils, transforming this Costa Daurada town into the epicenter of cycling passion. <\/p>\n<p>With an inclusive and vibrant approach, the event unfolds a range of activities that embrace everything from the most demanding professionalism to the excitement of the little ones.<\/p>\n<p>The adventure usually starts with the adrenaline of the <a href=\"https:\/\/www.naturetime.es\/cambribike\/\" target=\"_blank\" rel=\"noopener\">Cambrils BTT Or\u00edgens<\/a> .<\/p>\n<p>Participants can choose from several routes (from 22 to 55 km) that wind through the inland landscapes, offering everything from relaxed walks to technical challenges with timed climbs for the most competitive.<\/p>\n<p>But the diversity doesn&#8217;t stop there: the Gravel modality has gained a golden weight, allowing cyclists to explore mixed roads with that unique blend of speed and adventure.<\/p>\n<p><img decoding=\"async\" class=\"lazyload size-full wp-image-15499 aligncenter\" src=\"https:\/\/cyclingcambrils.com\/wp-content\/uploads\/2026\/03\/Cambrils-BTT-Origens-salida.jpg\" data-orig-src=\"https:\/\/cyclingcambrils.com\/wp-content\/uploads\/2026\/03\/Cambrils-BTT-Origens-salida.jpg\" alt=\"\" width=\"900\" height=\"600\" srcset=\"data:image\/svg+xml,%3Csvg%20xmlns%3D%27http%3A%2F%2Fwww.w3.org%2F2000%2Fsvg%27%20width%3D%27900%27%20height%3D%27600%27%20viewBox%3D%270%200%20900%20600%27%3E%3Crect%20width%3D%27900%27%20height%3D%27600%27%20fill-opacity%3D%220%22%2F%3E%3C%2Fsvg%3E\" data-srcset=\"https:\/\/cyclingcambrils.com\/wp-content\/uploads\/2026\/03\/Cambrils-BTT-Origens-salida-200x133.jpg 200w, https:\/\/cyclingcambrils.com\/wp-content\/uploads\/2026\/03\/Cambrils-BTT-Origens-salida-300x200.jpg 300w, https:\/\/cyclingcambrils.com\/wp-content\/uploads\/2026\/03\/Cambrils-BTT-Origens-salida-400x267.jpg 400w, https:\/\/cyclingcambrils.com\/wp-content\/uploads\/2026\/03\/Cambrils-BTT-Origens-salida-600x400.jpg 600w, https:\/\/cyclingcambrils.com\/wp-content\/uploads\/2026\/03\/Cambrils-BTT-Origens-salida-768x512.jpg 768w, https:\/\/cyclingcambrils.com\/wp-content\/uploads\/2026\/03\/Cambrils-BTT-Origens-salida-800x533.jpg 800w, https:\/\/cyclingcambrils.com\/wp-content\/uploads\/2026\/03\/Cambrils-BTT-Origens-salida.jpg 900w\" data-sizes=\"auto\" data-orig-sizes=\"(max-width: 900px) 100vw, 900px\" \/><\/p>\n<p>For road cycling enthusiasts, the <strong><a href=\"https:\/\/www.naturetime.es\/marcha-cicloturismo-cambrils\/\" target=\"_blank\" rel=\"noopener\">Bioracer Cambrils Road<\/a> is the main event<\/strong> . This long-distance cycling tour challenges even the bravest riders with iconic mountain passes and spectacular views of the Mediterranean. It&#8217;s a moment where personal achievement and camaraderie come together under the finish line arch, always capped off with a hearty fideu\u00e0 (a traditional paella) to recover energy.  <\/p>\n<p>However, the heart of CambriBike beats especially strong in Pinaret Park, transformed into a vibrant &#8220;Bike Expo.&#8221; Here, families take center stage. Children enjoy the Kids Cup, obstacle courses with ramps and skills challenges, and road safety workshops designed to train the cyclists of the future. There are also Bike Trial shows, where experts defy gravity, and Indoor Cycling sessions led by figures like Melcior Mauri, who energize everyone with music and stationary pedaling.   <\/p>\n<p>The perfect finale is the Bike Festival, a popular urban bike ride where costumes and classic bicycles fill the streets with joy. In short, CambriBike is a fluid and dynamic event that demonstrates that cycling is much more than a sport: it&#8217;s a lifestyle that unites generations, promotes sustainable tourism, and, above all, invites us to enjoy the outdoors with a smile. Let&#8217;s ride!  <\/p>\n<p>Image: Blanca de la Sotilla<\/p>\n<\/div><div class=\"fusion-separator fusion-full-width-sep\" style=\"align-self: center;margin-left: auto;margin-right: auto;margin-top:15px;width:100%;\"><div class=\"fusion-separator-border sep-single sep-solid\" style=\"--awb-height:20px;--awb-amount:20px;--awb-sep-color:#efefef;border-color:#efefef;border-top-width:1px;\"><\/div><\/div><div style=\"text-align:center;\"><a class=\"fusion-button button-flat fusion-button-default-size button-custom fusion-button-default button-4 fusion-button-default-span fusion-button-default-type\" style=\"--button_accent_color:#ff9600;--button_border_color:#ff9600;--button_accent_hover_color:#ffffff;--button_border_hover_color:#ffffff;--button_border_width-top:0px;--button_border_width-right:0px;--button_border_width-bottom:0px;--button_border_width-left:0px;--button-border-radius-top-left:0px;--button-border-radius-top-right:0px;--button-border-radius-bottom-right:0px;--button-border-radius-bottom-left:0px;--button_gradient_top_color:rgba(255,150,0,0);--button_gradient_bottom_color:rgba(255,150,0,0);--button_gradient_top_color_hover:rgba(255,150,0,0);--button_gradient_bottom_color_hover:rgba(255,150,0,0);--button_margin-top:10px;--button_margin-bottom:15px;width:calc(100%);\" target=\"_self\" href=\"https:\/\/cyclingcambrils.com\/en\/countdown-to-cambribike\/\"><span class=\"fusion-button-text awb-button__text awb-button__text--default\">Read article<\/span><\/a><\/div><\/div><\/li>\n<li class=\"fusion-layout-column fusion_builder_column fusion-builder-column-14 fusion-flex-column post-card fusion-grid-column fusion-post-cards-grid-column\" style=\"--awb-overflow:hidden;--awb-bg-color:#ffffff;--awb-bg-color-hover:#ffffff;--awb-bg-size:cover;--awb-border-color:#efefef;--awb-border-right:1px;--awb-border-bottom:1px;--awb-border-left:1px;--awb-border-style:solid;--awb-border-radius:10px 10px 10px 10px;--awb-flex-grow:0;--awb-flex-shrink:0;--awb-flex-grow-medium:0;--awb-flex-shrink-medium:0;--awb-flex-grow-small:0;--awb-flex-shrink-small:0;\"><div class=\"fusion-column-wrapper fusion-flex-justify-content-flex-start fusion-content-layout-column\"><div class=\"fusion-classic-product-image-wrapper fusion-woo-product-image fusion-post-card-image fusion-post-card-image-1\" data-layout=\"static\"><div  class=\"fusion-image-wrapper\" aria-haspopup=\"true\">\n\t\t\t\t\t\t\t<a href=\"https:\/\/cyclingcambrils.com\/en\/the-cambrils-btt-origens-awaits-all-bikers\/\" aria-label=\"The Cambrils BTT Or\u00edgens awaits all bikers\">\n\t\t\t\t\t\t\t<img decoding=\"async\" width=\"900\" height=\"600\" src=\"https:\/\/cyclingcambrils.com\/wp-content\/uploads\/2026\/03\/Cambrils-BTT-Origens-se-celebrara-el-proximo-sabado-23-mayo.jpg\" class=\"attachment-full size-full lazyload wp-post-image\" alt=\"\" srcset=\"data:image\/svg+xml,%3Csvg%20xmlns%3D%27http%3A%2F%2Fwww.w3.org%2F2000%2Fsvg%27%20width%3D%27900%27%20height%3D%27600%27%20viewBox%3D%270%200%20900%20600%27%3E%3Crect%20width%3D%27900%27%20height%3D%27600%27%20fill-opacity%3D%220%22%2F%3E%3C%2Fsvg%3E\" data-orig-src=\"https:\/\/cyclingcambrils.com\/wp-content\/uploads\/2026\/03\/Cambrils-BTT-Origens-se-celebrara-el-proximo-sabado-23-mayo.jpg\" data-srcset=\"https:\/\/cyclingcambrils.com\/wp-content\/uploads\/2026\/03\/Cambrils-BTT-Origens-se-celebrara-el-proximo-sabado-23-mayo-200x133.jpg 200w, https:\/\/cyclingcambrils.com\/wp-content\/uploads\/2026\/03\/Cambrils-BTT-Origens-se-celebrara-el-proximo-sabado-23-mayo-400x267.jpg 400w, https:\/\/cyclingcambrils.com\/wp-content\/uploads\/2026\/03\/Cambrils-BTT-Origens-se-celebrara-el-proximo-sabado-23-mayo-600x400.jpg 600w, https:\/\/cyclingcambrils.com\/wp-content\/uploads\/2026\/03\/Cambrils-BTT-Origens-se-celebrara-el-proximo-sabado-23-mayo-800x533.jpg 800w, https:\/\/cyclingcambrils.com\/wp-content\/uploads\/2026\/03\/Cambrils-BTT-Origens-se-celebrara-el-proximo-sabado-23-mayo.jpg 900w\" data-sizes=\"auto\" \/>\t\t\t<\/a>\n\t\t\t\t\t\t\t<\/div>\n<\/div><div class=\"fusion-title title fusion-title-14 fusion-sep-none fusion-title-center fusion-title-text fusion-title-size-three\" style=\"--awb-margin-top:30px;--awb-margin-right:20px;--awb-margin-left:20px;--awb-margin-top-small:30px;--awb-margin-right-small:20px;--awb-margin-left-small:20px;--awb-font-size:30px;\"><h3 class=\"fusion-title-heading title-heading-center\" style=\"margin:0;font-size:1em;line-height:1.3;\"><a href=\"https:\/\/cyclingcambrils.com\/en\/the-cambrils-btt-origens-awaits-all-bikers\/\" class=\"awb-custom-text-color awb-custom-text-hover-color\" target=\"_self\">The Cambrils BTT Or\u00edgens awaits all bikers<\/a><\/h3><\/div><div class=\"fusion-content-tb fusion-content-tb-3 extracto\" style=\"--awb-text-color:#222222;--awb-margin-left:30px;--awb-margin-right:30px;--awb-content-alignment:justify;--awb-text-transform:none;\"><p><strong>Cambrils BTT Or\u00edgens will be held next Saturday, May 23.<\/strong><\/p>\n<p>We are talking about an event that stands out for its inclusive nature, offering four routes designed so that any type of cyclist can find their place, from families and amateurs to experienced athletes looking to push their potential.<\/p>\n<p><strong>The day will begin at 9:00 a.m. and will extend until the finish line closes at 2:00 p.m.<\/strong> , allowing all participants to enjoy a morning of sport in a privileged natural environment marked by the mild climate of the Costa Daurada.<\/p>\n<p><img decoding=\"async\" class=\"lazyload alignnone size-full wp-image-15499\" src=\"https:\/\/cyclingcambrils.com\/wp-content\/uploads\/2026\/03\/Cambrils-BTT-Origens-salida.jpg\" data-orig-src=\"https:\/\/cyclingcambrils.com\/wp-content\/uploads\/2026\/03\/Cambrils-BTT-Origens-salida.jpg\" alt=\"\" width=\"900\" height=\"600\" srcset=\"data:image\/svg+xml,%3Csvg%20xmlns%3D%27http%3A%2F%2Fwww.w3.org%2F2000%2Fsvg%27%20width%3D%27900%27%20height%3D%27600%27%20viewBox%3D%270%200%20900%20600%27%3E%3Crect%20width%3D%27900%27%20height%3D%27600%27%20fill-opacity%3D%220%22%2F%3E%3C%2Fsvg%3E\" data-srcset=\"https:\/\/cyclingcambrils.com\/wp-content\/uploads\/2026\/03\/Cambrils-BTT-Origens-salida-200x133.jpg 200w, https:\/\/cyclingcambrils.com\/wp-content\/uploads\/2026\/03\/Cambrils-BTT-Origens-salida-300x200.jpg 300w, https:\/\/cyclingcambrils.com\/wp-content\/uploads\/2026\/03\/Cambrils-BTT-Origens-salida-400x267.jpg 400w, https:\/\/cyclingcambrils.com\/wp-content\/uploads\/2026\/03\/Cambrils-BTT-Origens-salida-600x400.jpg 600w, https:\/\/cyclingcambrils.com\/wp-content\/uploads\/2026\/03\/Cambrils-BTT-Origens-salida-768x512.jpg 768w, https:\/\/cyclingcambrils.com\/wp-content\/uploads\/2026\/03\/Cambrils-BTT-Origens-salida-800x533.jpg 800w, https:\/\/cyclingcambrils.com\/wp-content\/uploads\/2026\/03\/Cambrils-BTT-Origens-salida.jpg 900w\" data-sizes=\"auto\" data-orig-sizes=\"(max-width: 900px) 100vw, 900px\" \/><\/p>\n<p><strong>The short distances of 22 and 35 kilometers are designed for those who wish to enjoy the scenery in a relaxed way<\/strong> .<\/p>\n<p>These are easy, highly cyclable routes that explore rural roads and the agricultural landscape near the village. With gentle elevation changes of between 100 and 250 meters, these routes allow participants to decide on the fly which one to complete based on their own experience. <\/p>\n<p>It is the ideal option for those who want to ride among vineyards and crops with a full supply of fruit, bars and isotonic drinks to recover strength.<\/p>\n<p><img decoding=\"async\" class=\"lazyload alignnone size-full wp-image-15493\" src=\"https:\/\/cyclingcambrils.com\/wp-content\/uploads\/2026\/03\/Cambrils-BTT-Origens-se-celebrara-el-proximo-sabado-23-de-mayo-.jpg\" data-orig-src=\"https:\/\/cyclingcambrils.com\/wp-content\/uploads\/2026\/03\/Cambrils-BTT-Origens-se-celebrara-el-proximo-sabado-23-de-mayo-.jpg\" alt=\"\" width=\"900\" height=\"600\" srcset=\"data:image\/svg+xml,%3Csvg%20xmlns%3D%27http%3A%2F%2Fwww.w3.org%2F2000%2Fsvg%27%20width%3D%27900%27%20height%3D%27600%27%20viewBox%3D%270%200%20900%20600%27%3E%3Crect%20width%3D%27900%27%20height%3D%27600%27%20fill-opacity%3D%220%22%2F%3E%3C%2Fsvg%3E\" data-srcset=\"https:\/\/cyclingcambrils.com\/wp-content\/uploads\/2026\/03\/Cambrils-BTT-Origens-se-celebrara-el-proximo-sabado-23-de-mayo--200x133.jpg 200w, https:\/\/cyclingcambrils.com\/wp-content\/uploads\/2026\/03\/Cambrils-BTT-Origens-se-celebrara-el-proximo-sabado-23-de-mayo--300x200.jpg 300w, https:\/\/cyclingcambrils.com\/wp-content\/uploads\/2026\/03\/Cambrils-BTT-Origens-se-celebrara-el-proximo-sabado-23-de-mayo--400x267.jpg 400w, https:\/\/cyclingcambrils.com\/wp-content\/uploads\/2026\/03\/Cambrils-BTT-Origens-se-celebrara-el-proximo-sabado-23-de-mayo--600x400.jpg 600w, https:\/\/cyclingcambrils.com\/wp-content\/uploads\/2026\/03\/Cambrils-BTT-Origens-se-celebrara-el-proximo-sabado-23-de-mayo--768x512.jpg 768w, https:\/\/cyclingcambrils.com\/wp-content\/uploads\/2026\/03\/Cambrils-BTT-Origens-se-celebrara-el-proximo-sabado-23-de-mayo--800x533.jpg 800w, https:\/\/cyclingcambrils.com\/wp-content\/uploads\/2026\/03\/Cambrils-BTT-Origens-se-celebrara-el-proximo-sabado-23-de-mayo-.jpg 900w\" data-sizes=\"auto\" data-orig-sizes=\"(max-width: 900px) 100vw, 900px\" \/><\/p>\n<p><strong>For more experienced cyclists who regularly ride, the proposal increases in level with the 47 and 55 kilometer routes<\/strong> .<\/p>\n<p>These more technical and demanding routes venture into the Baronia d&#8217;Escornalbou and the Serra del Pradell. Although the overall spirit is not competitive, speed enthusiasts will find two specific time trials where they can test their times. <\/p>\n<p>Those who opt for the 47-kilometer distance will face a timed climb of 2.5 kilometers, while those who choose the 55-kilometer distance will add a second timed climb of an additional 2 kilometers.<\/p>\n<p><img decoding=\"async\" class=\"lazyload alignnone size-full wp-image-15481\" src=\"https:\/\/cyclingcambrils.com\/wp-content\/uploads\/2026\/03\/Cambrils-BTT-Origens-se-celebrara-el-proximo-sabado-23-de-mayo.jpg\" data-orig-src=\"https:\/\/cyclingcambrils.com\/wp-content\/uploads\/2026\/03\/Cambrils-BTT-Origens-se-celebrara-el-proximo-sabado-23-de-mayo.jpg\" alt=\"\" width=\"900\" height=\"598\" srcset=\"data:image\/svg+xml,%3Csvg%20xmlns%3D%27http%3A%2F%2Fwww.w3.org%2F2000%2Fsvg%27%20width%3D%27900%27%20height%3D%27598%27%20viewBox%3D%270%200%20900%20598%27%3E%3Crect%20width%3D%27900%27%20height%3D%27598%27%20fill-opacity%3D%220%22%2F%3E%3C%2Fsvg%3E\" data-srcset=\"https:\/\/cyclingcambrils.com\/wp-content\/uploads\/2026\/03\/Cambrils-BTT-Origens-se-celebrara-el-proximo-sabado-23-de-mayo-200x133.jpg 200w, https:\/\/cyclingcambrils.com\/wp-content\/uploads\/2026\/03\/Cambrils-BTT-Origens-se-celebrara-el-proximo-sabado-23-de-mayo-300x199.jpg 300w, https:\/\/cyclingcambrils.com\/wp-content\/uploads\/2026\/03\/Cambrils-BTT-Origens-se-celebrara-el-proximo-sabado-23-de-mayo-400x266.jpg 400w, https:\/\/cyclingcambrils.com\/wp-content\/uploads\/2026\/03\/Cambrils-BTT-Origens-se-celebrara-el-proximo-sabado-23-de-mayo-600x399.jpg 600w, https:\/\/cyclingcambrils.com\/wp-content\/uploads\/2026\/03\/Cambrils-BTT-Origens-se-celebrara-el-proximo-sabado-23-de-mayo-768x510.jpg 768w, https:\/\/cyclingcambrils.com\/wp-content\/uploads\/2026\/03\/Cambrils-BTT-Origens-se-celebrara-el-proximo-sabado-23-de-mayo-800x532.jpg 800w, https:\/\/cyclingcambrils.com\/wp-content\/uploads\/2026\/03\/Cambrils-BTT-Origens-se-celebrara-el-proximo-sabado-23-de-mayo.jpg 900w\" data-sizes=\"auto\" data-orig-sizes=\"(max-width: 900px) 100vw, 900px\" \/><\/p>\n<p><strong>The Cambrils BTT Or\u00edgens is an open event for conventional, electric and gravel mountain bikes<\/strong> , featuring three aid stations on its long routes and prizes for the three best times in each category.<\/p>\n<p>The physical effort is rewarded with spectacular views of the Riudecanyes reservoir and the coastline from the highest points of the mountain range.<\/p>\n<p>The event is not only a sporting challenge, but a complete experience that merges the varied terrain of the area with the best local tradition.<\/p>\n<p>The day culminates at the finish line, where <strong>Cambrils&#8217; hospitality is evident in a gourmet refreshment with fideu\u00e0 for all participants<\/strong> .<\/p>\n<p>Although registration does not include the free jersey, there is the option to purchase it to keep a souvenir of this experience.<\/p>\n<p>It is, in short, the perfect opportunity to discover why this destination is a paradise for cycle tourists, combining impeccable organization, top-notch gastronomy and a cultural richness that invites you to stay after crossing the finish line.<\/p>\n<p><a href=\"https:\/\/www.naturetime.es\/cambribike\/#btt\" target=\"_blank\" rel=\"noopener\">+ INFO<\/a><\/p>\n<p>Images: Blanca de la Sotilla Ventura<\/p>\n<p>&nbsp;<\/p>\n<\/div><div class=\"fusion-separator fusion-full-width-sep\" style=\"align-self: center;margin-left: auto;margin-right: auto;margin-top:15px;width:100%;\"><div class=\"fusion-separator-border sep-single sep-solid\" style=\"--awb-height:20px;--awb-amount:20px;--awb-sep-color:#efefef;border-color:#efefef;border-top-width:1px;\"><\/div><\/div><div style=\"text-align:center;\"><a class=\"fusion-button button-flat fusion-button-default-size button-custom fusion-button-default button-5 fusion-button-default-span fusion-button-default-type\" style=\"--button_accent_color:#ff9600;--button_border_color:#ff9600;--button_accent_hover_color:#ffffff;--button_border_hover_color:#ffffff;--button_border_width-top:0px;--button_border_width-right:0px;--button_border_width-bottom:0px;--button_border_width-left:0px;--button-border-radius-top-left:0px;--button-border-radius-top-right:0px;--button-border-radius-bottom-right:0px;--button-border-radius-bottom-left:0px;--button_gradient_top_color:rgba(255,150,0,0);--button_gradient_bottom_color:rgba(255,150,0,0);--button_gradient_top_color_hover:rgba(255,150,0,0);--button_gradient_bottom_color_hover:rgba(255,150,0,0);--button_margin-top:10px;--button_margin-bottom:15px;width:calc(100%);\" target=\"_self\" href=\"https:\/\/cyclingcambrils.com\/en\/the-cambrils-btt-origens-awaits-all-bikers\/\"><span class=\"fusion-button-text awb-button__text awb-button__text--default\">Read article<\/span><\/a><\/div><\/div><\/li>\n<\/ul><\/div><div class=\"fusion-post-cards fusion-post-cards-2 fusion-no-large-visibility fusion-grid-archive fusion-grid-columns-3\" style=\"--awb-columns:3;--awb-row-spacing:50px;--awb-columns-medium:50%;--awb-columns-small:100%;\"><ul class=\"fusion-grid fusion-grid-3 fusion-flex-align-items-flex-start fusion-grid-posts-cards\"><li class=\"fusion-layout-column fusion_builder_column fusion-builder-column-15 fusion-flex-column post-card fusion-grid-column fusion-post-cards-grid-column\" style=\"--awb-overflow:hidden;--awb-bg-color:#ffffff;--awb-bg-color-hover:#ffffff;--awb-bg-size:cover;--awb-border-color:#efefef;--awb-border-right:1px;--awb-border-bottom:1px;--awb-border-left:1px;--awb-border-style:solid;--awb-border-radius:10px 10px 10px 10px;--awb-flex-grow:0;--awb-flex-shrink:0;--awb-flex-grow-medium:0;--awb-flex-shrink-medium:0;--awb-flex-grow-small:0;--awb-flex-shrink-small:0;\"><div class=\"fusion-column-wrapper fusion-flex-justify-content-flex-start fusion-content-layout-column\"><div class=\"fusion-classic-product-image-wrapper fusion-woo-product-image fusion-post-card-image fusion-post-card-image-1\" data-layout=\"static\"><div  class=\"fusion-image-wrapper\" aria-haspopup=\"true\">\n\t\t\t\t\t\t\t<a href=\"https:\/\/cyclingcambrils.com\/en\/la-cambrils-btt-origens-y-la-bioracer-cambrils-road-resumen-lo-mejor-del-territorio\/\" aria-label=\"La Cambrils BTT Or\u00edgens y la Bioracer Cambrils Road resumen lo mejor del territorio\">\n\t\t\t\t\t\t\t<img decoding=\"async\" width=\"900\" height=\"600\" src=\"https:\/\/cyclingcambrils.com\/wp-content\/uploads\/2026\/03\/En-este-entorno-inmejorable-vuelve-la-Bioracer-Cambrils-Road-una-cita-marcada-en-el-calendario-para-el-domingo-24-de-mayo-2.jpg\" class=\"attachment-full size-full lazyload wp-post-image\" alt=\"\" srcset=\"data:image\/svg+xml,%3Csvg%20xmlns%3D%27http%3A%2F%2Fwww.w3.org%2F2000%2Fsvg%27%20width%3D%27900%27%20height%3D%27600%27%20viewBox%3D%270%200%20900%20600%27%3E%3Crect%20width%3D%27900%27%20height%3D%27600%27%20fill-opacity%3D%220%22%2F%3E%3C%2Fsvg%3E\" data-orig-src=\"https:\/\/cyclingcambrils.com\/wp-content\/uploads\/2026\/03\/En-este-entorno-inmejorable-vuelve-la-Bioracer-Cambrils-Road-una-cita-marcada-en-el-calendario-para-el-domingo-24-de-mayo-2.jpg\" data-srcset=\"https:\/\/cyclingcambrils.com\/wp-content\/uploads\/2026\/03\/En-este-entorno-inmejorable-vuelve-la-Bioracer-Cambrils-Road-una-cita-marcada-en-el-calendario-para-el-domingo-24-de-mayo-2-200x133.jpg 200w, https:\/\/cyclingcambrils.com\/wp-content\/uploads\/2026\/03\/En-este-entorno-inmejorable-vuelve-la-Bioracer-Cambrils-Road-una-cita-marcada-en-el-calendario-para-el-domingo-24-de-mayo-2-400x267.jpg 400w, https:\/\/cyclingcambrils.com\/wp-content\/uploads\/2026\/03\/En-este-entorno-inmejorable-vuelve-la-Bioracer-Cambrils-Road-una-cita-marcada-en-el-calendario-para-el-domingo-24-de-mayo-2-600x400.jpg 600w, https:\/\/cyclingcambrils.com\/wp-content\/uploads\/2026\/03\/En-este-entorno-inmejorable-vuelve-la-Bioracer-Cambrils-Road-una-cita-marcada-en-el-calendario-para-el-domingo-24-de-mayo-2-800x533.jpg 800w, https:\/\/cyclingcambrils.com\/wp-content\/uploads\/2026\/03\/En-este-entorno-inmejorable-vuelve-la-Bioracer-Cambrils-Road-una-cita-marcada-en-el-calendario-para-el-domingo-24-de-mayo-2.jpg 900w\" data-sizes=\"auto\" \/>\t\t\t<\/a>\n\t\t\t\t\t\t\t<\/div>\n<\/div><div class=\"fusion-title title fusion-title-15 fusion-sep-none fusion-title-center fusion-title-text fusion-title-size-three\" style=\"--awb-margin-top:30px;--awb-margin-right:20px;--awb-margin-left:20px;--awb-margin-top-small:30px;--awb-margin-right-small:20px;--awb-margin-left-small:20px;--awb-font-size:30px;\"><h3 class=\"fusion-title-heading title-heading-center\" style=\"margin:0;font-size:1em;line-height:1.3;\"><a href=\"https:\/\/cyclingcambrils.com\/en\/la-cambrils-btt-origens-y-la-bioracer-cambrils-road-resumen-lo-mejor-del-territorio\/\" class=\"awb-custom-text-color awb-custom-text-hover-color\" target=\"_self\">La Cambrils BTT Or\u00edgens y la Bioracer Cambrils Road resumen lo mejor del territorio<\/a><\/h3><\/div><div class=\"fusion-content-tb fusion-content-tb-4 extracto\" style=\"--awb-text-color:#222222;--awb-margin-left:30px;--awb-margin-right:30px;--awb-content-alignment:justify;--awb-text-transform:none;\"><p>El tiempo ha situado a Cambrils como un destino de referencia para los amantes del ciclismo gracias a una combinaci\u00f3n privilegiada de factores geogr\u00e1ficos y clim\u00e1ticos que permiten disfrutar del deporte durante todo el a\u00f1o.<\/p>\n<p>Emplazada en el coraz\u00f3n de la Costa Dorada, la localidad ofrece un escenario excepcional donde <strong>el mar y la monta\u00f1a se mezclan a pocos kil\u00f3metros de distancia<\/strong>, permitiendo rutas que transcurren por paisajes llanos y ascensos desafiantes hacia las sierras interiores.<\/p>\n<p><img decoding=\"async\" class=\"lazyload size-full wp-image-15373 aligncenter\" src=\"https:\/\/cyclingcambrils.com\/wp-content\/uploads\/2026\/02\/cambribike-BTT-.jpg\" data-orig-src=\"https:\/\/cyclingcambrils.com\/wp-content\/uploads\/2026\/02\/cambribike-BTT-.jpg\" alt=\"\" width=\"900\" height=\"600\" srcset=\"data:image\/svg+xml,%3Csvg%20xmlns%3D%27http%3A%2F%2Fwww.w3.org%2F2000%2Fsvg%27%20width%3D%27900%27%20height%3D%27600%27%20viewBox%3D%270%200%20900%20600%27%3E%3Crect%20width%3D%27900%27%20height%3D%27600%27%20fill-opacity%3D%220%22%2F%3E%3C%2Fsvg%3E\" data-srcset=\"https:\/\/cyclingcambrils.com\/wp-content\/uploads\/2026\/02\/cambribike-BTT--200x133.jpg 200w, https:\/\/cyclingcambrils.com\/wp-content\/uploads\/2026\/02\/cambribike-BTT--300x200.jpg 300w, https:\/\/cyclingcambrils.com\/wp-content\/uploads\/2026\/02\/cambribike-BTT--400x267.jpg 400w, https:\/\/cyclingcambrils.com\/wp-content\/uploads\/2026\/02\/cambribike-BTT--600x400.jpg 600w, https:\/\/cyclingcambrils.com\/wp-content\/uploads\/2026\/02\/cambribike-BTT--768x512.jpg 768w, https:\/\/cyclingcambrils.com\/wp-content\/uploads\/2026\/02\/cambribike-BTT--800x533.jpg 800w, https:\/\/cyclingcambrils.com\/wp-content\/uploads\/2026\/02\/cambribike-BTT-.jpg 900w\" data-sizes=\"auto\" data-orig-sizes=\"(max-width: 900px) 100vw, 900px\" \/><\/p>\n<h3>As\u00ed se crea la Cambrils BTT Or\u00edgens<\/h3>\n<p>Esta dualidad se refleja perfectamente en la propuesta de la Cambrils BTT Or\u00edgens, un nombre que busca <strong>reivindicar las ra\u00edces rurales del municipio y su entorno de agricultura y caminos con historia<\/strong>.<\/p>\n<p>&#8220;Un nombre que pone en valor lo que es Cambrils, ese entorno de agricultores, vi\u00f1as y olivos, un recuerdo de nuestra autenticidad&#8221; dice Joan Carbonell, responsable de Naturetime Events, organizadora de la salida.<\/p>\n<p>La orograf\u00eda de la zona permite ofrecer <strong>recorridos para todos los perfiles<\/strong>, desde familias hasta ciclistas m\u00e1s expertos que buscan el m\u00e1ximo rendimiento.<\/p>\n<p>Son cuatro versiones: Los circuitos de 22 y 35 kil\u00f3metros est\u00e1n pensados para aquellos que quieren una experiencia m\u00e1s accesible; el primero con un car\u00e1cter marcadamente familiar y el segundo extendi\u00e9ndose hasta Vilanova d&#8217;Escornalbou para ofrecer un recorrido m\u00e1s largo sin una exigencia t\u00e9cnica exagerada.<\/p>\n<p>Para los m\u00e1s aventureros, las distancias de 47 y 55 kil\u00f3metros se adentran en el desnivel de la sierra de Llaberia y los contrafuertes del Baix Camp, introduciendo como elemento diferenciador las cronoescaladas.<\/p>\n<p><strong>Estos tramos cronometrados individualmente permiten a los corredores competir contra el reloj<\/strong> en sectores de subida concretos, con entrega de premios para BTT muscular, el\u00e9ctricas y de gravel.<\/p>\n<p>&#8220;Puedes hacerlo a tu ritmo o competir&#8221; distingue Joan.<\/p>\n<p><img decoding=\"async\" class=\"lazyload size-full wp-image-15379 aligncenter\" src=\"https:\/\/cyclingcambrils.com\/wp-content\/uploads\/2026\/02\/Cambribike-Bioracer-road.jpg\" data-orig-src=\"https:\/\/cyclingcambrils.com\/wp-content\/uploads\/2026\/02\/Cambribike-Bioracer-road.jpg\" alt=\"\" width=\"900\" height=\"600\" srcset=\"data:image\/svg+xml,%3Csvg%20xmlns%3D%27http%3A%2F%2Fwww.w3.org%2F2000%2Fsvg%27%20width%3D%27900%27%20height%3D%27600%27%20viewBox%3D%270%200%20900%20600%27%3E%3Crect%20width%3D%27900%27%20height%3D%27600%27%20fill-opacity%3D%220%22%2F%3E%3C%2Fsvg%3E\" data-srcset=\"https:\/\/cyclingcambrils.com\/wp-content\/uploads\/2026\/02\/Cambribike-Bioracer-road-200x133.jpg 200w, https:\/\/cyclingcambrils.com\/wp-content\/uploads\/2026\/02\/Cambribike-Bioracer-road-300x200.jpg 300w, https:\/\/cyclingcambrils.com\/wp-content\/uploads\/2026\/02\/Cambribike-Bioracer-road-400x267.jpg 400w, https:\/\/cyclingcambrils.com\/wp-content\/uploads\/2026\/02\/Cambribike-Bioracer-road-600x400.jpg 600w, https:\/\/cyclingcambrils.com\/wp-content\/uploads\/2026\/02\/Cambribike-Bioracer-road-768x512.jpg 768w, https:\/\/cyclingcambrils.com\/wp-content\/uploads\/2026\/02\/Cambribike-Bioracer-road-800x533.jpg 800w, https:\/\/cyclingcambrils.com\/wp-content\/uploads\/2026\/02\/Cambribike-Bioracer-road.jpg 900w\" data-sizes=\"auto\" data-orig-sizes=\"(max-width: 900px) 100vw, 900px\" \/><\/p>\n<h3>La versi\u00f3n de carretera: Bioracer Cambrils Road<\/h3>\n<p>En cuanto al ciclismo de carretera, la Bioracer Cambrils Road propone <strong>una inmersi\u00f3n en el paisaje del Priorat<\/strong> a trav\u00e9s de rutas de 85 y 125 kil\u00f3metros.<\/p>\n<p>&#8220;Las dos distancias por Baix Camp y Priorat sur combinan carreteras de poco tr\u00e1fico con grandes paisajes con el puntito de exigirse en alguna subida&#8221; nos dice Joan.<\/p>\n<p>Estas rutas destacan por transcurrir por carreteras muy tranquilas y <strong>un entorno de gran belleza visual que incluye el paso por Escaladei y la Morera de Montsant<\/strong>.<\/p>\n<p>El reto estrella para los ciclistas de fondo es el ascenso al No Plores Nen, un sector emblem\u00e1tico que define la dureza y el atractivo de esta zona desde Torroja de Priorat a la Morera,.<\/p>\n<p>Todo el recorrido se realiza bajo <strong>una filosof\u00eda de marcha tranquila y segura, con una c\u00e1psula de seguridad del Servei Catal\u00e0 de Tr\u00e0nsit<\/strong>, evitando las grandes masificaciones para garantizar una experiencia cercana y de calidad para cada participante.<\/p>\n<p><img decoding=\"async\" class=\"lazyload size-full wp-image-15448 aligncenter\" src=\"https:\/\/cyclingcambrils.com\/wp-content\/uploads\/2026\/03\/En-este-entorno-inmejorable-vuelve-la-Bioracer-Cambrils-Road-una-cita-marcada-en-el-calendario-para-el-domingo-24-de-mayo.jpg\" data-orig-src=\"https:\/\/cyclingcambrils.com\/wp-content\/uploads\/2026\/03\/En-este-entorno-inmejorable-vuelve-la-Bioracer-Cambrils-Road-una-cita-marcada-en-el-calendario-para-el-domingo-24-de-mayo.jpg\" alt=\"\" width=\"900\" height=\"600\" srcset=\"data:image\/svg+xml,%3Csvg%20xmlns%3D%27http%3A%2F%2Fwww.w3.org%2F2000%2Fsvg%27%20width%3D%27900%27%20height%3D%27600%27%20viewBox%3D%270%200%20900%20600%27%3E%3Crect%20width%3D%27900%27%20height%3D%27600%27%20fill-opacity%3D%220%22%2F%3E%3C%2Fsvg%3E\" data-srcset=\"https:\/\/cyclingcambrils.com\/wp-content\/uploads\/2026\/03\/En-este-entorno-inmejorable-vuelve-la-Bioracer-Cambrils-Road-una-cita-marcada-en-el-calendario-para-el-domingo-24-de-mayo-200x133.jpg 200w, https:\/\/cyclingcambrils.com\/wp-content\/uploads\/2026\/03\/En-este-entorno-inmejorable-vuelve-la-Bioracer-Cambrils-Road-una-cita-marcada-en-el-calendario-para-el-domingo-24-de-mayo-300x200.jpg 300w, https:\/\/cyclingcambrils.com\/wp-content\/uploads\/2026\/03\/En-este-entorno-inmejorable-vuelve-la-Bioracer-Cambrils-Road-una-cita-marcada-en-el-calendario-para-el-domingo-24-de-mayo-400x267.jpg 400w, https:\/\/cyclingcambrils.com\/wp-content\/uploads\/2026\/03\/En-este-entorno-inmejorable-vuelve-la-Bioracer-Cambrils-Road-una-cita-marcada-en-el-calendario-para-el-domingo-24-de-mayo-600x400.jpg 600w, https:\/\/cyclingcambrils.com\/wp-content\/uploads\/2026\/03\/En-este-entorno-inmejorable-vuelve-la-Bioracer-Cambrils-Road-una-cita-marcada-en-el-calendario-para-el-domingo-24-de-mayo-768x512.jpg 768w, https:\/\/cyclingcambrils.com\/wp-content\/uploads\/2026\/03\/En-este-entorno-inmejorable-vuelve-la-Bioracer-Cambrils-Road-una-cita-marcada-en-el-calendario-para-el-domingo-24-de-mayo-800x533.jpg 800w, https:\/\/cyclingcambrils.com\/wp-content\/uploads\/2026\/03\/En-este-entorno-inmejorable-vuelve-la-Bioracer-Cambrils-Road-una-cita-marcada-en-el-calendario-para-el-domingo-24-de-mayo.jpg 900w\" data-sizes=\"auto\" data-orig-sizes=\"(max-width: 900px) 100vw, 900px\" \/><\/p>\n<h3>Marcha ciclista con &#8220;sabor a mar&#8221;<\/h3>\n<p>La experiencia en Cambrils no ser\u00eda completa sin hacer referencia a su excelencia gastron\u00f3mica, que se convierte en el mejor premio despu\u00e9s del esfuerzo f\u00edsico.<\/p>\n<p>El evento se define como una marcha con sabor a mar, ya que al llegar a la meta los ciclistas pueden disfrutar de <strong>un plato t\u00edpico de la cocina local, como fideos rossejats o fideu\u00e1, permitiendo degustar la esencia culinaria del lugar<\/strong>.<\/p>\n<p>Esta combinaci\u00f3n de rutas exigentes, paisajes agr\u00edcolas aut\u00e9nticos y una oferta cultural y gastron\u00f3mica de primer nivel se da cita, recordad en el entorno de la Cambribike.<\/p>\n<h3>Inscripciones abiertas<\/h3>\n<p><a href=\"https:\/\/www.naturetime.es\/cambribike\/\" target=\"_blank\" rel=\"noopener\">Cambrils BTT Or\u00edgens<\/a> &#8211; 23 de mayo<\/p>\n<p><a href=\"https:\/\/www.naturetime.es\/marcha-cicloturismo-cambrils\/\">Bioracer Cambrils Road<\/a> &#8211; 24 de mayo<\/p>\n<p>&nbsp;<\/p>\n<\/div><div class=\"fusion-separator fusion-full-width-sep\" style=\"align-self: center;margin-left: auto;margin-right: auto;margin-top:15px;width:100%;\"><div class=\"fusion-separator-border sep-single sep-solid\" style=\"--awb-height:20px;--awb-amount:20px;--awb-sep-color:#efefef;border-color:#efefef;border-top-width:1px;\"><\/div><\/div><div style=\"text-align:center;\"><a class=\"fusion-button button-flat fusion-button-default-size button-custom fusion-button-default button-6 fusion-button-default-span fusion-button-default-type\" style=\"--button_accent_color:#ff9600;--button_border_color:#ff9600;--button_accent_hover_color:#ffffff;--button_border_hover_color:#ffffff;--button_border_width-top:0px;--button_border_width-right:0px;--button_border_width-bottom:0px;--button_border_width-left:0px;--button-border-radius-top-left:0px;--button-border-radius-top-right:0px;--button-border-radius-bottom-right:0px;--button-border-radius-bottom-left:0px;--button_gradient_top_color:rgba(255,150,0,0);--button_gradient_bottom_color:rgba(255,150,0,0);--button_gradient_top_color_hover:rgba(255,150,0,0);--button_gradient_bottom_color_hover:rgba(255,150,0,0);--button_margin-top:10px;--button_margin-bottom:15px;width:calc(100%);\" target=\"_self\" href=\"https:\/\/cyclingcambrils.com\/en\/la-cambrils-btt-origens-y-la-bioracer-cambrils-road-resumen-lo-mejor-del-territorio\/\"><span class=\"fusion-button-text awb-button__text awb-button__text--default\">Read article<\/span><\/a><\/div><\/div><\/li>\n<li class=\"fusion-layout-column fusion_builder_column fusion-builder-column-16 fusion-flex-column post-card fusion-grid-column fusion-post-cards-grid-column\" style=\"--awb-overflow:hidden;--awb-bg-color:#ffffff;--awb-bg-color-hover:#ffffff;--awb-bg-size:cover;--awb-border-color:#efefef;--awb-border-right:1px;--awb-border-bottom:1px;--awb-border-left:1px;--awb-border-style:solid;--awb-border-radius:10px 10px 10px 10px;--awb-flex-grow:0;--awb-flex-shrink:0;--awb-flex-grow-medium:0;--awb-flex-shrink-medium:0;--awb-flex-grow-small:0;--awb-flex-shrink-small:0;\"><div class=\"fusion-column-wrapper fusion-flex-justify-content-flex-start fusion-content-layout-column\"><div class=\"fusion-classic-product-image-wrapper fusion-woo-product-image fusion-post-card-image fusion-post-card-image-1\" data-layout=\"static\"><div  class=\"fusion-image-wrapper\" aria-haspopup=\"true\">\n\t\t\t\t\t\t\t<a href=\"https:\/\/cyclingcambrils.com\/en\/countdown-to-cambribike\/\" aria-label=\"Countdown to Cambribike\">\n\t\t\t\t\t\t\t<img decoding=\"async\" width=\"900\" height=\"598\" src=\"https:\/\/cyclingcambrils.com\/wp-content\/uploads\/2026\/04\/cambribike-btt.jpg\" class=\"attachment-full size-full lazyload wp-post-image\" alt=\"\" srcset=\"data:image\/svg+xml,%3Csvg%20xmlns%3D%27http%3A%2F%2Fwww.w3.org%2F2000%2Fsvg%27%20width%3D%27900%27%20height%3D%27598%27%20viewBox%3D%270%200%20900%20598%27%3E%3Crect%20width%3D%27900%27%20height%3D%27598%27%20fill-opacity%3D%220%22%2F%3E%3C%2Fsvg%3E\" data-orig-src=\"https:\/\/cyclingcambrils.com\/wp-content\/uploads\/2026\/04\/cambribike-btt.jpg\" data-srcset=\"https:\/\/cyclingcambrils.com\/wp-content\/uploads\/2026\/04\/cambribike-btt-200x133.jpg 200w, https:\/\/cyclingcambrils.com\/wp-content\/uploads\/2026\/04\/cambribike-btt-400x266.jpg 400w, https:\/\/cyclingcambrils.com\/wp-content\/uploads\/2026\/04\/cambribike-btt-600x399.jpg 600w, https:\/\/cyclingcambrils.com\/wp-content\/uploads\/2026\/04\/cambribike-btt-800x532.jpg 800w, https:\/\/cyclingcambrils.com\/wp-content\/uploads\/2026\/04\/cambribike-btt.jpg 900w\" data-sizes=\"auto\" \/>\t\t\t<\/a>\n\t\t\t\t\t\t\t<\/div>\n<\/div><div class=\"fusion-title title fusion-title-16 fusion-sep-none fusion-title-center fusion-title-text fusion-title-size-three\" style=\"--awb-margin-top:30px;--awb-margin-right:20px;--awb-margin-left:20px;--awb-margin-top-small:30px;--awb-margin-right-small:20px;--awb-margin-left-small:20px;--awb-font-size:30px;\"><h3 class=\"fusion-title-heading title-heading-center\" style=\"margin:0;font-size:1em;line-height:1.3;\"><a href=\"https:\/\/cyclingcambrils.com\/en\/countdown-to-cambribike\/\" class=\"awb-custom-text-color awb-custom-text-hover-color\" target=\"_self\">Countdown to Cambribike<\/a><\/h3><\/div><div class=\"fusion-content-tb fusion-content-tb-5 extracto\" style=\"--awb-text-color:#222222;--awb-margin-left:30px;--awb-margin-right:30px;--awb-content-alignment:justify;--awb-text-transform:none;\"><p>Welcome to two-wheeled paradise! In one month, CambriBike arrives; it&#8217;s not just a sporting event, it&#8217;s the biggest cycling festival in Cambrils, transforming this Costa Daurada town into the epicenter of cycling passion. <\/p>\n<p>With an inclusive and vibrant approach, the event unfolds a range of activities that embrace everything from the most demanding professionalism to the excitement of the little ones.<\/p>\n<p>The adventure usually starts with the adrenaline of the <a href=\"https:\/\/www.naturetime.es\/cambribike\/\" target=\"_blank\" rel=\"noopener\">Cambrils BTT Or\u00edgens<\/a> .<\/p>\n<p>Participants can choose from several routes (from 22 to 55 km) that wind through the inland landscapes, offering everything from relaxed walks to technical challenges with timed climbs for the most competitive.<\/p>\n<p>But the diversity doesn&#8217;t stop there: the Gravel modality has gained a golden weight, allowing cyclists to explore mixed roads with that unique blend of speed and adventure.<\/p>\n<p><img decoding=\"async\" class=\"lazyload size-full wp-image-15499 aligncenter\" src=\"https:\/\/cyclingcambrils.com\/wp-content\/uploads\/2026\/03\/Cambrils-BTT-Origens-salida.jpg\" data-orig-src=\"https:\/\/cyclingcambrils.com\/wp-content\/uploads\/2026\/03\/Cambrils-BTT-Origens-salida.jpg\" alt=\"\" width=\"900\" height=\"600\" srcset=\"data:image\/svg+xml,%3Csvg%20xmlns%3D%27http%3A%2F%2Fwww.w3.org%2F2000%2Fsvg%27%20width%3D%27900%27%20height%3D%27600%27%20viewBox%3D%270%200%20900%20600%27%3E%3Crect%20width%3D%27900%27%20height%3D%27600%27%20fill-opacity%3D%220%22%2F%3E%3C%2Fsvg%3E\" data-srcset=\"https:\/\/cyclingcambrils.com\/wp-content\/uploads\/2026\/03\/Cambrils-BTT-Origens-salida-200x133.jpg 200w, https:\/\/cyclingcambrils.com\/wp-content\/uploads\/2026\/03\/Cambrils-BTT-Origens-salida-300x200.jpg 300w, https:\/\/cyclingcambrils.com\/wp-content\/uploads\/2026\/03\/Cambrils-BTT-Origens-salida-400x267.jpg 400w, https:\/\/cyclingcambrils.com\/wp-content\/uploads\/2026\/03\/Cambrils-BTT-Origens-salida-600x400.jpg 600w, https:\/\/cyclingcambrils.com\/wp-content\/uploads\/2026\/03\/Cambrils-BTT-Origens-salida-768x512.jpg 768w, https:\/\/cyclingcambrils.com\/wp-content\/uploads\/2026\/03\/Cambrils-BTT-Origens-salida-800x533.jpg 800w, https:\/\/cyclingcambrils.com\/wp-content\/uploads\/2026\/03\/Cambrils-BTT-Origens-salida.jpg 900w\" data-sizes=\"auto\" data-orig-sizes=\"(max-width: 900px) 100vw, 900px\" \/><\/p>\n<p>For road cycling enthusiasts, the <strong><a href=\"https:\/\/www.naturetime.es\/marcha-cicloturismo-cambrils\/\" target=\"_blank\" rel=\"noopener\">Bioracer Cambrils Road<\/a> is the main event<\/strong> . This long-distance cycling tour challenges even the bravest riders with iconic mountain passes and spectacular views of the Mediterranean. It&#8217;s a moment where personal achievement and camaraderie come together under the finish line arch, always capped off with a hearty fideu\u00e0 (a traditional paella) to recover energy.  <\/p>\n<p>However, the heart of CambriBike beats especially strong in Pinaret Park, transformed into a vibrant &#8220;Bike Expo.&#8221; Here, families take center stage. Children enjoy the Kids Cup, obstacle courses with ramps and skills challenges, and road safety workshops designed to train the cyclists of the future. There are also Bike Trial shows, where experts defy gravity, and Indoor Cycling sessions led by figures like Melcior Mauri, who energize everyone with music and stationary pedaling.   <\/p>\n<p>The perfect finale is the Bike Festival, a popular urban bike ride where costumes and classic bicycles fill the streets with joy. In short, CambriBike is a fluid and dynamic event that demonstrates that cycling is much more than a sport: it&#8217;s a lifestyle that unites generations, promotes sustainable tourism, and, above all, invites us to enjoy the outdoors with a smile. Let&#8217;s ride!  <\/p>\n<p>Image: Blanca de la Sotilla<\/p>\n<\/div><div class=\"fusion-separator fusion-full-width-sep\" style=\"align-self: center;margin-left: auto;margin-right: auto;margin-top:15px;width:100%;\"><div class=\"fusion-separator-border sep-single sep-solid\" style=\"--awb-height:20px;--awb-amount:20px;--awb-sep-color:#efefef;border-color:#efefef;border-top-width:1px;\"><\/div><\/div><div style=\"text-align:center;\"><a class=\"fusion-button button-flat fusion-button-default-size button-custom fusion-button-default button-7 fusion-button-default-span fusion-button-default-type\" style=\"--button_accent_color:#ff9600;--button_border_color:#ff9600;--button_accent_hover_color:#ffffff;--button_border_hover_color:#ffffff;--button_border_width-top:0px;--button_border_width-right:0px;--button_border_width-bottom:0px;--button_border_width-left:0px;--button-border-radius-top-left:0px;--button-border-radius-top-right:0px;--button-border-radius-bottom-right:0px;--button-border-radius-bottom-left:0px;--button_gradient_top_color:rgba(255,150,0,0);--button_gradient_bottom_color:rgba(255,150,0,0);--button_gradient_top_color_hover:rgba(255,150,0,0);--button_gradient_bottom_color_hover:rgba(255,150,0,0);--button_margin-top:10px;--button_margin-bottom:15px;width:calc(100%);\" target=\"_self\" href=\"https:\/\/cyclingcambrils.com\/en\/countdown-to-cambribike\/\"><span class=\"fusion-button-text awb-button__text awb-button__text--default\">Read article<\/span><\/a><\/div><\/div><\/li>\n<li class=\"fusion-layout-column fusion_builder_column fusion-builder-column-17 fusion-flex-column post-card fusion-grid-column fusion-post-cards-grid-column\" style=\"--awb-overflow:hidden;--awb-bg-color:#ffffff;--awb-bg-color-hover:#ffffff;--awb-bg-size:cover;--awb-border-color:#efefef;--awb-border-right:1px;--awb-border-bottom:1px;--awb-border-left:1px;--awb-border-style:solid;--awb-border-radius:10px 10px 10px 10px;--awb-flex-grow:0;--awb-flex-shrink:0;--awb-flex-grow-medium:0;--awb-flex-shrink-medium:0;--awb-flex-grow-small:0;--awb-flex-shrink-small:0;\"><div class=\"fusion-column-wrapper fusion-flex-justify-content-flex-start fusion-content-layout-column\"><div class=\"fusion-classic-product-image-wrapper fusion-woo-product-image fusion-post-card-image fusion-post-card-image-1\" data-layout=\"static\"><div  class=\"fusion-image-wrapper\" aria-haspopup=\"true\">\n\t\t\t\t\t\t\t<a href=\"https:\/\/cyclingcambrils.com\/en\/the-cambrils-btt-origens-awaits-all-bikers\/\" aria-label=\"The Cambrils BTT Or\u00edgens awaits all bikers\">\n\t\t\t\t\t\t\t<img decoding=\"async\" width=\"900\" height=\"600\" src=\"https:\/\/cyclingcambrils.com\/wp-content\/uploads\/2026\/03\/Cambrils-BTT-Origens-se-celebrara-el-proximo-sabado-23-mayo.jpg\" class=\"attachment-full size-full lazyload wp-post-image\" alt=\"\" srcset=\"data:image\/svg+xml,%3Csvg%20xmlns%3D%27http%3A%2F%2Fwww.w3.org%2F2000%2Fsvg%27%20width%3D%27900%27%20height%3D%27600%27%20viewBox%3D%270%200%20900%20600%27%3E%3Crect%20width%3D%27900%27%20height%3D%27600%27%20fill-opacity%3D%220%22%2F%3E%3C%2Fsvg%3E\" data-orig-src=\"https:\/\/cyclingcambrils.com\/wp-content\/uploads\/2026\/03\/Cambrils-BTT-Origens-se-celebrara-el-proximo-sabado-23-mayo.jpg\" data-srcset=\"https:\/\/cyclingcambrils.com\/wp-content\/uploads\/2026\/03\/Cambrils-BTT-Origens-se-celebrara-el-proximo-sabado-23-mayo-200x133.jpg 200w, https:\/\/cyclingcambrils.com\/wp-content\/uploads\/2026\/03\/Cambrils-BTT-Origens-se-celebrara-el-proximo-sabado-23-mayo-400x267.jpg 400w, https:\/\/cyclingcambrils.com\/wp-content\/uploads\/2026\/03\/Cambrils-BTT-Origens-se-celebrara-el-proximo-sabado-23-mayo-600x400.jpg 600w, https:\/\/cyclingcambrils.com\/wp-content\/uploads\/2026\/03\/Cambrils-BTT-Origens-se-celebrara-el-proximo-sabado-23-mayo-800x533.jpg 800w, https:\/\/cyclingcambrils.com\/wp-content\/uploads\/2026\/03\/Cambrils-BTT-Origens-se-celebrara-el-proximo-sabado-23-mayo.jpg 900w\" data-sizes=\"auto\" \/>\t\t\t<\/a>\n\t\t\t\t\t\t\t<\/div>\n<\/div><div class=\"fusion-title title fusion-title-17 fusion-sep-none fusion-title-center fusion-title-text fusion-title-size-three\" style=\"--awb-margin-top:30px;--awb-margin-right:20px;--awb-margin-left:20px;--awb-margin-top-small:30px;--awb-margin-right-small:20px;--awb-margin-left-small:20px;--awb-font-size:30px;\"><h3 class=\"fusion-title-heading title-heading-center\" style=\"margin:0;font-size:1em;line-height:1.3;\"><a href=\"https:\/\/cyclingcambrils.com\/en\/the-cambrils-btt-origens-awaits-all-bikers\/\" class=\"awb-custom-text-color awb-custom-text-hover-color\" target=\"_self\">The Cambrils BTT Or\u00edgens awaits all bikers<\/a><\/h3><\/div><div class=\"fusion-content-tb fusion-content-tb-6 extracto\" style=\"--awb-text-color:#222222;--awb-margin-left:30px;--awb-margin-right:30px;--awb-content-alignment:justify;--awb-text-transform:none;\"><p><strong>Cambrils BTT Or\u00edgens will be held next Saturday, May 23.<\/strong><\/p>\n<p>We are talking about an event that stands out for its inclusive nature, offering four routes designed so that any type of cyclist can find their place, from families and amateurs to experienced athletes looking to push their potential.<\/p>\n<p><strong>The day will begin at 9:00 a.m. and will extend until the finish line closes at 2:00 p.m.<\/strong> , allowing all participants to enjoy a morning of sport in a privileged natural environment marked by the mild climate of the Costa Daurada.<\/p>\n<p><img decoding=\"async\" class=\"lazyload alignnone size-full wp-image-15499\" src=\"https:\/\/cyclingcambrils.com\/wp-content\/uploads\/2026\/03\/Cambrils-BTT-Origens-salida.jpg\" data-orig-src=\"https:\/\/cyclingcambrils.com\/wp-content\/uploads\/2026\/03\/Cambrils-BTT-Origens-salida.jpg\" alt=\"\" width=\"900\" height=\"600\" srcset=\"data:image\/svg+xml,%3Csvg%20xmlns%3D%27http%3A%2F%2Fwww.w3.org%2F2000%2Fsvg%27%20width%3D%27900%27%20height%3D%27600%27%20viewBox%3D%270%200%20900%20600%27%3E%3Crect%20width%3D%27900%27%20height%3D%27600%27%20fill-opacity%3D%220%22%2F%3E%3C%2Fsvg%3E\" data-srcset=\"https:\/\/cyclingcambrils.com\/wp-content\/uploads\/2026\/03\/Cambrils-BTT-Origens-salida-200x133.jpg 200w, https:\/\/cyclingcambrils.com\/wp-content\/uploads\/2026\/03\/Cambrils-BTT-Origens-salida-300x200.jpg 300w, https:\/\/cyclingcambrils.com\/wp-content\/uploads\/2026\/03\/Cambrils-BTT-Origens-salida-400x267.jpg 400w, https:\/\/cyclingcambrils.com\/wp-content\/uploads\/2026\/03\/Cambrils-BTT-Origens-salida-600x400.jpg 600w, https:\/\/cyclingcambrils.com\/wp-content\/uploads\/2026\/03\/Cambrils-BTT-Origens-salida-768x512.jpg 768w, https:\/\/cyclingcambrils.com\/wp-content\/uploads\/2026\/03\/Cambrils-BTT-Origens-salida-800x533.jpg 800w, https:\/\/cyclingcambrils.com\/wp-content\/uploads\/2026\/03\/Cambrils-BTT-Origens-salida.jpg 900w\" data-sizes=\"auto\" data-orig-sizes=\"(max-width: 900px) 100vw, 900px\" \/><\/p>\n<p><strong>The short distances of 22 and 35 kilometers are designed for those who wish to enjoy the scenery in a relaxed way<\/strong> .<\/p>\n<p>These are easy, highly cyclable routes that explore rural roads and the agricultural landscape near the village. With gentle elevation changes of between 100 and 250 meters, these routes allow participants to decide on the fly which one to complete based on their own experience. <\/p>\n<p>It is the ideal option for those who want to ride among vineyards and crops with a full supply of fruit, bars and isotonic drinks to recover strength.<\/p>\n<p><img decoding=\"async\" class=\"lazyload alignnone size-full wp-image-15493\" src=\"https:\/\/cyclingcambrils.com\/wp-content\/uploads\/2026\/03\/Cambrils-BTT-Origens-se-celebrara-el-proximo-sabado-23-de-mayo-.jpg\" data-orig-src=\"https:\/\/cyclingcambrils.com\/wp-content\/uploads\/2026\/03\/Cambrils-BTT-Origens-se-celebrara-el-proximo-sabado-23-de-mayo-.jpg\" alt=\"\" width=\"900\" height=\"600\" srcset=\"data:image\/svg+xml,%3Csvg%20xmlns%3D%27http%3A%2F%2Fwww.w3.org%2F2000%2Fsvg%27%20width%3D%27900%27%20height%3D%27600%27%20viewBox%3D%270%200%20900%20600%27%3E%3Crect%20width%3D%27900%27%20height%3D%27600%27%20fill-opacity%3D%220%22%2F%3E%3C%2Fsvg%3E\" data-srcset=\"https:\/\/cyclingcambrils.com\/wp-content\/uploads\/2026\/03\/Cambrils-BTT-Origens-se-celebrara-el-proximo-sabado-23-de-mayo--200x133.jpg 200w, https:\/\/cyclingcambrils.com\/wp-content\/uploads\/2026\/03\/Cambrils-BTT-Origens-se-celebrara-el-proximo-sabado-23-de-mayo--300x200.jpg 300w, https:\/\/cyclingcambrils.com\/wp-content\/uploads\/2026\/03\/Cambrils-BTT-Origens-se-celebrara-el-proximo-sabado-23-de-mayo--400x267.jpg 400w, https:\/\/cyclingcambrils.com\/wp-content\/uploads\/2026\/03\/Cambrils-BTT-Origens-se-celebrara-el-proximo-sabado-23-de-mayo--600x400.jpg 600w, https:\/\/cyclingcambrils.com\/wp-content\/uploads\/2026\/03\/Cambrils-BTT-Origens-se-celebrara-el-proximo-sabado-23-de-mayo--768x512.jpg 768w, https:\/\/cyclingcambrils.com\/wp-content\/uploads\/2026\/03\/Cambrils-BTT-Origens-se-celebrara-el-proximo-sabado-23-de-mayo--800x533.jpg 800w, https:\/\/cyclingcambrils.com\/wp-content\/uploads\/2026\/03\/Cambrils-BTT-Origens-se-celebrara-el-proximo-sabado-23-de-mayo-.jpg 900w\" data-sizes=\"auto\" data-orig-sizes=\"(max-width: 900px) 100vw, 900px\" \/><\/p>\n<p><strong>For more experienced cyclists who regularly ride, the proposal increases in level with the 47 and 55 kilometer routes<\/strong> .<\/p>\n<p>These more technical and demanding routes venture into the Baronia d&#8217;Escornalbou and the Serra del Pradell. Although the overall spirit is not competitive, speed enthusiasts will find two specific time trials where they can test their times. <\/p>\n<p>Those who opt for the 47-kilometer distance will face a timed climb of 2.5 kilometers, while those who choose the 55-kilometer distance will add a second timed climb of an additional 2 kilometers.<\/p>\n<p><img decoding=\"async\" class=\"lazyload alignnone size-full wp-image-15481\" src=\"https:\/\/cyclingcambrils.com\/wp-content\/uploads\/2026\/03\/Cambrils-BTT-Origens-se-celebrara-el-proximo-sabado-23-de-mayo.jpg\" data-orig-src=\"https:\/\/cyclingcambrils.com\/wp-content\/uploads\/2026\/03\/Cambrils-BTT-Origens-se-celebrara-el-proximo-sabado-23-de-mayo.jpg\" alt=\"\" width=\"900\" height=\"598\" srcset=\"data:image\/svg+xml,%3Csvg%20xmlns%3D%27http%3A%2F%2Fwww.w3.org%2F2000%2Fsvg%27%20width%3D%27900%27%20height%3D%27598%27%20viewBox%3D%270%200%20900%20598%27%3E%3Crect%20width%3D%27900%27%20height%3D%27598%27%20fill-opacity%3D%220%22%2F%3E%3C%2Fsvg%3E\" data-srcset=\"https:\/\/cyclingcambrils.com\/wp-content\/uploads\/2026\/03\/Cambrils-BTT-Origens-se-celebrara-el-proximo-sabado-23-de-mayo-200x133.jpg 200w, https:\/\/cyclingcambrils.com\/wp-content\/uploads\/2026\/03\/Cambrils-BTT-Origens-se-celebrara-el-proximo-sabado-23-de-mayo-300x199.jpg 300w, https:\/\/cyclingcambrils.com\/wp-content\/uploads\/2026\/03\/Cambrils-BTT-Origens-se-celebrara-el-proximo-sabado-23-de-mayo-400x266.jpg 400w, https:\/\/cyclingcambrils.com\/wp-content\/uploads\/2026\/03\/Cambrils-BTT-Origens-se-celebrara-el-proximo-sabado-23-de-mayo-600x399.jpg 600w, https:\/\/cyclingcambrils.com\/wp-content\/uploads\/2026\/03\/Cambrils-BTT-Origens-se-celebrara-el-proximo-sabado-23-de-mayo-768x510.jpg 768w, https:\/\/cyclingcambrils.com\/wp-content\/uploads\/2026\/03\/Cambrils-BTT-Origens-se-celebrara-el-proximo-sabado-23-de-mayo-800x532.jpg 800w, https:\/\/cyclingcambrils.com\/wp-content\/uploads\/2026\/03\/Cambrils-BTT-Origens-se-celebrara-el-proximo-sabado-23-de-mayo.jpg 900w\" data-sizes=\"auto\" data-orig-sizes=\"(max-width: 900px) 100vw, 900px\" \/><\/p>\n<p><strong>The Cambrils BTT Or\u00edgens is an open event for conventional, electric and gravel mountain bikes<\/strong> , featuring three aid stations on its long routes and prizes for the three best times in each category.<\/p>\n<p>The physical effort is rewarded with spectacular views of the Riudecanyes reservoir and the coastline from the highest points of the mountain range.<\/p>\n<p>The event is not only a sporting challenge, but a complete experience that merges the varied terrain of the area with the best local tradition.<\/p>\n<p>The day culminates at the finish line, where <strong>Cambrils&#8217; hospitality is evident in a gourmet refreshment with fideu\u00e0 for all participants<\/strong> .<\/p>\n<p>Although registration does not include the free jersey, there is the option to purchase it to keep a souvenir of this experience.<\/p>\n<p>It is, in short, the perfect opportunity to discover why this destination is a paradise for cycle tourists, combining impeccable organization, top-notch gastronomy and a cultural richness that invites you to stay after crossing the finish line.<\/p>\n<p><a href=\"https:\/\/www.naturetime.es\/cambribike\/#btt\" target=\"_blank\" rel=\"noopener\">+ INFO<\/a><\/p>\n<p>Images: Blanca de la Sotilla Ventura<\/p>\n<p>&nbsp;<\/p>\n<\/div><div class=\"fusion-separator fusion-full-width-sep\" style=\"align-self: center;margin-left: auto;margin-right: auto;margin-top:15px;width:100%;\"><div class=\"fusion-separator-border sep-single sep-solid\" style=\"--awb-height:20px;--awb-amount:20px;--awb-sep-color:#efefef;border-color:#efefef;border-top-width:1px;\"><\/div><\/div><div style=\"text-align:center;\"><a class=\"fusion-button button-flat fusion-button-default-size button-custom fusion-button-default button-8 fusion-button-default-span fusion-button-default-type\" style=\"--button_accent_color:#ff9600;--button_border_color:#ff9600;--button_accent_hover_color:#ffffff;--button_border_hover_color:#ffffff;--button_border_width-top:0px;--button_border_width-right:0px;--button_border_width-bottom:0px;--button_border_width-left:0px;--button-border-radius-top-left:0px;--button-border-radius-top-right:0px;--button-border-radius-bottom-right:0px;--button-border-radius-bottom-left:0px;--button_gradient_top_color:rgba(255,150,0,0);--button_gradient_bottom_color:rgba(255,150,0,0);--button_gradient_top_color_hover:rgba(255,150,0,0);--button_gradient_bottom_color_hover:rgba(255,150,0,0);--button_margin-top:10px;--button_margin-bottom:15px;width:calc(100%);\" target=\"_self\" href=\"https:\/\/cyclingcambrils.com\/en\/the-cambrils-btt-origens-awaits-all-bikers\/\"><span class=\"fusion-button-text awb-button__text awb-button__text--default\">Read article<\/span><\/a><\/div><\/div><\/li>\n<li class=\"fusion-layout-column fusion_builder_column fusion-builder-column-18 fusion-flex-column post-card fusion-grid-column fusion-post-cards-grid-column\" style=\"--awb-overflow:hidden;--awb-bg-color:#ffffff;--awb-bg-color-hover:#ffffff;--awb-bg-size:cover;--awb-border-color:#efefef;--awb-border-right:1px;--awb-border-bottom:1px;--awb-border-left:1px;--awb-border-style:solid;--awb-border-radius:10px 10px 10px 10px;--awb-flex-grow:0;--awb-flex-shrink:0;--awb-flex-grow-medium:0;--awb-flex-shrink-medium:0;--awb-flex-grow-small:0;--awb-flex-shrink-small:0;\"><div class=\"fusion-column-wrapper fusion-flex-justify-content-flex-start fusion-content-layout-column\"><div class=\"fusion-classic-product-image-wrapper fusion-woo-product-image fusion-post-card-image fusion-post-card-image-1\" data-layout=\"static\"><div  class=\"fusion-image-wrapper\" aria-haspopup=\"true\">\n\t\t\t\t\t\t\t<a href=\"https:\/\/cyclingcambrils.com\/en\/the-bioracer-cambrils-road-passes-through-the-best-part-of-the-area\/\" aria-label=\"The Bioracer Cambrils Road passes through the best part of the area\">\n\t\t\t\t\t\t\t<img decoding=\"async\" width=\"900\" height=\"600\" src=\"https:\/\/cyclingcambrils.com\/wp-content\/uploads\/2026\/03\/En-este-entorno-inmejorable-vuelve-la-Bioracer-Cambrils-Road-una-cita-marcada-en-el-calendario-para-el-domingo-24-de-mayo.jpg\" class=\"attachment-full size-full lazyload wp-post-image\" alt=\"\" srcset=\"data:image\/svg+xml,%3Csvg%20xmlns%3D%27http%3A%2F%2Fwww.w3.org%2F2000%2Fsvg%27%20width%3D%27900%27%20height%3D%27600%27%20viewBox%3D%270%200%20900%20600%27%3E%3Crect%20width%3D%27900%27%20height%3D%27600%27%20fill-opacity%3D%220%22%2F%3E%3C%2Fsvg%3E\" data-orig-src=\"https:\/\/cyclingcambrils.com\/wp-content\/uploads\/2026\/03\/En-este-entorno-inmejorable-vuelve-la-Bioracer-Cambrils-Road-una-cita-marcada-en-el-calendario-para-el-domingo-24-de-mayo.jpg\" data-srcset=\"https:\/\/cyclingcambrils.com\/wp-content\/uploads\/2026\/03\/En-este-entorno-inmejorable-vuelve-la-Bioracer-Cambrils-Road-una-cita-marcada-en-el-calendario-para-el-domingo-24-de-mayo-200x133.jpg 200w, https:\/\/cyclingcambrils.com\/wp-content\/uploads\/2026\/03\/En-este-entorno-inmejorable-vuelve-la-Bioracer-Cambrils-Road-una-cita-marcada-en-el-calendario-para-el-domingo-24-de-mayo-400x267.jpg 400w, https:\/\/cyclingcambrils.com\/wp-content\/uploads\/2026\/03\/En-este-entorno-inmejorable-vuelve-la-Bioracer-Cambrils-Road-una-cita-marcada-en-el-calendario-para-el-domingo-24-de-mayo-600x400.jpg 600w, https:\/\/cyclingcambrils.com\/wp-content\/uploads\/2026\/03\/En-este-entorno-inmejorable-vuelve-la-Bioracer-Cambrils-Road-una-cita-marcada-en-el-calendario-para-el-domingo-24-de-mayo-800x533.jpg 800w, https:\/\/cyclingcambrils.com\/wp-content\/uploads\/2026\/03\/En-este-entorno-inmejorable-vuelve-la-Bioracer-Cambrils-Road-una-cita-marcada-en-el-calendario-para-el-domingo-24-de-mayo.jpg 900w\" data-sizes=\"auto\" \/>\t\t\t<\/a>\n\t\t\t\t\t\t\t<\/div>\n<\/div><div class=\"fusion-title title fusion-title-18 fusion-sep-none fusion-title-center fusion-title-text fusion-title-size-three\" style=\"--awb-margin-top:30px;--awb-margin-right:20px;--awb-margin-left:20px;--awb-margin-top-small:30px;--awb-margin-right-small:20px;--awb-margin-left-small:20px;--awb-font-size:30px;\"><h3 class=\"fusion-title-heading title-heading-center\" style=\"margin:0;font-size:1em;line-height:1.3;\"><a href=\"https:\/\/cyclingcambrils.com\/en\/the-bioracer-cambrils-road-passes-through-the-best-part-of-the-area\/\" class=\"awb-custom-text-color awb-custom-text-hover-color\" target=\"_self\">The Bioracer Cambrils Road passes through the best part of the area<\/a><\/h3><\/div><div class=\"fusion-content-tb fusion-content-tb-7 extracto\" style=\"--awb-text-color:#222222;--awb-margin-left:30px;--awb-margin-right:30px;--awb-content-alignment:justify;--awb-text-transform:none;\"><p><strong>The cycling essence of Cambrils is summarized in the Bioracer Cambrils Road<\/strong><\/p>\n<p>If you&#8217;re looking for the ideal setting to devour kilometers on asphalt, Cambrils presents itself as the epicenter of cycling on the Costa Daurada.<\/p>\n<p><strong>Its strategic location, embraced by the Mediterranean and guarded by the inland mountains<\/strong> , offers a privileged ecosystem that allows you to enjoy cycling all year round.<\/p>\n<p>Here, the terrain is a gift for the legs, allowing you to go from the sea breeze to demanding mountain passes in just a few minutes, all under a light that only the Tarragona coast knows how to provide.<\/p>\n<p><strong>In this unbeatable setting, the Bioracer Cambrils Road returns<\/strong> , a date marked on the calendar for Sunday, May 24.<\/p>\n<h3>Far from the mass marches, this event opts for a family-friendly and intimate format, limiting participation to around 700 cyclists to guarantee safety and enjoyment.<\/h3>\n<p>It&#8217;s a day designed to let you feel the road, with the support of a security detail from the Mossos d&#8217;Esquadra (Catalan police) and volunteers who watch over every intersection, allowing you to focus solely on pedaling.<\/p>\n<p><img decoding=\"async\" class=\"lazyload size-full wp-image-15460 aligncenter\" src=\"https:\/\/cyclingcambrils.com\/wp-content\/uploads\/2026\/03\/En-este-entorno-inmejorable-vuelve-la-Bioracer-Cambrils-Road-una-cita-marcada-en-el-calendario-para-el-domingo-24-de-mayo-2.jpg\" data-orig-src=\"https:\/\/cyclingcambrils.com\/wp-content\/uploads\/2026\/03\/En-este-entorno-inmejorable-vuelve-la-Bioracer-Cambrils-Road-una-cita-marcada-en-el-calendario-para-el-domingo-24-de-mayo-2.jpg\" alt=\"\" width=\"900\" height=\"600\" srcset=\"data:image\/svg+xml,%3Csvg%20xmlns%3D%27http%3A%2F%2Fwww.w3.org%2F2000%2Fsvg%27%20width%3D%27900%27%20height%3D%27600%27%20viewBox%3D%270%200%20900%20600%27%3E%3Crect%20width%3D%27900%27%20height%3D%27600%27%20fill-opacity%3D%220%22%2F%3E%3C%2Fsvg%3E\" data-srcset=\"https:\/\/cyclingcambrils.com\/wp-content\/uploads\/2026\/03\/En-este-entorno-inmejorable-vuelve-la-Bioracer-Cambrils-Road-una-cita-marcada-en-el-calendario-para-el-domingo-24-de-mayo-2-200x133.jpg 200w, https:\/\/cyclingcambrils.com\/wp-content\/uploads\/2026\/03\/En-este-entorno-inmejorable-vuelve-la-Bioracer-Cambrils-Road-una-cita-marcada-en-el-calendario-para-el-domingo-24-de-mayo-2-300x200.jpg 300w, https:\/\/cyclingcambrils.com\/wp-content\/uploads\/2026\/03\/En-este-entorno-inmejorable-vuelve-la-Bioracer-Cambrils-Road-una-cita-marcada-en-el-calendario-para-el-domingo-24-de-mayo-2-400x267.jpg 400w, https:\/\/cyclingcambrils.com\/wp-content\/uploads\/2026\/03\/En-este-entorno-inmejorable-vuelve-la-Bioracer-Cambrils-Road-una-cita-marcada-en-el-calendario-para-el-domingo-24-de-mayo-2-600x400.jpg 600w, https:\/\/cyclingcambrils.com\/wp-content\/uploads\/2026\/03\/En-este-entorno-inmejorable-vuelve-la-Bioracer-Cambrils-Road-una-cita-marcada-en-el-calendario-para-el-domingo-24-de-mayo-2-768x512.jpg 768w, https:\/\/cyclingcambrils.com\/wp-content\/uploads\/2026\/03\/En-este-entorno-inmejorable-vuelve-la-Bioracer-Cambrils-Road-una-cita-marcada-en-el-calendario-para-el-domingo-24-de-mayo-2-800x533.jpg 800w, https:\/\/cyclingcambrils.com\/wp-content\/uploads\/2026\/03\/En-este-entorno-inmejorable-vuelve-la-Bioracer-Cambrils-Road-una-cita-marcada-en-el-calendario-para-el-domingo-24-de-mayo-2.jpg 900w\" data-sizes=\"auto\" data-orig-sizes=\"(max-width: 900px) 100vw, 900px\" \/><\/p>\n<h3>Two challenges between the sea and Priorat<\/h3>\n<p>The event offers two routes that adapt to your fitness level and ambition.<\/p>\n<p><strong>The short 85-kilometer route offers a balanced journey with three easy climbs<\/strong> , ideal for those looking for an active morning without excesses.<\/p>\n<p>On the other hand, <strong>the 125-kilometer option goes into the heart of Priorat<\/strong> , adding an extra loop that increases the challenge.<\/p>\n<p>This route includes six mountain passes, among which the dreaded section known as No ploris nen stands out, an 11-kilometer climb with final ramps that reach 18 percent gradient.<\/p>\n<p>Both routes run along quiet roads and through mountain landscapes amidst forests, offering spectacular views of the coast with the sea always in the background.<\/p>\n<p>Participating in this march, <strong>integrated into the Circuit Catal\u00e0 de Llarga Dist\u00e0ncia<\/strong> , also means enjoying premium services.<\/p>\n<p>From a high-quality Bioracer jersey to a finisher&#8217;s medal that recognizes your effort, everything is designed to make the runner feel like the star.<\/p>\n<p><img decoding=\"async\" class=\"lazyload alignnone size-full wp-image-15466 aligncenter\" src=\"https:\/\/cyclingcambrils.com\/wp-content\/uploads\/2026\/03\/En-este-entorno-inmejorable-vuelve-la-Bioracer-Cambrils-Road-una-cita-marcada-en-el-calendario-para-el-domingo-24-de-mayo-3.jpg\" data-orig-src=\"https:\/\/cyclingcambrils.com\/wp-content\/uploads\/2026\/03\/En-este-entorno-inmejorable-vuelve-la-Bioracer-Cambrils-Road-una-cita-marcada-en-el-calendario-para-el-domingo-24-de-mayo-3.jpg\" alt=\"\" width=\"900\" height=\"598\" srcset=\"data:image\/svg+xml,%3Csvg%20xmlns%3D%27http%3A%2F%2Fwww.w3.org%2F2000%2Fsvg%27%20width%3D%27900%27%20height%3D%27598%27%20viewBox%3D%270%200%20900%20598%27%3E%3Crect%20width%3D%27900%27%20height%3D%27598%27%20fill-opacity%3D%220%22%2F%3E%3C%2Fsvg%3E\" data-srcset=\"https:\/\/cyclingcambrils.com\/wp-content\/uploads\/2026\/03\/En-este-entorno-inmejorable-vuelve-la-Bioracer-Cambrils-Road-una-cita-marcada-en-el-calendario-para-el-domingo-24-de-mayo-3-200x133.jpg 200w, https:\/\/cyclingcambrils.com\/wp-content\/uploads\/2026\/03\/En-este-entorno-inmejorable-vuelve-la-Bioracer-Cambrils-Road-una-cita-marcada-en-el-calendario-para-el-domingo-24-de-mayo-3-300x199.jpg 300w, https:\/\/cyclingcambrils.com\/wp-content\/uploads\/2026\/03\/En-este-entorno-inmejorable-vuelve-la-Bioracer-Cambrils-Road-una-cita-marcada-en-el-calendario-para-el-domingo-24-de-mayo-3-400x266.jpg 400w, https:\/\/cyclingcambrils.com\/wp-content\/uploads\/2026\/03\/En-este-entorno-inmejorable-vuelve-la-Bioracer-Cambrils-Road-una-cita-marcada-en-el-calendario-para-el-domingo-24-de-mayo-3-600x399.jpg 600w, https:\/\/cyclingcambrils.com\/wp-content\/uploads\/2026\/03\/En-este-entorno-inmejorable-vuelve-la-Bioracer-Cambrils-Road-una-cita-marcada-en-el-calendario-para-el-domingo-24-de-mayo-3-768x510.jpg 768w, https:\/\/cyclingcambrils.com\/wp-content\/uploads\/2026\/03\/En-este-entorno-inmejorable-vuelve-la-Bioracer-Cambrils-Road-una-cita-marcada-en-el-calendario-para-el-domingo-24-de-mayo-3-800x532.jpg 800w, https:\/\/cyclingcambrils.com\/wp-content\/uploads\/2026\/03\/En-este-entorno-inmejorable-vuelve-la-Bioracer-Cambrils-Road-una-cita-marcada-en-el-calendario-para-el-domingo-24-de-mayo-3.jpg 900w\" data-sizes=\"auto\" data-orig-sizes=\"(max-width: 900px) 100vw, 900px\" \/><\/p>\n<p><img decoding=\"async\" class=\"lazyload size-full wp-image-15454 aligncenter\" src=\"https:\/\/cyclingcambrils.com\/wp-content\/uploads\/2026\/03\/En-este-entorno-inmejorable-vuelve-la-Bioracer-Cambrils-Road-una-cita-marcada-en-el-calendario-para-el-domingo-24-de-mayo-1.jpg\" data-orig-src=\"https:\/\/cyclingcambrils.com\/wp-content\/uploads\/2026\/03\/En-este-entorno-inmejorable-vuelve-la-Bioracer-Cambrils-Road-una-cita-marcada-en-el-calendario-para-el-domingo-24-de-mayo-1.jpg\" alt=\"\" width=\"900\" height=\"600\" srcset=\"data:image\/svg+xml,%3Csvg%20xmlns%3D%27http%3A%2F%2Fwww.w3.org%2F2000%2Fsvg%27%20width%3D%27900%27%20height%3D%27600%27%20viewBox%3D%270%200%20900%20600%27%3E%3Crect%20width%3D%27900%27%20height%3D%27600%27%20fill-opacity%3D%220%22%2F%3E%3C%2Fsvg%3E\" data-srcset=\"https:\/\/cyclingcambrils.com\/wp-content\/uploads\/2026\/03\/En-este-entorno-inmejorable-vuelve-la-Bioracer-Cambrils-Road-una-cita-marcada-en-el-calendario-para-el-domingo-24-de-mayo-1-200x133.jpg 200w, https:\/\/cyclingcambrils.com\/wp-content\/uploads\/2026\/03\/En-este-entorno-inmejorable-vuelve-la-Bioracer-Cambrils-Road-una-cita-marcada-en-el-calendario-para-el-domingo-24-de-mayo-1-300x200.jpg 300w, https:\/\/cyclingcambrils.com\/wp-content\/uploads\/2026\/03\/En-este-entorno-inmejorable-vuelve-la-Bioracer-Cambrils-Road-una-cita-marcada-en-el-calendario-para-el-domingo-24-de-mayo-1-400x267.jpg 400w, https:\/\/cyclingcambrils.com\/wp-content\/uploads\/2026\/03\/En-este-entorno-inmejorable-vuelve-la-Bioracer-Cambrils-Road-una-cita-marcada-en-el-calendario-para-el-domingo-24-de-mayo-1-600x400.jpg 600w, https:\/\/cyclingcambrils.com\/wp-content\/uploads\/2026\/03\/En-este-entorno-inmejorable-vuelve-la-Bioracer-Cambrils-Road-una-cita-marcada-en-el-calendario-para-el-domingo-24-de-mayo-1-768x512.jpg 768w, https:\/\/cyclingcambrils.com\/wp-content\/uploads\/2026\/03\/En-este-entorno-inmejorable-vuelve-la-Bioracer-Cambrils-Road-una-cita-marcada-en-el-calendario-para-el-domingo-24-de-mayo-1-800x533.jpg 800w, https:\/\/cyclingcambrils.com\/wp-content\/uploads\/2026\/03\/En-este-entorno-inmejorable-vuelve-la-Bioracer-Cambrils-Road-una-cita-marcada-en-el-calendario-para-el-domingo-24-de-mayo-1.jpg 900w\" data-sizes=\"auto\" data-orig-sizes=\"(max-width: 900px) 100vw, 900px\" \/><\/p>\n<h3>Gastronomy and services in the goal<\/h3>\n<p>Upon crossing the finish line, the experience does not end, but rather transforms into a celebration of togetherness and recovery.<\/p>\n<p><strong>The organization offers gourmet refreshments with a fideu\u00e0<\/strong> , reflecting the gastronomic excellence of Cambrils, a city famous for its fish markets and its seafood cuisine.<\/p>\n<p>In addition, you&#8217;ll have access to physiotherapy, mechanical services, and photography to ensure you have the perfect memories of your day. It&#8217;s the ultimate combination of sport, nature, and Mediterranean culture. <\/p>\n<p>Registration remains open until all bib numbers are sold out or until one week before the event.<\/p>\n<p>It is the perfect opportunity to experience an authentic weekend of cycle touring, breathing in the spirituality of the Priorat forests and always returning to the shelter of a destination that breathes the sea.<\/p>\n<p>Cambrils awaits you with open arms and your bike ready.<\/p>\n<p><a href=\"https:\/\/www.naturetime.es\/ca\/marxa-cicloturisme-cambrils\/\" target=\"_blank\" rel=\"noopener\">+ INFO<\/a><\/p>\n<p>&nbsp;<\/p>\n<\/div><div class=\"fusion-separator fusion-full-width-sep\" style=\"align-self: center;margin-left: auto;margin-right: auto;margin-top:15px;width:100%;\"><div class=\"fusion-separator-border sep-single sep-solid\" style=\"--awb-height:20px;--awb-amount:20px;--awb-sep-color:#efefef;border-color:#efefef;border-top-width:1px;\"><\/div><\/div><div style=\"text-align:center;\"><a class=\"fusion-button button-flat fusion-button-default-size button-custom fusion-button-default button-9 fusion-button-default-span fusion-button-default-type\" style=\"--button_accent_color:#ff9600;--button_border_color:#ff9600;--button_accent_hover_color:#ffffff;--button_border_hover_color:#ffffff;--button_border_width-top:0px;--button_border_width-right:0px;--button_border_width-bottom:0px;--button_border_width-left:0px;--button-border-radius-top-left:0px;--button-border-radius-top-right:0px;--button-border-radius-bottom-right:0px;--button-border-radius-bottom-left:0px;--button_gradient_top_color:rgba(255,150,0,0);--button_gradient_bottom_color:rgba(255,150,0,0);--button_gradient_top_color_hover:rgba(255,150,0,0);--button_gradient_bottom_color_hover:rgba(255,150,0,0);--button_margin-top:10px;--button_margin-bottom:15px;width:calc(100%);\" target=\"_self\" href=\"https:\/\/cyclingcambrils.com\/en\/the-bioracer-cambrils-road-passes-through-the-best-part-of-the-area\/\"><span class=\"fusion-button-text awb-button__text awb-button__text--default\">Read article<\/span><\/a><\/div><\/div><\/li>\n<\/ul><\/div><\/div><\/div><\/div><\/div><\/p>\n","protected":false},"excerpt":{"rendered":"","protected":false},"author":20,"featured_media":0,"parent":0,"menu_order":0,"comment_status":"closed","ping_status":"closed","template":"100-width.php","meta":{"_acf_changed":false,"footnotes":""},"class_list":["post-5741","page","type-page","status-publish","hentry"],"acf":[],"yoast_head":"<!-- This site is optimized with the Yoast SEO plugin v27.4 - https:\/\/yoast.com\/product\/yoast-seo-wordpress\/ -->\n<title>Cambrils Cycling Paradise - Descubre el para\u00edso del ciclista<\/title>\n<meta name=\"description\" content=\"Routes, experiences and services. Whether you&#039;re an occasional or professional cyclist, into road or mountain biking, It doesn&#039;t matter, Cambrils is your paradise.\" \/>\n<meta name=\"robots\" content=\"index, follow, max-snippet:-1, max-image-preview:large, max-video-preview:-1\" \/>\n<link rel=\"canonical\" href=\"https:\/\/cyclingcambrils.com\/en\/\" \/>\n<meta property=\"og:locale\" content=\"en_US\" \/>\n<meta property=\"og:type\" content=\"article\" \/>\n<meta property=\"og:title\" content=\"Cambrils Cycling Paradise\" \/>\n<meta property=\"og:description\" content=\"Routes, experiences and services. Whether you&#039;re an occasional or professional cyclist, into road or mountain biking, It doesn&#039;t matter, Cambrils is your paradise.\" \/>\n<meta property=\"og:url\" content=\"https:\/\/cyclingcambrils.com\/en\/\" \/>\n<meta property=\"og:site_name\" content=\"Cambrils Cycling Paradise\" \/>\n<meta property=\"article:publisher\" content=\"https:\/\/www.facebook.com\/CambrilsTurisme\/\" \/>\n<meta property=\"article:modified_time\" content=\"2026-03-04T20:35:29+00:00\" \/>\n<meta property=\"og:image\" content=\"https:\/\/cyclingcambrils.com\/wp-content\/uploads\/2022\/01\/cambrils_34-1024x683.jpg\" \/>\n<meta name=\"twitter:card\" content=\"summary_large_image\" \/>\n<meta name=\"twitter:label1\" content=\"Est. reading time\" \/>\n\t<meta name=\"twitter:data1\" content=\"17 minutes\" \/>\n<script type=\"application\/ld+json\" class=\"yoast-schema-graph\">{\"@context\":\"https:\\\/\\\/schema.org\",\"@graph\":[{\"@type\":\"WebPage\",\"@id\":\"https:\\\/\\\/cyclingcambrils.com\\\/en\\\/\",\"url\":\"https:\\\/\\\/cyclingcambrils.com\\\/en\\\/\",\"name\":\"Cambrils Cycling Paradise - Descubre el para\u00edso del ciclista\",\"isPartOf\":{\"@id\":\"https:\\\/\\\/cyclingcambrils.com\\\/en\\\/#website\"},\"datePublished\":\"2021-09-14T15:31:15+00:00\",\"dateModified\":\"2026-03-04T20:35:29+00:00\",\"description\":\"Routes, experiences and services. Whether you're an occasional or professional cyclist, into road or mountain biking, It doesn't matter, Cambrils is your paradise.\",\"breadcrumb\":{\"@id\":\"https:\\\/\\\/cyclingcambrils.com\\\/en\\\/#breadcrumb\"},\"inLanguage\":\"en-US\",\"potentialAction\":[{\"@type\":\"ReadAction\",\"target\":[\"https:\\\/\\\/cyclingcambrils.com\\\/en\\\/\"]}]},{\"@type\":\"BreadcrumbList\",\"@id\":\"https:\\\/\\\/cyclingcambrils.com\\\/en\\\/#breadcrumb\",\"itemListElement\":[{\"@type\":\"ListItem\",\"position\":1,\"name\":\"Portada\",\"item\":\"https:\\\/\\\/cyclingcambrils.com\\\/en\\\/\"},{\"@type\":\"ListItem\",\"position\":2,\"name\":\"Cambrils Cycling Paradise\"}]},{\"@type\":\"WebSite\",\"@id\":\"https:\\\/\\\/cyclingcambrils.com\\\/en\\\/#website\",\"url\":\"https:\\\/\\\/cyclingcambrils.com\\\/en\\\/\",\"name\":\"Cambrils Cycling Paradise\",\"description\":\"Descubre el para\u00edso del ciclista\",\"publisher\":{\"@id\":\"https:\\\/\\\/cyclingcambrils.com\\\/en\\\/#organization\"},\"potentialAction\":[{\"@type\":\"SearchAction\",\"target\":{\"@type\":\"EntryPoint\",\"urlTemplate\":\"https:\\\/\\\/cyclingcambrils.com\\\/en\\\/?s={search_term_string}\"},\"query-input\":{\"@type\":\"PropertyValueSpecification\",\"valueRequired\":true,\"valueName\":\"search_term_string\"}}],\"inLanguage\":\"en-US\"},{\"@type\":\"Organization\",\"@id\":\"https:\\\/\\\/cyclingcambrils.com\\\/en\\\/#organization\",\"name\":\"Cambrils Cycling Paradise\",\"url\":\"https:\\\/\\\/cyclingcambrils.com\\\/en\\\/\",\"logo\":{\"@type\":\"ImageObject\",\"inLanguage\":\"en-US\",\"@id\":\"https:\\\/\\\/cyclingcambrils.com\\\/en\\\/#\\\/schema\\\/logo\\\/image\\\/\",\"url\":\"https:\\\/\\\/cyclingcambrils.com\\\/wp-content\\\/uploads\\\/2023\\\/04\\\/logo-cambrils-cycling-paradise.png\",\"contentUrl\":\"https:\\\/\\\/cyclingcambrils.com\\\/wp-content\\\/uploads\\\/2023\\\/04\\\/logo-cambrils-cycling-paradise.png\",\"width\":600,\"height\":196,\"caption\":\"Cambrils Cycling Paradise\"},\"image\":{\"@id\":\"https:\\\/\\\/cyclingcambrils.com\\\/en\\\/#\\\/schema\\\/logo\\\/image\\\/\"},\"sameAs\":[\"https:\\\/\\\/www.facebook.com\\\/CambrilsTurisme\\\/\",\"https:\\\/\\\/www.instagram.com\\\/cambrilsturisme\"]}]}<\/script>\n<!-- \/ Yoast SEO plugin. -->","yoast_head_json":{"title":"Cambrils Cycling Paradise - Descubre el para\u00edso del ciclista","description":"Routes, experiences and services. Whether you're an occasional or professional cyclist, into road or mountain biking, It doesn't matter, Cambrils is your paradise.","robots":{"index":"index","follow":"follow","max-snippet":"max-snippet:-1","max-image-preview":"max-image-preview:large","max-video-preview":"max-video-preview:-1"},"canonical":"https:\/\/cyclingcambrils.com\/en\/","og_locale":"en_US","og_type":"article","og_title":"Cambrils Cycling Paradise","og_description":"Routes, experiences and services. Whether you're an occasional or professional cyclist, into road or mountain biking, It doesn't matter, Cambrils is your paradise.","og_url":"https:\/\/cyclingcambrils.com\/en\/","og_site_name":"Cambrils Cycling Paradise","article_publisher":"https:\/\/www.facebook.com\/CambrilsTurisme\/","article_modified_time":"2026-03-04T20:35:29+00:00","og_image":[{"url":"https:\/\/cyclingcambrils.com\/wp-content\/uploads\/2022\/01\/cambrils_34-1024x683.jpg","type":"","width":"","height":""}],"twitter_card":"summary_large_image","twitter_misc":{"Est. reading time":"17 minutes"},"schema":{"@context":"https:\/\/schema.org","@graph":[{"@type":"WebPage","@id":"https:\/\/cyclingcambrils.com\/en\/","url":"https:\/\/cyclingcambrils.com\/en\/","name":"Cambrils Cycling Paradise - Descubre el para\u00edso del ciclista","isPartOf":{"@id":"https:\/\/cyclingcambrils.com\/en\/#website"},"datePublished":"2021-09-14T15:31:15+00:00","dateModified":"2026-03-04T20:35:29+00:00","description":"Routes, experiences and services. Whether you're an occasional or professional cyclist, into road or mountain biking, It doesn't matter, Cambrils is your paradise.","breadcrumb":{"@id":"https:\/\/cyclingcambrils.com\/en\/#breadcrumb"},"inLanguage":"en-US","potentialAction":[{"@type":"ReadAction","target":["https:\/\/cyclingcambrils.com\/en\/"]}]},{"@type":"BreadcrumbList","@id":"https:\/\/cyclingcambrils.com\/en\/#breadcrumb","itemListElement":[{"@type":"ListItem","position":1,"name":"Portada","item":"https:\/\/cyclingcambrils.com\/en\/"},{"@type":"ListItem","position":2,"name":"Cambrils Cycling Paradise"}]},{"@type":"WebSite","@id":"https:\/\/cyclingcambrils.com\/en\/#website","url":"https:\/\/cyclingcambrils.com\/en\/","name":"Cambrils Cycling Paradise","description":"Descubre el para\u00edso del ciclista","publisher":{"@id":"https:\/\/cyclingcambrils.com\/en\/#organization"},"potentialAction":[{"@type":"SearchAction","target":{"@type":"EntryPoint","urlTemplate":"https:\/\/cyclingcambrils.com\/en\/?s={search_term_string}"},"query-input":{"@type":"PropertyValueSpecification","valueRequired":true,"valueName":"search_term_string"}}],"inLanguage":"en-US"},{"@type":"Organization","@id":"https:\/\/cyclingcambrils.com\/en\/#organization","name":"Cambrils Cycling Paradise","url":"https:\/\/cyclingcambrils.com\/en\/","logo":{"@type":"ImageObject","inLanguage":"en-US","@id":"https:\/\/cyclingcambrils.com\/en\/#\/schema\/logo\/image\/","url":"https:\/\/cyclingcambrils.com\/wp-content\/uploads\/2023\/04\/logo-cambrils-cycling-paradise.png","contentUrl":"https:\/\/cyclingcambrils.com\/wp-content\/uploads\/2023\/04\/logo-cambrils-cycling-paradise.png","width":600,"height":196,"caption":"Cambrils Cycling Paradise"},"image":{"@id":"https:\/\/cyclingcambrils.com\/en\/#\/schema\/logo\/image\/"},"sameAs":["https:\/\/www.facebook.com\/CambrilsTurisme\/","https:\/\/www.instagram.com\/cambrilsturisme"]}]}},"_links":{"self":[{"href":"https:\/\/cyclingcambrils.com\/en\/wp-json\/wp\/v2\/pages\/5741","targetHints":{"allow":["GET"]}}],"collection":[{"href":"https:\/\/cyclingcambrils.com\/en\/wp-json\/wp\/v2\/pages"}],"about":[{"href":"https:\/\/cyclingcambrils.com\/en\/wp-json\/wp\/v2\/types\/page"}],"author":[{"embeddable":true,"href":"https:\/\/cyclingcambrils.com\/en\/wp-json\/wp\/v2\/users\/20"}],"replies":[{"embeddable":true,"href":"https:\/\/cyclingcambrils.com\/en\/wp-json\/wp\/v2\/comments?post=5741"}],"version-history":[{"count":32,"href":"https:\/\/cyclingcambrils.com\/en\/wp-json\/wp\/v2\/pages\/5741\/revisions"}],"predecessor-version":[{"id":15409,"href":"https:\/\/cyclingcambrils.com\/en\/wp-json\/wp\/v2\/pages\/5741\/revisions\/15409"}],"wp:attachment":[{"href":"https:\/\/cyclingcambrils.com\/en\/wp-json\/wp\/v2\/media?parent=5741"}],"curies":[{"name":"wp","href":"https:\/\/api.w.org\/{rel}","templated":true}]}}