{"id":8339,"date":"2021-10-01T17:02:05","date_gmt":"2021-10-01T17:02:05","guid":{"rendered":"https:\/\/cyclingcambrils.com\/blog\/"},"modified":"2023-03-17T12:55:18","modified_gmt":"2023-03-17T12:55:18","slug":"blog","status":"publish","type":"page","link":"https:\/\/cyclingcambrils.com\/it\/blog\/","title":{"rendered":"Blog"},"content":{"rendered":"<p><div class=\"fusion-fullwidth fullwidth-box fusion-builder-row-1 fusion-flex-container nonhundred-percent-fullwidth non-hundred-percent-height-scrolling\" style=\"--awb-border-radius-top-left:0px;--awb-border-radius-top-right:0px;--awb-border-radius-bottom-right:0px;--awb-border-radius-bottom-left:0px;--awb-margin-bottom:100px;--awb-flex-wrap:wrap;\" ><div class=\"fusion-builder-row fusion-row fusion-flex-align-items-flex-start fusion-flex-content-wrap\" style=\"max-width:1393.6px;margin-left: calc(-4% \/ 2 );margin-right: calc(-4% \/ 2 );\"><div class=\"fusion-layout-column fusion_builder_column fusion-builder-column-0 fusion_builder_column_1_1 1_1 fusion-flex-column\" style=\"--awb-bg-size:cover;--awb-width-large:100%;--awb-margin-top-large:0px;--awb-spacing-right-large:1.92%;--awb-margin-bottom-large:0px;--awb-spacing-left-large:1.92%;--awb-width-medium:100%;--awb-order-medium:0;--awb-spacing-right-medium:1.92%;--awb-spacing-left-medium:1.92%;--awb-width-small:100%;--awb-order-small:0;--awb-spacing-right-small:1.92%;--awb-spacing-left-small:1.92%;\"><div class=\"fusion-column-wrapper fusion-column-has-shadow fusion-flex-justify-content-flex-start fusion-content-layout-column\"><div class=\"fusion-post-cards fusion-post-cards-1 fusion-no-small-visibility fusion-no-medium-visibility fusion-grid-archive fusion-grid-columns-3\" style=\"--awb-columns:3;--awb-row-spacing:50px;--awb-columns-medium:50%;--awb-columns-small:100%;\"><ul class=\"fusion-grid fusion-grid-3 fusion-flex-align-items-flex-start fusion-grid-posts-cards\"><li class=\"fusion-layout-column fusion_builder_column fusion-builder-column-1 fusion-flex-column post-card fusion-grid-column fusion-post-cards-grid-column\" style=\"--awb-overflow:hidden;--awb-bg-color:#ffffff;--awb-bg-color-hover:#ffffff;--awb-bg-size:cover;--awb-border-color:#efefef;--awb-border-right:1px;--awb-border-bottom:1px;--awb-border-left:1px;--awb-border-style:solid;--awb-border-radius:10px 10px 10px 10px;--awb-flex-grow:0;--awb-flex-shrink:0;--awb-flex-grow-medium:0;--awb-flex-shrink-medium:0;--awb-flex-grow-small:0;--awb-flex-shrink-small:0;\"><div class=\"fusion-column-wrapper fusion-flex-justify-content-flex-start fusion-content-layout-column\"><div class=\"fusion-classic-product-image-wrapper fusion-woo-product-image fusion-post-card-image fusion-post-card-image-1\" data-layout=\"static\"><div  class=\"fusion-image-wrapper\" aria-haspopup=\"true\">\n\t\t\t\t\t\t\t<a href=\"https:\/\/cyclingcambrils.com\/it\/la-cambrils-btt-origens-y-la-bioracer-cambrils-road-resumen-lo-mejor-del-territorio\/\" aria-label=\"La Cambrils BTT Or\u00edgens y la Bioracer Cambrils Road resumen lo mejor del territorio\">\n\t\t\t\t\t\t\t<img decoding=\"async\" width=\"900\" height=\"600\" src=\"https:\/\/cyclingcambrils.com\/wp-content\/uploads\/2026\/03\/En-este-entorno-inmejorable-vuelve-la-Bioracer-Cambrils-Road-una-cita-marcada-en-el-calendario-para-el-domingo-24-de-mayo-2.jpg\" class=\"attachment-full size-full lazyload wp-post-image\" alt=\"\" srcset=\"data:image\/svg+xml,%3Csvg%20xmlns%3D%27http%3A%2F%2Fwww.w3.org%2F2000%2Fsvg%27%20width%3D%27900%27%20height%3D%27600%27%20viewBox%3D%270%200%20900%20600%27%3E%3Crect%20width%3D%27900%27%20height%3D%27600%27%20fill-opacity%3D%220%22%2F%3E%3C%2Fsvg%3E\" data-orig-src=\"https:\/\/cyclingcambrils.com\/wp-content\/uploads\/2026\/03\/En-este-entorno-inmejorable-vuelve-la-Bioracer-Cambrils-Road-una-cita-marcada-en-el-calendario-para-el-domingo-24-de-mayo-2.jpg\" data-srcset=\"https:\/\/cyclingcambrils.com\/wp-content\/uploads\/2026\/03\/En-este-entorno-inmejorable-vuelve-la-Bioracer-Cambrils-Road-una-cita-marcada-en-el-calendario-para-el-domingo-24-de-mayo-2-200x133.jpg 200w, https:\/\/cyclingcambrils.com\/wp-content\/uploads\/2026\/03\/En-este-entorno-inmejorable-vuelve-la-Bioracer-Cambrils-Road-una-cita-marcada-en-el-calendario-para-el-domingo-24-de-mayo-2-400x267.jpg 400w, https:\/\/cyclingcambrils.com\/wp-content\/uploads\/2026\/03\/En-este-entorno-inmejorable-vuelve-la-Bioracer-Cambrils-Road-una-cita-marcada-en-el-calendario-para-el-domingo-24-de-mayo-2-600x400.jpg 600w, https:\/\/cyclingcambrils.com\/wp-content\/uploads\/2026\/03\/En-este-entorno-inmejorable-vuelve-la-Bioracer-Cambrils-Road-una-cita-marcada-en-el-calendario-para-el-domingo-24-de-mayo-2-800x533.jpg 800w, https:\/\/cyclingcambrils.com\/wp-content\/uploads\/2026\/03\/En-este-entorno-inmejorable-vuelve-la-Bioracer-Cambrils-Road-una-cita-marcada-en-el-calendario-para-el-domingo-24-de-mayo-2.jpg 900w\" data-sizes=\"auto\" \/>\t\t\t<\/a>\n\t\t\t\t\t\t\t<\/div>\n<\/div><div class=\"fusion-title title fusion-title-1 fusion-sep-none fusion-title-center fusion-title-text fusion-title-size-three\" style=\"--awb-margin-top:30px;--awb-margin-right:20px;--awb-margin-left:20px;--awb-margin-top-small:30px;--awb-margin-right-small:20px;--awb-margin-left-small:20px;--awb-font-size:30px;\"><h3 class=\"fusion-title-heading title-heading-center\" style=\"margin:0;font-size:1em;line-height:1.3;\"><a href=\"https:\/\/cyclingcambrils.com\/it\/la-cambrils-btt-origens-y-la-bioracer-cambrils-road-resumen-lo-mejor-del-territorio\/\" class=\"awb-custom-text-color awb-custom-text-hover-color\" target=\"_self\">La Cambrils BTT Or\u00edgens y la Bioracer Cambrils Road resumen lo mejor del territorio<\/a><\/h3><\/div><div class=\"fusion-content-tb fusion-content-tb-1 extracto\" style=\"--awb-text-color:#222222;--awb-margin-left:30px;--awb-margin-right:30px;--awb-content-alignment:justify;--awb-text-transform:none;\"><p>El tiempo ha situado a Cambrils como un destino de referencia para los amantes del ciclismo gracias a una combinaci\u00f3n privilegiada de factores geogr\u00e1ficos y clim\u00e1ticos que permiten disfrutar del deporte durante todo el a\u00f1o.<\/p>\n<p>Emplazada en el coraz\u00f3n de la Costa Dorada, la localidad ofrece un escenario excepcional donde <strong>el mar y la monta\u00f1a se mezclan a pocos kil\u00f3metros de distancia<\/strong>, permitiendo rutas que transcurren por paisajes llanos y ascensos desafiantes hacia las sierras interiores.<\/p>\n<p><img decoding=\"async\" class=\"lazyload size-full wp-image-15373 aligncenter\" src=\"https:\/\/cyclingcambrils.com\/wp-content\/uploads\/2026\/02\/cambribike-BTT-.jpg\" data-orig-src=\"https:\/\/cyclingcambrils.com\/wp-content\/uploads\/2026\/02\/cambribike-BTT-.jpg\" alt=\"\" width=\"900\" height=\"600\" srcset=\"data:image\/svg+xml,%3Csvg%20xmlns%3D%27http%3A%2F%2Fwww.w3.org%2F2000%2Fsvg%27%20width%3D%27900%27%20height%3D%27600%27%20viewBox%3D%270%200%20900%20600%27%3E%3Crect%20width%3D%27900%27%20height%3D%27600%27%20fill-opacity%3D%220%22%2F%3E%3C%2Fsvg%3E\" data-srcset=\"https:\/\/cyclingcambrils.com\/wp-content\/uploads\/2026\/02\/cambribike-BTT--200x133.jpg 200w, https:\/\/cyclingcambrils.com\/wp-content\/uploads\/2026\/02\/cambribike-BTT--300x200.jpg 300w, https:\/\/cyclingcambrils.com\/wp-content\/uploads\/2026\/02\/cambribike-BTT--400x267.jpg 400w, https:\/\/cyclingcambrils.com\/wp-content\/uploads\/2026\/02\/cambribike-BTT--600x400.jpg 600w, https:\/\/cyclingcambrils.com\/wp-content\/uploads\/2026\/02\/cambribike-BTT--768x512.jpg 768w, https:\/\/cyclingcambrils.com\/wp-content\/uploads\/2026\/02\/cambribike-BTT--800x533.jpg 800w, https:\/\/cyclingcambrils.com\/wp-content\/uploads\/2026\/02\/cambribike-BTT-.jpg 900w\" data-sizes=\"auto\" data-orig-sizes=\"(max-width: 900px) 100vw, 900px\" \/><\/p>\n<h3>As\u00ed se crea la Cambrils BTT Or\u00edgens<\/h3>\n<p>Esta dualidad se refleja perfectamente en la propuesta de la Cambrils BTT Or\u00edgens, un nombre que busca <strong>reivindicar las ra\u00edces rurales del municipio y su entorno de agricultura y caminos con historia<\/strong>.<\/p>\n<p>&#8220;Un nombre que pone en valor lo que es Cambrils, ese entorno de agricultores, vi\u00f1as y olivos, un recuerdo de nuestra autenticidad&#8221; dice Joan Carbonell, responsable de Naturetime Events, organizadora de la salida.<\/p>\n<p>La orograf\u00eda de la zona permite ofrecer <strong>recorridos para todos los perfiles<\/strong>, desde familias hasta ciclistas m\u00e1s expertos que buscan el m\u00e1ximo rendimiento.<\/p>\n<p>Son cuatro versiones: Los circuitos de 22 y 35 kil\u00f3metros est\u00e1n pensados para aquellos que quieren una experiencia m\u00e1s accesible; el primero con un car\u00e1cter marcadamente familiar y el segundo extendi\u00e9ndose hasta Vilanova d&#8217;Escornalbou para ofrecer un recorrido m\u00e1s largo sin una exigencia t\u00e9cnica exagerada.<\/p>\n<p>Para los m\u00e1s aventureros, las distancias de 47 y 55 kil\u00f3metros se adentran en el desnivel de la sierra de Llaberia y los contrafuertes del Baix Camp, introduciendo como elemento diferenciador las cronoescaladas.<\/p>\n<p><strong>Estos tramos cronometrados individualmente permiten a los corredores competir contra el reloj<\/strong> en sectores de subida concretos, con entrega de premios para BTT muscular, el\u00e9ctricas y de gravel.<\/p>\n<p>&#8220;Puedes hacerlo a tu ritmo o competir&#8221; distingue Joan.<\/p>\n<p><img decoding=\"async\" class=\"lazyload size-full wp-image-15379 aligncenter\" src=\"https:\/\/cyclingcambrils.com\/wp-content\/uploads\/2026\/02\/Cambribike-Bioracer-road.jpg\" data-orig-src=\"https:\/\/cyclingcambrils.com\/wp-content\/uploads\/2026\/02\/Cambribike-Bioracer-road.jpg\" alt=\"\" width=\"900\" height=\"600\" srcset=\"data:image\/svg+xml,%3Csvg%20xmlns%3D%27http%3A%2F%2Fwww.w3.org%2F2000%2Fsvg%27%20width%3D%27900%27%20height%3D%27600%27%20viewBox%3D%270%200%20900%20600%27%3E%3Crect%20width%3D%27900%27%20height%3D%27600%27%20fill-opacity%3D%220%22%2F%3E%3C%2Fsvg%3E\" data-srcset=\"https:\/\/cyclingcambrils.com\/wp-content\/uploads\/2026\/02\/Cambribike-Bioracer-road-200x133.jpg 200w, https:\/\/cyclingcambrils.com\/wp-content\/uploads\/2026\/02\/Cambribike-Bioracer-road-300x200.jpg 300w, https:\/\/cyclingcambrils.com\/wp-content\/uploads\/2026\/02\/Cambribike-Bioracer-road-400x267.jpg 400w, https:\/\/cyclingcambrils.com\/wp-content\/uploads\/2026\/02\/Cambribike-Bioracer-road-600x400.jpg 600w, https:\/\/cyclingcambrils.com\/wp-content\/uploads\/2026\/02\/Cambribike-Bioracer-road-768x512.jpg 768w, https:\/\/cyclingcambrils.com\/wp-content\/uploads\/2026\/02\/Cambribike-Bioracer-road-800x533.jpg 800w, https:\/\/cyclingcambrils.com\/wp-content\/uploads\/2026\/02\/Cambribike-Bioracer-road.jpg 900w\" data-sizes=\"auto\" data-orig-sizes=\"(max-width: 900px) 100vw, 900px\" \/><\/p>\n<h3>La versi\u00f3n de carretera: Bioracer Cambrils Road<\/h3>\n<p>En cuanto al ciclismo de carretera, la Bioracer Cambrils Road propone <strong>una inmersi\u00f3n en el paisaje del Priorat<\/strong> a trav\u00e9s de rutas de 85 y 125 kil\u00f3metros.<\/p>\n<p>&#8220;Las dos distancias por Baix Camp y Priorat sur combinan carreteras de poco tr\u00e1fico con grandes paisajes con el puntito de exigirse en alguna subida&#8221; nos dice Joan.<\/p>\n<p>Estas rutas destacan por transcurrir por carreteras muy tranquilas y <strong>un entorno de gran belleza visual que incluye el paso por Escaladei y la Morera de Montsant<\/strong>.<\/p>\n<p>El reto estrella para los ciclistas de fondo es el ascenso al No Plores Nen, un sector emblem\u00e1tico que define la dureza y el atractivo de esta zona desde Torroja de Priorat a la Morera,.<\/p>\n<p>Todo el recorrido se realiza bajo <strong>una filosof\u00eda de marcha tranquila y segura, con una c\u00e1psula de seguridad del Servei Catal\u00e0 de Tr\u00e0nsit<\/strong>, evitando las grandes masificaciones para garantizar una experiencia cercana y de calidad para cada participante.<\/p>\n<p><img decoding=\"async\" class=\"lazyload size-full wp-image-15448 aligncenter\" src=\"https:\/\/cyclingcambrils.com\/wp-content\/uploads\/2026\/03\/En-este-entorno-inmejorable-vuelve-la-Bioracer-Cambrils-Road-una-cita-marcada-en-el-calendario-para-el-domingo-24-de-mayo.jpg\" data-orig-src=\"https:\/\/cyclingcambrils.com\/wp-content\/uploads\/2026\/03\/En-este-entorno-inmejorable-vuelve-la-Bioracer-Cambrils-Road-una-cita-marcada-en-el-calendario-para-el-domingo-24-de-mayo.jpg\" alt=\"\" width=\"900\" height=\"600\" srcset=\"data:image\/svg+xml,%3Csvg%20xmlns%3D%27http%3A%2F%2Fwww.w3.org%2F2000%2Fsvg%27%20width%3D%27900%27%20height%3D%27600%27%20viewBox%3D%270%200%20900%20600%27%3E%3Crect%20width%3D%27900%27%20height%3D%27600%27%20fill-opacity%3D%220%22%2F%3E%3C%2Fsvg%3E\" data-srcset=\"https:\/\/cyclingcambrils.com\/wp-content\/uploads\/2026\/03\/En-este-entorno-inmejorable-vuelve-la-Bioracer-Cambrils-Road-una-cita-marcada-en-el-calendario-para-el-domingo-24-de-mayo-200x133.jpg 200w, https:\/\/cyclingcambrils.com\/wp-content\/uploads\/2026\/03\/En-este-entorno-inmejorable-vuelve-la-Bioracer-Cambrils-Road-una-cita-marcada-en-el-calendario-para-el-domingo-24-de-mayo-300x200.jpg 300w, https:\/\/cyclingcambrils.com\/wp-content\/uploads\/2026\/03\/En-este-entorno-inmejorable-vuelve-la-Bioracer-Cambrils-Road-una-cita-marcada-en-el-calendario-para-el-domingo-24-de-mayo-400x267.jpg 400w, https:\/\/cyclingcambrils.com\/wp-content\/uploads\/2026\/03\/En-este-entorno-inmejorable-vuelve-la-Bioracer-Cambrils-Road-una-cita-marcada-en-el-calendario-para-el-domingo-24-de-mayo-600x400.jpg 600w, https:\/\/cyclingcambrils.com\/wp-content\/uploads\/2026\/03\/En-este-entorno-inmejorable-vuelve-la-Bioracer-Cambrils-Road-una-cita-marcada-en-el-calendario-para-el-domingo-24-de-mayo-768x512.jpg 768w, https:\/\/cyclingcambrils.com\/wp-content\/uploads\/2026\/03\/En-este-entorno-inmejorable-vuelve-la-Bioracer-Cambrils-Road-una-cita-marcada-en-el-calendario-para-el-domingo-24-de-mayo-800x533.jpg 800w, https:\/\/cyclingcambrils.com\/wp-content\/uploads\/2026\/03\/En-este-entorno-inmejorable-vuelve-la-Bioracer-Cambrils-Road-una-cita-marcada-en-el-calendario-para-el-domingo-24-de-mayo.jpg 900w\" data-sizes=\"auto\" data-orig-sizes=\"(max-width: 900px) 100vw, 900px\" \/><\/p>\n<h3>Marcha ciclista con &#8220;sabor a mar&#8221;<\/h3>\n<p>La experiencia en Cambrils no ser\u00eda completa sin hacer referencia a su excelencia gastron\u00f3mica, que se convierte en el mejor premio despu\u00e9s del esfuerzo f\u00edsico.<\/p>\n<p>El evento se define como una marcha con sabor a mar, ya que al llegar a la meta los ciclistas pueden disfrutar de <strong>un plato t\u00edpico de la cocina local, como fideos rossejats o fideu\u00e1, permitiendo degustar la esencia culinaria del lugar<\/strong>.<\/p>\n<p>Esta combinaci\u00f3n de rutas exigentes, paisajes agr\u00edcolas aut\u00e9nticos y una oferta cultural y gastron\u00f3mica de primer nivel se da cita, recordad en el entorno de la Cambribike.<\/p>\n<h3>Inscripciones abiertas<\/h3>\n<p><a href=\"https:\/\/www.naturetime.es\/cambribike\/\" target=\"_blank\" rel=\"noopener\">Cambrils BTT Or\u00edgens<\/a> &#8211; 23 de mayo<\/p>\n<p><a href=\"https:\/\/www.naturetime.es\/marcha-cicloturismo-cambrils\/\">Bioracer Cambrils Road<\/a> &#8211; 24 de mayo<\/p>\n<p>&nbsp;<\/p>\n<\/div><div class=\"fusion-separator fusion-full-width-sep\" style=\"align-self: center;margin-left: auto;margin-right: auto;margin-top:15px;width:100%;\"><div class=\"fusion-separator-border sep-single sep-solid\" style=\"--awb-height:20px;--awb-amount:20px;--awb-sep-color:#efefef;border-color:#efefef;border-top-width:1px;\"><\/div><\/div><div style=\"text-align:center;\"><a class=\"fusion-button button-flat fusion-button-default-size button-custom fusion-button-default button-1 fusion-button-default-span fusion-button-default-type\" style=\"--button_accent_color:#ff9600;--button_border_color:#ff9600;--button_accent_hover_color:#ffffff;--button_border_hover_color:#ffffff;--button_border_width-top:0px;--button_border_width-right:0px;--button_border_width-bottom:0px;--button_border_width-left:0px;--button-border-radius-top-left:0px;--button-border-radius-top-right:0px;--button-border-radius-bottom-right:0px;--button-border-radius-bottom-left:0px;--button_gradient_top_color:rgba(255,150,0,0);--button_gradient_bottom_color:rgba(255,150,0,0);--button_gradient_top_color_hover:rgba(255,150,0,0);--button_gradient_bottom_color_hover:rgba(255,150,0,0);--button_margin-top:10px;--button_margin-bottom:15px;width:calc(100%);\" target=\"_self\" href=\"#\"><span class=\"fusion-button-text awb-button__text awb-button__text--default\">Leggi l&#8217;articolo<\/span><\/a><\/div><\/div><\/li>\n<li class=\"fusion-layout-column fusion_builder_column fusion-builder-column-2 fusion-flex-column post-card fusion-grid-column fusion-post-cards-grid-column\" style=\"--awb-overflow:hidden;--awb-bg-color:#ffffff;--awb-bg-color-hover:#ffffff;--awb-bg-size:cover;--awb-border-color:#efefef;--awb-border-right:1px;--awb-border-bottom:1px;--awb-border-left:1px;--awb-border-style:solid;--awb-border-radius:10px 10px 10px 10px;--awb-flex-grow:0;--awb-flex-shrink:0;--awb-flex-grow-medium:0;--awb-flex-shrink-medium:0;--awb-flex-grow-small:0;--awb-flex-shrink-small:0;\"><div class=\"fusion-column-wrapper fusion-flex-justify-content-flex-start fusion-content-layout-column\"><div class=\"fusion-classic-product-image-wrapper fusion-woo-product-image fusion-post-card-image fusion-post-card-image-1\" data-layout=\"static\"><div  class=\"fusion-image-wrapper\" aria-haspopup=\"true\">\n\t\t\t\t\t\t\t<a href=\"https:\/\/cyclingcambrils.com\/it\/conto-alla-rovescia-per-cambribike\/\" aria-label=\"Conto alla rovescia per Cambribike\">\n\t\t\t\t\t\t\t<img decoding=\"async\" width=\"900\" height=\"598\" src=\"https:\/\/cyclingcambrils.com\/wp-content\/uploads\/2026\/04\/cambribike-btt.jpg\" class=\"attachment-full size-full lazyload wp-post-image\" alt=\"\" srcset=\"data:image\/svg+xml,%3Csvg%20xmlns%3D%27http%3A%2F%2Fwww.w3.org%2F2000%2Fsvg%27%20width%3D%27900%27%20height%3D%27598%27%20viewBox%3D%270%200%20900%20598%27%3E%3Crect%20width%3D%27900%27%20height%3D%27598%27%20fill-opacity%3D%220%22%2F%3E%3C%2Fsvg%3E\" data-orig-src=\"https:\/\/cyclingcambrils.com\/wp-content\/uploads\/2026\/04\/cambribike-btt.jpg\" data-srcset=\"https:\/\/cyclingcambrils.com\/wp-content\/uploads\/2026\/04\/cambribike-btt-200x133.jpg 200w, https:\/\/cyclingcambrils.com\/wp-content\/uploads\/2026\/04\/cambribike-btt-400x266.jpg 400w, https:\/\/cyclingcambrils.com\/wp-content\/uploads\/2026\/04\/cambribike-btt-600x399.jpg 600w, https:\/\/cyclingcambrils.com\/wp-content\/uploads\/2026\/04\/cambribike-btt-800x532.jpg 800w, https:\/\/cyclingcambrils.com\/wp-content\/uploads\/2026\/04\/cambribike-btt.jpg 900w\" data-sizes=\"auto\" \/>\t\t\t<\/a>\n\t\t\t\t\t\t\t<\/div>\n<\/div><div class=\"fusion-title title fusion-title-2 fusion-sep-none fusion-title-center fusion-title-text fusion-title-size-three\" style=\"--awb-margin-top:30px;--awb-margin-right:20px;--awb-margin-left:20px;--awb-margin-top-small:30px;--awb-margin-right-small:20px;--awb-margin-left-small:20px;--awb-font-size:30px;\"><h3 class=\"fusion-title-heading title-heading-center\" style=\"margin:0;font-size:1em;line-height:1.3;\"><a href=\"https:\/\/cyclingcambrils.com\/it\/conto-alla-rovescia-per-cambribike\/\" class=\"awb-custom-text-color awb-custom-text-hover-color\" target=\"_self\">Conto alla rovescia per Cambribike<\/a><\/h3><\/div><div class=\"fusion-content-tb fusion-content-tb-2 extracto\" style=\"--awb-text-color:#222222;--awb-margin-left:30px;--awb-margin-right:30px;--awb-content-alignment:justify;--awb-text-transform:none;\"><p>Benvenuti nel paradiso delle due ruote! Tra un mese arriva CambriBike; non \u00e8 solo un evento sportivo, \u00e8 il pi\u00f9 grande festival ciclistico di Cambrils, che trasforma questa cittadina della Costa Daurada nell&#8217;epicentro della passione per il ciclismo. <\/p>\n<p>Con un approccio inclusivo e dinamico, l&#8217;evento propone una vasta gamma di attivit\u00e0 che spaziano dalla professionalit\u00e0 pi\u00f9 esigente al divertimento dei pi\u00f9 piccoli.<\/p>\n<p>L&#8217;avventura di solito inizia con l&#8217;adrenalina dei <a href=\"https:\/\/www.naturetime.es\/cambribike\/\" target=\"_blank\" rel=\"noopener\">Cambrils BTT Or\u00edgens<\/a> .<\/p>\n<p>I partecipanti possono scegliere tra diversi percorsi (da 22 a 55 km) che si snodano attraverso i paesaggi interni, offrendo di tutto, dalle tranquille passeggiate alle sfide tecniche con salite cronometrate per i pi\u00f9 competitivi.<\/p>\n<p>Ma la diversit\u00e0 non si ferma qui: la modalit\u00e0 Gravel ha acquisito un peso considerevole, consentendo ai ciclisti di esplorare strade miste con quel mix unico di velocit\u00e0 e avventura.<\/p>\n<p><img decoding=\"async\" class=\"lazyload size-full wp-image-15499 aligncenter\" src=\"https:\/\/cyclingcambrils.com\/wp-content\/uploads\/2026\/03\/Cambrils-BTT-Origens-salida.jpg\" data-orig-src=\"https:\/\/cyclingcambrils.com\/wp-content\/uploads\/2026\/03\/Cambrils-BTT-Origens-salida.jpg\" alt=\"\" width=\"900\" height=\"600\" srcset=\"data:image\/svg+xml,%3Csvg%20xmlns%3D%27http%3A%2F%2Fwww.w3.org%2F2000%2Fsvg%27%20width%3D%27900%27%20height%3D%27600%27%20viewBox%3D%270%200%20900%20600%27%3E%3Crect%20width%3D%27900%27%20height%3D%27600%27%20fill-opacity%3D%220%22%2F%3E%3C%2Fsvg%3E\" data-srcset=\"https:\/\/cyclingcambrils.com\/wp-content\/uploads\/2026\/03\/Cambrils-BTT-Origens-salida-200x133.jpg 200w, https:\/\/cyclingcambrils.com\/wp-content\/uploads\/2026\/03\/Cambrils-BTT-Origens-salida-300x200.jpg 300w, https:\/\/cyclingcambrils.com\/wp-content\/uploads\/2026\/03\/Cambrils-BTT-Origens-salida-400x267.jpg 400w, https:\/\/cyclingcambrils.com\/wp-content\/uploads\/2026\/03\/Cambrils-BTT-Origens-salida-600x400.jpg 600w, https:\/\/cyclingcambrils.com\/wp-content\/uploads\/2026\/03\/Cambrils-BTT-Origens-salida-768x512.jpg 768w, https:\/\/cyclingcambrils.com\/wp-content\/uploads\/2026\/03\/Cambrils-BTT-Origens-salida-800x533.jpg 800w, https:\/\/cyclingcambrils.com\/wp-content\/uploads\/2026\/03\/Cambrils-BTT-Origens-salida.jpg 900w\" data-sizes=\"auto\" data-orig-sizes=\"(max-width: 900px) 100vw, 900px\" \/><\/p>\n<p>Per gli appassionati di ciclismo su strada, la <strong><a href=\"https:\/\/www.naturetime.es\/marcha-cicloturismo-cambrils\/\" target=\"_blank\" rel=\"noopener\">Bioracer Cambrils Road<\/a> \u00e8 l&#8217;evento imperdibile<\/strong> . Questo tour ciclistico di lunga distanza mette alla prova anche i ciclisti pi\u00f9 coraggiosi con passi di montagna iconici e viste spettacolari sul Mediterraneo. \u00c8 un momento in cui la realizzazione personale e il cameratismo si fondono sotto l&#8217;arco del traguardo, il tutto coronato da una generosa fideu\u00e0 (una paella tradizionale) per recuperare le energie.  <\/p>\n<p>Tuttavia, il cuore pulsante di CambriBike si trova soprattutto a Pinaret Park, trasformato in una vivace &#8220;Bike Expo&#8221;. Qui, le famiglie sono le protagoniste. I bambini si divertono con la Kids Cup, percorsi a ostacoli con rampe e sfide di abilit\u00e0, e laboratori di sicurezza stradale pensati per formare i ciclisti del futuro. Non mancano poi spettacoli di Bike Trial, dove esperti sfidano la gravit\u00e0, e sessioni di Indoor Cycling guidate da personaggi come Melcior Mauri, che infondono energia a tutti con musica e pedalate statiche.   <\/p>\n<p>Il gran finale \u00e8 il Bike Festival, una popolare pedalata urbana in cui costumi e biciclette d&#8217;epoca riempiono le strade di gioia. Insomma, CambriBike \u00e8 un evento fluido e dinamico che dimostra come il ciclismo sia molto pi\u00f9 di uno sport: \u00e8 uno stile di vita che unisce generazioni, promuove il turismo sostenibile e, soprattutto, ci invita a goderci la vita all&#8217;aria aperta con il sorriso. Andiamo a pedalare!  <\/p>\n<p>Immagine: Blanca de la Sotilla<\/p>\n<\/div><div class=\"fusion-separator fusion-full-width-sep\" style=\"align-self: center;margin-left: auto;margin-right: auto;margin-top:15px;width:100%;\"><div class=\"fusion-separator-border sep-single sep-solid\" style=\"--awb-height:20px;--awb-amount:20px;--awb-sep-color:#efefef;border-color:#efefef;border-top-width:1px;\"><\/div><\/div><div style=\"text-align:center;\"><a class=\"fusion-button button-flat fusion-button-default-size button-custom fusion-button-default button-2 fusion-button-default-span fusion-button-default-type\" style=\"--button_accent_color:#ff9600;--button_border_color:#ff9600;--button_accent_hover_color:#ffffff;--button_border_hover_color:#ffffff;--button_border_width-top:0px;--button_border_width-right:0px;--button_border_width-bottom:0px;--button_border_width-left:0px;--button-border-radius-top-left:0px;--button-border-radius-top-right:0px;--button-border-radius-bottom-right:0px;--button-border-radius-bottom-left:0px;--button_gradient_top_color:rgba(255,150,0,0);--button_gradient_bottom_color:rgba(255,150,0,0);--button_gradient_top_color_hover:rgba(255,150,0,0);--button_gradient_bottom_color_hover:rgba(255,150,0,0);--button_margin-top:10px;--button_margin-bottom:15px;width:calc(100%);\" target=\"_self\" href=\"#\"><span class=\"fusion-button-text awb-button__text awb-button__text--default\">Leggi l&#8217;articolo<\/span><\/a><\/div><\/div><\/li>\n<li class=\"fusion-layout-column fusion_builder_column fusion-builder-column-3 fusion-flex-column post-card fusion-grid-column fusion-post-cards-grid-column\" style=\"--awb-overflow:hidden;--awb-bg-color:#ffffff;--awb-bg-color-hover:#ffffff;--awb-bg-size:cover;--awb-border-color:#efefef;--awb-border-right:1px;--awb-border-bottom:1px;--awb-border-left:1px;--awb-border-style:solid;--awb-border-radius:10px 10px 10px 10px;--awb-flex-grow:0;--awb-flex-shrink:0;--awb-flex-grow-medium:0;--awb-flex-shrink-medium:0;--awb-flex-grow-small:0;--awb-flex-shrink-small:0;\"><div class=\"fusion-column-wrapper fusion-flex-justify-content-flex-start fusion-content-layout-column\"><div class=\"fusion-classic-product-image-wrapper fusion-woo-product-image fusion-post-card-image fusion-post-card-image-1\" data-layout=\"static\"><div  class=\"fusion-image-wrapper\" aria-haspopup=\"true\">\n\t\t\t\t\t\t\t<a href=\"https:\/\/cyclingcambrils.com\/it\/il-cambrils-btt-origens-attende-tutti-i-ciclisti\/\" aria-label=\"Il Cambrils BTT Or\u00edgens attende tutti i ciclisti\">\n\t\t\t\t\t\t\t<img decoding=\"async\" width=\"900\" height=\"600\" src=\"https:\/\/cyclingcambrils.com\/wp-content\/uploads\/2026\/03\/Cambrils-BTT-Origens-se-celebrara-el-proximo-sabado-23-mayo.jpg\" class=\"attachment-full size-full lazyload wp-post-image\" alt=\"\" srcset=\"data:image\/svg+xml,%3Csvg%20xmlns%3D%27http%3A%2F%2Fwww.w3.org%2F2000%2Fsvg%27%20width%3D%27900%27%20height%3D%27600%27%20viewBox%3D%270%200%20900%20600%27%3E%3Crect%20width%3D%27900%27%20height%3D%27600%27%20fill-opacity%3D%220%22%2F%3E%3C%2Fsvg%3E\" data-orig-src=\"https:\/\/cyclingcambrils.com\/wp-content\/uploads\/2026\/03\/Cambrils-BTT-Origens-se-celebrara-el-proximo-sabado-23-mayo.jpg\" data-srcset=\"https:\/\/cyclingcambrils.com\/wp-content\/uploads\/2026\/03\/Cambrils-BTT-Origens-se-celebrara-el-proximo-sabado-23-mayo-200x133.jpg 200w, https:\/\/cyclingcambrils.com\/wp-content\/uploads\/2026\/03\/Cambrils-BTT-Origens-se-celebrara-el-proximo-sabado-23-mayo-400x267.jpg 400w, https:\/\/cyclingcambrils.com\/wp-content\/uploads\/2026\/03\/Cambrils-BTT-Origens-se-celebrara-el-proximo-sabado-23-mayo-600x400.jpg 600w, https:\/\/cyclingcambrils.com\/wp-content\/uploads\/2026\/03\/Cambrils-BTT-Origens-se-celebrara-el-proximo-sabado-23-mayo-800x533.jpg 800w, https:\/\/cyclingcambrils.com\/wp-content\/uploads\/2026\/03\/Cambrils-BTT-Origens-se-celebrara-el-proximo-sabado-23-mayo.jpg 900w\" data-sizes=\"auto\" \/>\t\t\t<\/a>\n\t\t\t\t\t\t\t<\/div>\n<\/div><div class=\"fusion-title title fusion-title-3 fusion-sep-none fusion-title-center fusion-title-text fusion-title-size-three\" style=\"--awb-margin-top:30px;--awb-margin-right:20px;--awb-margin-left:20px;--awb-margin-top-small:30px;--awb-margin-right-small:20px;--awb-margin-left-small:20px;--awb-font-size:30px;\"><h3 class=\"fusion-title-heading title-heading-center\" style=\"margin:0;font-size:1em;line-height:1.3;\"><a href=\"https:\/\/cyclingcambrils.com\/it\/il-cambrils-btt-origens-attende-tutti-i-ciclisti\/\" class=\"awb-custom-text-color awb-custom-text-hover-color\" target=\"_self\">Il Cambrils BTT Or\u00edgens attende tutti i ciclisti<\/a><\/h3><\/div><div class=\"fusion-content-tb fusion-content-tb-3 extracto\" style=\"--awb-text-color:#222222;--awb-margin-left:30px;--awb-margin-right:30px;--awb-content-alignment:justify;--awb-text-transform:none;\"><p><strong>Il corso Cambrils BTT Or\u00edgens si terr\u00e0 sabato prossimo, 23 maggio.<\/strong><\/p>\n<p>Stiamo parlando di un evento che si distingue per la sua natura inclusiva, offrendo quattro percorsi pensati per permettere a ogni tipo di ciclista di trovare il proprio posto, dalle famiglie e dai dilettanti agli atleti esperti che desiderano mettere alla prova le proprie capacit\u00e0.<\/p>\n<p><strong>La giornata inizier\u00e0 alle 9:00 e si protrarr\u00e0 fino alla chiusura del traguardo alle 14:00<\/strong> , permettendo a tutti i partecipanti di godersi una mattinata di sport in un ambiente naturale privilegiato, caratterizzato dal clima mite della Costa Daurada.<\/p>\n<p><img decoding=\"async\" class=\"lazyload alignnone size-full wp-image-15499\" src=\"https:\/\/cyclingcambrils.com\/wp-content\/uploads\/2026\/03\/Cambrils-BTT-Origens-salida.jpg\" data-orig-src=\"https:\/\/cyclingcambrils.com\/wp-content\/uploads\/2026\/03\/Cambrils-BTT-Origens-salida.jpg\" alt=\"\" width=\"900\" height=\"600\" srcset=\"data:image\/svg+xml,%3Csvg%20xmlns%3D%27http%3A%2F%2Fwww.w3.org%2F2000%2Fsvg%27%20width%3D%27900%27%20height%3D%27600%27%20viewBox%3D%270%200%20900%20600%27%3E%3Crect%20width%3D%27900%27%20height%3D%27600%27%20fill-opacity%3D%220%22%2F%3E%3C%2Fsvg%3E\" data-srcset=\"https:\/\/cyclingcambrils.com\/wp-content\/uploads\/2026\/03\/Cambrils-BTT-Origens-salida-200x133.jpg 200w, https:\/\/cyclingcambrils.com\/wp-content\/uploads\/2026\/03\/Cambrils-BTT-Origens-salida-300x200.jpg 300w, https:\/\/cyclingcambrils.com\/wp-content\/uploads\/2026\/03\/Cambrils-BTT-Origens-salida-400x267.jpg 400w, https:\/\/cyclingcambrils.com\/wp-content\/uploads\/2026\/03\/Cambrils-BTT-Origens-salida-600x400.jpg 600w, https:\/\/cyclingcambrils.com\/wp-content\/uploads\/2026\/03\/Cambrils-BTT-Origens-salida-768x512.jpg 768w, https:\/\/cyclingcambrils.com\/wp-content\/uploads\/2026\/03\/Cambrils-BTT-Origens-salida-800x533.jpg 800w, https:\/\/cyclingcambrils.com\/wp-content\/uploads\/2026\/03\/Cambrils-BTT-Origens-salida.jpg 900w\" data-sizes=\"auto\" data-orig-sizes=\"(max-width: 900px) 100vw, 900px\" \/><\/p>\n<p><strong>I percorsi brevi di 22 e 35 chilometri sono pensati per chi desidera godersi il paesaggio in tutta tranquillit\u00e0<\/strong> .<\/p>\n<p>Si tratta di percorsi facili e perfettamente ciclabili che esplorano strade rurali e il paesaggio agricolo nei pressi del villaggio. Con lievi dislivelli compresi tra i 100 e i 250 metri, questi itinerari permettono ai partecipanti di scegliere al momento quale percorrere in base alla propria esperienza. <\/p>\n<p>\u00c8 l&#8217;opzione ideale per chi desidera pedalare tra vigneti e campi coltivati, con una scorta completa di frutta, barrette e bevande isotoniche per recuperare le energie.<\/p>\n<p><img decoding=\"async\" class=\"lazyload alignnone size-full wp-image-15493\" src=\"https:\/\/cyclingcambrils.com\/wp-content\/uploads\/2026\/03\/Cambrils-BTT-Origens-se-celebrara-el-proximo-sabado-23-de-mayo-.jpg\" data-orig-src=\"https:\/\/cyclingcambrils.com\/wp-content\/uploads\/2026\/03\/Cambrils-BTT-Origens-se-celebrara-el-proximo-sabado-23-de-mayo-.jpg\" alt=\"\" width=\"900\" height=\"600\" srcset=\"data:image\/svg+xml,%3Csvg%20xmlns%3D%27http%3A%2F%2Fwww.w3.org%2F2000%2Fsvg%27%20width%3D%27900%27%20height%3D%27600%27%20viewBox%3D%270%200%20900%20600%27%3E%3Crect%20width%3D%27900%27%20height%3D%27600%27%20fill-opacity%3D%220%22%2F%3E%3C%2Fsvg%3E\" data-srcset=\"https:\/\/cyclingcambrils.com\/wp-content\/uploads\/2026\/03\/Cambrils-BTT-Origens-se-celebrara-el-proximo-sabado-23-de-mayo--200x133.jpg 200w, https:\/\/cyclingcambrils.com\/wp-content\/uploads\/2026\/03\/Cambrils-BTT-Origens-se-celebrara-el-proximo-sabado-23-de-mayo--300x200.jpg 300w, https:\/\/cyclingcambrils.com\/wp-content\/uploads\/2026\/03\/Cambrils-BTT-Origens-se-celebrara-el-proximo-sabado-23-de-mayo--400x267.jpg 400w, https:\/\/cyclingcambrils.com\/wp-content\/uploads\/2026\/03\/Cambrils-BTT-Origens-se-celebrara-el-proximo-sabado-23-de-mayo--600x400.jpg 600w, https:\/\/cyclingcambrils.com\/wp-content\/uploads\/2026\/03\/Cambrils-BTT-Origens-se-celebrara-el-proximo-sabado-23-de-mayo--768x512.jpg 768w, https:\/\/cyclingcambrils.com\/wp-content\/uploads\/2026\/03\/Cambrils-BTT-Origens-se-celebrara-el-proximo-sabado-23-de-mayo--800x533.jpg 800w, https:\/\/cyclingcambrils.com\/wp-content\/uploads\/2026\/03\/Cambrils-BTT-Origens-se-celebrara-el-proximo-sabado-23-de-mayo-.jpg 900w\" data-sizes=\"auto\" data-orig-sizes=\"(max-width: 900px) 100vw, 900px\" \/><\/p>\n<p><strong>Per i ciclisti pi\u00f9 esperti che pedalano regolarmente, la proposta aumenta di livello di difficolt\u00e0 con i percorsi di 47 e 55 chilometri<\/strong> .<\/p>\n<p>Questi percorsi pi\u00f9 tecnici e impegnativi si addentrano nella Baronia d&#8217;Escornalbou e nella Serra del Pradell. Sebbene lo spirito generale non sia competitivo, gli appassionati di velocit\u00e0 troveranno due prove a cronometro specifiche dove poter mettere alla prova i propri tempi. <\/p>\n<p>Chi sceglier\u00e0 il percorso di 47 chilometri dovr\u00e0 affrontare una salita cronometrata di 2,5 chilometri, mentre chi opter\u00e0 per il percorso di 55 chilometri dovr\u00e0 aggiungere una seconda salita cronometrata di ulteriori 2 chilometri.<\/p>\n<p><img decoding=\"async\" class=\"lazyload alignnone size-full wp-image-15481\" src=\"https:\/\/cyclingcambrils.com\/wp-content\/uploads\/2026\/03\/Cambrils-BTT-Origens-se-celebrara-el-proximo-sabado-23-de-mayo.jpg\" data-orig-src=\"https:\/\/cyclingcambrils.com\/wp-content\/uploads\/2026\/03\/Cambrils-BTT-Origens-se-celebrara-el-proximo-sabado-23-de-mayo.jpg\" alt=\"\" width=\"900\" height=\"598\" srcset=\"data:image\/svg+xml,%3Csvg%20xmlns%3D%27http%3A%2F%2Fwww.w3.org%2F2000%2Fsvg%27%20width%3D%27900%27%20height%3D%27598%27%20viewBox%3D%270%200%20900%20598%27%3E%3Crect%20width%3D%27900%27%20height%3D%27598%27%20fill-opacity%3D%220%22%2F%3E%3C%2Fsvg%3E\" data-srcset=\"https:\/\/cyclingcambrils.com\/wp-content\/uploads\/2026\/03\/Cambrils-BTT-Origens-se-celebrara-el-proximo-sabado-23-de-mayo-200x133.jpg 200w, https:\/\/cyclingcambrils.com\/wp-content\/uploads\/2026\/03\/Cambrils-BTT-Origens-se-celebrara-el-proximo-sabado-23-de-mayo-300x199.jpg 300w, https:\/\/cyclingcambrils.com\/wp-content\/uploads\/2026\/03\/Cambrils-BTT-Origens-se-celebrara-el-proximo-sabado-23-de-mayo-400x266.jpg 400w, https:\/\/cyclingcambrils.com\/wp-content\/uploads\/2026\/03\/Cambrils-BTT-Origens-se-celebrara-el-proximo-sabado-23-de-mayo-600x399.jpg 600w, https:\/\/cyclingcambrils.com\/wp-content\/uploads\/2026\/03\/Cambrils-BTT-Origens-se-celebrara-el-proximo-sabado-23-de-mayo-768x510.jpg 768w, https:\/\/cyclingcambrils.com\/wp-content\/uploads\/2026\/03\/Cambrils-BTT-Origens-se-celebrara-el-proximo-sabado-23-de-mayo-800x532.jpg 800w, https:\/\/cyclingcambrils.com\/wp-content\/uploads\/2026\/03\/Cambrils-BTT-Origens-se-celebrara-el-proximo-sabado-23-de-mayo.jpg 900w\" data-sizes=\"auto\" data-orig-sizes=\"(max-width: 900px) 100vw, 900px\" \/><\/p>\n<p><strong>La Cambrils BTT Or\u00edgens \u00e8 una gara aperta a mountain bike tradizionali, elettriche e gravel<\/strong> , con tre punti di ristoro lungo i suoi lunghi percorsi e premi per i tre migliori tempi in ogni categoria.<\/p>\n<p>La fatica fisica \u00e8 ricompensata da viste spettacolari sul bacino artificiale di Riudecanyes e sulla costa, che si godono dai punti pi\u00f9 alti della catena montuosa.<\/p>\n<p>L&#8217;evento non \u00e8 solo una sfida sportiva, ma un&#8217;esperienza completa che fonde la variet\u00e0 del territorio con il meglio della tradizione locale.<\/p>\n<p>La giornata culmina al traguardo, dove <strong>l&#8217;ospitalit\u00e0 di Cambrils si manifesta in un rinfresco gourmet con fideu\u00e0 per tutti i partecipanti<\/strong> .<\/p>\n<p>Sebbene la maglia gratuita non sia inclusa nella quota di iscrizione, \u00e8 possibile acquistarla separatamente per conservare un ricordo di questa esperienza.<\/p>\n<p>Si tratta, in breve, dell&#8217;occasione perfetta per scoprire perch\u00e9 questa destinazione \u00e8 un paradiso per i cicloturisti, unendo un&#8217;organizzazione impeccabile, una gastronomia di prim&#8217;ordine e una ricchezza culturale che invita a rimanere anche dopo aver tagliato il traguardo.<\/p>\n<p><a href=\"https:\/\/www.naturetime.es\/cambribike\/#btt\" target=\"_blank\" rel=\"noopener\">+ INFORMAZIONI<\/a><\/p>\n<p>Immagini: Blanca de la Sotilla Ventura<\/p>\n<p>&nbsp;<\/p>\n<\/div><div class=\"fusion-separator fusion-full-width-sep\" style=\"align-self: center;margin-left: auto;margin-right: auto;margin-top:15px;width:100%;\"><div class=\"fusion-separator-border sep-single sep-solid\" style=\"--awb-height:20px;--awb-amount:20px;--awb-sep-color:#efefef;border-color:#efefef;border-top-width:1px;\"><\/div><\/div><div style=\"text-align:center;\"><a class=\"fusion-button button-flat fusion-button-default-size button-custom fusion-button-default button-3 fusion-button-default-span fusion-button-default-type\" style=\"--button_accent_color:#ff9600;--button_border_color:#ff9600;--button_accent_hover_color:#ffffff;--button_border_hover_color:#ffffff;--button_border_width-top:0px;--button_border_width-right:0px;--button_border_width-bottom:0px;--button_border_width-left:0px;--button-border-radius-top-left:0px;--button-border-radius-top-right:0px;--button-border-radius-bottom-right:0px;--button-border-radius-bottom-left:0px;--button_gradient_top_color:rgba(255,150,0,0);--button_gradient_bottom_color:rgba(255,150,0,0);--button_gradient_top_color_hover:rgba(255,150,0,0);--button_gradient_bottom_color_hover:rgba(255,150,0,0);--button_margin-top:10px;--button_margin-bottom:15px;width:calc(100%);\" target=\"_self\" href=\"#\"><span class=\"fusion-button-text awb-button__text awb-button__text--default\">Leggi l&#8217;articolo<\/span><\/a><\/div><\/div><\/li>\n<\/ul><\/div><div class=\"fusion-post-cards fusion-post-cards-2 fusion-no-large-visibility fusion-grid-archive fusion-grid-columns-3\" style=\"--awb-columns:3;--awb-row-spacing:50px;--awb-columns-medium:50%;--awb-columns-small:100%;\"><ul class=\"fusion-grid fusion-grid-3 fusion-flex-align-items-flex-start fusion-grid-posts-cards\"><li class=\"fusion-layout-column fusion_builder_column fusion-builder-column-4 fusion-flex-column post-card fusion-grid-column fusion-post-cards-grid-column\" style=\"--awb-overflow:hidden;--awb-bg-color:#ffffff;--awb-bg-color-hover:#ffffff;--awb-bg-size:cover;--awb-border-color:#efefef;--awb-border-right:1px;--awb-border-bottom:1px;--awb-border-left:1px;--awb-border-style:solid;--awb-border-radius:10px 10px 10px 10px;--awb-flex-grow:0;--awb-flex-shrink:0;--awb-flex-grow-medium:0;--awb-flex-shrink-medium:0;--awb-flex-grow-small:0;--awb-flex-shrink-small:0;\"><div class=\"fusion-column-wrapper fusion-flex-justify-content-flex-start fusion-content-layout-column\"><div class=\"fusion-classic-product-image-wrapper fusion-woo-product-image fusion-post-card-image fusion-post-card-image-1\" data-layout=\"static\"><div  class=\"fusion-image-wrapper\" aria-haspopup=\"true\">\n\t\t\t\t\t\t\t<a href=\"https:\/\/cyclingcambrils.com\/it\/la-cambrils-btt-origens-y-la-bioracer-cambrils-road-resumen-lo-mejor-del-territorio\/\" aria-label=\"La Cambrils BTT Or\u00edgens y la Bioracer Cambrils Road resumen lo mejor del territorio\">\n\t\t\t\t\t\t\t<img decoding=\"async\" width=\"900\" height=\"600\" src=\"https:\/\/cyclingcambrils.com\/wp-content\/uploads\/2026\/03\/En-este-entorno-inmejorable-vuelve-la-Bioracer-Cambrils-Road-una-cita-marcada-en-el-calendario-para-el-domingo-24-de-mayo-2.jpg\" class=\"attachment-full size-full lazyload wp-post-image\" alt=\"\" srcset=\"data:image\/svg+xml,%3Csvg%20xmlns%3D%27http%3A%2F%2Fwww.w3.org%2F2000%2Fsvg%27%20width%3D%27900%27%20height%3D%27600%27%20viewBox%3D%270%200%20900%20600%27%3E%3Crect%20width%3D%27900%27%20height%3D%27600%27%20fill-opacity%3D%220%22%2F%3E%3C%2Fsvg%3E\" data-orig-src=\"https:\/\/cyclingcambrils.com\/wp-content\/uploads\/2026\/03\/En-este-entorno-inmejorable-vuelve-la-Bioracer-Cambrils-Road-una-cita-marcada-en-el-calendario-para-el-domingo-24-de-mayo-2.jpg\" data-srcset=\"https:\/\/cyclingcambrils.com\/wp-content\/uploads\/2026\/03\/En-este-entorno-inmejorable-vuelve-la-Bioracer-Cambrils-Road-una-cita-marcada-en-el-calendario-para-el-domingo-24-de-mayo-2-200x133.jpg 200w, https:\/\/cyclingcambrils.com\/wp-content\/uploads\/2026\/03\/En-este-entorno-inmejorable-vuelve-la-Bioracer-Cambrils-Road-una-cita-marcada-en-el-calendario-para-el-domingo-24-de-mayo-2-400x267.jpg 400w, https:\/\/cyclingcambrils.com\/wp-content\/uploads\/2026\/03\/En-este-entorno-inmejorable-vuelve-la-Bioracer-Cambrils-Road-una-cita-marcada-en-el-calendario-para-el-domingo-24-de-mayo-2-600x400.jpg 600w, https:\/\/cyclingcambrils.com\/wp-content\/uploads\/2026\/03\/En-este-entorno-inmejorable-vuelve-la-Bioracer-Cambrils-Road-una-cita-marcada-en-el-calendario-para-el-domingo-24-de-mayo-2-800x533.jpg 800w, https:\/\/cyclingcambrils.com\/wp-content\/uploads\/2026\/03\/En-este-entorno-inmejorable-vuelve-la-Bioracer-Cambrils-Road-una-cita-marcada-en-el-calendario-para-el-domingo-24-de-mayo-2.jpg 900w\" data-sizes=\"auto\" \/>\t\t\t<\/a>\n\t\t\t\t\t\t\t<\/div>\n<\/div><div class=\"fusion-title title fusion-title-4 fusion-sep-none fusion-title-center fusion-title-text fusion-title-size-three\" style=\"--awb-margin-top:30px;--awb-margin-right:20px;--awb-margin-left:20px;--awb-margin-top-small:30px;--awb-margin-right-small:20px;--awb-margin-left-small:20px;--awb-font-size:30px;\"><h3 class=\"fusion-title-heading title-heading-center\" style=\"margin:0;font-size:1em;line-height:1.3;\"><a href=\"https:\/\/cyclingcambrils.com\/it\/la-cambrils-btt-origens-y-la-bioracer-cambrils-road-resumen-lo-mejor-del-territorio\/\" class=\"awb-custom-text-color awb-custom-text-hover-color\" target=\"_self\">La Cambrils BTT Or\u00edgens y la Bioracer Cambrils Road resumen lo mejor del territorio<\/a><\/h3><\/div><div class=\"fusion-content-tb fusion-content-tb-4 extracto\" style=\"--awb-text-color:#222222;--awb-margin-left:30px;--awb-margin-right:30px;--awb-content-alignment:justify;--awb-text-transform:none;\"><p>El tiempo ha situado a Cambrils como un destino de referencia para los amantes del ciclismo gracias a una combinaci\u00f3n privilegiada de factores geogr\u00e1ficos y clim\u00e1ticos que permiten disfrutar del deporte durante todo el a\u00f1o.<\/p>\n<p>Emplazada en el coraz\u00f3n de la Costa Dorada, la localidad ofrece un escenario excepcional donde <strong>el mar y la monta\u00f1a se mezclan a pocos kil\u00f3metros de distancia<\/strong>, permitiendo rutas que transcurren por paisajes llanos y ascensos desafiantes hacia las sierras interiores.<\/p>\n<p><img decoding=\"async\" class=\"lazyload size-full wp-image-15373 aligncenter\" src=\"https:\/\/cyclingcambrils.com\/wp-content\/uploads\/2026\/02\/cambribike-BTT-.jpg\" data-orig-src=\"https:\/\/cyclingcambrils.com\/wp-content\/uploads\/2026\/02\/cambribike-BTT-.jpg\" alt=\"\" width=\"900\" height=\"600\" srcset=\"data:image\/svg+xml,%3Csvg%20xmlns%3D%27http%3A%2F%2Fwww.w3.org%2F2000%2Fsvg%27%20width%3D%27900%27%20height%3D%27600%27%20viewBox%3D%270%200%20900%20600%27%3E%3Crect%20width%3D%27900%27%20height%3D%27600%27%20fill-opacity%3D%220%22%2F%3E%3C%2Fsvg%3E\" data-srcset=\"https:\/\/cyclingcambrils.com\/wp-content\/uploads\/2026\/02\/cambribike-BTT--200x133.jpg 200w, https:\/\/cyclingcambrils.com\/wp-content\/uploads\/2026\/02\/cambribike-BTT--300x200.jpg 300w, https:\/\/cyclingcambrils.com\/wp-content\/uploads\/2026\/02\/cambribike-BTT--400x267.jpg 400w, https:\/\/cyclingcambrils.com\/wp-content\/uploads\/2026\/02\/cambribike-BTT--600x400.jpg 600w, https:\/\/cyclingcambrils.com\/wp-content\/uploads\/2026\/02\/cambribike-BTT--768x512.jpg 768w, https:\/\/cyclingcambrils.com\/wp-content\/uploads\/2026\/02\/cambribike-BTT--800x533.jpg 800w, https:\/\/cyclingcambrils.com\/wp-content\/uploads\/2026\/02\/cambribike-BTT-.jpg 900w\" data-sizes=\"auto\" data-orig-sizes=\"(max-width: 900px) 100vw, 900px\" \/><\/p>\n<h3>As\u00ed se crea la Cambrils BTT Or\u00edgens<\/h3>\n<p>Esta dualidad se refleja perfectamente en la propuesta de la Cambrils BTT Or\u00edgens, un nombre que busca <strong>reivindicar las ra\u00edces rurales del municipio y su entorno de agricultura y caminos con historia<\/strong>.<\/p>\n<p>&#8220;Un nombre que pone en valor lo que es Cambrils, ese entorno de agricultores, vi\u00f1as y olivos, un recuerdo de nuestra autenticidad&#8221; dice Joan Carbonell, responsable de Naturetime Events, organizadora de la salida.<\/p>\n<p>La orograf\u00eda de la zona permite ofrecer <strong>recorridos para todos los perfiles<\/strong>, desde familias hasta ciclistas m\u00e1s expertos que buscan el m\u00e1ximo rendimiento.<\/p>\n<p>Son cuatro versiones: Los circuitos de 22 y 35 kil\u00f3metros est\u00e1n pensados para aquellos que quieren una experiencia m\u00e1s accesible; el primero con un car\u00e1cter marcadamente familiar y el segundo extendi\u00e9ndose hasta Vilanova d&#8217;Escornalbou para ofrecer un recorrido m\u00e1s largo sin una exigencia t\u00e9cnica exagerada.<\/p>\n<p>Para los m\u00e1s aventureros, las distancias de 47 y 55 kil\u00f3metros se adentran en el desnivel de la sierra de Llaberia y los contrafuertes del Baix Camp, introduciendo como elemento diferenciador las cronoescaladas.<\/p>\n<p><strong>Estos tramos cronometrados individualmente permiten a los corredores competir contra el reloj<\/strong> en sectores de subida concretos, con entrega de premios para BTT muscular, el\u00e9ctricas y de gravel.<\/p>\n<p>&#8220;Puedes hacerlo a tu ritmo o competir&#8221; distingue Joan.<\/p>\n<p><img decoding=\"async\" class=\"lazyload size-full wp-image-15379 aligncenter\" src=\"https:\/\/cyclingcambrils.com\/wp-content\/uploads\/2026\/02\/Cambribike-Bioracer-road.jpg\" data-orig-src=\"https:\/\/cyclingcambrils.com\/wp-content\/uploads\/2026\/02\/Cambribike-Bioracer-road.jpg\" alt=\"\" width=\"900\" height=\"600\" srcset=\"data:image\/svg+xml,%3Csvg%20xmlns%3D%27http%3A%2F%2Fwww.w3.org%2F2000%2Fsvg%27%20width%3D%27900%27%20height%3D%27600%27%20viewBox%3D%270%200%20900%20600%27%3E%3Crect%20width%3D%27900%27%20height%3D%27600%27%20fill-opacity%3D%220%22%2F%3E%3C%2Fsvg%3E\" data-srcset=\"https:\/\/cyclingcambrils.com\/wp-content\/uploads\/2026\/02\/Cambribike-Bioracer-road-200x133.jpg 200w, https:\/\/cyclingcambrils.com\/wp-content\/uploads\/2026\/02\/Cambribike-Bioracer-road-300x200.jpg 300w, https:\/\/cyclingcambrils.com\/wp-content\/uploads\/2026\/02\/Cambribike-Bioracer-road-400x267.jpg 400w, https:\/\/cyclingcambrils.com\/wp-content\/uploads\/2026\/02\/Cambribike-Bioracer-road-600x400.jpg 600w, https:\/\/cyclingcambrils.com\/wp-content\/uploads\/2026\/02\/Cambribike-Bioracer-road-768x512.jpg 768w, https:\/\/cyclingcambrils.com\/wp-content\/uploads\/2026\/02\/Cambribike-Bioracer-road-800x533.jpg 800w, https:\/\/cyclingcambrils.com\/wp-content\/uploads\/2026\/02\/Cambribike-Bioracer-road.jpg 900w\" data-sizes=\"auto\" data-orig-sizes=\"(max-width: 900px) 100vw, 900px\" \/><\/p>\n<h3>La versi\u00f3n de carretera: Bioracer Cambrils Road<\/h3>\n<p>En cuanto al ciclismo de carretera, la Bioracer Cambrils Road propone <strong>una inmersi\u00f3n en el paisaje del Priorat<\/strong> a trav\u00e9s de rutas de 85 y 125 kil\u00f3metros.<\/p>\n<p>&#8220;Las dos distancias por Baix Camp y Priorat sur combinan carreteras de poco tr\u00e1fico con grandes paisajes con el puntito de exigirse en alguna subida&#8221; nos dice Joan.<\/p>\n<p>Estas rutas destacan por transcurrir por carreteras muy tranquilas y <strong>un entorno de gran belleza visual que incluye el paso por Escaladei y la Morera de Montsant<\/strong>.<\/p>\n<p>El reto estrella para los ciclistas de fondo es el ascenso al No Plores Nen, un sector emblem\u00e1tico que define la dureza y el atractivo de esta zona desde Torroja de Priorat a la Morera,.<\/p>\n<p>Todo el recorrido se realiza bajo <strong>una filosof\u00eda de marcha tranquila y segura, con una c\u00e1psula de seguridad del Servei Catal\u00e0 de Tr\u00e0nsit<\/strong>, evitando las grandes masificaciones para garantizar una experiencia cercana y de calidad para cada participante.<\/p>\n<p><img decoding=\"async\" class=\"lazyload size-full wp-image-15448 aligncenter\" src=\"https:\/\/cyclingcambrils.com\/wp-content\/uploads\/2026\/03\/En-este-entorno-inmejorable-vuelve-la-Bioracer-Cambrils-Road-una-cita-marcada-en-el-calendario-para-el-domingo-24-de-mayo.jpg\" data-orig-src=\"https:\/\/cyclingcambrils.com\/wp-content\/uploads\/2026\/03\/En-este-entorno-inmejorable-vuelve-la-Bioracer-Cambrils-Road-una-cita-marcada-en-el-calendario-para-el-domingo-24-de-mayo.jpg\" alt=\"\" width=\"900\" height=\"600\" srcset=\"data:image\/svg+xml,%3Csvg%20xmlns%3D%27http%3A%2F%2Fwww.w3.org%2F2000%2Fsvg%27%20width%3D%27900%27%20height%3D%27600%27%20viewBox%3D%270%200%20900%20600%27%3E%3Crect%20width%3D%27900%27%20height%3D%27600%27%20fill-opacity%3D%220%22%2F%3E%3C%2Fsvg%3E\" data-srcset=\"https:\/\/cyclingcambrils.com\/wp-content\/uploads\/2026\/03\/En-este-entorno-inmejorable-vuelve-la-Bioracer-Cambrils-Road-una-cita-marcada-en-el-calendario-para-el-domingo-24-de-mayo-200x133.jpg 200w, https:\/\/cyclingcambrils.com\/wp-content\/uploads\/2026\/03\/En-este-entorno-inmejorable-vuelve-la-Bioracer-Cambrils-Road-una-cita-marcada-en-el-calendario-para-el-domingo-24-de-mayo-300x200.jpg 300w, https:\/\/cyclingcambrils.com\/wp-content\/uploads\/2026\/03\/En-este-entorno-inmejorable-vuelve-la-Bioracer-Cambrils-Road-una-cita-marcada-en-el-calendario-para-el-domingo-24-de-mayo-400x267.jpg 400w, https:\/\/cyclingcambrils.com\/wp-content\/uploads\/2026\/03\/En-este-entorno-inmejorable-vuelve-la-Bioracer-Cambrils-Road-una-cita-marcada-en-el-calendario-para-el-domingo-24-de-mayo-600x400.jpg 600w, https:\/\/cyclingcambrils.com\/wp-content\/uploads\/2026\/03\/En-este-entorno-inmejorable-vuelve-la-Bioracer-Cambrils-Road-una-cita-marcada-en-el-calendario-para-el-domingo-24-de-mayo-768x512.jpg 768w, https:\/\/cyclingcambrils.com\/wp-content\/uploads\/2026\/03\/En-este-entorno-inmejorable-vuelve-la-Bioracer-Cambrils-Road-una-cita-marcada-en-el-calendario-para-el-domingo-24-de-mayo-800x533.jpg 800w, https:\/\/cyclingcambrils.com\/wp-content\/uploads\/2026\/03\/En-este-entorno-inmejorable-vuelve-la-Bioracer-Cambrils-Road-una-cita-marcada-en-el-calendario-para-el-domingo-24-de-mayo.jpg 900w\" data-sizes=\"auto\" data-orig-sizes=\"(max-width: 900px) 100vw, 900px\" \/><\/p>\n<h3>Marcha ciclista con &#8220;sabor a mar&#8221;<\/h3>\n<p>La experiencia en Cambrils no ser\u00eda completa sin hacer referencia a su excelencia gastron\u00f3mica, que se convierte en el mejor premio despu\u00e9s del esfuerzo f\u00edsico.<\/p>\n<p>El evento se define como una marcha con sabor a mar, ya que al llegar a la meta los ciclistas pueden disfrutar de <strong>un plato t\u00edpico de la cocina local, como fideos rossejats o fideu\u00e1, permitiendo degustar la esencia culinaria del lugar<\/strong>.<\/p>\n<p>Esta combinaci\u00f3n de rutas exigentes, paisajes agr\u00edcolas aut\u00e9nticos y una oferta cultural y gastron\u00f3mica de primer nivel se da cita, recordad en el entorno de la Cambribike.<\/p>\n<h3>Inscripciones abiertas<\/h3>\n<p><a href=\"https:\/\/www.naturetime.es\/cambribike\/\" target=\"_blank\" rel=\"noopener\">Cambrils BTT Or\u00edgens<\/a> &#8211; 23 de mayo<\/p>\n<p><a href=\"https:\/\/www.naturetime.es\/marcha-cicloturismo-cambrils\/\">Bioracer Cambrils Road<\/a> &#8211; 24 de mayo<\/p>\n<p>&nbsp;<\/p>\n<\/div><div class=\"fusion-separator fusion-full-width-sep\" style=\"align-self: center;margin-left: auto;margin-right: auto;margin-top:15px;width:100%;\"><div class=\"fusion-separator-border sep-single sep-solid\" style=\"--awb-height:20px;--awb-amount:20px;--awb-sep-color:#efefef;border-color:#efefef;border-top-width:1px;\"><\/div><\/div><div style=\"text-align:center;\"><a class=\"fusion-button button-flat fusion-button-default-size button-custom fusion-button-default button-4 fusion-button-default-span fusion-button-default-type\" style=\"--button_accent_color:#ff9600;--button_border_color:#ff9600;--button_accent_hover_color:#ffffff;--button_border_hover_color:#ffffff;--button_border_width-top:0px;--button_border_width-right:0px;--button_border_width-bottom:0px;--button_border_width-left:0px;--button-border-radius-top-left:0px;--button-border-radius-top-right:0px;--button-border-radius-bottom-right:0px;--button-border-radius-bottom-left:0px;--button_gradient_top_color:rgba(255,150,0,0);--button_gradient_bottom_color:rgba(255,150,0,0);--button_gradient_top_color_hover:rgba(255,150,0,0);--button_gradient_bottom_color_hover:rgba(255,150,0,0);--button_margin-top:10px;--button_margin-bottom:15px;width:calc(100%);\" target=\"_self\" href=\"#\"><span class=\"fusion-button-text awb-button__text awb-button__text--default\">Leggi l&#8217;articolo<\/span><\/a><\/div><\/div><\/li>\n<li class=\"fusion-layout-column fusion_builder_column fusion-builder-column-5 fusion-flex-column post-card fusion-grid-column fusion-post-cards-grid-column\" style=\"--awb-overflow:hidden;--awb-bg-color:#ffffff;--awb-bg-color-hover:#ffffff;--awb-bg-size:cover;--awb-border-color:#efefef;--awb-border-right:1px;--awb-border-bottom:1px;--awb-border-left:1px;--awb-border-style:solid;--awb-border-radius:10px 10px 10px 10px;--awb-flex-grow:0;--awb-flex-shrink:0;--awb-flex-grow-medium:0;--awb-flex-shrink-medium:0;--awb-flex-grow-small:0;--awb-flex-shrink-small:0;\"><div class=\"fusion-column-wrapper fusion-flex-justify-content-flex-start fusion-content-layout-column\"><div class=\"fusion-classic-product-image-wrapper fusion-woo-product-image fusion-post-card-image fusion-post-card-image-1\" data-layout=\"static\"><div  class=\"fusion-image-wrapper\" aria-haspopup=\"true\">\n\t\t\t\t\t\t\t<a href=\"https:\/\/cyclingcambrils.com\/it\/conto-alla-rovescia-per-cambribike\/\" aria-label=\"Conto alla rovescia per Cambribike\">\n\t\t\t\t\t\t\t<img decoding=\"async\" width=\"900\" height=\"598\" src=\"https:\/\/cyclingcambrils.com\/wp-content\/uploads\/2026\/04\/cambribike-btt.jpg\" class=\"attachment-full size-full lazyload wp-post-image\" alt=\"\" srcset=\"data:image\/svg+xml,%3Csvg%20xmlns%3D%27http%3A%2F%2Fwww.w3.org%2F2000%2Fsvg%27%20width%3D%27900%27%20height%3D%27598%27%20viewBox%3D%270%200%20900%20598%27%3E%3Crect%20width%3D%27900%27%20height%3D%27598%27%20fill-opacity%3D%220%22%2F%3E%3C%2Fsvg%3E\" data-orig-src=\"https:\/\/cyclingcambrils.com\/wp-content\/uploads\/2026\/04\/cambribike-btt.jpg\" data-srcset=\"https:\/\/cyclingcambrils.com\/wp-content\/uploads\/2026\/04\/cambribike-btt-200x133.jpg 200w, https:\/\/cyclingcambrils.com\/wp-content\/uploads\/2026\/04\/cambribike-btt-400x266.jpg 400w, https:\/\/cyclingcambrils.com\/wp-content\/uploads\/2026\/04\/cambribike-btt-600x399.jpg 600w, https:\/\/cyclingcambrils.com\/wp-content\/uploads\/2026\/04\/cambribike-btt-800x532.jpg 800w, https:\/\/cyclingcambrils.com\/wp-content\/uploads\/2026\/04\/cambribike-btt.jpg 900w\" data-sizes=\"auto\" \/>\t\t\t<\/a>\n\t\t\t\t\t\t\t<\/div>\n<\/div><div class=\"fusion-title title fusion-title-5 fusion-sep-none fusion-title-center fusion-title-text fusion-title-size-three\" style=\"--awb-margin-top:30px;--awb-margin-right:20px;--awb-margin-left:20px;--awb-margin-top-small:30px;--awb-margin-right-small:20px;--awb-margin-left-small:20px;--awb-font-size:30px;\"><h3 class=\"fusion-title-heading title-heading-center\" style=\"margin:0;font-size:1em;line-height:1.3;\"><a href=\"https:\/\/cyclingcambrils.com\/it\/conto-alla-rovescia-per-cambribike\/\" class=\"awb-custom-text-color awb-custom-text-hover-color\" target=\"_self\">Conto alla rovescia per Cambribike<\/a><\/h3><\/div><div class=\"fusion-content-tb fusion-content-tb-5 extracto\" style=\"--awb-text-color:#222222;--awb-margin-left:30px;--awb-margin-right:30px;--awb-content-alignment:justify;--awb-text-transform:none;\"><p>Benvenuti nel paradiso delle due ruote! Tra un mese arriva CambriBike; non \u00e8 solo un evento sportivo, \u00e8 il pi\u00f9 grande festival ciclistico di Cambrils, che trasforma questa cittadina della Costa Daurada nell&#8217;epicentro della passione per il ciclismo. <\/p>\n<p>Con un approccio inclusivo e dinamico, l&#8217;evento propone una vasta gamma di attivit\u00e0 che spaziano dalla professionalit\u00e0 pi\u00f9 esigente al divertimento dei pi\u00f9 piccoli.<\/p>\n<p>L&#8217;avventura di solito inizia con l&#8217;adrenalina dei <a href=\"https:\/\/www.naturetime.es\/cambribike\/\" target=\"_blank\" rel=\"noopener\">Cambrils BTT Or\u00edgens<\/a> .<\/p>\n<p>I partecipanti possono scegliere tra diversi percorsi (da 22 a 55 km) che si snodano attraverso i paesaggi interni, offrendo di tutto, dalle tranquille passeggiate alle sfide tecniche con salite cronometrate per i pi\u00f9 competitivi.<\/p>\n<p>Ma la diversit\u00e0 non si ferma qui: la modalit\u00e0 Gravel ha acquisito un peso considerevole, consentendo ai ciclisti di esplorare strade miste con quel mix unico di velocit\u00e0 e avventura.<\/p>\n<p><img decoding=\"async\" class=\"lazyload size-full wp-image-15499 aligncenter\" src=\"https:\/\/cyclingcambrils.com\/wp-content\/uploads\/2026\/03\/Cambrils-BTT-Origens-salida.jpg\" data-orig-src=\"https:\/\/cyclingcambrils.com\/wp-content\/uploads\/2026\/03\/Cambrils-BTT-Origens-salida.jpg\" alt=\"\" width=\"900\" height=\"600\" srcset=\"data:image\/svg+xml,%3Csvg%20xmlns%3D%27http%3A%2F%2Fwww.w3.org%2F2000%2Fsvg%27%20width%3D%27900%27%20height%3D%27600%27%20viewBox%3D%270%200%20900%20600%27%3E%3Crect%20width%3D%27900%27%20height%3D%27600%27%20fill-opacity%3D%220%22%2F%3E%3C%2Fsvg%3E\" data-srcset=\"https:\/\/cyclingcambrils.com\/wp-content\/uploads\/2026\/03\/Cambrils-BTT-Origens-salida-200x133.jpg 200w, https:\/\/cyclingcambrils.com\/wp-content\/uploads\/2026\/03\/Cambrils-BTT-Origens-salida-300x200.jpg 300w, https:\/\/cyclingcambrils.com\/wp-content\/uploads\/2026\/03\/Cambrils-BTT-Origens-salida-400x267.jpg 400w, https:\/\/cyclingcambrils.com\/wp-content\/uploads\/2026\/03\/Cambrils-BTT-Origens-salida-600x400.jpg 600w, https:\/\/cyclingcambrils.com\/wp-content\/uploads\/2026\/03\/Cambrils-BTT-Origens-salida-768x512.jpg 768w, https:\/\/cyclingcambrils.com\/wp-content\/uploads\/2026\/03\/Cambrils-BTT-Origens-salida-800x533.jpg 800w, https:\/\/cyclingcambrils.com\/wp-content\/uploads\/2026\/03\/Cambrils-BTT-Origens-salida.jpg 900w\" data-sizes=\"auto\" data-orig-sizes=\"(max-width: 900px) 100vw, 900px\" \/><\/p>\n<p>Per gli appassionati di ciclismo su strada, la <strong><a href=\"https:\/\/www.naturetime.es\/marcha-cicloturismo-cambrils\/\" target=\"_blank\" rel=\"noopener\">Bioracer Cambrils Road<\/a> \u00e8 l&#8217;evento imperdibile<\/strong> . Questo tour ciclistico di lunga distanza mette alla prova anche i ciclisti pi\u00f9 coraggiosi con passi di montagna iconici e viste spettacolari sul Mediterraneo. \u00c8 un momento in cui la realizzazione personale e il cameratismo si fondono sotto l&#8217;arco del traguardo, il tutto coronato da una generosa fideu\u00e0 (una paella tradizionale) per recuperare le energie.  <\/p>\n<p>Tuttavia, il cuore pulsante di CambriBike si trova soprattutto a Pinaret Park, trasformato in una vivace &#8220;Bike Expo&#8221;. Qui, le famiglie sono le protagoniste. I bambini si divertono con la Kids Cup, percorsi a ostacoli con rampe e sfide di abilit\u00e0, e laboratori di sicurezza stradale pensati per formare i ciclisti del futuro. Non mancano poi spettacoli di Bike Trial, dove esperti sfidano la gravit\u00e0, e sessioni di Indoor Cycling guidate da personaggi come Melcior Mauri, che infondono energia a tutti con musica e pedalate statiche.   <\/p>\n<p>Il gran finale \u00e8 il Bike Festival, una popolare pedalata urbana in cui costumi e biciclette d&#8217;epoca riempiono le strade di gioia. Insomma, CambriBike \u00e8 un evento fluido e dinamico che dimostra come il ciclismo sia molto pi\u00f9 di uno sport: \u00e8 uno stile di vita che unisce generazioni, promuove il turismo sostenibile e, soprattutto, ci invita a goderci la vita all&#8217;aria aperta con il sorriso. Andiamo a pedalare!  <\/p>\n<p>Immagine: Blanca de la Sotilla<\/p>\n<\/div><div class=\"fusion-separator fusion-full-width-sep\" style=\"align-self: center;margin-left: auto;margin-right: auto;margin-top:15px;width:100%;\"><div class=\"fusion-separator-border sep-single sep-solid\" style=\"--awb-height:20px;--awb-amount:20px;--awb-sep-color:#efefef;border-color:#efefef;border-top-width:1px;\"><\/div><\/div><div style=\"text-align:center;\"><a class=\"fusion-button button-flat fusion-button-default-size button-custom fusion-button-default button-5 fusion-button-default-span fusion-button-default-type\" style=\"--button_accent_color:#ff9600;--button_border_color:#ff9600;--button_accent_hover_color:#ffffff;--button_border_hover_color:#ffffff;--button_border_width-top:0px;--button_border_width-right:0px;--button_border_width-bottom:0px;--button_border_width-left:0px;--button-border-radius-top-left:0px;--button-border-radius-top-right:0px;--button-border-radius-bottom-right:0px;--button-border-radius-bottom-left:0px;--button_gradient_top_color:rgba(255,150,0,0);--button_gradient_bottom_color:rgba(255,150,0,0);--button_gradient_top_color_hover:rgba(255,150,0,0);--button_gradient_bottom_color_hover:rgba(255,150,0,0);--button_margin-top:10px;--button_margin-bottom:15px;width:calc(100%);\" target=\"_self\" href=\"#\"><span class=\"fusion-button-text awb-button__text awb-button__text--default\">Leggi l&#8217;articolo<\/span><\/a><\/div><\/div><\/li>\n<\/ul><\/div><\/div><\/div><\/div><\/div><div class=\"fusion-fullwidth fullwidth-box fusion-builder-row-2 fusion-flex-container hundred-percent-fullwidth non-hundred-percent-height-scrolling\" style=\"--awb-border-radius-top-left:0px;--awb-border-radius-top-right:0px;--awb-border-radius-bottom-right:0px;--awb-border-radius-bottom-left:0px;--awb-padding-top:100px;--awb-padding-right:3vw;--awb-padding-bottom:100px;--awb-padding-left:3vw;--awb-background-color:#f7f7f7;--awb-flex-wrap:wrap;\" ><div class=\"fusion-builder-row fusion-row fusion-flex-align-items-flex-start fusion-flex-content-wrap\" style=\"width:104% !important;max-width:104% !important;margin-left: calc(-4% \/ 2 );margin-right: calc(-4% \/ 2 );\"><div class=\"fusion-layout-column fusion_builder_column fusion-builder-column-6 fusion_builder_column_1_2 1_2 fusion-flex-column\" style=\"--awb-bg-size:cover;--awb-width-large:50%;--awb-flex-grow:0;--awb-flex-shrink:0;--awb-margin-top-large:0px;--awb-spacing-right-large:3.84%;--awb-margin-bottom-large:0px;--awb-spacing-left-large:3.84%;--awb-width-medium:100%;--awb-order-medium:0;--awb-flex-grow-medium:0;--awb-flex-shrink-medium:0;--awb-spacing-right-medium:1.92%;--awb-margin-bottom-medium:20px;--awb-spacing-left-medium:1.92%;--awb-width-small:100%;--awb-order-small:0;--awb-flex-grow-small:0;--awb-flex-shrink-small:0;--awb-spacing-right-small:1.92%;--awb-spacing-left-small:1.92%;\"><div class=\"fusion-column-wrapper fusion-column-has-shadow fusion-flex-justify-content-flex-start fusion-content-layout-column\"><div class=\"fusion-post-cards fusion-post-cards-3 fusion-grid-archive fusion-grid-columns-1 fusion-grid-flex-grow\" style=\"--awb-column-spacing:0px;--awb-columns:1;--awb-row-spacing:1px;\"><ul class=\"fusion-grid fusion-grid-1 fusion-flex-align-items-flex-start fusion-grid-posts-cards\"><li class=\"fusion-layout-column fusion_builder_column fusion-builder-column-7 fusion-flex-column post-card fusion-grid-column fusion-post-cards-grid-column\" style=\"--awb-bg-size:cover;--awb-flex-grow:0;--awb-flex-shrink:0;--awb-flex-grow-medium:0;--awb-flex-shrink-medium:0;--awb-flex-grow-small:0;--awb-flex-shrink-small:0;\"><div class=\"fusion-column-wrapper fusion-flex-justify-content-flex-start fusion-content-layout-column\"><div class=\"fusion-builder-row fusion-builder-row-inner fusion-row fusion-flex-align-items-flex-start fusion-flex-content-wrap\" style=\"width:104% !important;max-width:104% !important;margin-left: calc(-4% \/ 2 );margin-right: calc(-4% \/ 2 );\"><div class=\"fusion-layout-column fusion_builder_column_inner fusion-builder-nested-column-0 fusion-flex-column fusion-flex-align-self-center\" style=\"--awb-padding-right:20px;--awb-bg-size:cover;--awb-width-large:50%;--awb-margin-top-large:0px;--awb-spacing-right-large:3.84%;--awb-margin-bottom-large:0px;--awb-spacing-left-large:3.84%;--awb-width-medium:50%;--awb-order-medium:0;--awb-spacing-right-medium:3.84%;--awb-spacing-left-medium:3.84%;--awb-width-small:100%;--awb-order-small:0;--awb-spacing-right-small:1.92%;--awb-spacing-left-small:1.92%;\"><div class=\"fusion-column-wrapper fusion-column-has-shadow fusion-flex-justify-content-flex-start fusion-content-layout-column\"><div class=\"fusion-classic-product-image-wrapper fusion-woo-product-image fusion-post-card-image fusion-post-card-image-1\" data-layout=\"static\" style=\"--awb-border-radius-top-left:10px;--awb-border-radius-top-right:10px;--awb-border-radius-bottom-right:10px;--awb-border-radius-bottom-left:10px;\"><div  class=\"fusion-image-wrapper\" aria-haspopup=\"true\">\n\t\t\t\t\t\t\t<a href=\"https:\/\/cyclingcambrils.com\/it\/la-strada-bioracer-cambrils-attraversa-la-parte-migliore-della-zona\/\" aria-label=\"La strada Bioracer Cambrils attraversa la parte migliore della zona\">\n\t\t\t\t\t\t\t<img decoding=\"async\" width=\"900\" height=\"600\" src=\"https:\/\/cyclingcambrils.com\/wp-content\/uploads\/2026\/03\/En-este-entorno-inmejorable-vuelve-la-Bioracer-Cambrils-Road-una-cita-marcada-en-el-calendario-para-el-domingo-24-de-mayo.jpg\" class=\"attachment-full size-full lazyload wp-post-image\" alt=\"\" srcset=\"data:image\/svg+xml,%3Csvg%20xmlns%3D%27http%3A%2F%2Fwww.w3.org%2F2000%2Fsvg%27%20width%3D%27900%27%20height%3D%27600%27%20viewBox%3D%270%200%20900%20600%27%3E%3Crect%20width%3D%27900%27%20height%3D%27600%27%20fill-opacity%3D%220%22%2F%3E%3C%2Fsvg%3E\" data-orig-src=\"https:\/\/cyclingcambrils.com\/wp-content\/uploads\/2026\/03\/En-este-entorno-inmejorable-vuelve-la-Bioracer-Cambrils-Road-una-cita-marcada-en-el-calendario-para-el-domingo-24-de-mayo.jpg\" data-srcset=\"https:\/\/cyclingcambrils.com\/wp-content\/uploads\/2026\/03\/En-este-entorno-inmejorable-vuelve-la-Bioracer-Cambrils-Road-una-cita-marcada-en-el-calendario-para-el-domingo-24-de-mayo-200x133.jpg 200w, https:\/\/cyclingcambrils.com\/wp-content\/uploads\/2026\/03\/En-este-entorno-inmejorable-vuelve-la-Bioracer-Cambrils-Road-una-cita-marcada-en-el-calendario-para-el-domingo-24-de-mayo-400x267.jpg 400w, https:\/\/cyclingcambrils.com\/wp-content\/uploads\/2026\/03\/En-este-entorno-inmejorable-vuelve-la-Bioracer-Cambrils-Road-una-cita-marcada-en-el-calendario-para-el-domingo-24-de-mayo-600x400.jpg 600w, https:\/\/cyclingcambrils.com\/wp-content\/uploads\/2026\/03\/En-este-entorno-inmejorable-vuelve-la-Bioracer-Cambrils-Road-una-cita-marcada-en-el-calendario-para-el-domingo-24-de-mayo-800x533.jpg 800w, https:\/\/cyclingcambrils.com\/wp-content\/uploads\/2026\/03\/En-este-entorno-inmejorable-vuelve-la-Bioracer-Cambrils-Road-una-cita-marcada-en-el-calendario-para-el-domingo-24-de-mayo.jpg 900w\" data-sizes=\"auto\" \/>\t\t\t<\/a>\n\t\t\t\t\t\t\t<\/div>\n<\/div><\/div><\/div><div class=\"fusion-layout-column fusion_builder_column_inner fusion-builder-nested-column-1 fusion_builder_column_inner_1_2 1_2 fusion-flex-column fusion-flex-align-self-center\" style=\"--awb-bg-size:cover;--awb-width-large:50%;--awb-margin-top-large:0px;--awb-spacing-right-large:3.84%;--awb-margin-bottom-large:0px;--awb-spacing-left-large:3.84%;--awb-width-medium:50%;--awb-order-medium:0;--awb-spacing-right-medium:3.84%;--awb-spacing-left-medium:3.84%;--awb-width-small:100%;--awb-order-small:0;--awb-spacing-right-small:1.92%;--awb-spacing-left-small:1.92%;\"><div class=\"fusion-column-wrapper fusion-column-has-shadow fusion-flex-justify-content-flex-start fusion-content-layout-column\"><div class=\"fusion-text fusion-text-1 fusion-text-no-margin\" style=\"--awb-font-size:16px;--awb-text-color:#ff9600;--awb-margin-top:20px;--awb-margin-bottom:0px;\"><p>Marzo 12, 2026<\/p>\n<\/div><div class=\"fusion-title title fusion-title-6 fusion-sep-none fusion-title-text fusion-title-size-three\"><h3 class=\"fusion-title-heading title-heading-left\" style=\"margin:0;line-height:1.3em;\"><a href=\"https:\/\/cyclingcambrils.com\/it\/la-strada-bioracer-cambrils-attraversa-la-parte-migliore-della-zona\/\" class=\"awb-custom-text-color awb-custom-text-hover-color\" target=\"_self\">La strada Bioracer Cambrils attraversa la parte migliore della zona<\/a><\/h3><\/div><div class=\"fusion-text fusion-text-2\"><p>L&#8217;essenza ciclistica di Cambrils \u00e8 riassunta nella Bioracer Cambrils Road  ...<\/p>\n<\/div><\/div><\/div><\/div><\/div><\/li>\n<\/ul><\/div><\/div><\/div><div class=\"fusion-layout-column fusion_builder_column fusion-builder-column-8 fusion_builder_column_1_2 1_2 fusion-flex-column\" style=\"--awb-bg-size:cover;--awb-width-large:50%;--awb-flex-grow:0;--awb-flex-shrink:0;--awb-margin-top-large:0px;--awb-spacing-right-large:3.84%;--awb-margin-bottom-large:0px;--awb-spacing-left-large:3.84%;--awb-width-medium:100%;--awb-order-medium:0;--awb-flex-grow-medium:0;--awb-flex-shrink-medium:0;--awb-margin-top-medium:30px;--awb-spacing-right-medium:1.92%;--awb-spacing-left-medium:1.92%;--awb-width-small:100%;--awb-order-small:0;--awb-flex-grow-small:0;--awb-flex-shrink-small:0;--awb-spacing-right-small:1.92%;--awb-spacing-left-small:1.92%;\"><div class=\"fusion-column-wrapper fusion-column-has-shadow fusion-flex-justify-content-flex-start fusion-content-layout-column\"><div class=\"fusion-post-cards fusion-post-cards-4 fusion-grid-archive fusion-grid-columns-1 fusion-grid-flex-grow\" style=\"--awb-column-spacing:0px;--awb-columns:1;--awb-row-spacing:1px;\"><ul class=\"fusion-grid fusion-grid-1 fusion-flex-align-items-flex-start fusion-grid-posts-cards\"><li class=\"fusion-layout-column fusion_builder_column fusion-builder-column-9 fusion-flex-column post-card fusion-grid-column fusion-post-cards-grid-column\" style=\"--awb-bg-size:cover;--awb-flex-grow:0;--awb-flex-shrink:0;--awb-flex-grow-medium:0;--awb-flex-shrink-medium:0;--awb-flex-grow-small:0;--awb-flex-shrink-small:0;\"><div class=\"fusion-column-wrapper fusion-flex-justify-content-flex-start fusion-content-layout-column\"><div class=\"fusion-builder-row fusion-builder-row-inner fusion-row fusion-flex-align-items-flex-start fusion-flex-content-wrap\" style=\"width:104% !important;max-width:104% !important;margin-left: calc(-4% \/ 2 );margin-right: calc(-4% \/ 2 );\"><div class=\"fusion-layout-column fusion_builder_column_inner fusion-builder-nested-column-2 fusion-flex-column fusion-flex-align-self-center\" style=\"--awb-padding-right:20px;--awb-bg-size:cover;--awb-width-large:50%;--awb-margin-top-large:0px;--awb-spacing-right-large:3.84%;--awb-margin-bottom-large:0px;--awb-spacing-left-large:3.84%;--awb-width-medium:50%;--awb-order-medium:0;--awb-spacing-right-medium:3.84%;--awb-spacing-left-medium:3.84%;--awb-width-small:100%;--awb-order-small:0;--awb-spacing-right-small:1.92%;--awb-spacing-left-small:1.92%;\"><div class=\"fusion-column-wrapper fusion-column-has-shadow fusion-flex-justify-content-flex-start fusion-content-layout-column\"><div class=\"fusion-classic-product-image-wrapper fusion-woo-product-image fusion-post-card-image fusion-post-card-image-1\" data-layout=\"static\" style=\"--awb-border-radius-top-left:10px;--awb-border-radius-top-right:10px;--awb-border-radius-bottom-right:10px;--awb-border-radius-bottom-left:10px;\"><div  class=\"fusion-image-wrapper\" aria-haspopup=\"true\">\n\t\t\t\t\t\t\t<a href=\"https:\/\/cyclingcambrils.com\/it\/carretera-y-btt-en-la-cambribike\/\" aria-label=\"Il miglior ciclismo su strada e mountain bike a Cambribike\">\n\t\t\t\t\t\t\t<img decoding=\"async\" width=\"900\" height=\"600\" src=\"https:\/\/cyclingcambrils.com\/wp-content\/uploads\/2026\/02\/cambribike-BTT-.jpg\" class=\"attachment-full size-full lazyload wp-post-image\" alt=\"\" srcset=\"data:image\/svg+xml,%3Csvg%20xmlns%3D%27http%3A%2F%2Fwww.w3.org%2F2000%2Fsvg%27%20width%3D%27900%27%20height%3D%27600%27%20viewBox%3D%270%200%20900%20600%27%3E%3Crect%20width%3D%27900%27%20height%3D%27600%27%20fill-opacity%3D%220%22%2F%3E%3C%2Fsvg%3E\" data-orig-src=\"https:\/\/cyclingcambrils.com\/wp-content\/uploads\/2026\/02\/cambribike-BTT-.jpg\" data-srcset=\"https:\/\/cyclingcambrils.com\/wp-content\/uploads\/2026\/02\/cambribike-BTT--200x133.jpg 200w, https:\/\/cyclingcambrils.com\/wp-content\/uploads\/2026\/02\/cambribike-BTT--400x267.jpg 400w, https:\/\/cyclingcambrils.com\/wp-content\/uploads\/2026\/02\/cambribike-BTT--600x400.jpg 600w, https:\/\/cyclingcambrils.com\/wp-content\/uploads\/2026\/02\/cambribike-BTT--800x533.jpg 800w, https:\/\/cyclingcambrils.com\/wp-content\/uploads\/2026\/02\/cambribike-BTT-.jpg 900w\" data-sizes=\"auto\" \/>\t\t\t<\/a>\n\t\t\t\t\t\t\t<\/div>\n<\/div><\/div><\/div><div class=\"fusion-layout-column fusion_builder_column_inner fusion-builder-nested-column-3 fusion_builder_column_inner_1_2 1_2 fusion-flex-column fusion-flex-align-self-center\" style=\"--awb-bg-size:cover;--awb-width-large:50%;--awb-margin-top-large:0px;--awb-spacing-right-large:3.84%;--awb-margin-bottom-large:0px;--awb-spacing-left-large:3.84%;--awb-width-medium:50%;--awb-order-medium:0;--awb-spacing-right-medium:3.84%;--awb-spacing-left-medium:3.84%;--awb-width-small:100%;--awb-order-small:0;--awb-spacing-right-small:1.92%;--awb-spacing-left-small:1.92%;\"><div class=\"fusion-column-wrapper fusion-column-has-shadow fusion-flex-justify-content-flex-start fusion-content-layout-column\"><div class=\"fusion-text fusion-text-3 fusion-text-no-margin\" style=\"--awb-font-size:16px;--awb-text-color:#ff9600;--awb-margin-top:20px;--awb-margin-bottom:0px;\"><p>Febbraio 24, 2026<\/p>\n<\/div><div class=\"fusion-title title fusion-title-7 fusion-sep-none fusion-title-text fusion-title-size-three\"><h3 class=\"fusion-title-heading title-heading-left\" style=\"margin:0;line-height:1.3em;\"><a href=\"https:\/\/cyclingcambrils.com\/it\/carretera-y-btt-en-la-cambribike\/\" class=\"awb-custom-text-color awb-custom-text-hover-color\" target=\"_self\">Il miglior ciclismo su strada e mountain bike a Cambribike<\/a><\/h3><\/div><div class=\"fusion-text fusion-text-4\"><p>Preparatevi, il 23 e 24 maggio Cambrils diventer\u00e0 l&#8217;epicentro del  ...<\/p>\n<\/div><\/div><\/div><\/div><\/div><\/li>\n<\/ul><\/div><\/div><\/div><\/div><\/div><div class=\"fusion-fullwidth fullwidth-box fusion-builder-row-3 fusion-flex-container nonhundred-percent-fullwidth non-hundred-percent-height-scrolling\" style=\"--awb-border-radius-top-left:0px;--awb-border-radius-top-right:0px;--awb-border-radius-bottom-right:0px;--awb-border-radius-bottom-left:0px;--awb-margin-top:100px;--awb-margin-bottom:100px;--awb-flex-wrap:wrap;\" ><div class=\"fusion-builder-row fusion-row fusion-flex-align-items-flex-start fusion-flex-content-wrap\" style=\"max-width:1393.6px;margin-left: calc(-4% \/ 2 );margin-right: calc(-4% \/ 2 );\"><div class=\"fusion-layout-column fusion_builder_column fusion-builder-column-10 fusion_builder_column_1_1 1_1 fusion-flex-column\" style=\"--awb-bg-size:cover;--awb-width-large:100%;--awb-flex-grow:0;--awb-flex-shrink:0;--awb-margin-top-large:0px;--awb-spacing-right-large:1.92%;--awb-margin-bottom-large:0px;--awb-spacing-left-large:1.92%;--awb-width-medium:100%;--awb-order-medium:0;--awb-flex-grow-medium:0;--awb-flex-shrink-medium:0;--awb-spacing-right-medium:1.92%;--awb-spacing-left-medium:1.92%;--awb-width-small:100%;--awb-order-small:0;--awb-flex-grow-small:0;--awb-flex-shrink-small:0;--awb-spacing-right-small:1.92%;--awb-spacing-left-small:1.92%;\"><div class=\"fusion-column-wrapper fusion-column-has-shadow fusion-flex-justify-content-flex-start fusion-content-layout-column\"><div class=\"fusion-post-cards fusion-post-cards-5 fusion-no-small-visibility fusion-no-medium-visibility fusion-grid-archive fusion-grid-columns-3\" style=\"--awb-columns:3;--awb-row-spacing:50px;--awb-columns-medium:50%;--awb-columns-small:100%;\"><ul class=\"fusion-grid fusion-grid-3 fusion-flex-align-items-flex-start fusion-grid-posts-cards\"><li class=\"fusion-layout-column fusion_builder_column fusion-builder-column-11 fusion-flex-column post-card fusion-grid-column fusion-post-cards-grid-column\" style=\"--awb-overflow:hidden;--awb-bg-color:#ffffff;--awb-bg-color-hover:#ffffff;--awb-bg-size:cover;--awb-border-color:#efefef;--awb-border-right:1px;--awb-border-bottom:1px;--awb-border-left:1px;--awb-border-style:solid;--awb-border-radius:10px 10px 10px 10px;--awb-flex-grow:0;--awb-flex-shrink:0;--awb-flex-grow-medium:0;--awb-flex-shrink-medium:0;--awb-flex-grow-small:0;--awb-flex-shrink-small:0;\"><div class=\"fusion-column-wrapper fusion-flex-justify-content-flex-start fusion-content-layout-column\"><div class=\"fusion-classic-product-image-wrapper fusion-woo-product-image fusion-post-card-image fusion-post-card-image-1\" data-layout=\"static\"><div  class=\"fusion-image-wrapper\" aria-haspopup=\"true\">\n\t\t\t\t\t\t\t<a href=\"https:\/\/cyclingcambrils.com\/it\/cambrils-per-il-ciclista-bon-vivant\/\" aria-label=\"Cambrils per il ciclista &#8220;bon vivant&#8221;.\">\n\t\t\t\t\t\t\t<img decoding=\"async\" width=\"900\" height=\"600\" src=\"https:\/\/cyclingcambrils.com\/wp-content\/uploads\/2026\/01\/cambrils-ciclista.jpg\" class=\"attachment-full size-full lazyload wp-post-image\" alt=\"\" srcset=\"data:image\/svg+xml,%3Csvg%20xmlns%3D%27http%3A%2F%2Fwww.w3.org%2F2000%2Fsvg%27%20width%3D%27900%27%20height%3D%27600%27%20viewBox%3D%270%200%20900%20600%27%3E%3Crect%20width%3D%27900%27%20height%3D%27600%27%20fill-opacity%3D%220%22%2F%3E%3C%2Fsvg%3E\" data-orig-src=\"https:\/\/cyclingcambrils.com\/wp-content\/uploads\/2026\/01\/cambrils-ciclista.jpg\" data-srcset=\"https:\/\/cyclingcambrils.com\/wp-content\/uploads\/2026\/01\/cambrils-ciclista-200x133.jpg 200w, https:\/\/cyclingcambrils.com\/wp-content\/uploads\/2026\/01\/cambrils-ciclista-400x267.jpg 400w, https:\/\/cyclingcambrils.com\/wp-content\/uploads\/2026\/01\/cambrils-ciclista-600x400.jpg 600w, https:\/\/cyclingcambrils.com\/wp-content\/uploads\/2026\/01\/cambrils-ciclista-800x533.jpg 800w, https:\/\/cyclingcambrils.com\/wp-content\/uploads\/2026\/01\/cambrils-ciclista.jpg 900w\" data-sizes=\"auto\" \/>\t\t\t<\/a>\n\t\t\t\t\t\t\t<\/div>\n<\/div><div class=\"fusion-title title fusion-title-8 fusion-sep-none fusion-title-center fusion-title-text fusion-title-size-three\" style=\"--awb-margin-top:30px;--awb-margin-right:20px;--awb-margin-left:20px;--awb-margin-top-small:30px;--awb-margin-right-small:20px;--awb-margin-left-small:20px;--awb-font-size:30px;\"><h3 class=\"fusion-title-heading title-heading-center\" style=\"margin:0;font-size:1em;line-height:1.3;\"><a href=\"https:\/\/cyclingcambrils.com\/it\/cambrils-per-il-ciclista-bon-vivant\/\" class=\"awb-custom-text-color awb-custom-text-hover-color\" target=\"_self\">Cambrils per il ciclista &#8220;bon vivant&#8221;.<\/a><\/h3><\/div><div class=\"fusion-content-tb fusion-content-tb-6 extracto\" style=\"--awb-text-color:#222222;--awb-margin-left:30px;--awb-margin-right:30px;--awb-content-alignment:justify;--awb-text-transform:none;\"><p>Che itinerario meraviglioso hai pianificato!<\/p>\n<p>Dopo aver conquistato i passi montani dei Monti Prades, aver dato il massimo nei vigneti del Priorat e aver sentito la brezza della Costa Daurada sul viso, vi meritate una vera pausa.<\/p>\n<p>Dopo tutto questo giro in bicicletta, approfittatene per visitare le spiagge di Cambrils.<\/p>\n<p><strong>Non c&#8217;\u00e8 niente di meglio per recuperare i muscoli di una nuotata in acque calme o semplicemente di lasciare che il sole ricarichi le batterie sulla sabbia<\/strong> .<\/p>\n<p>\u00c8 ora di spegnere il GPS, mettere via Strava e semplicemente ascoltare il rumore del mare. Se questa zona ci insegna qualcosa, \u00e8 che il Mediterraneo lenisce ogni indolenzimento muscolare e permette di assimilare a colpi di pedale tutti i paesaggi attraversati. <\/p>\n<p>Poich\u00e9 vieni da Priorat, <strong>sai che questa \u00e8 una terra da bere<\/strong> , ma quando arrivi al porto di Cambrils il programma prevede qualcosa di pi\u00f9 fresco.<\/p>\n<p>Approfittate del tempo libero per <strong>sedervi su una terrazza di fronte alle barche e sorseggiare un vermouth<\/strong> , il rito sacro della zona.<\/p>\n<p><strong>Abbinatelo a delle nocciole locali o alle olive arbequina<\/strong> mentre osservate il tempo scorrere senza fretta.<\/p>\n<p>\u00c8 il momento perfetto per guardare le foto del viaggio e ridere di quella collina che quasi ti ha sconfitto a Prades, godendoti la meritata calma.<\/p>\n<p><strong>Il ciclista si sente appetito e a Cambrils, la capitale gastronomica della zona, la ricompensa \u00e8 di prim&#8217;ordine.<\/strong><\/p>\n<p>Non potete andarvene senza aver provato un buon piatto di riso ai frutti di mare o uno Xat\u00f3 (la tipica insalata con salsa di mandorle e peperoni \u00f1ora che vi riporter\u00e0 in vita).<\/p>\n<p>I prodotti locali sono i protagonisti: cercate ristoranti in cui il pesce arriva direttamente dal mercato del pesce.<\/p>\n<p>Gustare un pasto tranquillo mentre si osservano i pescatori andare e venire \u00e8 il modo perfetto per concludere la giornata prima di tornare in hotel.<\/p>\n<p>Si parte con le gambe stanche, ma il cuore pieno di luce mediterranea.<\/p>\n<\/div><div class=\"fusion-separator fusion-full-width-sep\" style=\"align-self: center;margin-left: auto;margin-right: auto;margin-top:15px;width:100%;\"><div class=\"fusion-separator-border sep-single sep-solid\" style=\"--awb-height:20px;--awb-amount:20px;--awb-sep-color:#efefef;border-color:#efefef;border-top-width:1px;\"><\/div><\/div><div style=\"text-align:center;\"><a class=\"fusion-button button-flat fusion-button-default-size button-custom fusion-button-default button-6 fusion-button-default-span fusion-button-default-type\" style=\"--button_accent_color:#ff9600;--button_border_color:#ff9600;--button_accent_hover_color:#ffffff;--button_border_hover_color:#ffffff;--button_border_width-top:0px;--button_border_width-right:0px;--button_border_width-bottom:0px;--button_border_width-left:0px;--button-border-radius-top-left:0px;--button-border-radius-top-right:0px;--button-border-radius-bottom-right:0px;--button-border-radius-bottom-left:0px;--button_gradient_top_color:rgba(255,150,0,0);--button_gradient_bottom_color:rgba(255,150,0,0);--button_gradient_top_color_hover:rgba(255,150,0,0);--button_gradient_bottom_color_hover:rgba(255,150,0,0);--button_margin-top:10px;--button_margin-bottom:15px;width:calc(100%);\" target=\"_self\" href=\"#\"><span class=\"fusion-button-text awb-button__text awb-button__text--default\">Leggi l&#8217;articolo<\/span><\/a><\/div><\/div><\/li>\n<li class=\"fusion-layout-column fusion_builder_column fusion-builder-column-12 fusion-flex-column post-card fusion-grid-column fusion-post-cards-grid-column\" style=\"--awb-overflow:hidden;--awb-bg-color:#ffffff;--awb-bg-color-hover:#ffffff;--awb-bg-size:cover;--awb-border-color:#efefef;--awb-border-right:1px;--awb-border-bottom:1px;--awb-border-left:1px;--awb-border-style:solid;--awb-border-radius:10px 10px 10px 10px;--awb-flex-grow:0;--awb-flex-shrink:0;--awb-flex-grow-medium:0;--awb-flex-shrink-medium:0;--awb-flex-grow-small:0;--awb-flex-shrink-small:0;\"><div class=\"fusion-column-wrapper fusion-flex-justify-content-flex-start fusion-content-layout-column\"><div class=\"fusion-classic-product-image-wrapper fusion-woo-product-image fusion-post-card-image fusion-post-card-image-1\" data-layout=\"static\"><div  class=\"fusion-image-wrapper\" aria-haspopup=\"true\">\n\t\t\t\t\t\t\t<a href=\"https:\/\/cyclingcambrils.com\/it\/cambrils-il-ciclismo-passando-per-san-sebastian\/\" aria-label=\"Cambrils, il ciclismo, passando per San Sebasti\u00e1n\">\n\t\t\t\t\t\t\t<img decoding=\"async\" width=\"898\" height=\"600\" src=\"https:\/\/cyclingcambrils.com\/wp-content\/uploads\/2025\/02\/cambrils-vila-ciclismo.jpg\" class=\"attachment-full size-full lazyload wp-post-image\" alt=\"\" srcset=\"data:image\/svg+xml,%3Csvg%20xmlns%3D%27http%3A%2F%2Fwww.w3.org%2F2000%2Fsvg%27%20width%3D%27898%27%20height%3D%27600%27%20viewBox%3D%270%200%20898%20600%27%3E%3Crect%20width%3D%27898%27%20height%3D%27600%27%20fill-opacity%3D%220%22%2F%3E%3C%2Fsvg%3E\" data-orig-src=\"https:\/\/cyclingcambrils.com\/wp-content\/uploads\/2025\/02\/cambrils-vila-ciclismo.jpg\" data-srcset=\"https:\/\/cyclingcambrils.com\/wp-content\/uploads\/2025\/02\/cambrils-vila-ciclismo-200x134.jpg 200w, https:\/\/cyclingcambrils.com\/wp-content\/uploads\/2025\/02\/cambrils-vila-ciclismo-400x267.jpg 400w, https:\/\/cyclingcambrils.com\/wp-content\/uploads\/2025\/02\/cambrils-vila-ciclismo-600x401.jpg 600w, https:\/\/cyclingcambrils.com\/wp-content\/uploads\/2025\/02\/cambrils-vila-ciclismo-800x535.jpg 800w, https:\/\/cyclingcambrils.com\/wp-content\/uploads\/2025\/02\/cambrils-vila-ciclismo.jpg 898w\" data-sizes=\"auto\" \/>\t\t\t<\/a>\n\t\t\t\t\t\t\t<\/div>\n<\/div><div class=\"fusion-title title fusion-title-9 fusion-sep-none fusion-title-center fusion-title-text fusion-title-size-three\" style=\"--awb-margin-top:30px;--awb-margin-right:20px;--awb-margin-left:20px;--awb-margin-top-small:30px;--awb-margin-right-small:20px;--awb-margin-left-small:20px;--awb-font-size:30px;\"><h3 class=\"fusion-title-heading title-heading-center\" style=\"margin:0;font-size:1em;line-height:1.3;\"><a href=\"https:\/\/cyclingcambrils.com\/it\/cambrils-il-ciclismo-passando-per-san-sebastian\/\" class=\"awb-custom-text-color awb-custom-text-hover-color\" target=\"_self\">Cambrils, il ciclismo, passando per San Sebasti\u00e1n<\/a><\/h3><\/div><div class=\"fusion-content-tb fusion-content-tb-7 extracto\" style=\"--awb-text-color:#222222;--awb-margin-left:30px;--awb-margin-right:30px;--awb-content-alignment:justify;--awb-text-transform:none;\"><p>Qualche giorno fa Cambrils si \u00e8 nuovamente avventurata oltre i suoi confini, questa volta verso San Sebasti\u00e1n, dove la Costa Daurada ha presentato il suo progetto pi\u00f9 ambizioso per i prossimi anni: l&#8217;arrivo del Tour de France 2026.<\/p>\n<p>La capitale della Gipuzkoa, con il suo costante profumo di ciclismo che ha visto pedalare intere generazioni, \u00e8 stata la tappa finale di un tour promozionale che aveva gi\u00e0 toccato Gij\u00f3n, Madrid e Valencia.<\/p>\n<p>L&#8217;evento, tenutosi in uno spazio emblematico di San Sebasti\u00e1n, ha riunito 77 partecipanti che intendono il ciclismo non solo come uno sport, ma come una cultura: Donne sulla Strada, persone di Euskaltel, l&#8217;azienda Etxeondo, diversi ciclisti professionisti ed ex professionisti&#8230; un ecosistema che riconosce immediatamente quando un territorio prende sul serio l&#8217;idea di invitare i ciclisti a scoprirlo senza fretta, una pedalata alla volta.<\/p>\n<p>Ed \u00e8 qui che Cambrils si sente a suo agio, quasi a casa.<\/p>\n<p><strong>Da anni porta avanti il \u200b\u200bsuo impegno nel cicloturismo come chi lucida un mestiere<\/strong> : itinerari studiati con cura, strade che si snodano tra mare e montagna, servizi su misura per chi viaggia in bicicletta, hotel che sanno di cosa ha bisogno un ciclista quando torna carico di chilometri e con il silenzio nelle gambe.<\/p>\n<p>Una destinazione che ha capito che il ciclismo non \u00e8 solo uno sport: \u00e8 un modo di viaggiare, di occupare il territorio, di destagionalizzare senza perdere identit\u00e0.<\/p>\n<p>A San Sebasti\u00e1n, Cambrils ha avuto un ruolo che \u00e8 andato oltre la semplice opportunit\u00e0 fotografica.<\/p>\n<p>Ha offerto supporto istituzionale, certo, ma anche qualcosa di molto suo: la cucina locale. Il cocktail party portava il marchio Cambrils e ogni partecipante \u00e8 tornato a casa con una bottiglia di olio extravergine di oliva Cambrils, quel piccolo liquido che ricorda che il ciclismo, come la cucina, spesso si esprime attraverso le sfumature, attraverso i sapori che definiscono un luogo. <\/p>\n<p>La serie di presentazioni aveva un obiettivo chiaro: <strong>posizionare la Costa Daurada come &#8220;Paradiso delle due ruote&#8221; nel contesto del Tour de France<\/strong> . Non \u00e8 un&#8217;impresa da poco: nel 2026, per la prima volta, il Tour percorrer\u00e0 queste strade. <\/p>\n<p>La tappa del 5 luglio, tra Tarragona e Barcellona, \u200b\u200bsar\u00e0 una vetrina mondiale, una mappa emozionale che milioni di fan seguiranno dai loro schermi&#8230; e che alcuni poi vorranno percorrere in bicicletta.<\/p>\n<p>L&#8217;evento di San Sebasti\u00e1n ha giocato anche con simboli potenti: il trofeo del Tour de France e l&#8217;iconica maglia del Gran Premio della Montagna, esposti, hanno ricordato al pubblico che il ciclismo vive di storie, di oggetti che incarnano trionfi e cicatrici. Come previsto, la copertura mediatica \u00e8 stata significativa. <\/p>\n<p>Patricia de Miguel, Assessore al Turismo e alla Promozione Economica, lo ha riassunto con la chiarezza di chi sa dove vuole arrivare il Comune: \u201c<em>Cambrils ha l&#8217;opportunit\u00e0 di presentarsi al mondo come destinazione ciclistica di riferimento. Il Tour de France 2026 non \u00e8 solo un evento: \u00e8 un&#8217;occasione per mettere in mostra la qualit\u00e0 della nostra regione, i nostri servizi specializzati e un&#8217;offerta gastronomica e turistica che ci contraddistingue. <\/em>&#8220;.<\/p>\n<p>L&#8217;evento ha prodotto ci\u00f2 che il buon ciclismo produce sempre: connessioni, sinergie e conversazioni che possono dare vita a percorsi, viaggi e progetti. Pi\u00f9 visibilit\u00e0 per la Costa Daurada e maggiore visibilit\u00e0 per Cambrils. <\/p>\n<\/div><div class=\"fusion-separator fusion-full-width-sep\" style=\"align-self: center;margin-left: auto;margin-right: auto;margin-top:15px;width:100%;\"><div class=\"fusion-separator-border sep-single sep-solid\" style=\"--awb-height:20px;--awb-amount:20px;--awb-sep-color:#efefef;border-color:#efefef;border-top-width:1px;\"><\/div><\/div><div style=\"text-align:center;\"><a class=\"fusion-button button-flat fusion-button-default-size button-custom fusion-button-default button-7 fusion-button-default-span fusion-button-default-type\" style=\"--button_accent_color:#ff9600;--button_border_color:#ff9600;--button_accent_hover_color:#ffffff;--button_border_hover_color:#ffffff;--button_border_width-top:0px;--button_border_width-right:0px;--button_border_width-bottom:0px;--button_border_width-left:0px;--button-border-radius-top-left:0px;--button-border-radius-top-right:0px;--button-border-radius-bottom-right:0px;--button-border-radius-bottom-left:0px;--button_gradient_top_color:rgba(255,150,0,0);--button_gradient_bottom_color:rgba(255,150,0,0);--button_gradient_top_color_hover:rgba(255,150,0,0);--button_gradient_bottom_color_hover:rgba(255,150,0,0);--button_margin-top:10px;--button_margin-bottom:15px;width:calc(100%);\" target=\"_self\" href=\"#\"><span class=\"fusion-button-text awb-button__text awb-button__text--default\">Leggi l&#8217;articolo<\/span><\/a><\/div><\/div><\/li>\n<li class=\"fusion-layout-column fusion_builder_column fusion-builder-column-13 fusion-flex-column post-card fusion-grid-column fusion-post-cards-grid-column\" style=\"--awb-overflow:hidden;--awb-bg-color:#ffffff;--awb-bg-color-hover:#ffffff;--awb-bg-size:cover;--awb-border-color:#efefef;--awb-border-right:1px;--awb-border-bottom:1px;--awb-border-left:1px;--awb-border-style:solid;--awb-border-radius:10px 10px 10px 10px;--awb-flex-grow:0;--awb-flex-shrink:0;--awb-flex-grow-medium:0;--awb-flex-shrink-medium:0;--awb-flex-grow-small:0;--awb-flex-shrink-small:0;\"><div class=\"fusion-column-wrapper fusion-flex-justify-content-flex-start fusion-content-layout-column\"><div class=\"fusion-classic-product-image-wrapper fusion-woo-product-image fusion-post-card-image fusion-post-card-image-1\" data-layout=\"static\"><div  class=\"fusion-image-wrapper\" aria-haspopup=\"true\">\n\t\t\t\t\t\t\t<a href=\"https:\/\/cyclingcambrils.com\/it\/le-migliori-gite-dal-fishermans-park\/\" aria-label=\"Le migliori gite dal Fisherman&#8217;s Park\">\n\t\t\t\t\t\t\t<img decoding=\"async\" width=\"900\" height=\"600\" src=\"https:\/\/cyclingcambrils.com\/wp-content\/uploads\/2025\/11\/parc-pescador-1.jpg\" class=\"attachment-full size-full lazyload wp-post-image\" alt=\"\" srcset=\"data:image\/svg+xml,%3Csvg%20xmlns%3D%27http%3A%2F%2Fwww.w3.org%2F2000%2Fsvg%27%20width%3D%27900%27%20height%3D%27600%27%20viewBox%3D%270%200%20900%20600%27%3E%3Crect%20width%3D%27900%27%20height%3D%27600%27%20fill-opacity%3D%220%22%2F%3E%3C%2Fsvg%3E\" data-orig-src=\"https:\/\/cyclingcambrils.com\/wp-content\/uploads\/2025\/11\/parc-pescador-1.jpg\" data-srcset=\"https:\/\/cyclingcambrils.com\/wp-content\/uploads\/2025\/11\/parc-pescador-1-200x133.jpg 200w, https:\/\/cyclingcambrils.com\/wp-content\/uploads\/2025\/11\/parc-pescador-1-400x267.jpg 400w, https:\/\/cyclingcambrils.com\/wp-content\/uploads\/2025\/11\/parc-pescador-1-600x400.jpg 600w, https:\/\/cyclingcambrils.com\/wp-content\/uploads\/2025\/11\/parc-pescador-1-800x533.jpg 800w, https:\/\/cyclingcambrils.com\/wp-content\/uploads\/2025\/11\/parc-pescador-1.jpg 900w\" data-sizes=\"auto\" \/>\t\t\t<\/a>\n\t\t\t\t\t\t\t<\/div>\n<\/div><div class=\"fusion-title title fusion-title-10 fusion-sep-none fusion-title-center fusion-title-text fusion-title-size-three\" style=\"--awb-margin-top:30px;--awb-margin-right:20px;--awb-margin-left:20px;--awb-margin-top-small:30px;--awb-margin-right-small:20px;--awb-margin-left-small:20px;--awb-font-size:30px;\"><h3 class=\"fusion-title-heading title-heading-center\" style=\"margin:0;font-size:1em;line-height:1.3;\"><a href=\"https:\/\/cyclingcambrils.com\/it\/le-migliori-gite-dal-fishermans-park\/\" class=\"awb-custom-text-color awb-custom-text-hover-color\" target=\"_self\">Le migliori gite dal Fisherman&#8217;s Park<\/a><\/h3><\/div><div class=\"fusion-content-tb fusion-content-tb-8 extracto\" style=\"--awb-text-color:#222222;--awb-margin-left:30px;--awb-margin-right:30px;--awb-content-alignment:justify;--awb-text-transform:none;\"><p data-start=\"122\" data-end=\"434\">Il Gran Parc del Pescador, a Cambrils, \u00e8 uno degli spazi verdi pi\u00f9 grandi ed emblematici della citt\u00e0, progettato per offrire momenti di relax e svago sia ai residenti che ai visitatori. Con oltre 20.000 metri quadrati, \u00e8 il luogo ideale per passeggiare, rilassarsi o trascorrere una giornata con la famiglia e gli amici. <\/p>\n<p data-start=\"436\" data-end=\"764\">Questo parco non \u00e8 solo un luogo dove respirare aria fresca: \u00e8 anche un punto di incontro culturale. Dispone di un auditorium e di una grande piazza dove si tengono concerti, spettacoli teatrali ed eventi di ogni tipo. Questo lo rende uno spazio molto versatile, dove ogni fine settimana pu\u00f2 succedere qualcosa di diverso e divertente.  <\/p>\n<p data-start=\"766\" data-end=\"1144\">Per i pi\u00f9 piccoli, il parco \u00e8 un vero paradiso. Ci sono tre aree gioco adatte alle diverse et\u00e0: una per bambini e bambine da zero a sei anni, una per quelli da due a dieci anni e un&#8217;ultima per i pi\u00f9 grandi, dagli otto ai quattordici anni. In questo modo, ogni bambino pu\u00f2 divertirsi con giochi pensati appositamente per la sua et\u00e0 e il suo livello, rendendo l&#8217;esperienza pi\u00f9 sicura e divertente.  <\/p>\n<p data-start=\"1146\" data-end=\"1467\">Il parco ha cinque ingressi diversi, con diversi sentieri che collegano tutte le aree. Inoltre, ci sono molti angoli dove riposare e godersi la natura: all&#8217;ombra degli alberi, accanto al laghetto o nel giardino mediterraneo. Tutto \u00e8 progettato affinch\u00e9 i visitatori si sentano a proprio agio e possano trascorrere ore senza fretta.  <\/p>\n<p data-start=\"1146\" data-end=\"1467\"><img decoding=\"async\" class=\"lazyload alignnone size-full wp-image-14862\" src=\"https:\/\/cyclingcambrils.com\/wp-content\/uploads\/2025\/11\/parc-pescador.jpg\" data-orig-src=\"https:\/\/cyclingcambrils.com\/wp-content\/uploads\/2025\/11\/parc-pescador.jpg\" alt=\"\" width=\"900\" height=\"600\" srcset=\"data:image\/svg+xml,%3Csvg%20xmlns%3D%27http%3A%2F%2Fwww.w3.org%2F2000%2Fsvg%27%20width%3D%27900%27%20height%3D%27600%27%20viewBox%3D%270%200%20900%20600%27%3E%3Crect%20width%3D%27900%27%20height%3D%27600%27%20fill-opacity%3D%220%22%2F%3E%3C%2Fsvg%3E\" data-srcset=\"https:\/\/cyclingcambrils.com\/wp-content\/uploads\/2025\/11\/parc-pescador-200x133.jpg 200w, https:\/\/cyclingcambrils.com\/wp-content\/uploads\/2025\/11\/parc-pescador-300x200.jpg 300w, https:\/\/cyclingcambrils.com\/wp-content\/uploads\/2025\/11\/parc-pescador-400x267.jpg 400w, https:\/\/cyclingcambrils.com\/wp-content\/uploads\/2025\/11\/parc-pescador-600x400.jpg 600w, https:\/\/cyclingcambrils.com\/wp-content\/uploads\/2025\/11\/parc-pescador-768x512.jpg 768w, https:\/\/cyclingcambrils.com\/wp-content\/uploads\/2025\/11\/parc-pescador-800x533.jpg 800w, https:\/\/cyclingcambrils.com\/wp-content\/uploads\/2025\/11\/parc-pescador.jpg 900w\" data-sizes=\"auto\" data-orig-sizes=\"(max-width: 900px) 100vw, 900px\" \/><\/p>\n<p data-start=\"1469\" data-end=\"1652\">E se avete fame o volete bere qualcosa, c&#8217;\u00e8 un bar molto carino, situato accanto all&#8217;ufficio turistico di Cambrils, dove potrete fare una pausa mentre vi godete la vista del parco.<\/p>\n<p data-start=\"1654\" data-end=\"1896\">Inoltre, il Gran Parc del Pescador \u00e8 il luogo ideale per gli amanti della bicicletta. \u00c8 il punto ideale per incontrarsi con gli amici e iniziare escursioni in bicicletta da Cambrils, preparando le prime pedalate prima di affrontare strade o sentieri. <\/p>\n<p data-start=\"1898\" data-end=\"2275\">In breve, il Gran Parc del Pescador \u00e8 molto pi\u00f9 di un parco: \u00e8 un punto di incontro, un luogo dove giocare, imparare, rilassarsi e, naturalmente, iniziare avventure in bicicletta. Che siate qui per fare sport, passeggiare, partecipare ad attivit\u00e0 culturali o semplicemente per godervi la natura, questo spazio verde offre tutto il necessario per trascorrere una fantastica giornata a Cambrils. <\/p>\n<\/div><div class=\"fusion-separator fusion-full-width-sep\" style=\"align-self: center;margin-left: auto;margin-right: auto;margin-top:15px;width:100%;\"><div class=\"fusion-separator-border sep-single sep-solid\" style=\"--awb-height:20px;--awb-amount:20px;--awb-sep-color:#efefef;border-color:#efefef;border-top-width:1px;\"><\/div><\/div><div style=\"text-align:center;\"><a class=\"fusion-button button-flat fusion-button-default-size button-custom fusion-button-default button-8 fusion-button-default-span fusion-button-default-type\" style=\"--button_accent_color:#ff9600;--button_border_color:#ff9600;--button_accent_hover_color:#ffffff;--button_border_hover_color:#ffffff;--button_border_width-top:0px;--button_border_width-right:0px;--button_border_width-bottom:0px;--button_border_width-left:0px;--button-border-radius-top-left:0px;--button-border-radius-top-right:0px;--button-border-radius-bottom-right:0px;--button-border-radius-bottom-left:0px;--button_gradient_top_color:rgba(255,150,0,0);--button_gradient_bottom_color:rgba(255,150,0,0);--button_gradient_top_color_hover:rgba(255,150,0,0);--button_gradient_bottom_color_hover:rgba(255,150,0,0);--button_margin-top:10px;--button_margin-bottom:15px;width:calc(100%);\" target=\"_self\" href=\"#\"><span class=\"fusion-button-text awb-button__text awb-button__text--default\">Leggi l&#8217;articolo<\/span><\/a><\/div><\/div><\/li>\n<\/ul><\/div><div class=\"fusion-post-cards fusion-post-cards-6 fusion-no-large-visibility fusion-grid-archive fusion-grid-columns-3\" style=\"--awb-columns:3;--awb-row-spacing:50px;--awb-columns-medium:50%;--awb-columns-small:100%;\"><ul class=\"fusion-grid fusion-grid-3 fusion-flex-align-items-flex-start fusion-grid-posts-cards\"><li class=\"fusion-layout-column fusion_builder_column fusion-builder-column-14 fusion-flex-column post-card fusion-grid-column fusion-post-cards-grid-column\" style=\"--awb-overflow:hidden;--awb-bg-color:#ffffff;--awb-bg-color-hover:#ffffff;--awb-bg-size:cover;--awb-border-color:#efefef;--awb-border-right:1px;--awb-border-bottom:1px;--awb-border-left:1px;--awb-border-style:solid;--awb-border-radius:10px 10px 10px 10px;--awb-flex-grow:0;--awb-flex-shrink:0;--awb-flex-grow-medium:0;--awb-flex-shrink-medium:0;--awb-flex-grow-small:0;--awb-flex-shrink-small:0;\"><div class=\"fusion-column-wrapper fusion-flex-justify-content-flex-start fusion-content-layout-column\"><div class=\"fusion-classic-product-image-wrapper fusion-woo-product-image fusion-post-card-image fusion-post-card-image-1\" data-layout=\"static\"><div  class=\"fusion-image-wrapper\" aria-haspopup=\"true\">\n\t\t\t\t\t\t\t<a href=\"https:\/\/cyclingcambrils.com\/it\/carretera-y-btt-en-la-cambribike\/\" aria-label=\"Il miglior ciclismo su strada e mountain bike a Cambribike\">\n\t\t\t\t\t\t\t<img decoding=\"async\" width=\"900\" height=\"600\" src=\"https:\/\/cyclingcambrils.com\/wp-content\/uploads\/2026\/02\/cambribike-BTT-.jpg\" class=\"attachment-full size-full lazyload wp-post-image\" alt=\"\" srcset=\"data:image\/svg+xml,%3Csvg%20xmlns%3D%27http%3A%2F%2Fwww.w3.org%2F2000%2Fsvg%27%20width%3D%27900%27%20height%3D%27600%27%20viewBox%3D%270%200%20900%20600%27%3E%3Crect%20width%3D%27900%27%20height%3D%27600%27%20fill-opacity%3D%220%22%2F%3E%3C%2Fsvg%3E\" data-orig-src=\"https:\/\/cyclingcambrils.com\/wp-content\/uploads\/2026\/02\/cambribike-BTT-.jpg\" data-srcset=\"https:\/\/cyclingcambrils.com\/wp-content\/uploads\/2026\/02\/cambribike-BTT--200x133.jpg 200w, https:\/\/cyclingcambrils.com\/wp-content\/uploads\/2026\/02\/cambribike-BTT--400x267.jpg 400w, https:\/\/cyclingcambrils.com\/wp-content\/uploads\/2026\/02\/cambribike-BTT--600x400.jpg 600w, https:\/\/cyclingcambrils.com\/wp-content\/uploads\/2026\/02\/cambribike-BTT--800x533.jpg 800w, https:\/\/cyclingcambrils.com\/wp-content\/uploads\/2026\/02\/cambribike-BTT-.jpg 900w\" data-sizes=\"auto\" \/>\t\t\t<\/a>\n\t\t\t\t\t\t\t<\/div>\n<\/div><div class=\"fusion-title title fusion-title-11 fusion-sep-none fusion-title-center fusion-title-text fusion-title-size-three\" style=\"--awb-margin-top:30px;--awb-margin-right:20px;--awb-margin-left:20px;--awb-margin-top-small:30px;--awb-margin-right-small:20px;--awb-margin-left-small:20px;--awb-font-size:30px;\"><h3 class=\"fusion-title-heading title-heading-center\" style=\"margin:0;font-size:1em;line-height:1.3;\"><a href=\"https:\/\/cyclingcambrils.com\/it\/carretera-y-btt-en-la-cambribike\/\" class=\"awb-custom-text-color awb-custom-text-hover-color\" target=\"_self\">Il miglior ciclismo su strada e mountain bike a Cambribike<\/a><\/h3><\/div><div class=\"fusion-content-tb fusion-content-tb-9 extracto\" style=\"--awb-text-color:#222222;--awb-margin-left:30px;--awb-margin-right:30px;--awb-content-alignment:justify;--awb-text-transform:none;\"><p><strong>Preparatevi, il 23 e 24 maggio Cambrils diventer\u00e0 l&#8217;epicentro del ciclismo con una nuova edizione di Cambribike!<\/strong><\/p>\n<p>Se siete appassionati delle due ruote, abbiamo un doppio appuntamento da non perdere.<\/p>\n<p>Quest&#8217;anno ci siamo posti una sfida ambiziosa: <strong>vogliamo che la nostra corsa su strada sia il vero &#8220;motore&#8221; dell&#8217;evento, puntando a radunare tra i 500 e i 700 ciclisti<\/strong> .<\/p>\n<p>Si tratta di un notevole passo avanti rispetto agli anni precedenti e vogliamo che anche tu faccia parte di questo gruppo!<\/p>\n<h3>L&#8217;azione inizia sabato 23 con Cambrils BTT Or\u00edgenes<\/h3>\n<p><a href=\"https:\/\/www.naturetime.es\/cambribike\/\" target=\"_blank\" rel=\"noopener\">\u00c8 un evento pensato per tutti<\/a> , da chi ama fare una passeggiata in famiglia a chi vuole spingersi oltre i propri limiti.<\/p>\n<p>La parte migliore \u00e8 che sei tu a comandare: ci sono quattro distanze divise in due blocchi e puoi decidere al volo quale percorrere, a seconda di quanto ti senti forte.<\/p>\n<p>Per chi cerca qualcosa di pi\u00f9 rilassante, abbiamo le distanze brevi di 22 km (100 m+) e 35 km (250 m+).<\/p>\n<p>Si tratta di <strong>percorsi facili, piacevoli e pianeggianti nei dintorni di Cambrils<\/strong> e della Costa Daurada, ideali per i dilettanti o per divertirsi con i pi\u00f9 piccoli.<\/p>\n<p>Se avete gi\u00e0 le gambe toste, <strong>vi aspettano le lunghe distanze di 47 km (750 m+) e 55 km (950 m+)<\/strong> .<\/p>\n<p>Qui le cose si fanno serie, con sentieri pi\u00f9 tecnici attraverso la Baronia di Escornalbou e la Sierra del Pradell.<\/p>\n<p>E attenzione, perch\u00e9 anche se non si tratta di una gara vera e propria, c&#8217;\u00e8 un po&#8217; di pepe!<\/p>\n<p><strong>Abbiamo preparato due prove a cronometro con premi per i tre migliori<\/strong> (uomini e donne) in ogni modalit\u00e0: MTB, E-bike e Gravel.<\/p>\n<p>Il percorso da 47 km prevede una sezione cronometrata di 2,5 km, mentre il percorso da 55 km aggiunge una seconda sezione cronometrata di 2 km.<\/p>\n<p>Per recuperare le forze, oltre ai ristori lungo il percorso, al traguardo ci attende una fideu\u00e0 gourmet di proporzioni epiche.<\/p>\n<p><img decoding=\"async\" class=\"lazyload size-full wp-image-15379 aligncenter\" src=\"https:\/\/cyclingcambrils.com\/wp-content\/uploads\/2026\/02\/Cambribike-Bioracer-road.jpg\" data-orig-src=\"https:\/\/cyclingcambrils.com\/wp-content\/uploads\/2026\/02\/Cambribike-Bioracer-road.jpg\" alt=\"\" width=\"900\" height=\"600\" srcset=\"data:image\/svg+xml,%3Csvg%20xmlns%3D%27http%3A%2F%2Fwww.w3.org%2F2000%2Fsvg%27%20width%3D%27900%27%20height%3D%27600%27%20viewBox%3D%270%200%20900%20600%27%3E%3Crect%20width%3D%27900%27%20height%3D%27600%27%20fill-opacity%3D%220%22%2F%3E%3C%2Fsvg%3E\" data-srcset=\"https:\/\/cyclingcambrils.com\/wp-content\/uploads\/2026\/02\/Cambribike-Bioracer-road-200x133.jpg 200w, https:\/\/cyclingcambrils.com\/wp-content\/uploads\/2026\/02\/Cambribike-Bioracer-road-300x200.jpg 300w, https:\/\/cyclingcambrils.com\/wp-content\/uploads\/2026\/02\/Cambribike-Bioracer-road-400x267.jpg 400w, https:\/\/cyclingcambrils.com\/wp-content\/uploads\/2026\/02\/Cambribike-Bioracer-road-600x400.jpg 600w, https:\/\/cyclingcambrils.com\/wp-content\/uploads\/2026\/02\/Cambribike-Bioracer-road-768x512.jpg 768w, https:\/\/cyclingcambrils.com\/wp-content\/uploads\/2026\/02\/Cambribike-Bioracer-road-800x533.jpg 800w, https:\/\/cyclingcambrils.com\/wp-content\/uploads\/2026\/02\/Cambribike-Bioracer-road.jpg 900w\" data-sizes=\"auto\" data-orig-sizes=\"(max-width: 900px) 100vw, 900px\" \/><\/p>\n<h3>Domenica 24 abbiamo cambiato marcia e siamo passati dalle gomme tassellate all&#8217;asfalto con le Bioracer Cambrils Road<\/h3>\n<p><a href=\"https:\/\/www.naturetime.es\/marcha-cicloturismo-cambrils\/\" target=\"_blank\" rel=\"noopener\">\u00c8 la nostra grande scommessa sul cicloturismo<\/a> , <strong>un percorso gestito da volontari e Mossos d&#8217;Esquadra<\/strong> , quindi tu dovrai solo preoccuparti di pedalare e goderti il \u200b\u200bpaesaggio del Priorat.<\/p>\n<p>Hai due opzioni: un percorso di 85 km con tre salite gestibili, oppure la sfida di 125 km che aggiunge un anello extra e sei passi di montagna.<\/p>\n<p>Se scegliete il percorso lungo, affronterete la famosa salita &#8220;No llores ni\u00f1o&#8221;: 11 km di salita (530 m+) con rampe finali del 18% che vi metteranno a dura prova.<\/p>\n<p>Per rendere l&#8217;esperienza davvero eccezionale, l&#8217;evento include servizi di fisioterapia, fotografi, cronometraggio con chip e la maglia ufficiale dell&#8217;evento disegnata da Bioracer, marchio leader del settore.<\/p>\n<p>Vogliamo che tu ti senta un professionista circondato dalla natura, dalla tranquillit\u00e0 e dal miglior ambiente ciclistico.<\/p>\n<p>Che si tratti dei sentieri del sabato o dei passi di montagna della domenica, Cambrils vi aspetta a braccia aperte e con la bici pronta.<\/p>\n<p>Ci vediamo all&#8217;uscita!<\/p>\n<\/div><div class=\"fusion-separator fusion-full-width-sep\" style=\"align-self: center;margin-left: auto;margin-right: auto;margin-top:15px;width:100%;\"><div class=\"fusion-separator-border sep-single sep-solid\" style=\"--awb-height:20px;--awb-amount:20px;--awb-sep-color:#efefef;border-color:#efefef;border-top-width:1px;\"><\/div><\/div><div style=\"text-align:center;\"><a class=\"fusion-button button-flat fusion-button-default-size button-custom fusion-button-default button-9 fusion-button-default-span fusion-button-default-type\" style=\"--button_accent_color:#ff9600;--button_border_color:#ff9600;--button_accent_hover_color:#ffffff;--button_border_hover_color:#ffffff;--button_border_width-top:0px;--button_border_width-right:0px;--button_border_width-bottom:0px;--button_border_width-left:0px;--button-border-radius-top-left:0px;--button-border-radius-top-right:0px;--button-border-radius-bottom-right:0px;--button-border-radius-bottom-left:0px;--button_gradient_top_color:rgba(255,150,0,0);--button_gradient_bottom_color:rgba(255,150,0,0);--button_gradient_top_color_hover:rgba(255,150,0,0);--button_gradient_bottom_color_hover:rgba(255,150,0,0);--button_margin-top:10px;--button_margin-bottom:15px;width:calc(100%);\" target=\"_self\" href=\"#\"><span class=\"fusion-button-text awb-button__text awb-button__text--default\">Leggi l&#8217;articolo<\/span><\/a><\/div><\/div><\/li>\n<li class=\"fusion-layout-column fusion_builder_column fusion-builder-column-15 fusion-flex-column post-card fusion-grid-column fusion-post-cards-grid-column\" style=\"--awb-overflow:hidden;--awb-bg-color:#ffffff;--awb-bg-color-hover:#ffffff;--awb-bg-size:cover;--awb-border-color:#efefef;--awb-border-right:1px;--awb-border-bottom:1px;--awb-border-left:1px;--awb-border-style:solid;--awb-border-radius:10px 10px 10px 10px;--awb-flex-grow:0;--awb-flex-shrink:0;--awb-flex-grow-medium:0;--awb-flex-shrink-medium:0;--awb-flex-grow-small:0;--awb-flex-shrink-small:0;\"><div class=\"fusion-column-wrapper fusion-flex-justify-content-flex-start fusion-content-layout-column\"><div class=\"fusion-classic-product-image-wrapper fusion-woo-product-image fusion-post-card-image fusion-post-card-image-1\" data-layout=\"static\"><div  class=\"fusion-image-wrapper\" aria-haspopup=\"true\">\n\t\t\t\t\t\t\t<a href=\"https:\/\/cyclingcambrils.com\/it\/cambrils-per-il-ciclista-bon-vivant\/\" aria-label=\"Cambrils per il ciclista &#8220;bon vivant&#8221;.\">\n\t\t\t\t\t\t\t<img decoding=\"async\" width=\"900\" height=\"600\" src=\"https:\/\/cyclingcambrils.com\/wp-content\/uploads\/2026\/01\/cambrils-ciclista.jpg\" class=\"attachment-full size-full lazyload wp-post-image\" alt=\"\" srcset=\"data:image\/svg+xml,%3Csvg%20xmlns%3D%27http%3A%2F%2Fwww.w3.org%2F2000%2Fsvg%27%20width%3D%27900%27%20height%3D%27600%27%20viewBox%3D%270%200%20900%20600%27%3E%3Crect%20width%3D%27900%27%20height%3D%27600%27%20fill-opacity%3D%220%22%2F%3E%3C%2Fsvg%3E\" data-orig-src=\"https:\/\/cyclingcambrils.com\/wp-content\/uploads\/2026\/01\/cambrils-ciclista.jpg\" data-srcset=\"https:\/\/cyclingcambrils.com\/wp-content\/uploads\/2026\/01\/cambrils-ciclista-200x133.jpg 200w, https:\/\/cyclingcambrils.com\/wp-content\/uploads\/2026\/01\/cambrils-ciclista-400x267.jpg 400w, https:\/\/cyclingcambrils.com\/wp-content\/uploads\/2026\/01\/cambrils-ciclista-600x400.jpg 600w, https:\/\/cyclingcambrils.com\/wp-content\/uploads\/2026\/01\/cambrils-ciclista-800x533.jpg 800w, https:\/\/cyclingcambrils.com\/wp-content\/uploads\/2026\/01\/cambrils-ciclista.jpg 900w\" data-sizes=\"auto\" \/>\t\t\t<\/a>\n\t\t\t\t\t\t\t<\/div>\n<\/div><div class=\"fusion-title title fusion-title-12 fusion-sep-none fusion-title-center fusion-title-text fusion-title-size-three\" style=\"--awb-margin-top:30px;--awb-margin-right:20px;--awb-margin-left:20px;--awb-margin-top-small:30px;--awb-margin-right-small:20px;--awb-margin-left-small:20px;--awb-font-size:30px;\"><h3 class=\"fusion-title-heading title-heading-center\" style=\"margin:0;font-size:1em;line-height:1.3;\"><a href=\"https:\/\/cyclingcambrils.com\/it\/cambrils-per-il-ciclista-bon-vivant\/\" class=\"awb-custom-text-color awb-custom-text-hover-color\" target=\"_self\">Cambrils per il ciclista &#8220;bon vivant&#8221;.<\/a><\/h3><\/div><div class=\"fusion-content-tb fusion-content-tb-10 extracto\" style=\"--awb-text-color:#222222;--awb-margin-left:30px;--awb-margin-right:30px;--awb-content-alignment:justify;--awb-text-transform:none;\"><p>Che itinerario meraviglioso hai pianificato!<\/p>\n<p>Dopo aver conquistato i passi montani dei Monti Prades, aver dato il massimo nei vigneti del Priorat e aver sentito la brezza della Costa Daurada sul viso, vi meritate una vera pausa.<\/p>\n<p>Dopo tutto questo giro in bicicletta, approfittatene per visitare le spiagge di Cambrils.<\/p>\n<p><strong>Non c&#8217;\u00e8 niente di meglio per recuperare i muscoli di una nuotata in acque calme o semplicemente di lasciare che il sole ricarichi le batterie sulla sabbia<\/strong> .<\/p>\n<p>\u00c8 ora di spegnere il GPS, mettere via Strava e semplicemente ascoltare il rumore del mare. Se questa zona ci insegna qualcosa, \u00e8 che il Mediterraneo lenisce ogni indolenzimento muscolare e permette di assimilare a colpi di pedale tutti i paesaggi attraversati. <\/p>\n<p>Poich\u00e9 vieni da Priorat, <strong>sai che questa \u00e8 una terra da bere<\/strong> , ma quando arrivi al porto di Cambrils il programma prevede qualcosa di pi\u00f9 fresco.<\/p>\n<p>Approfittate del tempo libero per <strong>sedervi su una terrazza di fronte alle barche e sorseggiare un vermouth<\/strong> , il rito sacro della zona.<\/p>\n<p><strong>Abbinatelo a delle nocciole locali o alle olive arbequina<\/strong> mentre osservate il tempo scorrere senza fretta.<\/p>\n<p>\u00c8 il momento perfetto per guardare le foto del viaggio e ridere di quella collina che quasi ti ha sconfitto a Prades, godendoti la meritata calma.<\/p>\n<p><strong>Il ciclista si sente appetito e a Cambrils, la capitale gastronomica della zona, la ricompensa \u00e8 di prim&#8217;ordine.<\/strong><\/p>\n<p>Non potete andarvene senza aver provato un buon piatto di riso ai frutti di mare o uno Xat\u00f3 (la tipica insalata con salsa di mandorle e peperoni \u00f1ora che vi riporter\u00e0 in vita).<\/p>\n<p>I prodotti locali sono i protagonisti: cercate ristoranti in cui il pesce arriva direttamente dal mercato del pesce.<\/p>\n<p>Gustare un pasto tranquillo mentre si osservano i pescatori andare e venire \u00e8 il modo perfetto per concludere la giornata prima di tornare in hotel.<\/p>\n<p>Si parte con le gambe stanche, ma il cuore pieno di luce mediterranea.<\/p>\n<\/div><div class=\"fusion-separator fusion-full-width-sep\" style=\"align-self: center;margin-left: auto;margin-right: auto;margin-top:15px;width:100%;\"><div class=\"fusion-separator-border sep-single sep-solid\" style=\"--awb-height:20px;--awb-amount:20px;--awb-sep-color:#efefef;border-color:#efefef;border-top-width:1px;\"><\/div><\/div><div style=\"text-align:center;\"><a class=\"fusion-button button-flat fusion-button-default-size button-custom fusion-button-default button-10 fusion-button-default-span fusion-button-default-type\" style=\"--button_accent_color:#ff9600;--button_border_color:#ff9600;--button_accent_hover_color:#ffffff;--button_border_hover_color:#ffffff;--button_border_width-top:0px;--button_border_width-right:0px;--button_border_width-bottom:0px;--button_border_width-left:0px;--button-border-radius-top-left:0px;--button-border-radius-top-right:0px;--button-border-radius-bottom-right:0px;--button-border-radius-bottom-left:0px;--button_gradient_top_color:rgba(255,150,0,0);--button_gradient_bottom_color:rgba(255,150,0,0);--button_gradient_top_color_hover:rgba(255,150,0,0);--button_gradient_bottom_color_hover:rgba(255,150,0,0);--button_margin-top:10px;--button_margin-bottom:15px;width:calc(100%);\" target=\"_self\" href=\"#\"><span class=\"fusion-button-text awb-button__text awb-button__text--default\">Leggi l&#8217;articolo<\/span><\/a><\/div><\/div><\/li>\n<li class=\"fusion-layout-column fusion_builder_column fusion-builder-column-16 fusion-flex-column post-card fusion-grid-column fusion-post-cards-grid-column\" style=\"--awb-overflow:hidden;--awb-bg-color:#ffffff;--awb-bg-color-hover:#ffffff;--awb-bg-size:cover;--awb-border-color:#efefef;--awb-border-right:1px;--awb-border-bottom:1px;--awb-border-left:1px;--awb-border-style:solid;--awb-border-radius:10px 10px 10px 10px;--awb-flex-grow:0;--awb-flex-shrink:0;--awb-flex-grow-medium:0;--awb-flex-shrink-medium:0;--awb-flex-grow-small:0;--awb-flex-shrink-small:0;\"><div class=\"fusion-column-wrapper fusion-flex-justify-content-flex-start fusion-content-layout-column\"><div class=\"fusion-classic-product-image-wrapper fusion-woo-product-image fusion-post-card-image fusion-post-card-image-1\" data-layout=\"static\"><div  class=\"fusion-image-wrapper\" aria-haspopup=\"true\">\n\t\t\t\t\t\t\t<a href=\"https:\/\/cyclingcambrils.com\/it\/cambrils-il-ciclismo-passando-per-san-sebastian\/\" aria-label=\"Cambrils, il ciclismo, passando per San Sebasti\u00e1n\">\n\t\t\t\t\t\t\t<img decoding=\"async\" width=\"898\" height=\"600\" src=\"https:\/\/cyclingcambrils.com\/wp-content\/uploads\/2025\/02\/cambrils-vila-ciclismo.jpg\" class=\"attachment-full size-full lazyload wp-post-image\" alt=\"\" srcset=\"data:image\/svg+xml,%3Csvg%20xmlns%3D%27http%3A%2F%2Fwww.w3.org%2F2000%2Fsvg%27%20width%3D%27898%27%20height%3D%27600%27%20viewBox%3D%270%200%20898%20600%27%3E%3Crect%20width%3D%27898%27%20height%3D%27600%27%20fill-opacity%3D%220%22%2F%3E%3C%2Fsvg%3E\" data-orig-src=\"https:\/\/cyclingcambrils.com\/wp-content\/uploads\/2025\/02\/cambrils-vila-ciclismo.jpg\" data-srcset=\"https:\/\/cyclingcambrils.com\/wp-content\/uploads\/2025\/02\/cambrils-vila-ciclismo-200x134.jpg 200w, https:\/\/cyclingcambrils.com\/wp-content\/uploads\/2025\/02\/cambrils-vila-ciclismo-400x267.jpg 400w, https:\/\/cyclingcambrils.com\/wp-content\/uploads\/2025\/02\/cambrils-vila-ciclismo-600x401.jpg 600w, https:\/\/cyclingcambrils.com\/wp-content\/uploads\/2025\/02\/cambrils-vila-ciclismo-800x535.jpg 800w, https:\/\/cyclingcambrils.com\/wp-content\/uploads\/2025\/02\/cambrils-vila-ciclismo.jpg 898w\" data-sizes=\"auto\" \/>\t\t\t<\/a>\n\t\t\t\t\t\t\t<\/div>\n<\/div><div class=\"fusion-title title fusion-title-13 fusion-sep-none fusion-title-center fusion-title-text fusion-title-size-three\" style=\"--awb-margin-top:30px;--awb-margin-right:20px;--awb-margin-left:20px;--awb-margin-top-small:30px;--awb-margin-right-small:20px;--awb-margin-left-small:20px;--awb-font-size:30px;\"><h3 class=\"fusion-title-heading title-heading-center\" style=\"margin:0;font-size:1em;line-height:1.3;\"><a href=\"https:\/\/cyclingcambrils.com\/it\/cambrils-il-ciclismo-passando-per-san-sebastian\/\" class=\"awb-custom-text-color awb-custom-text-hover-color\" target=\"_self\">Cambrils, il ciclismo, passando per San Sebasti\u00e1n<\/a><\/h3><\/div><div class=\"fusion-content-tb fusion-content-tb-11 extracto\" style=\"--awb-text-color:#222222;--awb-margin-left:30px;--awb-margin-right:30px;--awb-content-alignment:justify;--awb-text-transform:none;\"><p>Qualche giorno fa Cambrils si \u00e8 nuovamente avventurata oltre i suoi confini, questa volta verso San Sebasti\u00e1n, dove la Costa Daurada ha presentato il suo progetto pi\u00f9 ambizioso per i prossimi anni: l&#8217;arrivo del Tour de France 2026.<\/p>\n<p>La capitale della Gipuzkoa, con il suo costante profumo di ciclismo che ha visto pedalare intere generazioni, \u00e8 stata la tappa finale di un tour promozionale che aveva gi\u00e0 toccato Gij\u00f3n, Madrid e Valencia.<\/p>\n<p>L&#8217;evento, tenutosi in uno spazio emblematico di San Sebasti\u00e1n, ha riunito 77 partecipanti che intendono il ciclismo non solo come uno sport, ma come una cultura: Donne sulla Strada, persone di Euskaltel, l&#8217;azienda Etxeondo, diversi ciclisti professionisti ed ex professionisti&#8230; un ecosistema che riconosce immediatamente quando un territorio prende sul serio l&#8217;idea di invitare i ciclisti a scoprirlo senza fretta, una pedalata alla volta.<\/p>\n<p>Ed \u00e8 qui che Cambrils si sente a suo agio, quasi a casa.<\/p>\n<p><strong>Da anni porta avanti il \u200b\u200bsuo impegno nel cicloturismo come chi lucida un mestiere<\/strong> : itinerari studiati con cura, strade che si snodano tra mare e montagna, servizi su misura per chi viaggia in bicicletta, hotel che sanno di cosa ha bisogno un ciclista quando torna carico di chilometri e con il silenzio nelle gambe.<\/p>\n<p>Una destinazione che ha capito che il ciclismo non \u00e8 solo uno sport: \u00e8 un modo di viaggiare, di occupare il territorio, di destagionalizzare senza perdere identit\u00e0.<\/p>\n<p>A San Sebasti\u00e1n, Cambrils ha avuto un ruolo che \u00e8 andato oltre la semplice opportunit\u00e0 fotografica.<\/p>\n<p>Ha offerto supporto istituzionale, certo, ma anche qualcosa di molto suo: la cucina locale. Il cocktail party portava il marchio Cambrils e ogni partecipante \u00e8 tornato a casa con una bottiglia di olio extravergine di oliva Cambrils, quel piccolo liquido che ricorda che il ciclismo, come la cucina, spesso si esprime attraverso le sfumature, attraverso i sapori che definiscono un luogo. <\/p>\n<p>La serie di presentazioni aveva un obiettivo chiaro: <strong>posizionare la Costa Daurada come &#8220;Paradiso delle due ruote&#8221; nel contesto del Tour de France<\/strong> . Non \u00e8 un&#8217;impresa da poco: nel 2026, per la prima volta, il Tour percorrer\u00e0 queste strade. <\/p>\n<p>La tappa del 5 luglio, tra Tarragona e Barcellona, \u200b\u200bsar\u00e0 una vetrina mondiale, una mappa emozionale che milioni di fan seguiranno dai loro schermi&#8230; e che alcuni poi vorranno percorrere in bicicletta.<\/p>\n<p>L&#8217;evento di San Sebasti\u00e1n ha giocato anche con simboli potenti: il trofeo del Tour de France e l&#8217;iconica maglia del Gran Premio della Montagna, esposti, hanno ricordato al pubblico che il ciclismo vive di storie, di oggetti che incarnano trionfi e cicatrici. Come previsto, la copertura mediatica \u00e8 stata significativa. <\/p>\n<p>Patricia de Miguel, Assessore al Turismo e alla Promozione Economica, lo ha riassunto con la chiarezza di chi sa dove vuole arrivare il Comune: \u201c<em>Cambrils ha l&#8217;opportunit\u00e0 di presentarsi al mondo come destinazione ciclistica di riferimento. Il Tour de France 2026 non \u00e8 solo un evento: \u00e8 un&#8217;occasione per mettere in mostra la qualit\u00e0 della nostra regione, i nostri servizi specializzati e un&#8217;offerta gastronomica e turistica che ci contraddistingue. <\/em>&#8220;.<\/p>\n<p>L&#8217;evento ha prodotto ci\u00f2 che il buon ciclismo produce sempre: connessioni, sinergie e conversazioni che possono dare vita a percorsi, viaggi e progetti. Pi\u00f9 visibilit\u00e0 per la Costa Daurada e maggiore visibilit\u00e0 per Cambrils. <\/p>\n<\/div><div class=\"fusion-separator fusion-full-width-sep\" style=\"align-self: center;margin-left: auto;margin-right: auto;margin-top:15px;width:100%;\"><div class=\"fusion-separator-border sep-single sep-solid\" style=\"--awb-height:20px;--awb-amount:20px;--awb-sep-color:#efefef;border-color:#efefef;border-top-width:1px;\"><\/div><\/div><div style=\"text-align:center;\"><a class=\"fusion-button button-flat fusion-button-default-size button-custom fusion-button-default button-11 fusion-button-default-span fusion-button-default-type\" style=\"--button_accent_color:#ff9600;--button_border_color:#ff9600;--button_accent_hover_color:#ffffff;--button_border_hover_color:#ffffff;--button_border_width-top:0px;--button_border_width-right:0px;--button_border_width-bottom:0px;--button_border_width-left:0px;--button-border-radius-top-left:0px;--button-border-radius-top-right:0px;--button-border-radius-bottom-right:0px;--button-border-radius-bottom-left:0px;--button_gradient_top_color:rgba(255,150,0,0);--button_gradient_bottom_color:rgba(255,150,0,0);--button_gradient_top_color_hover:rgba(255,150,0,0);--button_gradient_bottom_color_hover:rgba(255,150,0,0);--button_margin-top:10px;--button_margin-bottom:15px;width:calc(100%);\" target=\"_self\" href=\"#\"><span class=\"fusion-button-text awb-button__text awb-button__text--default\">Leggi l&#8217;articolo<\/span><\/a><\/div><\/div><\/li>\n<li class=\"fusion-layout-column fusion_builder_column fusion-builder-column-17 fusion-flex-column post-card fusion-grid-column fusion-post-cards-grid-column\" style=\"--awb-overflow:hidden;--awb-bg-color:#ffffff;--awb-bg-color-hover:#ffffff;--awb-bg-size:cover;--awb-border-color:#efefef;--awb-border-right:1px;--awb-border-bottom:1px;--awb-border-left:1px;--awb-border-style:solid;--awb-border-radius:10px 10px 10px 10px;--awb-flex-grow:0;--awb-flex-shrink:0;--awb-flex-grow-medium:0;--awb-flex-shrink-medium:0;--awb-flex-grow-small:0;--awb-flex-shrink-small:0;\"><div class=\"fusion-column-wrapper fusion-flex-justify-content-flex-start fusion-content-layout-column\"><div class=\"fusion-classic-product-image-wrapper fusion-woo-product-image fusion-post-card-image fusion-post-card-image-1\" data-layout=\"static\"><div  class=\"fusion-image-wrapper\" aria-haspopup=\"true\">\n\t\t\t\t\t\t\t<a href=\"https:\/\/cyclingcambrils.com\/it\/le-migliori-gite-dal-fishermans-park\/\" aria-label=\"Le migliori gite dal Fisherman&#8217;s Park\">\n\t\t\t\t\t\t\t<img decoding=\"async\" width=\"900\" height=\"600\" src=\"https:\/\/cyclingcambrils.com\/wp-content\/uploads\/2025\/11\/parc-pescador-1.jpg\" class=\"attachment-full size-full lazyload wp-post-image\" alt=\"\" srcset=\"data:image\/svg+xml,%3Csvg%20xmlns%3D%27http%3A%2F%2Fwww.w3.org%2F2000%2Fsvg%27%20width%3D%27900%27%20height%3D%27600%27%20viewBox%3D%270%200%20900%20600%27%3E%3Crect%20width%3D%27900%27%20height%3D%27600%27%20fill-opacity%3D%220%22%2F%3E%3C%2Fsvg%3E\" data-orig-src=\"https:\/\/cyclingcambrils.com\/wp-content\/uploads\/2025\/11\/parc-pescador-1.jpg\" data-srcset=\"https:\/\/cyclingcambrils.com\/wp-content\/uploads\/2025\/11\/parc-pescador-1-200x133.jpg 200w, https:\/\/cyclingcambrils.com\/wp-content\/uploads\/2025\/11\/parc-pescador-1-400x267.jpg 400w, https:\/\/cyclingcambrils.com\/wp-content\/uploads\/2025\/11\/parc-pescador-1-600x400.jpg 600w, https:\/\/cyclingcambrils.com\/wp-content\/uploads\/2025\/11\/parc-pescador-1-800x533.jpg 800w, https:\/\/cyclingcambrils.com\/wp-content\/uploads\/2025\/11\/parc-pescador-1.jpg 900w\" data-sizes=\"auto\" \/>\t\t\t<\/a>\n\t\t\t\t\t\t\t<\/div>\n<\/div><div class=\"fusion-title title fusion-title-14 fusion-sep-none fusion-title-center fusion-title-text fusion-title-size-three\" style=\"--awb-margin-top:30px;--awb-margin-right:20px;--awb-margin-left:20px;--awb-margin-top-small:30px;--awb-margin-right-small:20px;--awb-margin-left-small:20px;--awb-font-size:30px;\"><h3 class=\"fusion-title-heading title-heading-center\" style=\"margin:0;font-size:1em;line-height:1.3;\"><a href=\"https:\/\/cyclingcambrils.com\/it\/le-migliori-gite-dal-fishermans-park\/\" class=\"awb-custom-text-color awb-custom-text-hover-color\" target=\"_self\">Le migliori gite dal Fisherman&#8217;s Park<\/a><\/h3><\/div><div class=\"fusion-content-tb fusion-content-tb-12 extracto\" style=\"--awb-text-color:#222222;--awb-margin-left:30px;--awb-margin-right:30px;--awb-content-alignment:justify;--awb-text-transform:none;\"><p data-start=\"122\" data-end=\"434\">Il Gran Parc del Pescador, a Cambrils, \u00e8 uno degli spazi verdi pi\u00f9 grandi ed emblematici della citt\u00e0, progettato per offrire momenti di relax e svago sia ai residenti che ai visitatori. Con oltre 20.000 metri quadrati, \u00e8 il luogo ideale per passeggiare, rilassarsi o trascorrere una giornata con la famiglia e gli amici. <\/p>\n<p data-start=\"436\" data-end=\"764\">Questo parco non \u00e8 solo un luogo dove respirare aria fresca: \u00e8 anche un punto di incontro culturale. Dispone di un auditorium e di una grande piazza dove si tengono concerti, spettacoli teatrali ed eventi di ogni tipo. Questo lo rende uno spazio molto versatile, dove ogni fine settimana pu\u00f2 succedere qualcosa di diverso e divertente.  <\/p>\n<p data-start=\"766\" data-end=\"1144\">Per i pi\u00f9 piccoli, il parco \u00e8 un vero paradiso. Ci sono tre aree gioco adatte alle diverse et\u00e0: una per bambini e bambine da zero a sei anni, una per quelli da due a dieci anni e un&#8217;ultima per i pi\u00f9 grandi, dagli otto ai quattordici anni. In questo modo, ogni bambino pu\u00f2 divertirsi con giochi pensati appositamente per la sua et\u00e0 e il suo livello, rendendo l&#8217;esperienza pi\u00f9 sicura e divertente.  <\/p>\n<p data-start=\"1146\" data-end=\"1467\">Il parco ha cinque ingressi diversi, con diversi sentieri che collegano tutte le aree. Inoltre, ci sono molti angoli dove riposare e godersi la natura: all&#8217;ombra degli alberi, accanto al laghetto o nel giardino mediterraneo. Tutto \u00e8 progettato affinch\u00e9 i visitatori si sentano a proprio agio e possano trascorrere ore senza fretta.  <\/p>\n<p data-start=\"1146\" data-end=\"1467\"><img decoding=\"async\" class=\"lazyload alignnone size-full wp-image-14862\" src=\"https:\/\/cyclingcambrils.com\/wp-content\/uploads\/2025\/11\/parc-pescador.jpg\" data-orig-src=\"https:\/\/cyclingcambrils.com\/wp-content\/uploads\/2025\/11\/parc-pescador.jpg\" alt=\"\" width=\"900\" height=\"600\" srcset=\"data:image\/svg+xml,%3Csvg%20xmlns%3D%27http%3A%2F%2Fwww.w3.org%2F2000%2Fsvg%27%20width%3D%27900%27%20height%3D%27600%27%20viewBox%3D%270%200%20900%20600%27%3E%3Crect%20width%3D%27900%27%20height%3D%27600%27%20fill-opacity%3D%220%22%2F%3E%3C%2Fsvg%3E\" data-srcset=\"https:\/\/cyclingcambrils.com\/wp-content\/uploads\/2025\/11\/parc-pescador-200x133.jpg 200w, https:\/\/cyclingcambrils.com\/wp-content\/uploads\/2025\/11\/parc-pescador-300x200.jpg 300w, https:\/\/cyclingcambrils.com\/wp-content\/uploads\/2025\/11\/parc-pescador-400x267.jpg 400w, https:\/\/cyclingcambrils.com\/wp-content\/uploads\/2025\/11\/parc-pescador-600x400.jpg 600w, https:\/\/cyclingcambrils.com\/wp-content\/uploads\/2025\/11\/parc-pescador-768x512.jpg 768w, https:\/\/cyclingcambrils.com\/wp-content\/uploads\/2025\/11\/parc-pescador-800x533.jpg 800w, https:\/\/cyclingcambrils.com\/wp-content\/uploads\/2025\/11\/parc-pescador.jpg 900w\" data-sizes=\"auto\" data-orig-sizes=\"(max-width: 900px) 100vw, 900px\" \/><\/p>\n<p data-start=\"1469\" data-end=\"1652\">E se avete fame o volete bere qualcosa, c&#8217;\u00e8 un bar molto carino, situato accanto all&#8217;ufficio turistico di Cambrils, dove potrete fare una pausa mentre vi godete la vista del parco.<\/p>\n<p data-start=\"1654\" data-end=\"1896\">Inoltre, il Gran Parc del Pescador \u00e8 il luogo ideale per gli amanti della bicicletta. \u00c8 il punto ideale per incontrarsi con gli amici e iniziare escursioni in bicicletta da Cambrils, preparando le prime pedalate prima di affrontare strade o sentieri. <\/p>\n<p data-start=\"1898\" data-end=\"2275\">In breve, il Gran Parc del Pescador \u00e8 molto pi\u00f9 di un parco: \u00e8 un punto di incontro, un luogo dove giocare, imparare, rilassarsi e, naturalmente, iniziare avventure in bicicletta. Che siate qui per fare sport, passeggiare, partecipare ad attivit\u00e0 culturali o semplicemente per godervi la natura, questo spazio verde offre tutto il necessario per trascorrere una fantastica giornata a Cambrils. <\/p>\n<\/div><div class=\"fusion-separator fusion-full-width-sep\" style=\"align-self: center;margin-left: auto;margin-right: auto;margin-top:15px;width:100%;\"><div class=\"fusion-separator-border sep-single sep-solid\" style=\"--awb-height:20px;--awb-amount:20px;--awb-sep-color:#efefef;border-color:#efefef;border-top-width:1px;\"><\/div><\/div><div style=\"text-align:center;\"><a class=\"fusion-button button-flat fusion-button-default-size button-custom fusion-button-default button-12 fusion-button-default-span fusion-button-default-type\" style=\"--button_accent_color:#ff9600;--button_border_color:#ff9600;--button_accent_hover_color:#ffffff;--button_border_hover_color:#ffffff;--button_border_width-top:0px;--button_border_width-right:0px;--button_border_width-bottom:0px;--button_border_width-left:0px;--button-border-radius-top-left:0px;--button-border-radius-top-right:0px;--button-border-radius-bottom-right:0px;--button-border-radius-bottom-left:0px;--button_gradient_top_color:rgba(255,150,0,0);--button_gradient_bottom_color:rgba(255,150,0,0);--button_gradient_top_color_hover:rgba(255,150,0,0);--button_gradient_bottom_color_hover:rgba(255,150,0,0);--button_margin-top:10px;--button_margin-bottom:15px;width:calc(100%);\" target=\"_self\" href=\"#\"><span class=\"fusion-button-text awb-button__text awb-button__text--default\">Leggi l&#8217;articolo<\/span><\/a><\/div><\/div><\/li>\n<\/ul><\/div><\/div><\/div><\/div><\/div><\/p>\n","protected":false},"excerpt":{"rendered":"","protected":false},"author":20,"featured_media":0,"parent":0,"menu_order":0,"comment_status":"closed","ping_status":"closed","template":"100-width.php","meta":{"_acf_changed":false,"footnotes":""},"class_list":["post-8339","page","type-page","status-publish","hentry"],"acf":[],"yoast_head":"<!-- This site is optimized with the Yoast SEO plugin v27.4 - https:\/\/yoast.com\/product\/yoast-seo-wordpress\/ -->\n<title>Blog - Cambrils Cycling Paradise<\/title>\n<meta name=\"robots\" content=\"index, follow, max-snippet:-1, max-image-preview:large, max-video-preview:-1\" \/>\n<link rel=\"canonical\" href=\"https:\/\/cyclingcambrils.com\/it\/blog\/\" \/>\n<meta property=\"og:locale\" content=\"it_IT\" \/>\n<meta property=\"og:type\" content=\"article\" \/>\n<meta property=\"og:title\" content=\"Blog - Cambrils Cycling Paradise\" \/>\n<meta property=\"og:url\" content=\"https:\/\/cyclingcambrils.com\/it\/blog\/\" \/>\n<meta property=\"og:site_name\" content=\"Cambrils Cycling Paradise\" \/>\n<meta property=\"article:publisher\" content=\"https:\/\/www.facebook.com\/CambrilsTurisme\/\" \/>\n<meta property=\"article:modified_time\" content=\"2023-03-17T12:55:18+00:00\" \/>\n<meta name=\"twitter:card\" content=\"summary_large_image\" \/>\n<meta name=\"twitter:label1\" content=\"Tempo di lettura stimato\" \/>\n\t<meta name=\"twitter:data1\" content=\"8 minuti\" \/>\n<script type=\"application\/ld+json\" class=\"yoast-schema-graph\">{\"@context\":\"https:\\\/\\\/schema.org\",\"@graph\":[{\"@type\":\"WebPage\",\"@id\":\"https:\\\/\\\/cyclingcambrils.com\\\/it\\\/blog\\\/\",\"url\":\"https:\\\/\\\/cyclingcambrils.com\\\/it\\\/blog\\\/\",\"name\":\"Blog - Cambrils Cycling Paradise\",\"isPartOf\":{\"@id\":\"https:\\\/\\\/cyclingcambrils.com\\\/it\\\/#website\"},\"datePublished\":\"2021-10-01T17:02:05+00:00\",\"dateModified\":\"2023-03-17T12:55:18+00:00\",\"breadcrumb\":{\"@id\":\"https:\\\/\\\/cyclingcambrils.com\\\/it\\\/blog\\\/#breadcrumb\"},\"inLanguage\":\"it-IT\",\"potentialAction\":[{\"@type\":\"ReadAction\",\"target\":[\"https:\\\/\\\/cyclingcambrils.com\\\/it\\\/blog\\\/\"]}]},{\"@type\":\"BreadcrumbList\",\"@id\":\"https:\\\/\\\/cyclingcambrils.com\\\/it\\\/blog\\\/#breadcrumb\",\"itemListElement\":[{\"@type\":\"ListItem\",\"position\":1,\"name\":\"Portada\",\"item\":\"https:\\\/\\\/cyclingcambrils.com\\\/it\\\/\"},{\"@type\":\"ListItem\",\"position\":2,\"name\":\"Blog\"}]},{\"@type\":\"WebSite\",\"@id\":\"https:\\\/\\\/cyclingcambrils.com\\\/it\\\/#website\",\"url\":\"https:\\\/\\\/cyclingcambrils.com\\\/it\\\/\",\"name\":\"Cambrils Cycling Paradise\",\"description\":\"Descubre el para\u00edso del ciclista\",\"publisher\":{\"@id\":\"https:\\\/\\\/cyclingcambrils.com\\\/it\\\/#organization\"},\"potentialAction\":[{\"@type\":\"SearchAction\",\"target\":{\"@type\":\"EntryPoint\",\"urlTemplate\":\"https:\\\/\\\/cyclingcambrils.com\\\/it\\\/?s={search_term_string}\"},\"query-input\":{\"@type\":\"PropertyValueSpecification\",\"valueRequired\":true,\"valueName\":\"search_term_string\"}}],\"inLanguage\":\"it-IT\"},{\"@type\":\"Organization\",\"@id\":\"https:\\\/\\\/cyclingcambrils.com\\\/it\\\/#organization\",\"name\":\"Cambrils Cycling Paradise\",\"url\":\"https:\\\/\\\/cyclingcambrils.com\\\/it\\\/\",\"logo\":{\"@type\":\"ImageObject\",\"inLanguage\":\"it-IT\",\"@id\":\"https:\\\/\\\/cyclingcambrils.com\\\/it\\\/#\\\/schema\\\/logo\\\/image\\\/\",\"url\":\"https:\\\/\\\/cyclingcambrils.com\\\/wp-content\\\/uploads\\\/2023\\\/04\\\/logo-cambrils-cycling-paradise.png\",\"contentUrl\":\"https:\\\/\\\/cyclingcambrils.com\\\/wp-content\\\/uploads\\\/2023\\\/04\\\/logo-cambrils-cycling-paradise.png\",\"width\":600,\"height\":196,\"caption\":\"Cambrils Cycling Paradise\"},\"image\":{\"@id\":\"https:\\\/\\\/cyclingcambrils.com\\\/it\\\/#\\\/schema\\\/logo\\\/image\\\/\"},\"sameAs\":[\"https:\\\/\\\/www.facebook.com\\\/CambrilsTurisme\\\/\",\"https:\\\/\\\/www.instagram.com\\\/cambrilsturisme\"]}]}<\/script>\n<!-- \/ Yoast SEO plugin. -->","yoast_head_json":{"title":"Blog - Cambrils Cycling Paradise","robots":{"index":"index","follow":"follow","max-snippet":"max-snippet:-1","max-image-preview":"max-image-preview:large","max-video-preview":"max-video-preview:-1"},"canonical":"https:\/\/cyclingcambrils.com\/it\/blog\/","og_locale":"it_IT","og_type":"article","og_title":"Blog - Cambrils Cycling Paradise","og_url":"https:\/\/cyclingcambrils.com\/it\/blog\/","og_site_name":"Cambrils Cycling Paradise","article_publisher":"https:\/\/www.facebook.com\/CambrilsTurisme\/","article_modified_time":"2023-03-17T12:55:18+00:00","twitter_card":"summary_large_image","twitter_misc":{"Tempo di lettura stimato":"8 minuti"},"schema":{"@context":"https:\/\/schema.org","@graph":[{"@type":"WebPage","@id":"https:\/\/cyclingcambrils.com\/it\/blog\/","url":"https:\/\/cyclingcambrils.com\/it\/blog\/","name":"Blog - Cambrils Cycling Paradise","isPartOf":{"@id":"https:\/\/cyclingcambrils.com\/it\/#website"},"datePublished":"2021-10-01T17:02:05+00:00","dateModified":"2023-03-17T12:55:18+00:00","breadcrumb":{"@id":"https:\/\/cyclingcambrils.com\/it\/blog\/#breadcrumb"},"inLanguage":"it-IT","potentialAction":[{"@type":"ReadAction","target":["https:\/\/cyclingcambrils.com\/it\/blog\/"]}]},{"@type":"BreadcrumbList","@id":"https:\/\/cyclingcambrils.com\/it\/blog\/#breadcrumb","itemListElement":[{"@type":"ListItem","position":1,"name":"Portada","item":"https:\/\/cyclingcambrils.com\/it\/"},{"@type":"ListItem","position":2,"name":"Blog"}]},{"@type":"WebSite","@id":"https:\/\/cyclingcambrils.com\/it\/#website","url":"https:\/\/cyclingcambrils.com\/it\/","name":"Cambrils Cycling Paradise","description":"Descubre el para\u00edso del ciclista","publisher":{"@id":"https:\/\/cyclingcambrils.com\/it\/#organization"},"potentialAction":[{"@type":"SearchAction","target":{"@type":"EntryPoint","urlTemplate":"https:\/\/cyclingcambrils.com\/it\/?s={search_term_string}"},"query-input":{"@type":"PropertyValueSpecification","valueRequired":true,"valueName":"search_term_string"}}],"inLanguage":"it-IT"},{"@type":"Organization","@id":"https:\/\/cyclingcambrils.com\/it\/#organization","name":"Cambrils Cycling Paradise","url":"https:\/\/cyclingcambrils.com\/it\/","logo":{"@type":"ImageObject","inLanguage":"it-IT","@id":"https:\/\/cyclingcambrils.com\/it\/#\/schema\/logo\/image\/","url":"https:\/\/cyclingcambrils.com\/wp-content\/uploads\/2023\/04\/logo-cambrils-cycling-paradise.png","contentUrl":"https:\/\/cyclingcambrils.com\/wp-content\/uploads\/2023\/04\/logo-cambrils-cycling-paradise.png","width":600,"height":196,"caption":"Cambrils Cycling Paradise"},"image":{"@id":"https:\/\/cyclingcambrils.com\/it\/#\/schema\/logo\/image\/"},"sameAs":["https:\/\/www.facebook.com\/CambrilsTurisme\/","https:\/\/www.instagram.com\/cambrilsturisme"]}]}},"_links":{"self":[{"href":"https:\/\/cyclingcambrils.com\/it\/wp-json\/wp\/v2\/pages\/8339","targetHints":{"allow":["GET"]}}],"collection":[{"href":"https:\/\/cyclingcambrils.com\/it\/wp-json\/wp\/v2\/pages"}],"about":[{"href":"https:\/\/cyclingcambrils.com\/it\/wp-json\/wp\/v2\/types\/page"}],"author":[{"embeddable":true,"href":"https:\/\/cyclingcambrils.com\/it\/wp-json\/wp\/v2\/users\/20"}],"replies":[{"embeddable":true,"href":"https:\/\/cyclingcambrils.com\/it\/wp-json\/wp\/v2\/comments?post=8339"}],"version-history":[{"count":1,"href":"https:\/\/cyclingcambrils.com\/it\/wp-json\/wp\/v2\/pages\/8339\/revisions"}],"predecessor-version":[{"id":8340,"href":"https:\/\/cyclingcambrils.com\/it\/wp-json\/wp\/v2\/pages\/8339\/revisions\/8340"}],"wp:attachment":[{"href":"https:\/\/cyclingcambrils.com\/it\/wp-json\/wp\/v2\/media?parent=8339"}],"curies":[{"name":"wp","href":"https:\/\/api.w.org\/{rel}","templated":true}]}}